{"id":42604,"date":"2026-02-27T12:25:20","date_gmt":"2026-02-27T11:25:20","guid":{"rendered":"https:\/\/www.ivo.es\/benestar-oncologic\/"},"modified":"2026-03-31T10:36:59","modified_gmt":"2026-03-31T08:36:59","slug":"benestar-oncologic","status":"publish","type":"page","link":"https:\/\/www.ivo.es\/val\/benestar-oncologic\/","title":{"rendered":"Benestar oncol\u00f2gic"},"content":{"rendered":"\t\t<div data-elementor-type=\"wp-page\" data-elementor-id=\"42604\" class=\"elementor elementor-42604 elementor-42346\" data-elementor-post-type=\"page\">\n\t\t\t\t<div data-particle_enable=\"false\" data-particle-mobile-disabled=\"false\" class=\"elementor-element elementor-element-4a12f3a e-flex e-con-boxed e-con e-parent\" data-id=\"4a12f3a\" data-element_type=\"container\" data-e-type=\"container\">\n\t\t\t\t\t<div class=\"e-con-inner\">\n\t\t<div data-particle_enable=\"false\" data-particle-mobile-disabled=\"false\" class=\"elementor-element elementor-element-6233c81 e-con-full e-flex e-con e-child\" data-id=\"6233c81\" data-element_type=\"container\" data-e-type=\"container\">\n\t\t\t\t<div class=\"elementor-element elementor-element-08e1e61 elementor-widget elementor-widget-text-editor\" data-id=\"08e1e61\" data-element_type=\"widget\" data-e-type=\"widget\" data-widget_type=\"text-editor.default\">\n\t\t\t\t<div class=\"elementor-widget-container\">\n\t\t\t\t\t\t\t\t\t<p><span style=\"font-weight: 400;\">La <\/span><b>Unitat de Benestar Oncol\u00f2gica<\/b><span style=\"font-weight: 400;\"> oferix una atenci\u00f3 integral al pacient oncol\u00f2gic, de manera coordinada amb la resta dels tractaments proposats i els professionals implicats en el proc\u00e9s. Aplica un model compartit d&#8217;atenci\u00f3 que millora la qualitat de vida del pacient i el seu entorn, mitjan\u00e7ant un enfocament que integra disciplines amb s\u00f2lida evid\u00e8ncia: salut mental, fisioter\u00e0pia, activitat f\u00edsica i nutrici\u00f3.<\/span><\/p>\n<p><span style=\"font-weight: 400;\">Cadascuna de les disciplines mant\u00e9 la independ\u00e8ncia dels seus processos i la idiosincr\u00e0sia de la seua tasca assistencial, per\u00f2, en estar totes integrades en una mateixa unitat, la Unitat de Benestar Oncol\u00f2gic <\/span><b>oferix una atenci\u00f3 integral al pacient oncol\u00f2gic<\/b><span style=\"font-weight: 400;\">. Este model coordinat i ordenat de funcionament permet un abordatge acompanyat en qu\u00e8 els professionals de la Unitat compartixen la seua experi\u00e8ncia i donen resposta a les necessitats reals que els pacients presenten en cada moment, millorant aix\u00ed la seua qualitat de vida i el seu entorn.<\/span><\/p>\n<p><span style=\"font-weight: 400;\">La Unitat t\u00e9 pres\u00e8ncia activa dins de l&#8217;hospital, treballa de manera coordinada amb la resta dels professionals del centre i participa en l&#8217;elaboraci\u00f3 dels plans terap\u00e8utics personalitzats per a cada pacient.<\/span><\/p>\n\t\t\t\t\t\t\t\t<\/div>\n\t\t\t\t<\/div>\n\t\t\t\t<div class=\"elementor-element elementor-element-5aaf7b2 elementor-align-left animated-slow elementor-invisible elementor-widget elementor-widget-button\" data-id=\"5aaf7b2\" data-element_type=\"widget\" data-e-type=\"widget\" data-settings=\"{&quot;_animation&quot;:&quot;fadeIn&quot;}\" data-widget_type=\"button.default\">\n\t\t\t\t<div class=\"elementor-widget-container\">\n\t\t\t\t\t\t\t\t\t<div class=\"elementor-button-wrapper\">\n\t\t\t\t\t<a class=\"elementor-button elementor-button-link elementor-size-sm\" href=\"https:\/\/www.ivo.es\/wp-content\/uploads\/2026\/02\/Af-folleto-unidad-del-bienestar-1.pdf\" aria-label=\"Si quieres ser paciente accede aqu\u00ed para conocer todos los detalles\">\n\t\t\t\t\t\t<span class=\"elementor-button-content-wrapper\">\n\t\t\t\t\t\t\t\t\t<span class=\"elementor-button-text\">Descarregar fullet (.PDF)<\/span>\n\t\t\t\t\t<\/span>\n\t\t\t\t\t<\/a>\n\t\t\t\t<\/div>\n\t\t\t\t\t\t\t\t<\/div>\n\t\t\t\t<\/div>\n\t\t\t\t<\/div>\n\t\t<div data-particle_enable=\"false\" data-particle-mobile-disabled=\"false\" class=\"elementor-element elementor-element-605e9c6 e-con-full e-flex e-con e-child\" data-id=\"605e9c6\" data-element_type=\"container\" data-e-type=\"container\">\n\t\t\t\t<div class=\"elementor-element elementor-element-634280a elementor-widget elementor-widget-gallery\" data-id=\"634280a\" data-element_type=\"widget\" data-e-type=\"widget\" data-settings=\"{&quot;columns&quot;:1,&quot;columns_mobile&quot;:2,&quot;lazyload&quot;:&quot;yes&quot;,&quot;gallery_layout&quot;:&quot;grid&quot;,&quot;columns_tablet&quot;:2,&quot;gap&quot;:{&quot;unit&quot;:&quot;px&quot;,&quot;size&quot;:10,&quot;sizes&quot;:[]},&quot;gap_tablet&quot;:{&quot;unit&quot;:&quot;px&quot;,&quot;size&quot;:10,&quot;sizes&quot;:[]},&quot;gap_mobile&quot;:{&quot;unit&quot;:&quot;px&quot;,&quot;size&quot;:10,&quot;sizes&quot;:[]},&quot;aspect_ratio&quot;:&quot;3:2&quot;,&quot;content_hover_animation&quot;:&quot;fade-in&quot;}\" data-widget_type=\"gallery.default\">\n\t\t\t\t<div class=\"elementor-widget-container\">\n\t\t\t\t\t\t\t<div class=\"elementor-gallery__container\">\n\t\t\t\t\t\t\t<div class=\"e-gallery-item elementor-gallery-item elementor-animated-content\">\n\t\t\t\t\t<div class=\"e-gallery-image elementor-gallery-item__image\" data-thumbnail=\"https:\/\/www.ivo.es\/wp-content\/uploads\/2026\/02\/bienestar-oncologico-ivo-1.jpg\" data-width=\"1173\" data-height=\"846\" aria-label=\"\" role=\"img\" ><\/div>\n\t\t\t\t\t\t\t\t\t\t\t\t\t\t<\/div>\n\t\t\t\t\t<\/div>\n\t\t\t\t\t<\/div>\n\t\t\t\t<\/div>\n\t\t\t\t<\/div>\n\t\t\t\t\t<\/div>\n\t\t\t\t<\/div>\n\t\t<div data-particle_enable=\"false\" data-particle-mobile-disabled=\"false\" class=\"elementor-element elementor-element-feac440 e-flex e-con-boxed e-con e-parent\" data-id=\"feac440\" data-element_type=\"container\" data-e-type=\"container\">\n\t\t\t\t\t<div class=\"e-con-inner\">\n\t\t<div data-particle_enable=\"false\" data-particle-mobile-disabled=\"false\" class=\"elementor-element elementor-element-25ae988 e-con-full e-flex e-con e-child\" data-id=\"25ae988\" data-element_type=\"container\" data-e-type=\"container\">\n\t\t\t\t<div class=\"elementor-element elementor-element-66f1937 elementor-widget__width-initial elementor-widget elementor-widget-heading\" data-id=\"66f1937\" data-element_type=\"widget\" data-e-type=\"widget\" data-widget_type=\"heading.default\">\n\t\t\t\t<div class=\"elementor-widget-container\">\n\t\t\t\t\t<h2 class=\"elementor-heading-title elementor-size-default\">Equip assistencial de la Unitat de Benestar Oncol\u00f2gic<\/h2>\t\t\t\t<\/div>\n\t\t\t\t<\/div>\n\t\t\t\t<div class=\"elementor-element elementor-element-f518617 elementor-widget__width-initial elementor-widget-mobile__width-inherit elementor-widget elementor-widget-image\" data-id=\"f518617\" data-element_type=\"widget\" data-e-type=\"widget\" data-widget_type=\"image.default\">\n\t\t\t\t<div class=\"elementor-widget-container\">\n\t\t\t\t\t\t\t\t\t\t\t\t\t\t\t<img fetchpriority=\"high\" decoding=\"async\" width=\"1126\" height=\"846\" src=\"https:\/\/www.ivo.es\/wp-content\/uploads\/2026\/02\/bienestar-oncologico-ivo-2.jpg\" class=\"attachment-full size-full wp-image-42358\" alt=\"\" srcset=\"https:\/\/www.ivo.es\/wp-content\/uploads\/2026\/02\/bienestar-oncologico-ivo-2.jpg 1126w, https:\/\/www.ivo.es\/wp-content\/uploads\/2026\/02\/bienestar-oncologico-ivo-2-300x225.jpg 300w, https:\/\/www.ivo.es\/wp-content\/uploads\/2026\/02\/bienestar-oncologico-ivo-2-1024x769.jpg 1024w, https:\/\/www.ivo.es\/wp-content\/uploads\/2026\/02\/bienestar-oncologico-ivo-2-768x577.jpg 768w, https:\/\/www.ivo.es\/wp-content\/uploads\/2026\/02\/bienestar-oncologico-ivo-2-1065x800.jpg 1065w\" sizes=\"(max-width: 1126px) 100vw, 1126px\" \/>\t\t\t\t\t\t\t\t\t\t\t\t\t\t\t<\/div>\n\t\t\t\t<\/div>\n\t\t<div data-particle_enable=\"false\" data-particle-mobile-disabled=\"false\" class=\"elementor-element elementor-element-50d84e4 e-con-full e-flex e-con e-child\" data-id=\"50d84e4\" data-element_type=\"container\" data-e-type=\"container\">\n\t\t<div data-particle_enable=\"false\" data-particle-mobile-disabled=\"false\" class=\"elementor-element elementor-element-afb6fa5 e-con-full e-flex e-con e-child\" data-id=\"afb6fa5\" data-element_type=\"container\" data-e-type=\"container\">\n\t\t\t\t<div class=\"elementor-element elementor-element-e6ba437 elementor-widget elementor-widget-text-editor\" data-id=\"e6ba437\" data-element_type=\"widget\" data-e-type=\"widget\" data-widget_type=\"text-editor.default\">\n\t\t\t\t<div class=\"elementor-widget-container\">\n\t\t\t\t\t\t\t\t\t<h3><b>Unitat de salut mental<\/b><\/h3>\n<p><\/p>\n<h4>Psiquiatra<\/h4>\n<p><\/p>\n<ul>\n<li style=\"font-weight: 400;\" aria-level=\"1\"><span style=\"font-weight: 400;\">Mar\u00eda del Cerro Arastey<\/span><\/li>\n<\/ul>\n<p><\/p>\n<h4>Psic\u00f2logues<\/h4>\n<p><\/p>\n<ul>\n<li style=\"font-weight: 400;\" aria-level=\"1\"><span style=\"font-weight: 400;\">Ana Garc\u00eda-Conde Benet<\/span><\/li>\n<li style=\"font-weight: 400;\" aria-level=\"1\"><span style=\"font-weight: 400;\">Pilar Llombart Fuertes<\/span><\/li>\n<li style=\"font-weight: 400;\" aria-level=\"1\"><span style=\"font-weight: 400;\">Roc\u00edo Romero Retes<\/span><\/li>\n<\/ul>\n<p><\/p>\n<h3>Fisioterapeutes<\/h3>\n<p><\/p>\n<ul>\n<li style=\"font-weight: 400;\" aria-level=\"1\"><span style=\"font-weight: 400;\">Elisa Ba\u00f1uls Sendra<\/span><\/li>\n<li style=\"font-weight: 400;\" aria-level=\"1\"><span style=\"font-weight: 400;\">Salvador Gea Mahiques<\/span><\/li>\n<li style=\"font-weight: 400;\" aria-level=\"1\"><span style=\"font-weight: 400;\">Juan B. Portol\u00e9s Sime\u00f3<\/span><\/li>\n<\/ul>\n\t\t\t\t\t\t\t\t<\/div>\n\t\t\t\t<\/div>\n\t\t\t\t<\/div>\n\t\t<div data-particle_enable=\"false\" data-particle-mobile-disabled=\"false\" class=\"elementor-element elementor-element-7279eb8 e-con-full e-flex e-con e-child\" data-id=\"7279eb8\" data-element_type=\"container\" data-e-type=\"container\">\n\t\t\t\t<div class=\"elementor-element elementor-element-e1dc47a elementor-widget elementor-widget-text-editor\" data-id=\"e1dc47a\" data-element_type=\"widget\" data-e-type=\"widget\" data-widget_type=\"text-editor.default\">\n\t\t\t\t<div class=\"elementor-widget-container\">\n\t\t\t\t\t\t\t\t\t<h3>Nutricionistes<\/h3>\n<p><\/p>\n<ul>\n<li style=\"font-weight: 400;\" aria-level=\"1\"><span style=\"font-weight: 400;\">Bianca T. Muresan Oltean<\/span><\/li>\n<li style=\"font-weight: 400;\" aria-level=\"1\"><span style=\"font-weight: 400;\">Iulia Scorojanu<\/span><\/li>\n<\/ul>\n<p><\/p>\n<h3>Infermera<\/h3>\n<p><\/p>\n<ul>\n<li style=\"font-weight: 400;\" aria-level=\"1\"><span style=\"font-weight: 400;\">Carmela Ara Carrascosa<\/span><\/li>\n<\/ul>\n<p><\/p>\n<h3>Activitat f\u00edsica i oncologia<\/h3>\n<p><\/p>\n<ul>\n<li style=\"font-weight: 400;\" aria-level=\"1\"><span style=\"font-weight: 400;\">Mar\u00eda Elena Garc\u00eda Roca<\/span><\/li>\n<li style=\"font-weight: 400;\" aria-level=\"1\"><span style=\"font-weight: 400;\">Jos\u00e9 Nogueserola Mic\u00f3<\/span><\/li>\n<\/ul>\n<p><\/p>\n<h3>Coordinadora de la Unitat de Benestar Oncol\u00f2gic<\/h3>\n<p><\/p>\n<ul>\n<li style=\"font-weight: 400;\" aria-level=\"1\"><span style=\"font-weight: 400;\">Elena Oliete Ram\u00edrez<\/span><\/li>\n<\/ul>\n\t\t\t\t\t\t\t\t<\/div>\n\t\t\t\t<\/div>\n\t\t\t\t<\/div>\n\t\t\t\t<\/div>\n\t\t\t\t<\/div>\n\t\t\t\t\t<\/div>\n\t\t\t\t<\/div>\n\t\t<div data-particle_enable=\"false\" data-particle-mobile-disabled=\"false\" class=\"elementor-element elementor-element-87adca7 e-flex e-con-boxed e-con e-parent\" data-id=\"87adca7\" data-element_type=\"container\" data-e-type=\"container\" data-settings=\"{&quot;background_background&quot;:&quot;classic&quot;}\">\n\t\t\t\t\t<div class=\"e-con-inner\">\n\t\t<div data-particle_enable=\"false\" data-particle-mobile-disabled=\"false\" class=\"elementor-element elementor-element-cdb137a e-con-full e-flex e-con e-child\" data-id=\"cdb137a\" data-element_type=\"container\" data-e-type=\"container\">\n\t\t\t\t<div class=\"elementor-element elementor-element-cfb91f1 elementor-pagination-position-inside elementor-arrows-position-inside elementor-widget elementor-widget-image-carousel\" data-id=\"cfb91f1\" data-element_type=\"widget\" data-e-type=\"widget\" data-settings=\"{&quot;slides_to_show&quot;:&quot;1&quot;,&quot;autoplay_speed&quot;:3000,&quot;effect&quot;:&quot;fade&quot;,&quot;navigation&quot;:&quot;both&quot;,&quot;autoplay&quot;:&quot;yes&quot;,&quot;pause_on_hover&quot;:&quot;yes&quot;,&quot;pause_on_interaction&quot;:&quot;yes&quot;,&quot;infinite&quot;:&quot;yes&quot;,&quot;speed&quot;:500}\" data-widget_type=\"image-carousel.default\">\n\t\t\t\t<div class=\"elementor-widget-container\">\n\t\t\t\t\t\t\t<div class=\"elementor-image-carousel-wrapper swiper\" role=\"region\" aria-roledescription=\"carousel\" aria-label=\"Carrusel de im\u00e1genes\" dir=\"ltr\">\n\t\t\t<div class=\"elementor-image-carousel swiper-wrapper\" aria-live=\"off\">\n\t\t\t\t\t\t\t\t<div class=\"swiper-slide\" role=\"group\" aria-roledescription=\"slide\" aria-label=\"1 of 2\"><figure class=\"swiper-slide-inner\"><img decoding=\"async\" class=\"swiper-slide-image\" src=\"https:\/\/www.ivo.es\/wp-content\/uploads\/2026\/03\/ivo-psiquiatra-1024x893.jpg\" alt=\"ivo-psiquiatra\" \/><\/figure><\/div><div class=\"swiper-slide\" role=\"group\" aria-roledescription=\"slide\" aria-label=\"2 of 2\"><figure class=\"swiper-slide-inner\"><img decoding=\"async\" class=\"swiper-slide-image\" src=\"https:\/\/www.ivo.es\/wp-content\/uploads\/2026\/03\/foto-03-1024x778.jpg\" alt=\"foto 03\" \/><\/figure><\/div>\t\t\t<\/div>\n\t\t\t\t\t\t\t\t\t\t\t\t<div class=\"elementor-swiper-button elementor-swiper-button-prev\" role=\"button\" tabindex=\"0\">\n\t\t\t\t\t\t<i aria-hidden=\"true\" class=\"eicon-chevron-left\"><\/i>\t\t\t\t\t<\/div>\n\t\t\t\t\t<div class=\"elementor-swiper-button elementor-swiper-button-next\" role=\"button\" tabindex=\"0\">\n\t\t\t\t\t\t<i aria-hidden=\"true\" class=\"eicon-chevron-right\"><\/i>\t\t\t\t\t<\/div>\n\t\t\t\t\n\t\t\t\t\t\t\t\t\t<div class=\"swiper-pagination\"><\/div>\n\t\t\t\t\t\t\t\t\t<\/div>\n\t\t\t\t\t\t<\/div>\n\t\t\t\t<\/div>\n\t\t\t\t<\/div>\n\t\t<div data-particle_enable=\"false\" data-particle-mobile-disabled=\"false\" class=\"elementor-element elementor-element-5b02263 e-con-full e-flex e-con e-child\" data-id=\"5b02263\" data-element_type=\"container\" data-e-type=\"container\">\n\t\t\t\t<div class=\"elementor-element elementor-element-de4d045 elementor-widget elementor-widget-heading\" data-id=\"de4d045\" data-element_type=\"widget\" data-e-type=\"widget\" data-widget_type=\"heading.default\">\n\t\t\t\t<div class=\"elementor-widget-container\">\n\t\t\t\t\t<h3 class=\"elementor-heading-title elementor-size-default\">Salut mental<\/h3>\t\t\t\t<\/div>\n\t\t\t\t<\/div>\n\t\t\t\t<div class=\"elementor-element elementor-element-a6c9768 elementor-widget elementor-widget-text-editor\" data-id=\"a6c9768\" data-element_type=\"widget\" data-e-type=\"widget\" data-widget_type=\"text-editor.default\">\n\t\t\t\t<div class=\"elementor-widget-container\">\n\t\t\t\t\t\t\t\t\t<p><span style=\"font-weight: 400;\">El diagn\u00f2stic de c\u00e0ncer genera un impacte emocional profund, tant en la persona malalta com en els seus familiars. L&#8217;ansietat, la por, la r\u00e0bia, el dolor i la incertesa s\u00f3n sentiments que poden apar\u00e9ixer en qualsevol etapa de la malaltia.<\/span><\/p>\n\t\t\t\t\t\t\t\t<\/div>\n\t\t\t\t<\/div>\n\t\t\t\t<div class=\"elementor-element elementor-element-c09315a elementor-widget elementor-widget-n-accordion\" data-id=\"c09315a\" data-element_type=\"widget\" data-e-type=\"widget\" data-settings=\"{&quot;default_state&quot;:&quot;all_collapsed&quot;,&quot;max_items_expended&quot;:&quot;one&quot;,&quot;n_accordion_animation_duration&quot;:{&quot;unit&quot;:&quot;ms&quot;,&quot;size&quot;:400,&quot;sizes&quot;:[]}}\" data-widget_type=\"nested-accordion.default\">\n\t\t\t\t<div class=\"elementor-widget-container\">\n\t\t\t\t\t\t\t<div class=\"e-n-accordion\" aria-label=\"Accordion. Open links with Enter or Space, close with Escape, and navigate with Arrow Keys\">\n\t\t\t\t\t\t<details id=\"e-n-accordion-item-2010\" class=\"e-n-accordion-item\" >\n\t\t\t\t<summary class=\"e-n-accordion-item-title\" data-accordion-index=\"1\" tabindex=\"0\" aria-expanded=\"false\" aria-controls=\"e-n-accordion-item-2010\" >\n\t\t\t\t\t<span class='e-n-accordion-item-title-header'><div class=\"e-n-accordion-item-title-text\"> Con\u00e9ixer m\u00e9s <\/div><\/span>\n\t\t\t\t\t\t\t<span class='e-n-accordion-item-title-icon'>\n\t\t\t<span class='e-opened' ><i aria-hidden=\"true\" class=\"fas fa-minus\"><\/i><\/span>\n\t\t\t<span class='e-closed'><i aria-hidden=\"true\" class=\"fas fa-plus\"><\/i><\/span>\n\t\t<\/span>\n\n\t\t\t\t\t\t<\/summary>\n\t\t\t\t<div data-particle_enable=\"false\" data-particle-mobile-disabled=\"false\" role=\"region\" aria-labelledby=\"e-n-accordion-item-2010\" class=\"elementor-element elementor-element-04a20b3 e-con-full e-flex e-con e-child\" data-id=\"04a20b3\" data-element_type=\"container\" data-e-type=\"container\">\n\t\t\t\t<div class=\"elementor-element elementor-element-2318141 elementor-widget elementor-widget-text-editor\" data-id=\"2318141\" data-element_type=\"widget\" data-e-type=\"widget\" data-widget_type=\"text-editor.default\">\n\t\t\t\t<div class=\"elementor-widget-container\">\n\t\t\t\t\t\t\t\t\t<p><span style=\"font-weight: 400;\">Reflexionar sobre la pr\u00f2pia traject\u00f2ria vital ens pot oferir perspectives alternatives. De vegades, adoptar una visi\u00f3 m\u00e9s \u00e0mplia de les dificultats pot facilitar la gesti\u00f3 de la situaci\u00f3 i millorar l&#8217;afrontament de la malaltia.<\/span><\/p>\n<p><span style=\"font-weight: 400;\">La Unitat de Salut Mental, formada per tres psic\u00f2logues i una psiquiatra, at\u00e9n tant els aspectes psicol\u00f2gics com les necessitats d&#8217;adaptaci\u00f3 que apareixen al llarg del proc\u00e9s de la malaltia. A m\u00e9s, interv\u00e9 en els casos en qu\u00e8 es considera necess\u00e0ria una avaluaci\u00f3 psiqui\u00e0trica.<\/span><\/p>\n<p><b>La intervenci\u00f3 es realitza mitjan\u00e7ant entrevistes i ter\u00e0pia individual, i es complementa amb sessions de grup enfocades en la gesti\u00f3 emocional i la incertesa.<\/b><span style=\"font-weight: 400;\"> En estes sessions, es treballen t\u00e8cniques de <\/span><i><span style=\"font-weight: 400;\">mindfulness<\/span><\/i><span style=\"font-weight: 400;\">, s&#8217;identifiquen les fortaleses personals i s&#8217;oferixen eines per afrontar la por a la recaiguda. Tot i les dificultats que la malaltia comporta, \u00e9s possible trobar un prop\u00f2sit i un sentit en l&#8217;experi\u00e8ncia del c\u00e0ncer.<\/span><\/p>\n<p><span style=\"font-weight: 400;\">Acceptar el canvi que el diagn\u00f2stic porta significa recon\u00e9ixer que la vida ha canviat i reflexionar sobre all\u00f2 que de deb\u00f2 valorem, en lloc de centrar-nos nom\u00e9s en la malaltia. Aix\u00f2 ajuda a adaptar-se a les noves circumst\u00e0ncies i a redefinir les nostres prioritats.<\/span><\/p>\n<p><b>Els principis fonamentals de la intervenci\u00f3 en Salut Mental s\u00f3n:<\/b><\/p>\n<ul>\n<li style=\"font-weight: 400;\" aria-level=\"1\"><span style=\"font-weight: 400;\">Atenci\u00f3 centrada en el pacient.<\/span><\/li>\n<li style=\"font-weight: 400;\" aria-level=\"1\"><span style=\"font-weight: 400;\">Intervenci\u00f3 interdisciplin\u00e0ria: fisioter\u00e0pia, nutrici\u00f3 i salut mental.<\/span><\/li>\n<li style=\"font-weight: 400;\" aria-level=\"1\"><span style=\"font-weight: 400;\">Respecte per la dignitat, l&#8217;autonomia i els valors del pacient.<\/span><\/li>\n<li style=\"font-weight: 400;\" aria-level=\"1\"><span style=\"font-weight: 400;\">Avaluaci\u00f3 continua del malestar emocional i psicosocial.<\/span><\/li>\n<\/ul>\n<p><b>Processos d&#8217;intervenci\u00f3:<\/b><\/p>\n<ul>\n<li style=\"font-weight: 400;\" aria-level=\"1\"><span style=\"font-weight: 400;\">Atenent criteris centrats en la individualitat del pacient i en les seues necessitats al llarg del proc\u00e9s de la malaltia, no \u00e9s possible establir un proc\u00e9s d&#8217;intervenci\u00f3 tancat. Per aix\u00f2, es planteja que l&#8217;assist\u00e8ncia al pacient oncol\u00f2gic ha de ser, en primer lloc, flexible, individual i basada en l&#8217;evoluci\u00f3 de les seues necessitats al llarg del proc\u00e9s de la malaltia i la seua vida.<\/span><\/li>\n<li style=\"font-weight: 400;\" aria-level=\"1\"><span style=\"font-weight: 400;\">Una de les qualitats de l&#8217;atenci\u00f3 ha de ser la capacitat d&#8217;adaptar-se a les rutines hospital\u00e0ries del pacient, millorant aix\u00ed la qualitat assistencial. Per este motiu, s&#8217;intenta que gran part de les visites assistencials coincidisquen amb altres cites de car\u00e0cter m\u00e8dic.<\/span><\/li>\n<\/ul>\n\t\t\t\t\t\t\t\t<\/div>\n\t\t\t\t<\/div>\n\t\t\t\t<\/div>\n\t\t\t\t\t<\/details>\n\t\t\t\t\t<\/div>\n\t\t\t\t\t\t<\/div>\n\t\t\t\t<\/div>\n\t\t\t\t<\/div>\n\t\t\t\t\t<\/div>\n\t\t\t\t<\/div>\n\t\t<div data-particle_enable=\"false\" data-particle-mobile-disabled=\"false\" class=\"elementor-element elementor-element-d7088ba e-flex e-con-boxed e-con e-parent\" data-id=\"d7088ba\" data-element_type=\"container\" data-e-type=\"container\" data-settings=\"{&quot;background_background&quot;:&quot;classic&quot;}\">\n\t\t\t\t\t<div class=\"e-con-inner\">\n\t\t<div data-particle_enable=\"false\" data-particle-mobile-disabled=\"false\" class=\"elementor-element elementor-element-f2aa309 e-con-full e-flex e-con e-child\" data-id=\"f2aa309\" data-element_type=\"container\" data-e-type=\"container\">\n\t\t\t\t<div class=\"elementor-element elementor-element-fc03f63 elementor-widget elementor-widget-image\" data-id=\"fc03f63\" data-element_type=\"widget\" data-e-type=\"widget\" data-widget_type=\"image.default\">\n\t\t\t\t<div class=\"elementor-widget-container\">\n\t\t\t\t\t\t\t\t\t\t\t\t\t\t\t<img decoding=\"async\" width=\"640\" height=\"498\" src=\"https:\/\/www.ivo.es\/wp-content\/uploads\/2026\/02\/bienestar-oncologico-ivo-fisioterapia3.jpg\" class=\"attachment-large size-large wp-image-42383\" alt=\"\" srcset=\"https:\/\/www.ivo.es\/wp-content\/uploads\/2026\/02\/bienestar-oncologico-ivo-fisioterapia3.jpg 640w, https:\/\/www.ivo.es\/wp-content\/uploads\/2026\/02\/bienestar-oncologico-ivo-fisioterapia3-300x233.jpg 300w\" sizes=\"(max-width: 640px) 100vw, 640px\" \/>\t\t\t\t\t\t\t\t\t\t\t\t\t\t\t<\/div>\n\t\t\t\t<\/div>\n\t\t\t\t<\/div>\n\t\t<div data-particle_enable=\"false\" data-particle-mobile-disabled=\"false\" class=\"elementor-element elementor-element-362a8fb e-con-full e-flex e-con e-child\" data-id=\"362a8fb\" data-element_type=\"container\" data-e-type=\"container\">\n\t\t\t\t<div class=\"elementor-element elementor-element-8951c85 elementor-widget elementor-widget-heading\" data-id=\"8951c85\" data-element_type=\"widget\" data-e-type=\"widget\" data-widget_type=\"heading.default\">\n\t\t\t\t<div class=\"elementor-widget-container\">\n\t\t\t\t\t<h3 class=\"elementor-heading-title elementor-size-default\">Fisioter\u00e0pia<\/h3>\t\t\t\t<\/div>\n\t\t\t\t<\/div>\n\t\t\t\t<div class=\"elementor-element elementor-element-26b141a elementor-widget elementor-widget-text-editor\" data-id=\"26b141a\" data-element_type=\"widget\" data-e-type=\"widget\" data-widget_type=\"text-editor.default\">\n\t\t\t\t<div class=\"elementor-widget-container\">\n\t\t\t\t\t\t\t\t\t<p><span style=\"font-weight: 400;\">La fisioter\u00e0pia oncol\u00f2gica \u00e9s una branca de la fisioter\u00e0pia que s&#8217;adre\u00e7a a totes les persones amb c\u00e0ncer. T\u00e9 per objectiu restaurar, millorar i mantindre una capacitat funcional \u00f2ptima de la persona i, tamb\u00e9, prevenir, tractar i minimitzar els efectes secundaris derivats de la malaltia i dels seus tractaments al llarg de tot el proc\u00e9s oncol\u00f2gic, i aix\u00ed millorar la qualitat de vida, la independ\u00e8ncia i el benestar.<\/span><\/p>\n\t\t\t\t\t\t\t\t<\/div>\n\t\t\t\t<\/div>\n\t\t\t\t<div class=\"elementor-element elementor-element-36fa7aa elementor-widget elementor-widget-n-accordion\" data-id=\"36fa7aa\" data-element_type=\"widget\" data-e-type=\"widget\" data-settings=\"{&quot;default_state&quot;:&quot;all_collapsed&quot;,&quot;max_items_expended&quot;:&quot;one&quot;,&quot;n_accordion_animation_duration&quot;:{&quot;unit&quot;:&quot;ms&quot;,&quot;size&quot;:400,&quot;sizes&quot;:[]}}\" data-widget_type=\"nested-accordion.default\">\n\t\t\t\t<div class=\"elementor-widget-container\">\n\t\t\t\t\t\t\t<div class=\"e-n-accordion\" aria-label=\"Accordion. Open links with Enter or Space, close with Escape, and navigate with Arrow Keys\">\n\t\t\t\t\t\t<details id=\"e-n-accordion-item-5760\" class=\"e-n-accordion-item\" >\n\t\t\t\t<summary class=\"e-n-accordion-item-title\" data-accordion-index=\"1\" tabindex=\"0\" aria-expanded=\"false\" aria-controls=\"e-n-accordion-item-5760\" >\n\t\t\t\t\t<span class='e-n-accordion-item-title-header'><div class=\"e-n-accordion-item-title-text\"> Con\u00e9ixer m\u00e9s <\/div><\/span>\n\t\t\t\t\t\t\t<span class='e-n-accordion-item-title-icon'>\n\t\t\t<span class='e-opened' ><i aria-hidden=\"true\" class=\"fas fa-minus\"><\/i><\/span>\n\t\t\t<span class='e-closed'><i aria-hidden=\"true\" class=\"fas fa-plus\"><\/i><\/span>\n\t\t<\/span>\n\n\t\t\t\t\t\t<\/summary>\n\t\t\t\t<div data-particle_enable=\"false\" data-particle-mobile-disabled=\"false\" role=\"region\" aria-labelledby=\"e-n-accordion-item-5760\" class=\"elementor-element elementor-element-462ff07 e-con-full e-flex e-con e-child\" data-id=\"462ff07\" data-element_type=\"container\" data-e-type=\"container\">\n\t\t\t\t<div class=\"elementor-element elementor-element-7cbfcae elementor-widget elementor-widget-text-editor\" data-id=\"7cbfcae\" data-element_type=\"widget\" data-e-type=\"widget\" data-widget_type=\"text-editor.default\">\n\t\t\t\t<div class=\"elementor-widget-container\">\n\t\t\t\t\t\t\t\t\t<p><span style=\"font-weight: 400;\">Atesa la complexitat i la diversitat d&#8217;efectes del c\u00e0ncer i dels seus tractaments, la intervenci\u00f3 fisioterap\u00e8utica ha de ser altament individualitzada i adaptativa, i ha d&#8217;abordar les necessitats canviants del pacient al llarg de la malaltia.<\/span><\/p>\n<p><span style=\"font-weight: 400;\">La Unitat de Fisioter\u00e0pia Oncol\u00f2gica treballa de manera coordinada amb les unitats de salut mental, nutrici\u00f3 i activitat f\u00edsica oncol\u00f2gica, formant un equip multidisciplinari que oferix un enfocament integral i hol\u00edstic del pacient. La col\u00b7laboraci\u00f3 entre estes unitats permet oferir un tractament complet, que, a m\u00e9s d&#8217;enfocar-se en la rehabilitaci\u00f3 f\u00edsica, tamb\u00e9 aborda el benestar emocional, nutricional i funcional del pacient oncol\u00f2gic. Este model d&#8217;atenci\u00f3 centrat en el pacient assegura que se n&#8217;aborden totes les dimensions de la salut, i aix\u00ed se li proporciona una atenci\u00f3 m\u00e9s efica\u00e7 i personalitzada.<\/span><\/p>\n<p><span style=\"font-weight: 400;\">Mitjan\u00e7ant la fisioter\u00e0pia oncol\u00f2gica, realitzada per tres fisioterapeutes, es treballa de manera hol\u00edstica sobre els diversos efectes secundaris, millorant:<\/span><\/p>\n<ul>\n<li style=\"font-weight: 400;\" aria-level=\"1\"><span style=\"font-weight: 400;\">La capacitat cardiorespirat\u00f2ria.<\/span><\/li>\n<li style=\"font-weight: 400;\" aria-level=\"1\"><span style=\"font-weight: 400;\">La masticaci\u00f3 i la degluci\u00f3 en els casos de disf\u00e0gia orofar\u00edngia.<\/span><\/li>\n<li style=\"font-weight: 400;\" aria-level=\"1\"><span style=\"font-weight: 400;\">Els edemes generalitzats i el limfedema secundari.<\/span><\/li>\n<li style=\"font-weight: 400;\" aria-level=\"1\"><span style=\"font-weight: 400;\">El dolor i la seua gesti\u00f3.<\/span><\/li>\n<li style=\"font-weight: 400;\" aria-level=\"1\"><span style=\"font-weight: 400;\">El rang de moviment de les articulacions i la flexibilitat dels teixits tous.<\/span><\/li>\n<li style=\"font-weight: 400;\" aria-level=\"1\"><span style=\"font-weight: 400;\">La for\u00e7a, el control motor i la sensibilitat.<\/span><\/li>\n<li style=\"font-weight: 400;\" aria-level=\"1\"><span style=\"font-weight: 400;\">L&#8217;equilibri, la coordinaci\u00f3 i la marxa.<\/span><\/li>\n<li style=\"font-weight: 400;\" aria-level=\"1\"><span style=\"font-weight: 400;\">La fatiga relacionada amb el c\u00e0ncer.<\/span><\/li>\n<li style=\"font-weight: 400;\" aria-level=\"1\"><span style=\"font-weight: 400;\">Les disfuncions del s\u00f2l pelvi\u00e0 (incontin\u00e8ncia urin\u00e0ria, incontin\u00e8ncia fecal, dispareunia, dolor pelvi\u00e0, estrenyiment).<\/span><\/li>\n<li style=\"font-weight: 400;\" aria-level=\"1\"><span style=\"font-weight: 400;\">La capacitat de moviment i la independ\u00e8ncia en les activitats de la vida di\u00e0ria i la participaci\u00f3 en activitats socials.<\/span><\/li>\n<li style=\"font-weight: 400;\" aria-level=\"1\"><span style=\"font-weight: 400;\">La readaptaci\u00f3 al treball o als estudis.<\/span><\/li>\n<li style=\"font-weight: 400;\" aria-level=\"1\"><span style=\"font-weight: 400;\">La qualitat de vida durant totes les fases de la malaltia.<\/span><\/li>\n<li style=\"font-weight: 400;\" aria-level=\"1\"><span style=\"font-weight: 400;\">El risc de comorbiditats associades.<\/span><\/li>\n<\/ul>\n\t\t\t\t\t\t\t\t<\/div>\n\t\t\t\t<\/div>\n\t\t\t\t<\/div>\n\t\t\t\t\t<\/details>\n\t\t\t\t\t<\/div>\n\t\t\t\t\t\t<\/div>\n\t\t\t\t<\/div>\n\t\t\t\t<\/div>\n\t\t\t\t\t<\/div>\n\t\t\t\t<\/div>\n\t\t<div data-particle_enable=\"false\" data-particle-mobile-disabled=\"false\" class=\"elementor-element elementor-element-8f28aca e-flex e-con-boxed e-con e-parent\" data-id=\"8f28aca\" data-element_type=\"container\" data-e-type=\"container\" data-settings=\"{&quot;background_background&quot;:&quot;classic&quot;}\">\n\t\t\t\t\t<div class=\"e-con-inner\">\n\t\t<div data-particle_enable=\"false\" data-particle-mobile-disabled=\"false\" class=\"elementor-element elementor-element-ddea1e0 e-con-full e-flex e-con e-child\" data-id=\"ddea1e0\" data-element_type=\"container\" data-e-type=\"container\">\n\t\t\t\t<div class=\"elementor-element elementor-element-96c2996 elementor-widget elementor-widget-image\" data-id=\"96c2996\" data-element_type=\"widget\" data-e-type=\"widget\" data-widget_type=\"image.default\">\n\t\t\t\t<div class=\"elementor-widget-container\">\n\t\t\t\t\t\t\t\t\t\t\t\t\t\t\t<img decoding=\"async\" width=\"640\" height=\"498\" src=\"https:\/\/www.ivo.es\/wp-content\/uploads\/2026\/02\/bienestar-oncologico-ivo-nutricion.jpg\" class=\"attachment-large size-large wp-image-42386\" alt=\"\" srcset=\"https:\/\/www.ivo.es\/wp-content\/uploads\/2026\/02\/bienestar-oncologico-ivo-nutricion.jpg 640w, https:\/\/www.ivo.es\/wp-content\/uploads\/2026\/02\/bienestar-oncologico-ivo-nutricion-300x233.jpg 300w\" sizes=\"(max-width: 640px) 100vw, 640px\" \/>\t\t\t\t\t\t\t\t\t\t\t\t\t\t\t<\/div>\n\t\t\t\t<\/div>\n\t\t\t\t<\/div>\n\t\t<div data-particle_enable=\"false\" data-particle-mobile-disabled=\"false\" class=\"elementor-element elementor-element-18f66ab e-con-full e-flex e-con e-child\" data-id=\"18f66ab\" data-element_type=\"container\" data-e-type=\"container\">\n\t\t\t\t<div class=\"elementor-element elementor-element-5d95fbb elementor-widget elementor-widget-heading\" data-id=\"5d95fbb\" data-element_type=\"widget\" data-e-type=\"widget\" data-widget_type=\"heading.default\">\n\t\t\t\t<div class=\"elementor-widget-container\">\n\t\t\t\t\t<h3 class=\"elementor-heading-title elementor-size-default\">Nutrici\u00f3<\/h3>\t\t\t\t<\/div>\n\t\t\t\t<\/div>\n\t\t\t\t<div class=\"elementor-element elementor-element-98956cd elementor-widget elementor-widget-text-editor\" data-id=\"98956cd\" data-element_type=\"widget\" data-e-type=\"widget\" data-widget_type=\"text-editor.default\">\n\t\t\t\t<div class=\"elementor-widget-container\">\n\t\t\t\t\t\t\t\t\t<p><span style=\"font-weight: 400;\">Una alimentaci\u00f3 adequada, tant durant el proc\u00e9s oncol\u00f2gic com despr\u00e9s, \u00e9s clau per mantindre la for\u00e7a, prevenir o tractar la desnutrici\u00f3, millorar la toler\u00e0ncia als tractaments i afavorir la recuperaci\u00f3 i el benestar a llarg termini.<\/span><\/p>\n\t\t\t\t\t\t\t\t<\/div>\n\t\t\t\t<\/div>\n\t\t\t\t<div class=\"elementor-element elementor-element-34286e2 elementor-widget elementor-widget-n-accordion\" data-id=\"34286e2\" data-element_type=\"widget\" data-e-type=\"widget\" data-settings=\"{&quot;default_state&quot;:&quot;all_collapsed&quot;,&quot;max_items_expended&quot;:&quot;one&quot;,&quot;n_accordion_animation_duration&quot;:{&quot;unit&quot;:&quot;ms&quot;,&quot;size&quot;:400,&quot;sizes&quot;:[]}}\" data-widget_type=\"nested-accordion.default\">\n\t\t\t\t<div class=\"elementor-widget-container\">\n\t\t\t\t\t\t\t<div class=\"e-n-accordion\" aria-label=\"Accordion. Open links with Enter or Space, close with Escape, and navigate with Arrow Keys\">\n\t\t\t\t\t\t<details id=\"e-n-accordion-item-5460\" class=\"e-n-accordion-item\" >\n\t\t\t\t<summary class=\"e-n-accordion-item-title\" data-accordion-index=\"1\" tabindex=\"0\" aria-expanded=\"false\" aria-controls=\"e-n-accordion-item-5460\" >\n\t\t\t\t\t<span class='e-n-accordion-item-title-header'><div class=\"e-n-accordion-item-title-text\"> Con\u00e9ixer m\u00e9s <\/div><\/span>\n\t\t\t\t\t\t\t<span class='e-n-accordion-item-title-icon'>\n\t\t\t<span class='e-opened' ><i aria-hidden=\"true\" class=\"fas fa-minus\"><\/i><\/span>\n\t\t\t<span class='e-closed'><i aria-hidden=\"true\" class=\"fas fa-plus\"><\/i><\/span>\n\t\t<\/span>\n\n\t\t\t\t\t\t<\/summary>\n\t\t\t\t<div data-particle_enable=\"false\" data-particle-mobile-disabled=\"false\" role=\"region\" aria-labelledby=\"e-n-accordion-item-5460\" class=\"elementor-element elementor-element-5620197 e-con-full e-flex e-con e-child\" data-id=\"5620197\" data-element_type=\"container\" data-e-type=\"container\">\n\t\t\t\t<div class=\"elementor-element elementor-element-336771f elementor-widget elementor-widget-text-editor\" data-id=\"336771f\" data-element_type=\"widget\" data-e-type=\"widget\" data-widget_type=\"text-editor.default\">\n\t\t\t\t<div class=\"elementor-widget-container\">\n\t\t\t\t\t\t\t\t\t<p><span style=\"font-weight: 400;\">La intervenci\u00f3 en nutrici\u00f3 oncol\u00f2gica es basa en una atenci\u00f3 centrada en el pacient, adaptada a la seua situaci\u00f3 cl\u00ednica, funcional i social al llarg de tot el proc\u00e9s oncol\u00f2gic. L&#8217;actuaci\u00f3 nutricional es desenvolupa des del respecte a la dignitat, l&#8217;autonomia, les prefer\u00e8ncies i els valors del pacient, i s&#8217;integra en un abordatge interdisciplinari, en coordinaci\u00f3 amb oncologia m\u00e8dica, cirurgia, radioter\u00e0pia, infermeria, fisioter\u00e0pia, psicologia i altres serveis implicats.<\/span><\/p>\n<p><span style=\"font-weight: 400;\">La valoraci\u00f3 i el seguiment de l&#8217;estat nutricional i funcional es fan de manera continuada, tot permetent ajustar la intervenci\u00f3 a l&#8217;evoluci\u00f3 cl\u00ednica, als tractaments rebuts i a les diverses fases de la malaltia.<\/span><\/p>\n<p><span style=\"font-weight: 400;\">Des de la consulta de Nutrici\u00f3 Oncol\u00f2gica, 2 dietistes nutricionistes especialitzades en oncologia treballen per a:<\/span><\/p>\n<ul>\n<li style=\"font-weight: 400;\" aria-level=\"1\"><span style=\"font-weight: 400;\">Valorar l&#8217;estat nutricional de manera individualitzada.<\/span><\/li>\n<li style=\"font-weight: 400;\" aria-level=\"1\"><span style=\"font-weight: 400;\">Adaptar l&#8217;alimentaci\u00f3 segons la mena de tractament i la fase de la malaltia.<\/span><\/li>\n<li style=\"font-weight: 400;\" aria-level=\"1\"><span style=\"font-weight: 400;\">Prevenir i tractar la desnutrici\u00f3, comuna en molts pacients oncol\u00f2gics.<\/span><\/li>\n<li style=\"font-weight: 400;\" aria-level=\"1\"><span style=\"font-weight: 400;\">Gestionar els efectes secundaris que dificulten la ingesta (n\u00e0usees, v\u00f2mits, mucositis, p\u00e8rdua de gana, alteracions del gust, diarrea, estrenyiment, etc.).<\/span><\/li>\n<li style=\"font-weight: 400;\" aria-level=\"1\"><span style=\"font-weight: 400;\">Oferir educaci\u00f3 nutricional, pautes pr\u00e0ctiques i men\u00fas adaptats.<\/span><\/li>\n<li style=\"font-weight: 400;\" aria-level=\"1\"><span style=\"font-weight: 400;\">Acompanyar el pacient i la seua fam\u00edlia en totes les etapes del proc\u00e9s, fomentant el benestar i la qualitat de vida.<\/span><\/li>\n<\/ul>\n<p><span style=\"font-weight: 400;\">La intervenci\u00f3 nutricional forma part de l&#8217;abordatge multidisciplinari del pacient oncol\u00f2gic i es desenvolupa de manera coordinada entre els diversos \u00e0mbits assistencials, incloent-hi hospitalitzaci\u00f3, consultes externes i seguiment ambulatori. Esta coordinaci\u00f3 permet adaptar la intervenci\u00f3 a l&#8217;evoluci\u00f3 cl\u00ednica del pacient, facilitar la continu\u00eftat de cures despr\u00e9s de l&#8217;alta hospital\u00e0ria i garantir una atenci\u00f3 integral i centrada en la persona al llarg de tot el proc\u00e9s oncol\u00f2gic.<\/span><\/p>\n\t\t\t\t\t\t\t\t<\/div>\n\t\t\t\t<\/div>\n\t\t\t\t<\/div>\n\t\t\t\t\t<\/details>\n\t\t\t\t\t<\/div>\n\t\t\t\t\t\t<\/div>\n\t\t\t\t<\/div>\n\t\t\t\t<\/div>\n\t\t\t\t\t<\/div>\n\t\t\t\t<\/div>\n\t\t<div data-particle_enable=\"false\" data-particle-mobile-disabled=\"false\" class=\"elementor-element elementor-element-bf4b2c9 e-flex e-con-boxed e-con e-parent\" data-id=\"bf4b2c9\" data-element_type=\"container\" data-e-type=\"container\" data-settings=\"{&quot;background_background&quot;:&quot;classic&quot;}\">\n\t\t\t\t\t<div class=\"e-con-inner\">\n\t\t<div data-particle_enable=\"false\" data-particle-mobile-disabled=\"false\" class=\"elementor-element elementor-element-d1ad42f e-con-full e-flex e-con e-child\" data-id=\"d1ad42f\" data-element_type=\"container\" data-e-type=\"container\">\n\t\t\t\t<div class=\"elementor-element elementor-element-084038e elementor-widget elementor-widget-image\" data-id=\"084038e\" data-element_type=\"widget\" data-e-type=\"widget\" data-widget_type=\"image.default\">\n\t\t\t\t<div class=\"elementor-widget-container\">\n\t\t\t\t\t\t\t\t\t\t\t\t\t\t\t<img loading=\"lazy\" decoding=\"async\" width=\"640\" height=\"498\" src=\"https:\/\/www.ivo.es\/wp-content\/uploads\/2026\/02\/FOTO-07.jpg\" class=\"attachment-large size-large wp-image-42380\" alt=\"\" srcset=\"https:\/\/www.ivo.es\/wp-content\/uploads\/2026\/02\/FOTO-07.jpg 640w, https:\/\/www.ivo.es\/wp-content\/uploads\/2026\/02\/FOTO-07-300x233.jpg 300w\" sizes=\"(max-width: 640px) 100vw, 640px\" \/>\t\t\t\t\t\t\t\t\t\t\t\t\t\t\t<\/div>\n\t\t\t\t<\/div>\n\t\t\t\t<\/div>\n\t\t<div data-particle_enable=\"false\" data-particle-mobile-disabled=\"false\" class=\"elementor-element elementor-element-ea4f12b e-con-full e-flex e-con e-child\" data-id=\"ea4f12b\" data-element_type=\"container\" data-e-type=\"container\">\n\t\t\t\t<div class=\"elementor-element elementor-element-1eadc08 elementor-widget elementor-widget-heading\" data-id=\"1eadc08\" data-element_type=\"widget\" data-e-type=\"widget\" data-widget_type=\"heading.default\">\n\t\t\t\t<div class=\"elementor-widget-container\">\n\t\t\t\t\t<h3 class=\"elementor-heading-title elementor-size-default\">Activitat f\u00edsica<\/h3>\t\t\t\t<\/div>\n\t\t\t\t<\/div>\n\t\t\t\t<div class=\"elementor-element elementor-element-7039a41 elementor-widget elementor-widget-text-editor\" data-id=\"7039a41\" data-element_type=\"widget\" data-e-type=\"widget\" data-widget_type=\"text-editor.default\">\n\t\t\t\t<div class=\"elementor-widget-container\">\n\t\t\t\t\t\t\t\t\t<p><span style=\"font-weight: 400;\">L&#8217;exercici f\u00edsic oncol\u00f2gic \u00e9s l&#8217;exercici que dos professionals dirigeixen i supervisen, amb l&#8217;objectiu de prevenir o mitigar els efectes secundaris dels tractaments i millorar la salut, la qualitat de vida i la superviv\u00e8ncia dels pacients.<\/span><\/p>\n\t\t\t\t\t\t\t\t<\/div>\n\t\t\t\t<\/div>\n\t\t\t\t<div class=\"elementor-element elementor-element-0242115 elementor-widget elementor-widget-n-accordion\" data-id=\"0242115\" data-element_type=\"widget\" data-e-type=\"widget\" data-settings=\"{&quot;default_state&quot;:&quot;all_collapsed&quot;,&quot;max_items_expended&quot;:&quot;one&quot;,&quot;n_accordion_animation_duration&quot;:{&quot;unit&quot;:&quot;ms&quot;,&quot;size&quot;:400,&quot;sizes&quot;:[]}}\" data-widget_type=\"nested-accordion.default\">\n\t\t\t\t<div class=\"elementor-widget-container\">\n\t\t\t\t\t\t\t<div class=\"e-n-accordion\" aria-label=\"Accordion. Open links with Enter or Space, close with Escape, and navigate with Arrow Keys\">\n\t\t\t\t\t\t<details id=\"e-n-accordion-item-2360\" class=\"e-n-accordion-item\" >\n\t\t\t\t<summary class=\"e-n-accordion-item-title\" data-accordion-index=\"1\" tabindex=\"0\" aria-expanded=\"false\" aria-controls=\"e-n-accordion-item-2360\" >\n\t\t\t\t\t<span class='e-n-accordion-item-title-header'><div class=\"e-n-accordion-item-title-text\"> Con\u00e9ixer m\u00e9s <\/div><\/span>\n\t\t\t\t\t\t\t<span class='e-n-accordion-item-title-icon'>\n\t\t\t<span class='e-opened' ><i aria-hidden=\"true\" class=\"fas fa-minus\"><\/i><\/span>\n\t\t\t<span class='e-closed'><i aria-hidden=\"true\" class=\"fas fa-plus\"><\/i><\/span>\n\t\t<\/span>\n\n\t\t\t\t\t\t<\/summary>\n\t\t\t\t<div data-particle_enable=\"false\" data-particle-mobile-disabled=\"false\" role=\"region\" aria-labelledby=\"e-n-accordion-item-2360\" class=\"elementor-element elementor-element-994d47e e-con-full e-flex e-con e-child\" data-id=\"994d47e\" data-element_type=\"container\" data-e-type=\"container\">\n\t\t\t\t<div class=\"elementor-element elementor-element-1e6e2f0 elementor-widget elementor-widget-text-editor\" data-id=\"1e6e2f0\" data-element_type=\"widget\" data-e-type=\"widget\" data-widget_type=\"text-editor.default\">\n\t\t\t\t<div class=\"elementor-widget-container\">\n\t\t\t\t\t\t\t\t\t<p><span style=\"font-weight: 400;\">L&#8217;exercici f\u00edsic, planificat i supervisat per professionals, millora la toler\u00e0ncia als tractaments, redu\u00efx els efectes secundaris i augmenta la superviv\u00e8ncia. \u00c9s important mantenir una activitat f\u00edsica regular, adaptada a les condicions de cada pacient. Diversos estudis demostren que caminar almenys 30 minuts cada dia pot reduir el risc de recurr\u00e8ncia fins al 30-40%. A m\u00e9s, millora la qualitat de vida durant el tractament i despr\u00e9s, i alleuja efectes adversos com ara la fatiga o les seq\u00fceles de la quimioter\u00e0pia.<\/span><\/p>\n<p><span style=\"font-weight: 400;\">L&#8217;exercici f\u00edsic supervisat, dirigit i planificat en l&#8217;\u00e0mbit oncol\u00f2gic \u00e9s hui una intervenci\u00f3 terap\u00e8utica basada en l&#8217;evid\u00e8ncia cient\u00edfica. Els beneficis que t\u00e9 abracen dimensions f\u00edsiques, cl\u00edniques, psicol\u00f2giques i pron\u00f2stiques, i depenen llargament del fet que el programa estiga individualitzat de manera correcta i el supervisen professionals qualificats.<\/span><\/p>\n<p><span style=\"font-weight: 400;\">A la unitat d&#8217;activitat f\u00edsica oncol\u00f2gica es desenvolupen programes d&#8217;exercici f\u00edsic supervisats per dos professionals especialitzats (llicenciats en Ci\u00e8ncies de l&#8217;Activitat F\u00edsica i l&#8217;Esport), basats en l&#8217;evid\u00e8ncia cient\u00edfica.<\/span><\/p>\n<p><b>Beneficis de l&#8217;exercici f\u00edsic:<\/b><\/p>\n<ul>\n<li style=\"font-weight: 400;\" aria-level=\"1\"><span style=\"font-weight: 400;\">\u00a0Redu\u00efx l&#8217;ast\u00e8nia i la fatiga.<\/span><\/li>\n<li style=\"font-weight: 400;\" aria-level=\"1\"><span style=\"font-weight: 400;\">Millora la composici\u00f3 corporal.<\/span><\/li>\n<li style=\"font-weight: 400;\" aria-level=\"1\"><span style=\"font-weight: 400;\">Enfortix el sistema immunitari.<\/span><\/li>\n<li style=\"font-weight: 400;\" aria-level=\"1\"><span style=\"font-weight: 400;\">Redu\u00efx els dolors osteoarticulars.<\/span><\/li>\n<li style=\"font-weight: 400;\" aria-level=\"1\"><span style=\"font-weight: 400;\">Prev\u00e9 la cardiotoxicitat.<\/span><\/li>\n<li style=\"font-weight: 400;\" aria-level=\"1\"><span style=\"font-weight: 400;\">Millora la qualitat de vida.<\/span><\/li>\n<li style=\"font-weight: 400;\" aria-level=\"1\"><span style=\"font-weight: 400;\">Augmenta la superviv\u00e8ncia.<\/span><\/li>\n<\/ul>\n\t\t\t\t\t\t\t\t<\/div>\n\t\t\t\t<\/div>\n\t\t\t\t<div class=\"elementor-element elementor-element-4ad66bd elementor-align-left animated-slow elementor-invisible elementor-widget elementor-widget-button\" data-id=\"4ad66bd\" data-element_type=\"widget\" data-e-type=\"widget\" data-settings=\"{&quot;_animation&quot;:&quot;fadeIn&quot;}\" data-widget_type=\"button.default\">\n\t\t\t\t<div class=\"elementor-widget-container\">\n\t\t\t\t\t\t\t\t\t<div class=\"elementor-button-wrapper\">\n\t\t\t\t\t<a class=\"elementor-button elementor-button-link elementor-size-sm\" href=\"https:\/\/www.ivo.es\/wp-content\/uploads\/2026\/02\/AF-disenTHo-A5-unidad-de-actividad-Fiisica-OK.pdf\" aria-label=\"Si quieres ser paciente accede aqu\u00ed para conocer todos los detalles\">\n\t\t\t\t\t\t<span class=\"elementor-button-content-wrapper\">\n\t\t\t\t\t\t\t\t\t<span class=\"elementor-button-text\">Descarregar fullet (.PDF)<\/span>\n\t\t\t\t\t<\/span>\n\t\t\t\t\t<\/a>\n\t\t\t\t<\/div>\n\t\t\t\t\t\t\t\t<\/div>\n\t\t\t\t<\/div>\n\t\t\t\t<\/div>\n\t\t\t\t\t<\/details>\n\t\t\t\t\t<\/div>\n\t\t\t\t\t\t<\/div>\n\t\t\t\t<\/div>\n\t\t\t\t<\/div>\n\t\t\t\t\t<\/div>\n\t\t\t\t<\/div>\n\t\t<div data-particle_enable=\"false\" data-particle-mobile-disabled=\"false\" class=\"elementor-element elementor-element-83fef18 e-flex e-con-boxed e-con e-parent\" data-id=\"83fef18\" data-element_type=\"container\" data-e-type=\"container\">\n\t\t\t\t\t<div class=\"e-con-inner\">\n\t\t\t\t<div class=\"elementor-element elementor-element-56c96e1 elementor-icon-list--layout-traditional elementor-list-item-link-full_width elementor-widget elementor-widget-icon-list\" data-id=\"56c96e1\" data-element_type=\"widget\" data-e-type=\"widget\" data-widget_type=\"icon-list.default\">\n\t\t\t\t<div class=\"elementor-widget-container\">\n\t\t\t\t\t\t\t<ul class=\"elementor-icon-list-items\">\n\t\t\t\t\t\t\t<li class=\"elementor-icon-list-item\">\n\t\t\t\t\t\t\t\t\t\t\t<span class=\"elementor-icon-list-icon\">\n\t\t\t\t\t\t\t<i aria-hidden=\"true\" class=\"fas fa-map-marker-alt\"><\/i>\t\t\t\t\t\t<\/span>\n\t\t\t\t\t\t\t\t\t\t<span class=\"elementor-icon-list-text\">Ubicaci\u00f3 de la Unitat de Benestar<\/span>\n\t\t\t\t\t\t\t\t\t<\/li>\n\t\t\t\t\t\t<\/ul>\n\t\t\t\t\t\t<\/div>\n\t\t\t\t<\/div>\n\t\t<div data-particle_enable=\"false\" data-particle-mobile-disabled=\"false\" class=\"elementor-element elementor-element-398c0b8 e-con-full e-flex e-con e-child\" data-id=\"398c0b8\" data-element_type=\"container\" data-e-type=\"container\">\n\t\t\t\t<div class=\"elementor-element elementor-element-72ac46d elementor-widget__width-initial elementor-widget elementor-widget-text-editor\" data-id=\"72ac46d\" data-element_type=\"widget\" data-e-type=\"widget\" data-widget_type=\"text-editor.default\">\n\t\t\t\t<div class=\"elementor-widget-container\">\n\t\t\t\t\t\t\t\t\t<p>C\/ Ricardo Mic\u00f3 n\u00ba3<\/p>\n<p>46009 Val\u00e8ncia<\/p>\n\t\t\t\t\t\t\t\t<\/div>\n\t\t\t\t<\/div>\n\t\t\t\t<div class=\"elementor-element elementor-element-002bd90 elementor-widget__width-initial elementor-widget elementor-widget-text-editor\" data-id=\"002bd90\" data-element_type=\"widget\" data-e-type=\"widget\" data-widget_type=\"text-editor.default\">\n\t\t\t\t<div class=\"elementor-widget-container\">\n\t\t\t\t\t\t\t\t\t<p><b>LOCALS 2\/3\u00a0<\/b><br \/>Salut Mental (Psiquiatria y Psico-Oncologia) \/ Fisioter\u00e0pia \/ Nutrici\u00f3<\/p>\n\t\t\t\t\t\t\t\t<\/div>\n\t\t\t\t<\/div>\n\t\t\t\t<div class=\"elementor-element elementor-element-74c689d elementor-widget__width-initial elementor-widget elementor-widget-text-editor\" data-id=\"74c689d\" data-element_type=\"widget\" data-e-type=\"widget\" data-widget_type=\"text-editor.default\">\n\t\t\t\t<div class=\"elementor-widget-container\">\n\t\t\t\t\t\t\t\t\t<p><b>LOCAL 6<br \/>\n<\/b><span style=\"font-weight: 400;\">Activitat F\u00edsica Oncol\u00f2gica<\/span><\/p>\n\t\t\t\t\t\t\t\t<\/div>\n\t\t\t\t<\/div>\n\t\t\t\t<\/div>\n\t\t\t\t<div class=\"elementor-element elementor-element-4e00ae7 elementor-widget elementor-widget-image\" data-id=\"4e00ae7\" data-element_type=\"widget\" data-e-type=\"widget\" data-widget_type=\"image.default\">\n\t\t\t\t<div class=\"elementor-widget-container\">\n\t\t\t\t\t\t\t\t\t\t\t\t\t\t\t\t<a href=\"https:\/\/www.ivo.es\/wp-content\/uploads\/2026\/03\/planoIVO251022-2-2.png\" data-elementor-open-lightbox=\"yes\" data-elementor-lightbox-title=\"planoIVO251022-2 2\" data-e-action-hash=\"#elementor-action%3Aaction%3Dlightbox%26settings%3DeyJpZCI6NDI0NzgsInVybCI6Imh0dHBzOlwvXC93d3cuaXZvLmVzXC93cC1jb250ZW50XC91cGxvYWRzXC8yMDI2XC8wM1wvcGxhbm9JVk8yNTEwMjItMi0yLndlYnAifQ%3D%3D\">\n\t\t\t\t\t\t\t<img loading=\"lazy\" decoding=\"async\" width=\"1340\" height=\"607\" src=\"https:\/\/www.ivo.es\/wp-content\/uploads\/2026\/03\/planoIVO251022-2-2.webp\" class=\"attachment-full size-full wp-image-42478\" alt=\"\" \/>\t\t\t\t\t\t\t\t<\/a>\n\t\t\t\t\t\t\t\t\t\t\t\t\t\t\t<\/div>\n\t\t\t\t<\/div>\n\t\t\t\t\t<\/div>\n\t\t\t\t<\/div>\n\t\t\t\t<\/div>\n\t\t","protected":false},"excerpt":{"rendered":"<p>La Unitat de Benestar Oncol\u00f2gica oferix una atenci\u00f3 integral al pacient oncol\u00f2gic, de manera coordinada amb la resta dels tractaments proposats i els professionals implicats en el proc\u00e9s. Aplica un model compartit d&#8217;atenci\u00f3 que millora la qualitat de vida del pacient i el seu entorn, mitjan\u00e7ant un enfocament que integra disciplines amb s\u00f2lida evid\u00e8ncia: salut [&hellip;]<\/p>\n","protected":false},"author":1,"featured_media":0,"parent":0,"menu_order":0,"comment_status":"closed","ping_status":"closed","template":"","meta":{"_acf_changed":false,"om_disable_all_campaigns":false,"footnotes":""},"class_list":["post-42604","page","type-page","status-publish","hentry"],"acf":[],"aioseo_notices":[],"_links":{"self":[{"href":"https:\/\/www.ivo.es\/val\/wp-json\/wp\/v2\/pages\/42604","targetHints":{"allow":["GET"]}}],"collection":[{"href":"https:\/\/www.ivo.es\/val\/wp-json\/wp\/v2\/pages"}],"about":[{"href":"https:\/\/www.ivo.es\/val\/wp-json\/wp\/v2\/types\/page"}],"author":[{"embeddable":true,"href":"https:\/\/www.ivo.es\/val\/wp-json\/wp\/v2\/users\/1"}],"replies":[{"embeddable":true,"href":"https:\/\/www.ivo.es\/val\/wp-json\/wp\/v2\/comments?post=42604"}],"version-history":[{"count":7,"href":"https:\/\/www.ivo.es\/val\/wp-json\/wp\/v2\/pages\/42604\/revisions"}],"predecessor-version":[{"id":42664,"href":"https:\/\/www.ivo.es\/val\/wp-json\/wp\/v2\/pages\/42604\/revisions\/42664"}],"wp:attachment":[{"href":"https:\/\/www.ivo.es\/val\/wp-json\/wp\/v2\/media?parent=42604"}],"curies":[{"name":"wp","href":"https:\/\/api.w.org\/{rel}","templated":true}]}}