{"id":32602,"date":"2022-04-18T16:14:15","date_gmt":"2022-04-18T14:14:15","guid":{"rendered":"https:\/\/www.ivo.es\/com-es-diagnostica-el-cancer\/"},"modified":"2023-10-23T14:38:38","modified_gmt":"2023-10-23T12:38:38","slug":"com-es-diagnostica-el-cancer","status":"publish","type":"page","link":"https:\/\/www.ivo.es\/val\/el-cancer\/com-es-diagnostica-el-cancer\/","title":{"rendered":"Com es diagnostica el c\u00e0ncer"},"content":{"rendered":"\t\t<div data-elementor-type=\"wp-page\" data-elementor-id=\"32602\" class=\"elementor elementor-32602 elementor-590\" data-elementor-post-type=\"page\">\n\t\t\t\t\t\t<section data-particle_enable=\"false\" data-particle-mobile-disabled=\"false\" class=\"elementor-section elementor-top-section elementor-element elementor-element-38c9212 elementor-section-boxed elementor-section-height-default elementor-section-height-default\" data-id=\"38c9212\" data-element_type=\"section\" data-e-type=\"section\">\n\t\t\t\t\t\t<div class=\"elementor-container elementor-column-gap-default\">\n\t\t\t\t\t<div class=\"elementor-column elementor-col-100 elementor-top-column elementor-element elementor-element-63be3a0\" data-id=\"63be3a0\" data-element_type=\"column\" data-e-type=\"column\">\n\t\t\t<div class=\"elementor-widget-wrap elementor-element-populated\">\n\t\t\t\t\t\t<section data-particle_enable=\"false\" data-particle-mobile-disabled=\"false\" class=\"elementor-section elementor-inner-section elementor-element elementor-element-fcad95d elementor-section-boxed elementor-section-height-default elementor-section-height-default\" data-id=\"fcad95d\" data-element_type=\"section\" data-e-type=\"section\">\n\t\t\t\t\t\t<div class=\"elementor-container elementor-column-gap-default\">\n\t\t\t\t\t<div class=\"elementor-column elementor-col-50 elementor-inner-column elementor-element elementor-element-213fad0\" data-id=\"213fad0\" data-element_type=\"column\" data-e-type=\"column\">\n\t\t\t<div class=\"elementor-widget-wrap elementor-element-populated\">\n\t\t\t\t\t\t<div class=\"elementor-element elementor-element-d39577a elementor-widget elementor-widget-text-editor\" data-id=\"d39577a\" data-element_type=\"widget\" data-e-type=\"widget\" data-widget_type=\"text-editor.default\">\n\t\t\t\t<div class=\"elementor-widget-container\">\n\t\t\t\t\t\t\t\t\t<p>En els \u00faltims 20 anys, el nombre de tumors diagnosticats ha experimentat un creixement constant no sols per l&#8217;augment de poblaci\u00f3, sin\u00f3 tamb\u00e9 gr\u00e0cies a les t\u00e8cniques de detecci\u00f3 preco\u00e7 del c\u00e0ncer i a l&#8217;augment de l&#8217;esperan\u00e7a de vida.\u00a0<\/p><p>Encara que el risc de desenvolupar un c\u00e0ncer ha augmentat, afortunadament el risc de mortalitat per c\u00e0ncer ha disminu\u00eft en les \u00faltimes dues d\u00e8cades. El comportament, pron\u00f2stic i tractament dels diversos tipus de c\u00e0ncer, fins i tot dins de les diferents fases evolutives d&#8217;un mateix tumor, s\u00f3n molt variables.<\/p>\t\t\t\t\t\t\t\t<\/div>\n\t\t\t\t<\/div>\n\t\t\t\t\t<\/div>\n\t\t<\/div>\n\t\t\t\t<div class=\"elementor-column elementor-col-50 elementor-inner-column elementor-element elementor-element-1e9a217\" data-id=\"1e9a217\" data-element_type=\"column\" data-e-type=\"column\">\n\t\t\t<div class=\"elementor-widget-wrap elementor-element-populated\">\n\t\t\t\t\t\t<div class=\"elementor-element elementor-element-c138e48 elementor-widget elementor-widget-image\" data-id=\"c138e48\" data-element_type=\"widget\" data-e-type=\"widget\" data-widget_type=\"image.default\">\n\t\t\t\t<div class=\"elementor-widget-container\">\n\t\t\t\t\t\t\t\t\t\t\t\t\t\t\t<img fetchpriority=\"high\" decoding=\"async\" width=\"640\" height=\"394\" src=\"https:\/\/www.ivo.es\/wp-content\/uploads\/2022\/04\/IVO_NUEVA-RESONANCIA_003-scaled-e1651502427422-1024x630.jpg\" class=\"attachment-large size-large wp-image-32623\" alt=\"\" srcset=\"https:\/\/www.ivo.es\/wp-content\/uploads\/2022\/04\/IVO_NUEVA-RESONANCIA_003-scaled-e1651502427422-1024x630.jpg 1024w, https:\/\/www.ivo.es\/wp-content\/uploads\/2022\/04\/IVO_NUEVA-RESONANCIA_003-scaled-e1651502427422-300x184.jpg 300w, https:\/\/www.ivo.es\/wp-content\/uploads\/2022\/04\/IVO_NUEVA-RESONANCIA_003-scaled-e1651502427422-768x472.jpg 768w, https:\/\/www.ivo.es\/wp-content\/uploads\/2022\/04\/IVO_NUEVA-RESONANCIA_003-scaled-e1651502427422-1536x944.jpg 1536w, https:\/\/www.ivo.es\/wp-content\/uploads\/2022\/04\/IVO_NUEVA-RESONANCIA_003-scaled-e1651502427422-2048x1259.jpg 2048w, https:\/\/www.ivo.es\/wp-content\/uploads\/2022\/04\/IVO_NUEVA-RESONANCIA_003-scaled-e1651502427422-1200x738.jpg 1200w\" sizes=\"(max-width: 640px) 100vw, 640px\" \/>\t\t\t\t\t\t\t\t\t\t\t\t\t\t\t<\/div>\n\t\t\t\t<\/div>\n\t\t\t\t\t<\/div>\n\t\t<\/div>\n\t\t\t\t\t<\/div>\n\t\t<\/section>\n\t\t\t\t<section data-particle_enable=\"false\" data-particle-mobile-disabled=\"false\" class=\"elementor-section elementor-inner-section elementor-element elementor-element-53da01d elementor-section-boxed elementor-section-height-default elementor-section-height-default\" data-id=\"53da01d\" data-element_type=\"section\" data-e-type=\"section\">\n\t\t\t\t\t\t<div class=\"elementor-container elementor-column-gap-default\">\n\t\t\t\t\t<div class=\"elementor-column elementor-col-50 elementor-inner-column elementor-element elementor-element-fe685b8\" data-id=\"fe685b8\" data-element_type=\"column\" data-e-type=\"column\">\n\t\t\t<div class=\"elementor-widget-wrap elementor-element-populated\">\n\t\t\t\t\t\t<div class=\"elementor-element elementor-element-e411c49 elementor-widget elementor-widget-text-editor\" data-id=\"e411c49\" data-element_type=\"widget\" data-e-type=\"widget\" data-widget_type=\"text-editor.default\">\n\t\t\t\t<div class=\"elementor-widget-container\">\n\t\t\t\t\t\t\t\t\t<p>En relaci\u00f3 al diagn\u00f2stic del c\u00e0ncer, cal diferenciar entre les proves de cribratge i les proves diagn\u00f2stiques.&nbsp;<\/p><p><span style=\"color: var( --e-global-color-9442305 );\">Les denominades <\/span><strong style=\"color: var( --e-global-color-9442305 );\">proves de cribratge del c\u00e0ncer<\/strong> <span style=\"color: var( --e-global-color-9442305 );\">s&#8217;empren per a detectar la possibilitat de la pres\u00e8ncia de la malaltia abans que es manifesten els s\u00edmptomes. En les dones, dues de les proves de cribratge que m\u00e9s s&#8217;utilitzen s\u00f3n la prova de Papanicolau (citologia cervicovaginal), per a detectar el c\u00e0ncer del coll uter\u00ed, i la mamografia, per a detectar el c\u00e0ncer de mama. En els homes, la concentraci\u00f3 sangu\u00ednia d&#8217;antigen prost\u00e0tic espec\u00edfic (PSA) permet detectar el c\u00e0ncer de pr\u00f2stata.<\/span><\/p><p><span style=\"color: var( --e-global-color-9442305 );\">Les <\/span><strong style=\"color: var( --e-global-color-9442305 );\">proves diagn\u00f2stiques<\/strong> <span style=\"color: var( --e-global-color-9442305 );\">es realitzen quan ja existeix una sospita de la pres\u00e8ncia de c\u00e0ncer.&nbsp;<\/span><\/p>\t\t\t\t\t\t\t\t<\/div>\n\t\t\t\t<\/div>\n\t\t\t\t\t<\/div>\n\t\t<\/div>\n\t\t\t\t<div class=\"elementor-column elementor-col-50 elementor-inner-column elementor-element elementor-element-6226ecf\" data-id=\"6226ecf\" data-element_type=\"column\" data-e-type=\"column\">\n\t\t\t<div class=\"elementor-widget-wrap elementor-element-populated\">\n\t\t\t\t\t\t<div class=\"elementor-element elementor-element-f44594b elementor-widget elementor-widget-video\" data-id=\"f44594b\" data-element_type=\"widget\" data-e-type=\"widget\" data-settings=\"{&quot;youtube_url&quot;:&quot;https:\\\/\\\/www.youtube.com\\\/watch?v=x7gC50efz_g&amp;t=33s&quot;,&quot;video_type&quot;:&quot;youtube&quot;,&quot;controls&quot;:&quot;yes&quot;}\" data-widget_type=\"video.default\">\n\t\t\t\t<div class=\"elementor-widget-container\">\n\t\t\t\t\t\t\t<div class=\"elementor-wrapper elementor-open-inline\">\n\t\t\t<div class=\"elementor-video\"><\/div>\t\t<\/div>\n\t\t\t\t\t\t<\/div>\n\t\t\t\t<\/div>\n\t\t\t\t\t<\/div>\n\t\t<\/div>\n\t\t\t\t\t<\/div>\n\t\t<\/section>\n\t\t\t\t<div class=\"elementor-element elementor-element-1a0eb3e elementor-widget elementor-widget-heading\" data-id=\"1a0eb3e\" data-element_type=\"widget\" data-e-type=\"widget\" data-widget_type=\"heading.default\">\n\t\t\t\t<div class=\"elementor-widget-container\">\n\t\t\t\t\t<h2 class=\"elementor-heading-title elementor-size-default\">Diagn\u00f2stic del c\u00e0ncer <i>in vivo<\/i> i <i>in vitro<\/i><\/h2>\t\t\t\t<\/div>\n\t\t\t\t<\/div>\n\t\t\t\t<div class=\"elementor-element elementor-element-be485eb elementor-widget elementor-widget-text-editor\" data-id=\"be485eb\" data-element_type=\"widget\" data-e-type=\"widget\" data-widget_type=\"text-editor.default\">\n\t\t\t\t<div class=\"elementor-widget-container\">\n\t\t\t\t\t\t\t\t\t<p>Igual que amb els s\u00edmptomes, les proves utilitzades per a diagnosticar el c\u00e0ncer varien segons el tipus de tumor que se sospita. No obstant aix\u00f2, en general les proves diagn\u00f2stiques consisteixen en un examen f\u00edsic seguit de diversos procediments de diagn\u00f2stic per imatge, com una radiografia, una ecografia o una tomografia computada (TC). Tamb\u00e9 pot emprar-se la medicina nuclear, que utilitza <strong>radiof\u00e0rmacs<\/strong> amb una finalitat fonamentalment diagn\u00f2stica (diagn\u00f2stic per imatge).\u00a0<\/p><p>Encara que aquestes proves poden mostrar la pres\u00e8ncia, la ubicaci\u00f3 i la grand\u00e0ria d&#8217;una massa an\u00f2mala, no poden confirmar que la causa siga un c\u00e0ncer. Per tal de confirmar el <strong>diagn\u00f2stic de c\u00e0ncer<\/strong> cal prendre una mostra del tumor (bi\u00f2psia) i analitzar-la sota el microscopi posteriorment. En general, la mostra ha de ser una porci\u00f3 de teixit, encara que a vegades \u00e9s adequat analitzar la sang mitjan\u00e7ant la realitzaci\u00f3 d&#8217;una bi\u00f2psia l\u00edquida.\u00a0<\/p><p>Cinc s\u00f3n les especialitats m\u00e8diques implicades en la realitzaci\u00f3 del diagn\u00f2stic del c\u00e0ncer:\u00a0<\/p>\t\t\t\t\t\t\t\t<\/div>\n\t\t\t\t<\/div>\n\t\t\t\t<section data-particle_enable=\"false\" data-particle-mobile-disabled=\"false\" class=\"elementor-section elementor-inner-section elementor-element elementor-element-18c98ff elementor-section-boxed elementor-section-height-default elementor-section-height-default\" data-id=\"18c98ff\" data-element_type=\"section\" data-e-type=\"section\">\n\t\t\t\t\t\t<div class=\"elementor-container elementor-column-gap-wider\">\n\t\t\t\t\t<div class=\"elementor-column elementor-col-33 elementor-inner-column elementor-element elementor-element-054caaa\" data-id=\"054caaa\" data-element_type=\"column\" data-e-type=\"column\" data-settings=\"{&quot;background_background&quot;:&quot;classic&quot;}\">\n\t\t\t<div class=\"elementor-widget-wrap elementor-element-populated\">\n\t\t\t\t\t\t<div class=\"elementor-element elementor-element-fd8ebbc elementor-position-top elementor-widget elementor-widget-image-box\" data-id=\"fd8ebbc\" data-element_type=\"widget\" data-e-type=\"widget\" data-widget_type=\"image-box.default\">\n\t\t\t\t<div class=\"elementor-widget-container\">\n\t\t\t\t\t<div class=\"elementor-image-box-wrapper\"><figure class=\"elementor-image-box-img\"><img decoding=\"async\" width=\"300\" height=\"300\" src=\"https:\/\/www.ivo.es\/wp-content\/uploads\/2022\/04\/pulmon-300x300.jpg\" class=\"attachment-grid size-grid wp-image-28756\" alt=\"\" srcset=\"https:\/\/www.ivo.es\/wp-content\/uploads\/2022\/04\/pulmon-300x300.jpg 300w, https:\/\/www.ivo.es\/wp-content\/uploads\/2022\/04\/pulmon-220x220.jpg 220w\" sizes=\"(max-width: 300px) 100vw, 300px\" \/><\/figure><div class=\"elementor-image-box-content\"><h3 class=\"elementor-image-box-title\">Radiodiagn\u00f2stic<\/h3><\/div><\/div>\t\t\t\t<\/div>\n\t\t\t\t<\/div>\n\t\t\t\t<div class=\"elementor-element elementor-element-3530739 elementor-align-center animated-slow elementor-invisible elementor-widget elementor-widget-button\" data-id=\"3530739\" data-element_type=\"widget\" data-e-type=\"widget\" data-settings=\"{&quot;_animation&quot;:&quot;fadeIn&quot;}\" data-widget_type=\"button.default\">\n\t\t\t\t<div class=\"elementor-widget-container\">\n\t\t\t\t\t\t\t\t\t<div class=\"elementor-button-wrapper\">\n\t\t\t\t\t<a class=\"elementor-button elementor-button-link elementor-size-sm\" href=\"https:\/\/www.ivo.es\/val\/quadre-medic\/servicis\/radiologia\/\">\n\t\t\t\t\t\t<span class=\"elementor-button-content-wrapper\">\n\t\t\t\t\t\t\t\t\t<span class=\"elementor-button-text\">Con\u00e9ixer m\u00e9s<\/span>\n\t\t\t\t\t<\/span>\n\t\t\t\t\t<\/a>\n\t\t\t\t<\/div>\n\t\t\t\t\t\t\t\t<\/div>\n\t\t\t\t<\/div>\n\t\t\t\t\t<\/div>\n\t\t<\/div>\n\t\t\t\t<div class=\"elementor-column elementor-col-33 elementor-inner-column elementor-element elementor-element-b73caef\" data-id=\"b73caef\" data-element_type=\"column\" data-e-type=\"column\" data-settings=\"{&quot;background_background&quot;:&quot;classic&quot;}\">\n\t\t\t<div class=\"elementor-widget-wrap elementor-element-populated\">\n\t\t\t\t\t\t<div class=\"elementor-element elementor-element-8ad3c61 elementor-position-top elementor-widget elementor-widget-image-box\" data-id=\"8ad3c61\" data-element_type=\"widget\" data-e-type=\"widget\" data-widget_type=\"image-box.default\">\n\t\t\t\t<div class=\"elementor-widget-container\">\n\t\t\t\t\t<div class=\"elementor-image-box-wrapper\"><figure class=\"elementor-image-box-img\"><img decoding=\"async\" width=\"300\" height=\"300\" src=\"https:\/\/www.ivo.es\/wp-content\/uploads\/2022\/04\/SPET-CT-01-SERV-MEDICINA-NUCLEAR-300x300.jpg\" class=\"attachment-grid size-grid wp-image-22911\" alt=\"\" srcset=\"https:\/\/www.ivo.es\/wp-content\/uploads\/2022\/04\/SPET-CT-01-SERV-MEDICINA-NUCLEAR-300x300.jpg 300w, https:\/\/www.ivo.es\/wp-content\/uploads\/2022\/04\/SPET-CT-01-SERV-MEDICINA-NUCLEAR-220x220.jpg 220w\" sizes=\"(max-width: 300px) 100vw, 300px\" \/><\/figure><div class=\"elementor-image-box-content\"><h3 class=\"elementor-image-box-title\">Medicina Nuclear<\/h3><\/div><\/div>\t\t\t\t<\/div>\n\t\t\t\t<\/div>\n\t\t\t\t<div class=\"elementor-element elementor-element-639cd8b elementor-align-center animated-slow elementor-invisible elementor-widget elementor-widget-button\" data-id=\"639cd8b\" data-element_type=\"widget\" data-e-type=\"widget\" data-settings=\"{&quot;_animation&quot;:&quot;fadeIn&quot;}\" data-widget_type=\"button.default\">\n\t\t\t\t<div class=\"elementor-widget-container\">\n\t\t\t\t\t\t\t\t\t<div class=\"elementor-button-wrapper\">\n\t\t\t\t\t<a class=\"elementor-button elementor-button-link elementor-size-sm\" href=\"https:\/\/www.ivo.es\/val\/quadre-medic\/servicis\/medicina-nuclear\/\">\n\t\t\t\t\t\t<span class=\"elementor-button-content-wrapper\">\n\t\t\t\t\t\t\t\t\t<span class=\"elementor-button-text\">Con\u00e9ixer m\u00e9s<\/span>\n\t\t\t\t\t<\/span>\n\t\t\t\t\t<\/a>\n\t\t\t\t<\/div>\n\t\t\t\t\t\t\t\t<\/div>\n\t\t\t\t<\/div>\n\t\t\t\t\t<\/div>\n\t\t<\/div>\n\t\t\t\t<div class=\"elementor-column elementor-col-33 elementor-inner-column elementor-element elementor-element-fdab0a1\" data-id=\"fdab0a1\" data-element_type=\"column\" data-e-type=\"column\" data-settings=\"{&quot;background_background&quot;:&quot;classic&quot;}\">\n\t\t\t<div class=\"elementor-widget-wrap elementor-element-populated\">\n\t\t\t\t\t\t<div class=\"elementor-element elementor-element-c50ba91 elementor-position-top elementor-widget elementor-widget-image-box\" data-id=\"c50ba91\" data-element_type=\"widget\" data-e-type=\"widget\" data-widget_type=\"image-box.default\">\n\t\t\t\t<div class=\"elementor-widget-container\">\n\t\t\t\t\t<div class=\"elementor-image-box-wrapper\"><figure class=\"elementor-image-box-img\"><img loading=\"lazy\" decoding=\"async\" width=\"300\" height=\"300\" src=\"https:\/\/www.ivo.es\/wp-content\/uploads\/2022\/05\/LAB-AnatomiaPatologica-Microtomia-corte-de-Tejidos-en-parafina-0489-1-300x300.jpg\" class=\"attachment-grid size-grid wp-image-23611\" alt=\"\" srcset=\"https:\/\/www.ivo.es\/wp-content\/uploads\/2022\/05\/LAB-AnatomiaPatologica-Microtomia-corte-de-Tejidos-en-parafina-0489-1-300x300.jpg 300w, https:\/\/www.ivo.es\/wp-content\/uploads\/2022\/05\/LAB-AnatomiaPatologica-Microtomia-corte-de-Tejidos-en-parafina-0489-1-220x220.jpg 220w\" sizes=\"(max-width: 300px) 100vw, 300px\" \/><\/figure><div class=\"elementor-image-box-content\"><h3 class=\"elementor-image-box-title\">Anatomia Patol\u00f2gica<\/h3><\/div><\/div>\t\t\t\t<\/div>\n\t\t\t\t<\/div>\n\t\t\t\t<div class=\"elementor-element elementor-element-0ae3086 elementor-align-center animated-slow elementor-invisible elementor-widget elementor-widget-button\" data-id=\"0ae3086\" data-element_type=\"widget\" data-e-type=\"widget\" data-settings=\"{&quot;_animation&quot;:&quot;fadeIn&quot;}\" data-widget_type=\"button.default\">\n\t\t\t\t<div class=\"elementor-widget-container\">\n\t\t\t\t\t\t\t\t\t<div class=\"elementor-button-wrapper\">\n\t\t\t\t\t<a class=\"elementor-button elementor-button-link elementor-size-sm\" href=\"https:\/\/www.ivo.es\/val\/quadre-medic\/servicis\/anatomia-patologica\/\">\n\t\t\t\t\t\t<span class=\"elementor-button-content-wrapper\">\n\t\t\t\t\t\t\t\t\t<span class=\"elementor-button-text\">Con\u00e9ixer m\u00e9s<\/span>\n\t\t\t\t\t<\/span>\n\t\t\t\t\t<\/a>\n\t\t\t\t<\/div>\n\t\t\t\t\t\t\t\t<\/div>\n\t\t\t\t<\/div>\n\t\t\t\t\t<\/div>\n\t\t<\/div>\n\t\t\t\t\t<\/div>\n\t\t<\/section>\n\t\t\t\t<section data-particle_enable=\"false\" data-particle-mobile-disabled=\"false\" class=\"elementor-section elementor-inner-section elementor-element elementor-element-e921860 elementor-section-boxed elementor-section-height-default elementor-section-height-default\" data-id=\"e921860\" data-element_type=\"section\" data-e-type=\"section\">\n\t\t\t\t\t\t<div class=\"elementor-container elementor-column-gap-wider\">\n\t\t\t\t\t<div class=\"elementor-column elementor-col-33 elementor-inner-column elementor-element elementor-element-7877098\" data-id=\"7877098\" data-element_type=\"column\" data-e-type=\"column\" data-settings=\"{&quot;background_background&quot;:&quot;classic&quot;}\">\n\t\t\t<div class=\"elementor-widget-wrap elementor-element-populated\">\n\t\t\t\t\t\t<div class=\"elementor-element elementor-element-93e5716 elementor-position-top elementor-widget elementor-widget-image-box\" data-id=\"93e5716\" data-element_type=\"widget\" data-e-type=\"widget\" data-widget_type=\"image-box.default\">\n\t\t\t\t<div class=\"elementor-widget-container\">\n\t\t\t\t\t<div class=\"elementor-image-box-wrapper\"><figure class=\"elementor-image-box-img\"><img loading=\"lazy\" decoding=\"async\" width=\"300\" height=\"300\" src=\"https:\/\/www.ivo.es\/wp-content\/uploads\/2022\/05\/LAB-BioMolecular-Microscopio-de-fluorescencia0306-300x300.jpg\" class=\"attachment-grid size-grid wp-image-23316\" alt=\"\" srcset=\"https:\/\/www.ivo.es\/wp-content\/uploads\/2022\/05\/LAB-BioMolecular-Microscopio-de-fluorescencia0306-300x300.jpg 300w, https:\/\/www.ivo.es\/wp-content\/uploads\/2022\/05\/LAB-BioMolecular-Microscopio-de-fluorescencia0306-220x220.jpg 220w\" sizes=\"(max-width: 300px) 100vw, 300px\" \/><\/figure><div class=\"elementor-image-box-content\"><h3 class=\"elementor-image-box-title\">Biologia Molecular<\/h3><\/div><\/div>\t\t\t\t<\/div>\n\t\t\t\t<\/div>\n\t\t\t\t<div class=\"elementor-element elementor-element-b91b10a elementor-align-center animated-slow elementor-invisible elementor-widget elementor-widget-button\" data-id=\"b91b10a\" data-element_type=\"widget\" data-e-type=\"widget\" data-settings=\"{&quot;_animation&quot;:&quot;fadeIn&quot;}\" data-widget_type=\"button.default\">\n\t\t\t\t<div class=\"elementor-widget-container\">\n\t\t\t\t\t\t\t\t\t<div class=\"elementor-button-wrapper\">\n\t\t\t\t\t<a class=\"elementor-button elementor-button-link elementor-size-sm\" href=\"https:\/\/www.ivo.es\/val\/quadre-medic\/servicis\/biologia-molecular\/\">\n\t\t\t\t\t\t<span class=\"elementor-button-content-wrapper\">\n\t\t\t\t\t\t\t\t\t<span class=\"elementor-button-text\">Con\u00e9ixer m\u00e9s<\/span>\n\t\t\t\t\t<\/span>\n\t\t\t\t\t<\/a>\n\t\t\t\t<\/div>\n\t\t\t\t\t\t\t\t<\/div>\n\t\t\t\t<\/div>\n\t\t\t\t\t<\/div>\n\t\t<\/div>\n\t\t\t\t<div class=\"elementor-column elementor-col-33 elementor-inner-column elementor-element elementor-element-fa275e8\" data-id=\"fa275e8\" data-element_type=\"column\" data-e-type=\"column\" data-settings=\"{&quot;background_background&quot;:&quot;classic&quot;}\">\n\t\t\t<div class=\"elementor-widget-wrap elementor-element-populated\">\n\t\t\t\t\t\t<div class=\"elementor-element elementor-element-ce2e646 elementor-position-top elementor-widget elementor-widget-image-box\" data-id=\"ce2e646\" data-element_type=\"widget\" data-e-type=\"widget\" data-widget_type=\"image-box.default\">\n\t\t\t\t<div class=\"elementor-widget-container\">\n\t\t\t\t\t<div class=\"elementor-image-box-wrapper\"><figure class=\"elementor-image-box-img\"><img loading=\"lazy\" decoding=\"async\" width=\"300\" height=\"300\" src=\"https:\/\/www.ivo.es\/wp-content\/uploads\/2022\/05\/LAB-AnalisisClinicos-ANALIZADOR-MICROBIOLOGIA-ESTUDIO-VPH0533-300x300.jpg\" class=\"attachment-grid size-grid wp-image-23320\" alt=\"\" srcset=\"https:\/\/www.ivo.es\/wp-content\/uploads\/2022\/05\/LAB-AnalisisClinicos-ANALIZADOR-MICROBIOLOGIA-ESTUDIO-VPH0533-300x300.jpg 300w, https:\/\/www.ivo.es\/wp-content\/uploads\/2022\/05\/LAB-AnalisisClinicos-ANALIZADOR-MICROBIOLOGIA-ESTUDIO-VPH0533-220x220.jpg 220w\" sizes=\"(max-width: 300px) 100vw, 300px\" \/><\/figure><div class=\"elementor-image-box-content\"><h3 class=\"elementor-image-box-title\">An\u00e0lisis Cl\u00edniques i Microbiologia<\/h3><\/div><\/div>\t\t\t\t<\/div>\n\t\t\t\t<\/div>\n\t\t\t\t<div class=\"elementor-element elementor-element-872acf6 elementor-align-center animated-slow elementor-invisible elementor-widget elementor-widget-button\" data-id=\"872acf6\" data-element_type=\"widget\" data-e-type=\"widget\" data-settings=\"{&quot;_animation&quot;:&quot;fadeIn&quot;}\" data-widget_type=\"button.default\">\n\t\t\t\t<div class=\"elementor-widget-container\">\n\t\t\t\t\t\t\t\t\t<div class=\"elementor-button-wrapper\">\n\t\t\t\t\t<a class=\"elementor-button elementor-button-link elementor-size-sm\" href=\"https:\/\/www.ivo.es\/val\/quadre-medic\/servicis\/analisis-cliniques-i-microbiologia\/\">\n\t\t\t\t\t\t<span class=\"elementor-button-content-wrapper\">\n\t\t\t\t\t\t\t\t\t<span class=\"elementor-button-text\">Con\u00e9ixer m\u00e9s<\/span>\n\t\t\t\t\t<\/span>\n\t\t\t\t\t<\/a>\n\t\t\t\t<\/div>\n\t\t\t\t\t\t\t\t<\/div>\n\t\t\t\t<\/div>\n\t\t\t\t\t<\/div>\n\t\t<\/div>\n\t\t\t\t<div class=\"elementor-column elementor-col-33 elementor-inner-column elementor-element elementor-element-d713b17\" data-id=\"d713b17\" data-element_type=\"column\" data-e-type=\"column\" data-settings=\"{&quot;background_background&quot;:&quot;classic&quot;}\">\n\t\t\t<div class=\"elementor-widget-wrap\">\n\t\t\t\t\t\t\t<\/div>\n\t\t<\/div>\n\t\t\t\t\t<\/div>\n\t\t<\/section>\n\t\t\t\t\t<\/div>\n\t\t<\/div>\n\t\t\t\t\t<\/div>\n\t\t<\/section>\n\t\t\t\t<\/div>\n\t\t","protected":false},"excerpt":{"rendered":"<p>En els \u00faltims 20 anys, el nombre de tumors diagnosticats ha experimentat un creixement constant no sols per l&#8217;augment de poblaci\u00f3, sin\u00f3 tamb\u00e9 gr\u00e0cies a les t\u00e8cniques de detecci\u00f3 preco\u00e7 del c\u00e0ncer i a l&#8217;augment de l&#8217;esperan\u00e7a de vida.\u00a0 Encara que el risc de desenvolupar un c\u00e0ncer ha augmentat, afortunadament el risc de mortalitat per [&hellip;]<\/p>\n","protected":false},"author":1,"featured_media":30013,"parent":0,"menu_order":0,"comment_status":"closed","ping_status":"closed","template":"","meta":{"_acf_changed":false,"om_disable_all_campaigns":false,"footnotes":""},"class_list":["post-32602","page","type-page","status-publish","has-post-thumbnail","hentry"],"acf":[],"aioseo_notices":[],"_links":{"self":[{"href":"https:\/\/www.ivo.es\/val\/wp-json\/wp\/v2\/pages\/32602","targetHints":{"allow":["GET"]}}],"collection":[{"href":"https:\/\/www.ivo.es\/val\/wp-json\/wp\/v2\/pages"}],"about":[{"href":"https:\/\/www.ivo.es\/val\/wp-json\/wp\/v2\/types\/page"}],"author":[{"embeddable":true,"href":"https:\/\/www.ivo.es\/val\/wp-json\/wp\/v2\/users\/1"}],"replies":[{"embeddable":true,"href":"https:\/\/www.ivo.es\/val\/wp-json\/wp\/v2\/comments?post=32602"}],"version-history":[{"count":11,"href":"https:\/\/www.ivo.es\/val\/wp-json\/wp\/v2\/pages\/32602\/revisions"}],"predecessor-version":[{"id":36761,"href":"https:\/\/www.ivo.es\/val\/wp-json\/wp\/v2\/pages\/32602\/revisions\/36761"}],"wp:featuredmedia":[{"embeddable":true,"href":"https:\/\/www.ivo.es\/val\/wp-json\/wp\/v2\/media\/30013"}],"wp:attachment":[{"href":"https:\/\/www.ivo.es\/val\/wp-json\/wp\/v2\/media?parent=32602"}],"curies":[{"name":"wp","href":"https:\/\/api.w.org\/{rel}","templated":true}]}}