{"id":31870,"date":"2022-04-18T15:19:40","date_gmt":"2022-04-18T13:19:40","guid":{"rendered":"https:\/\/www.ivo.es\/atencio-al-pacient\/"},"modified":"2022-06-10T07:30:22","modified_gmt":"2022-06-10T07:30:22","slug":"atencio-al-pacient","status":"publish","type":"page","link":"https:\/\/www.ivo.es\/val\/atencio-al-pacient\/","title":{"rendered":"Atenci\u00f3 al pacient"},"content":{"rendered":"\t\t<div data-elementor-type=\"wp-page\" data-elementor-id=\"31870\" class=\"elementor elementor-31870 elementor-550\" data-elementor-post-type=\"page\">\n\t\t\t\t\t\t<section data-particle_enable=\"false\" data-particle-mobile-disabled=\"false\" class=\"elementor-section elementor-top-section elementor-element elementor-element-11f3b4ef elementor-section-boxed elementor-section-height-default elementor-section-height-default\" data-id=\"11f3b4ef\" data-element_type=\"section\" data-e-type=\"section\">\n\t\t\t\t\t\t<div class=\"elementor-container elementor-column-gap-default\">\n\t\t\t\t\t<div class=\"elementor-column elementor-col-100 elementor-top-column elementor-element elementor-element-26d79d1c\" data-id=\"26d79d1c\" data-element_type=\"column\" data-e-type=\"column\">\n\t\t\t<div class=\"elementor-widget-wrap elementor-element-populated\">\n\t\t\t\t\t\t<section data-particle_enable=\"false\" data-particle-mobile-disabled=\"false\" class=\"elementor-section elementor-inner-section elementor-element elementor-element-161fd945 elementor-section-boxed elementor-section-height-default elementor-section-height-default\" data-id=\"161fd945\" data-element_type=\"section\" data-e-type=\"section\">\n\t\t\t\t\t\t<div class=\"elementor-container elementor-column-gap-wider\">\n\t\t\t\t\t<div class=\"elementor-column elementor-col-50 elementor-inner-column elementor-element elementor-element-17e3c429\" data-id=\"17e3c429\" data-element_type=\"column\" data-e-type=\"column\" data-settings=\"{&quot;background_background&quot;:&quot;classic&quot;}\">\n\t\t\t<div class=\"elementor-widget-wrap elementor-element-populated\">\n\t\t\t\t\t\t<div class=\"elementor-element elementor-element-28597395 elementor-widget elementor-widget-image-box\" data-id=\"28597395\" data-element_type=\"widget\" data-e-type=\"widget\" data-widget_type=\"image-box.default\">\n\t\t\t\t<div class=\"elementor-widget-container\">\n\t\t\t\t\t<div class=\"elementor-image-box-wrapper\"><div class=\"elementor-image-box-content\"><h3 class=\"elementor-image-box-title\">Vull ser pacient<\/h3><p class=\"elementor-image-box-description\">Sol\u00b7liciteu ser tractat en el centre oncol\u00f2gic de refer\u00e8ncia de la Comunitat Valenciana<\/p><\/div><\/div>\t\t\t\t<\/div>\n\t\t\t\t<\/div>\n\t\t\t\t<div class=\"elementor-element elementor-element-316d6237 elementor-align-center animated-slow elementor-invisible elementor-widget elementor-widget-button\" data-id=\"316d6237\" data-element_type=\"widget\" data-e-type=\"widget\" data-settings=\"{&quot;_animation&quot;:&quot;fadeIn&quot;}\" data-widget_type=\"button.default\">\n\t\t\t\t<div class=\"elementor-widget-container\">\n\t\t\t\t\t\t\t\t\t<div class=\"elementor-button-wrapper\">\n\t\t\t\t\t<a class=\"elementor-button elementor-button-link elementor-size-sm\" href=\"https:\/\/www.ivo.es\/val\/atencio-al-pacient\/vull-ser-pacient\/\">\n\t\t\t\t\t\t<span class=\"elementor-button-content-wrapper\">\n\t\t\t\t\t\t\t\t\t<span class=\"elementor-button-text\">Con\u00e9ixer m\u00e9s<\/span>\n\t\t\t\t\t<\/span>\n\t\t\t\t\t<\/a>\n\t\t\t\t<\/div>\n\t\t\t\t\t\t\t\t<\/div>\n\t\t\t\t<\/div>\n\t\t\t\t\t<\/div>\n\t\t<\/div>\n\t\t\t\t<div class=\"elementor-column elementor-col-50 elementor-inner-column elementor-element elementor-element-6fbf9dd2\" data-id=\"6fbf9dd2\" data-element_type=\"column\" data-e-type=\"column\" data-settings=\"{&quot;background_background&quot;:&quot;classic&quot;}\">\n\t\t\t<div class=\"elementor-widget-wrap elementor-element-populated\">\n\t\t\t\t\t\t<div class=\"elementor-element elementor-element-29d956d0 elementor-widget elementor-widget-image-box\" data-id=\"29d956d0\" data-element_type=\"widget\" data-e-type=\"widget\" data-widget_type=\"image-box.default\">\n\t\t\t\t<div class=\"elementor-widget-container\">\n\t\t\t\t\t<div class=\"elementor-image-box-wrapper\"><div class=\"elementor-image-box-content\"><h3 class=\"elementor-image-box-title\">Ja soc pacient<\/h3><p class=\"elementor-image-box-description\">Informaci\u00f3 \u00fatil i acc\u00e9s al Portal del Pacient per a gestionar cites i informes<\/p><\/div><\/div>\t\t\t\t<\/div>\n\t\t\t\t<\/div>\n\t\t\t\t<div class=\"elementor-element elementor-element-330629e7 elementor-align-center animated-slow elementor-invisible elementor-widget elementor-widget-button\" data-id=\"330629e7\" data-element_type=\"widget\" data-e-type=\"widget\" data-settings=\"{&quot;_animation&quot;:&quot;fadeIn&quot;}\" data-widget_type=\"button.default\">\n\t\t\t\t<div class=\"elementor-widget-container\">\n\t\t\t\t\t\t\t\t\t<div class=\"elementor-button-wrapper\">\n\t\t\t\t\t<a class=\"elementor-button elementor-button-link elementor-size-sm\" href=\"https:\/\/www.ivo.es\/val\/atencio-al-pacient\/ja-soc-pacient\/\">\n\t\t\t\t\t\t<span class=\"elementor-button-content-wrapper\">\n\t\t\t\t\t\t\t\t\t<span class=\"elementor-button-text\">Con\u00e9ixer m\u00e9s<\/span>\n\t\t\t\t\t<\/span>\n\t\t\t\t\t<\/a>\n\t\t\t\t<\/div>\n\t\t\t\t\t\t\t\t<\/div>\n\t\t\t\t<\/div>\n\t\t\t\t\t<\/div>\n\t\t<\/div>\n\t\t\t\t\t<\/div>\n\t\t<\/section>\n\t\t\t\t<section data-particle_enable=\"false\" data-particle-mobile-disabled=\"false\" class=\"elementor-section elementor-inner-section elementor-element elementor-element-bcfcb98 elementor-section-boxed elementor-section-height-default elementor-section-height-default\" data-id=\"bcfcb98\" data-element_type=\"section\" data-e-type=\"section\">\n\t\t\t\t\t\t<div class=\"elementor-container elementor-column-gap-wider\">\n\t\t\t\t\t<div class=\"elementor-column elementor-col-100 elementor-inner-column elementor-element elementor-element-5879c95\" data-id=\"5879c95\" data-element_type=\"column\" data-e-type=\"column\" data-settings=\"{&quot;background_background&quot;:&quot;classic&quot;}\">\n\t\t\t<div class=\"elementor-widget-wrap elementor-element-populated\">\n\t\t\t\t\t\t<div class=\"elementor-element elementor-element-72ccc52 elementor-widget elementor-widget-image-box\" data-id=\"72ccc52\" data-element_type=\"widget\" data-e-type=\"widget\" data-widget_type=\"image-box.default\">\n\t\t\t\t<div class=\"elementor-widget-container\">\n\t\t\t\t\t<div class=\"elementor-image-box-wrapper\"><div class=\"elementor-image-box-content\"><h3 class=\"elementor-image-box-title\">Unitats de Diagn\u00f2stic Preco\u00e7 del IVO<\/h3><p class=\"elementor-image-box-description\">Sol\u00b7liciteu ser tractat en el centre oncol\u00f2gic de refer\u00e8ncia de la Comunitat Valenciana<\/p><\/div><\/div>\t\t\t\t<\/div>\n\t\t\t\t<\/div>\n\t\t\t\t<div class=\"elementor-element elementor-element-962b897 elementor-align-center animated-slow elementor-invisible elementor-widget elementor-widget-button\" data-id=\"962b897\" data-element_type=\"widget\" data-e-type=\"widget\" data-settings=\"{&quot;_animation&quot;:&quot;fadeIn&quot;}\" data-widget_type=\"button.default\">\n\t\t\t\t<div class=\"elementor-widget-container\">\n\t\t\t\t\t\t\t\t\t<div class=\"elementor-button-wrapper\">\n\t\t\t\t\t<a class=\"elementor-button elementor-button-link elementor-size-sm\" href=\"https:\/\/www.ivo.es\/val\/atencio-al-pacient\/diagnostic-precoc-del-cancer\/\">\n\t\t\t\t\t\t<span class=\"elementor-button-content-wrapper\">\n\t\t\t\t\t\t\t\t\t<span class=\"elementor-button-text\">Con\u00e9ixer m\u00e9s<\/span>\n\t\t\t\t\t<\/span>\n\t\t\t\t\t<\/a>\n\t\t\t\t<\/div>\n\t\t\t\t\t\t\t\t<\/div>\n\t\t\t\t<\/div>\n\t\t\t\t\t<\/div>\n\t\t<\/div>\n\t\t\t\t\t<\/div>\n\t\t<\/section>\n\t\t\t\t\t<\/div>\n\t\t<\/div>\n\t\t\t\t\t<\/div>\n\t\t<\/section>\n\t\t\t\t<section data-particle_enable=\"false\" data-particle-mobile-disabled=\"false\" class=\"elementor-section elementor-top-section elementor-element elementor-element-12bbf92 elementor-section-boxed elementor-section-height-default elementor-section-height-default\" data-id=\"12bbf92\" data-element_type=\"section\" data-e-type=\"section\">\n\t\t\t\t\t\t<div class=\"elementor-container elementor-column-gap-default\">\n\t\t\t\t\t<div class=\"elementor-column elementor-col-100 elementor-top-column elementor-element elementor-element-1f8cb41\" data-id=\"1f8cb41\" data-element_type=\"column\" data-e-type=\"column\">\n\t\t\t<div class=\"elementor-widget-wrap elementor-element-populated\">\n\t\t\t\t\t\t<div class=\"elementor-element elementor-element-eff60f1 elementor-widget elementor-widget-template\" data-id=\"eff60f1\" data-element_type=\"widget\" data-e-type=\"widget\" data-widget_type=\"template.default\">\n\t\t\t\t<div class=\"elementor-widget-container\">\n\t\t\t\t\t\t\t<div class=\"elementor-template\">\n\t\t\t\t\t<div data-elementor-type=\"section\" data-elementor-id=\"31859\" class=\"elementor elementor-31859 elementor-28105 elementor-28105\" data-elementor-post-type=\"elementor_library\">\n\t\t\t\t\t<section data-particle_enable=\"false\" data-particle-mobile-disabled=\"false\" class=\"elementor-section elementor-top-section elementor-element elementor-element-f72d311 elementor-section-boxed elementor-section-height-default elementor-section-height-default\" data-id=\"f72d311\" data-element_type=\"section\" data-e-type=\"section\">\n\t\t\t\t\t\t<div class=\"elementor-container elementor-column-gap-wider\">\n\t\t\t\t\t<div class=\"elementor-column elementor-col-50 elementor-top-column elementor-element elementor-element-3cca8071\" data-id=\"3cca8071\" data-element_type=\"column\" data-e-type=\"column\">\n\t\t\t<div class=\"elementor-widget-wrap elementor-element-populated\">\n\t\t\t\t\t\t<div class=\"elementor-element elementor-element-4a805a1b elementor-widget elementor-widget-heading\" data-id=\"4a805a1b\" data-element_type=\"widget\" data-e-type=\"widget\" data-widget_type=\"heading.default\">\n\t\t\t\t<div class=\"elementor-widget-container\">\n\t\t\t\t\t<h2 class=\"elementor-heading-title elementor-size-default\">Tel\u00e8fons d'Atenci\u00f3 al Pacient<\/h2>\t\t\t\t<\/div>\n\t\t\t\t<\/div>\n\t\t\t\t<div class=\"elementor-element elementor-element-3852152f elementor-widget elementor-widget-text-editor\" data-id=\"3852152f\" data-element_type=\"widget\" data-e-type=\"widget\" data-widget_type=\"text-editor.default\">\n\t\t\t\t<div class=\"elementor-widget-container\">\n\t\t\t\t\t\t\t\t\t<p>Si encara no sou pacient de l&#8217;IVO i necessiteu m\u00e9s informaci\u00f3 o iniciar el tr\u00e0mit per a ser tractat al nostre hospital, podeu telefonar al 96 111 4000 o consultar la p\u00e0gina <a href=\"https:\/\/www.ivo.es\/val\/atencio-al-pacient\/vull-ser-pacient\/\">Vull ser pacient<\/a>.<\/p><p>Si ja sou pacient de l&#8217;IVO i necessiteu una altra informaci\u00f3, disposeu dels seg\u00fcents tel\u00e8fons:<\/p>\t\t\t\t\t\t\t\t<\/div>\n\t\t\t\t<\/div>\n\t\t\t\t<div class=\"elementor-element elementor-element-8918ea2 elementor-position-inline-start elementor-view-default elementor-mobile-position-block-start elementor-widget elementor-widget-icon-box\" data-id=\"8918ea2\" data-element_type=\"widget\" data-e-type=\"widget\" data-widget_type=\"icon-box.default\">\n\t\t\t\t<div class=\"elementor-widget-container\">\n\t\t\t\t\t\t\t<div class=\"elementor-icon-box-wrapper\">\n\n\t\t\t\t\t\t<div class=\"elementor-icon-box-icon\">\n\t\t\t\t<span  class=\"elementor-icon\">\n\t\t\t\t<i aria-hidden=\"true\" class=\"fas fa-phone-alt\"><\/i>\t\t\t\t<\/span>\n\t\t\t<\/div>\n\t\t\t\n\t\t\t\t\t\t<div class=\"elementor-icon-box-content\">\n\n\t\t\t\t\t\t\t\t\t<p class=\"elementor-icon-box-title\">\n\t\t\t\t\t\t<span  >\n\t\t\t\t\t\t\tUrg\u00e8ncies 24 h\t\t\t\t\t\t<\/span>\n\t\t\t\t\t<\/p>\n\t\t\t\t\n\t\t\t\t\t\t\t\t\t<p class=\"elementor-icon-box-description\">\n\t\t\t\t\t\tTots els dies de la setmana, 24 hores<\/br>\n96 111 40 00\n\t\t\t\t\t<\/p>\n\t\t\t\t\n\t\t\t<\/div>\n\t\t\t\n\t\t<\/div>\n\t\t\t\t\t\t<\/div>\n\t\t\t\t<\/div>\n\t\t\t\t<div class=\"elementor-element elementor-element-16fff099 elementor-position-inline-start elementor-view-default elementor-mobile-position-block-start elementor-widget elementor-widget-icon-box\" data-id=\"16fff099\" data-element_type=\"widget\" data-e-type=\"widget\" data-widget_type=\"icon-box.default\">\n\t\t\t\t<div class=\"elementor-widget-container\">\n\t\t\t\t\t\t\t<div class=\"elementor-icon-box-wrapper\">\n\n\t\t\t\t\t\t<div class=\"elementor-icon-box-icon\">\n\t\t\t\t<span  class=\"elementor-icon\">\n\t\t\t\t<i aria-hidden=\"true\" class=\"fas fa-phone-alt\"><\/i>\t\t\t\t<\/span>\n\t\t\t<\/div>\n\t\t\t\n\t\t\t\t\t\t<div class=\"elementor-icon-box-content\">\n\n\t\t\t\t\t\t\t\t\t<p class=\"elementor-icon-box-title\">\n\t\t\t\t\t\t<span  >\n\t\t\t\t\t\t\tHospitalitzaci\u00f3 (Edifici A)\t\t\t\t\t\t<\/span>\n\t\t\t\t\t<\/p>\n\t\t\t\t\n\t\t\t\t\t\t\t\t\t<p class=\"elementor-icon-box-description\">\n\t\t\t\t\t\tDe dilluns a divendres, en horari de mat\u00ed i de vesprada <\/br>\n96 111 40 70\t\t\t\t\t<\/p>\n\t\t\t\t\n\t\t\t<\/div>\n\t\t\t\n\t\t<\/div>\n\t\t\t\t\t\t<\/div>\n\t\t\t\t<\/div>\n\t\t\t\t<div class=\"elementor-element elementor-element-141626a4 elementor-position-inline-start elementor-view-default elementor-mobile-position-block-start elementor-widget elementor-widget-icon-box\" data-id=\"141626a4\" data-element_type=\"widget\" data-e-type=\"widget\" data-widget_type=\"icon-box.default\">\n\t\t\t\t<div class=\"elementor-widget-container\">\n\t\t\t\t\t\t\t<div class=\"elementor-icon-box-wrapper\">\n\n\t\t\t\t\t\t<div class=\"elementor-icon-box-icon\">\n\t\t\t\t<span  class=\"elementor-icon\">\n\t\t\t\t<i aria-hidden=\"true\" class=\"fas fa-phone-alt\"><\/i>\t\t\t\t<\/span>\n\t\t\t<\/div>\n\t\t\t\n\t\t\t\t\t\t<div class=\"elementor-icon-box-content\">\n\n\t\t\t\t\t\t\t\t\t<p class=\"elementor-icon-box-title\">\n\t\t\t\t\t\t<span  >\n\t\t\t\t\t\t\tConsultes externes (Edifici C)\t\t\t\t\t\t<\/span>\n\t\t\t\t\t<\/p>\n\t\t\t\t\n\t\t\t\t\t\t\t\t\t<p class=\"elementor-icon-box-description\">\n\t\t\t\t\t\tDe dilluns a divendres, en horari de mat\u00ed<br>\nUrologia, Cirurgia, Otorrinolaringologia, Oncologia M\u00e8dica, Ginecologia, Oncologia radioter\u00e0pica y Dermatologia: 96 111 4000 (despr\u00e9s, marque 1)\n<\/br> <\/br> \n\nRadiologia: 96 111 4000 (despr\u00e9s, marque 2)<br>\n<\/br> \nAnest\u00e8sia, Pneumologia, Cardiologia, Laboratori, Medicina Digestiva i Medicina Interna, Hospital de Dia, Hematologia  i Neurologia:<\/br>  96 111 4000 (despr\u00e9s, marque 4)\n\n\n\n\n\n\n\t\t\t\t\t<\/p>\n\t\t\t\t\n\t\t\t<\/div>\n\t\t\t\n\t\t<\/div>\n\t\t\t\t\t\t<\/div>\n\t\t\t\t<\/div>\n\t\t\t\t<div class=\"elementor-element elementor-element-5b28a8e elementor-position-inline-start elementor-view-default elementor-mobile-position-block-start elementor-widget elementor-widget-icon-box\" data-id=\"5b28a8e\" data-element_type=\"widget\" data-e-type=\"widget\" data-widget_type=\"icon-box.default\">\n\t\t\t\t<div class=\"elementor-widget-container\">\n\t\t\t\t\t\t\t<div class=\"elementor-icon-box-wrapper\">\n\n\t\t\t\t\t\t<div class=\"elementor-icon-box-icon\">\n\t\t\t\t<span  class=\"elementor-icon\">\n\t\t\t\t<i aria-hidden=\"true\" class=\"fas fa-phone-alt\"><\/i>\t\t\t\t<\/span>\n\t\t\t<\/div>\n\t\t\t\n\t\t\t\t\t\t<div class=\"elementor-icon-box-content\">\n\n\t\t\t\t\t\t\t\t\t<p class=\"elementor-icon-box-title\">\n\t\t\t\t\t\t<span  >\n\t\t\t\t\t\t\tDiagn\u00f2stic preco\u00e7 del c\u00e0ncer\t\t\t\t\t\t<\/span>\n\t\t\t\t\t<\/p>\n\t\t\t\t\n\t\t\t\t\t\t\t\t\t<p class=\"elementor-icon-box-description\">\n\t\t\t\t\t\tUnitat de Mama i C\u00e8rvix <\/br>\n96 341 08 30 | 96 342 37 36 | 96 380 76 56<\/br>\nUnitat Pr\u00f2stata <\/br>\n96 380 93 00 | 96 111 41 34<\/br>\nIELCAP (Pulm\u00f3) <\/br>\n96 380 93 00 | 96 111 41 34\t\t\t\t\t<\/p>\n\t\t\t\t\n\t\t\t<\/div>\n\t\t\t\n\t\t<\/div>\n\t\t\t\t\t\t<\/div>\n\t\t\t\t<\/div>\n\t\t\t\t<div class=\"elementor-element elementor-element-36797289 elementor-position-inline-start elementor-view-default elementor-mobile-position-block-start elementor-widget elementor-widget-icon-box\" data-id=\"36797289\" data-element_type=\"widget\" data-e-type=\"widget\" data-widget_type=\"icon-box.default\">\n\t\t\t\t<div class=\"elementor-widget-container\">\n\t\t\t\t\t\t\t<div class=\"elementor-icon-box-wrapper\">\n\n\t\t\t\t\t\t<div class=\"elementor-icon-box-icon\">\n\t\t\t\t<span  class=\"elementor-icon\">\n\t\t\t\t<i aria-hidden=\"true\" class=\"fas fa-phone-alt\"><\/i>\t\t\t\t<\/span>\n\t\t\t<\/div>\n\t\t\t\n\t\t\t\t\t\t<div class=\"elementor-icon-box-content\">\n\n\t\t\t\t\t\t\t\t\t<p class=\"elementor-icon-box-title\">\n\t\t\t\t\t\t<span  >\n\t\t\t\t\t\t\tNous pacients\t\t\t\t\t\t<\/span>\n\t\t\t\t\t<\/p>\n\t\t\t\t\n\t\t\t\t\t\t\t\t\t<p class=\"elementor-icon-box-description\">\n\t\t\t\t\t\tDe dilluns a divendres, en horari de mat\u00ed <\/br>\n96 111 4000 (despr\u00e9s, marque 3)\t\t\t\t\t<\/p>\n\t\t\t\t\n\t\t\t<\/div>\n\t\t\t\n\t\t<\/div>\n\t\t\t\t\t\t<\/div>\n\t\t\t\t<\/div>\n\t\t\t\t<div class=\"elementor-element elementor-element-effe41c elementor-position-inline-start elementor-view-default elementor-mobile-position-block-start elementor-widget elementor-widget-icon-box\" data-id=\"effe41c\" data-element_type=\"widget\" data-e-type=\"widget\" data-widget_type=\"icon-box.default\">\n\t\t\t\t<div class=\"elementor-widget-container\">\n\t\t\t\t\t\t\t<div class=\"elementor-icon-box-wrapper\">\n\n\t\t\t\t\t\t<div class=\"elementor-icon-box-icon\">\n\t\t\t\t<span  class=\"elementor-icon\">\n\t\t\t\t<i aria-hidden=\"true\" class=\"fas fa-phone-alt\"><\/i>\t\t\t\t<\/span>\n\t\t\t<\/div>\n\t\t\t\n\t\t\t\t\t\t<div class=\"elementor-icon-box-content\">\n\n\t\t\t\t\t\t\t\t\t<p class=\"elementor-icon-box-title\">\n\t\t\t\t\t\t<span  >\n\t\t\t\t\t\t\tCentralet i otres consultes\t\t\t\t\t\t<\/span>\n\t\t\t\t\t<\/p>\n\t\t\t\t\n\t\t\t\t\t\t\t\t\t<p class=\"elementor-icon-box-description\">\n\t\t\t\t\t\tDe dilluns a divendres, en horari de mat\u00ed <\/br>\n96 111 4000 (despr\u00e9s, marque 4)\t\t\t\t\t<\/p>\n\t\t\t\t\n\t\t\t<\/div>\n\t\t\t\n\t\t<\/div>\n\t\t\t\t\t\t<\/div>\n\t\t\t\t<\/div>\n\t\t\t\t\t<\/div>\n\t\t<\/div>\n\t\t\t\t<div class=\"elementor-column elementor-col-50 elementor-top-column elementor-element elementor-element-22ba2c63\" data-id=\"22ba2c63\" data-element_type=\"column\" data-e-type=\"column\" data-settings=\"{&quot;background_background&quot;:&quot;classic&quot;}\">\n\t\t\t<div class=\"elementor-widget-wrap elementor-element-populated\">\n\t\t\t\t\t\t<div class=\"elementor-element elementor-element-3efcb8e1 elementor-widget elementor-widget-heading\" data-id=\"3efcb8e1\" data-element_type=\"widget\" data-e-type=\"widget\" data-widget_type=\"heading.default\">\n\t\t\t\t<div class=\"elementor-widget-container\">\n\t\t\t\t\t<h2 class=\"elementor-heading-title elementor-size-default\">Contacteu amb nosaltres<\/h2>\t\t\t\t<\/div>\n\t\t\t\t<\/div>\n\t\t\t\t<div class=\"elementor-element elementor-element-fa315f elementor-widget elementor-widget-text-editor\" data-id=\"fa315f\" data-element_type=\"widget\" data-e-type=\"widget\" data-widget_type=\"text-editor.default\">\n\t\t\t\t<div class=\"elementor-widget-container\">\n\t\t\t\t\t\t\t\t\t<p>Si teniu dubtes relacionats amb la gesti\u00f3 de cites m\u00e8diques (sol\u00b7licitar un canvi, con\u00e9ixer la data i hora d&#8217;una cita, obtindre un justificant) o necessiteu descarregar informes m\u00e8dics, per favor, utilitzeu el <a href=\"https:\/\/www.ivo.es\/val\/atencio-al-pacient\/ja-soc-pacient\/portal-del-pacient\/\">Portal del Pacient IVO<\/a>. Per a qualsevol altra informaci\u00f3, podeu telefonar al 96 111 4000 o contactar a trav\u00e9s del seg\u00fcent formulari.\u00a0<\/p>\t\t\t\t\t\t\t\t<\/div>\n\t\t\t\t<\/div>\n\t\t\t\t<div class=\"elementor-element elementor-element-aa5b016 elementor-button-align-stretch elementor-widget elementor-widget-form\" data-id=\"aa5b016\" data-element_type=\"widget\" data-e-type=\"widget\" data-settings=\"{&quot;step_next_label&quot;:&quot;Seg\\u00fcent&quot;,&quot;step_previous_label&quot;:&quot;Anterior&quot;,&quot;button_width&quot;:&quot;100&quot;,&quot;step_type&quot;:&quot;number_text&quot;,&quot;step_icon_shape&quot;:&quot;circle&quot;}\" data-widget_type=\"form.default\">\n\t\t\t\t<div class=\"elementor-widget-container\">\n\t\t\t\t\t\t\t<form class=\"elementor-form\" method=\"post\" name=\"Formulari Contacte IVO\" aria-label=\"Formulari Contacte IVO\">\n\t\t\t<input type=\"hidden\" name=\"post_id\" value=\"31859\"\/>\n\t\t\t<input type=\"hidden\" name=\"form_id\" value=\"aa5b016\"\/>\n\t\t\t<input type=\"hidden\" name=\"referer_title\" value=\"Tel\u00e8fons d\u2019Atenci\u00f3 al Pacient - IVO - Instituto Valenciano de Oncolog\u00eda\" \/>\n\n\t\t\t\t\t\t\t<input type=\"hidden\" name=\"queried_id\" value=\"31868\"\/>\n\t\t\t\n\t\t\t<div class=\"elementor-form-fields-wrapper elementor-labels-above\">\n\t\t\t\t\t\t\t\t<div class=\"elementor-field-type-text elementor-field-group elementor-column elementor-field-group-name elementor-col-100 elementor-field-required elementor-mark-required\">\n\t\t\t\t\t\t\t\t\t\t\t\t<label for=\"form-field-name\" class=\"elementor-field-label\">\n\t\t\t\t\t\t\t\tNom\t\t\t\t\t\t\t<\/label>\n\t\t\t\t\t\t\t\t\t\t\t\t\t\t<input size=\"1\" type=\"text\" name=\"form_fields[name]\" id=\"form-field-name\" class=\"elementor-field elementor-size-sm  elementor-field-textual\" placeholder=\"Nom\" required=\"required\">\n\t\t\t\t\t\t\t\t\t\t\t<\/div>\n\t\t\t\t\t\t\t\t<div class=\"elementor-field-type-email elementor-field-group elementor-column elementor-field-group-email elementor-col-100 elementor-field-required elementor-mark-required\">\n\t\t\t\t\t\t\t\t\t\t\t\t<label for=\"form-field-email\" class=\"elementor-field-label\">\n\t\t\t\t\t\t\t\tCorreu electr\u00f2nic\t\t\t\t\t\t\t<\/label>\n\t\t\t\t\t\t\t\t\t\t\t\t\t\t<input size=\"1\" type=\"email\" name=\"form_fields[email]\" id=\"form-field-email\" class=\"elementor-field elementor-size-sm  elementor-field-textual\" placeholder=\"Correu electr\u00f2nic\" required=\"required\">\n\t\t\t\t\t\t\t\t\t\t\t<\/div>\n\t\t\t\t\t\t\t\t<div class=\"elementor-field-type-textarea elementor-field-group elementor-column elementor-field-group-message elementor-col-100 elementor-field-required elementor-mark-required\">\n\t\t\t\t\t\t\t\t\t\t\t\t<label for=\"form-field-message\" class=\"elementor-field-label\">\n\t\t\t\t\t\t\t\tMissatge\t\t\t\t\t\t\t<\/label>\n\t\t\t\t\t\t<textarea class=\"elementor-field-textual elementor-field  elementor-size-sm\" name=\"form_fields[message]\" id=\"form-field-message\" rows=\"4\" placeholder=\"Missatge\" required=\"required\"><\/textarea>\t\t\t\t<\/div>\n\t\t\t\t\t\t\t\t<div class=\"elementor-field-type-recaptcha_v3 elementor-field-group elementor-column elementor-field-group-field_b4816de elementor-col-100 recaptcha_v3-bottomright\">\n\t\t\t\t\t<div class=\"elementor-field\" id=\"form-field-field_b4816de\"><div class=\"elementor-g-recaptcha\" data-sitekey=\"6LeQp1IgAAAAAFupDu9kr-Ul1MHexE469VjAxCge\" data-type=\"v3\" data-action=\"Form\" data-badge=\"bottomright\" data-size=\"invisible\"><\/div><\/div>\t\t\t\t<\/div>\n\t\t\t\t\t\t\t\t<div class=\"elementor-field-type-html elementor-field-group elementor-column elementor-field-group-field_a82ebfc elementor-col-100\">\n\t\t\t\t\t\t\t\t\t<\/div>\n\t\t\t\t\t\t\t\t<div class=\"elementor-field-type-html elementor-field-group elementor-column elementor-field-group-field_d8063a8 elementor-col-100\">\n\t\t\t\t\t<small><span style=\"text-decoration:underline;\">Responsable del Tractament<\/span>: Fundaci\u00f3 Institut Valenci\u00e0 d'Oncologia<br>\n\n<span style=\"text-decoration:underline;\">Finalitat del tractament<\/span>: Atendre i gestionar la vostra sol\u00b7licitud d'informaci\u00f3<br>\n\n<span style=\"text-decoration:underline;\">Drets<\/span>: Podeu exercitar els drets d'acc\u00e9s, rectificaci\u00f3, portabilitat, limitaci\u00f3 del tractament, Supressi\u00f3 o, si escau, oposici\u00f3, tal com s'indica a la Pol\u00edtica de Privadesa.<\/small>\t\t\t\t<\/div>\n\t\t\t\t\t\t\t\t<div class=\"elementor-field-type-acceptance elementor-field-group elementor-column elementor-field-group-field_207203e elementor-col-100 elementor-field-required elementor-mark-required\">\n\t\t\t\t\t\t\t<div class=\"elementor-field-subgroup\">\n\t\t\t<span class=\"elementor-field-option\">\n\t\t\t\t<input type=\"checkbox\" name=\"form_fields[field_207203e]\" id=\"form-field-field_207203e\" class=\"elementor-field elementor-size-sm  elementor-acceptance-field\" required=\"required\">\n\t\t\t\t<label for=\"form-field-field_207203e\">Confirme que he llegit i ACCEPTE la <a href=\"politica-de-privacitat\" target=\"_blank\"> Pol\u00edtica de Privacitat<\/a><\/label>\t\t\t<\/span>\n\t\t<\/div>\n\t\t\t\t\t\t<\/div>\n\t\t\t\t\t\t\t\t<div class=\"elementor-field-type-text\">\n\t\t\t\t\t<input size=\"1\" type=\"text\" name=\"form_fields[field_be0a368]\" id=\"form-field-field_be0a368\" class=\"elementor-field elementor-size-sm \" style=\"display:none !important;\">\t\t\t\t<\/div>\n\t\t\t\t\t\t\t\t<div class=\"elementor-field-group elementor-column elementor-field-type-submit elementor-col-100 e-form__buttons\">\n\t\t\t\t\t<button class=\"elementor-button elementor-size-sm\" type=\"submit\">\n\t\t\t\t\t\t<span class=\"elementor-button-content-wrapper\">\n\t\t\t\t\t\t\t\t\t\t\t\t\t\t\t\t\t\t\t\t\t\t<span class=\"elementor-button-text\">Enviar<\/span>\n\t\t\t\t\t\t\t\t\t\t\t\t\t<\/span>\n\t\t\t\t\t<\/button>\n\t\t\t\t<\/div>\n\t\t\t<\/div>\n\t\t<\/form>\n\t\t\t\t\t\t<\/div>\n\t\t\t\t<\/div>\n\t\t\t\t\t<\/div>\n\t\t<\/div>\n\t\t\t\t\t<\/div>\n\t\t<\/section>\n\t\t\t\t<\/div>\n\t\t\t\t<\/div>\n\t\t\t\t\t\t<\/div>\n\t\t\t\t<\/div>\n\t\t\t\t\t<\/div>\n\t\t<\/div>\n\t\t\t\t\t<\/div>\n\t\t<\/section>\n\t\t\t\t<section data-particle_enable=\"false\" data-particle-mobile-disabled=\"false\" class=\"elementor-section elementor-top-section elementor-element elementor-element-5bd50a3 elementor-section-full_width elementor-section-stretched elementor-section-height-default elementor-section-height-default\" data-id=\"5bd50a3\" data-element_type=\"section\" data-e-type=\"section\" data-settings=\"{&quot;stretch_section&quot;:&quot;section-stretched&quot;}\">\n\t\t\t\t\t\t<div class=\"elementor-container elementor-column-gap-default\">\n\t\t\t\t\t<div class=\"elementor-column elementor-col-100 elementor-top-column elementor-element elementor-element-71dc0b8\" data-id=\"71dc0b8\" data-element_type=\"column\" data-e-type=\"column\">\n\t\t\t<div class=\"elementor-widget-wrap elementor-element-populated\">\n\t\t\t\t\t\t<div class=\"elementor-element elementor-element-352be86 elementor-widget elementor-widget-template\" data-id=\"352be86\" data-element_type=\"widget\" data-e-type=\"widget\" data-widget_type=\"template.default\">\n\t\t\t\t<div class=\"elementor-widget-container\">\n\t\t\t\t\t\t\t<div class=\"elementor-template\">\n\t\t\t\t\t<div data-elementor-type=\"section\" data-elementor-id=\"31278\" class=\"elementor elementor-31278 elementor-27557 elementor-27557\" data-elementor-post-type=\"elementor_library\">\n\t\t\t\t\t<section data-particle_enable=\"false\" data-particle-mobile-disabled=\"false\" class=\"elementor-section elementor-top-section elementor-element elementor-element-472f04d9 elementor-section-full_width elementor-section-stretched elementor-section-height-default elementor-section-height-default\" data-id=\"472f04d9\" data-element_type=\"section\" data-e-type=\"section\" data-settings=\"{&quot;stretch_section&quot;:&quot;section-stretched&quot;}\">\n\t\t\t\t\t\t<div class=\"elementor-container elementor-column-gap-default\">\n\t\t\t\t\t<div class=\"elementor-column elementor-col-100 elementor-top-column elementor-element elementor-element-6d356896\" data-id=\"6d356896\" data-element_type=\"column\" data-e-type=\"column\">\n\t\t\t<div class=\"elementor-widget-wrap elementor-element-populated\">\n\t\t\t\t\t\t<div class=\"elementor-element elementor-element-4fcaf70c elementor-widget elementor-widget-template\" data-id=\"4fcaf70c\" data-element_type=\"widget\" data-e-type=\"widget\" data-widget_type=\"template.default\">\n\t\t\t\t<div class=\"elementor-widget-container\">\n\t\t\t\t\t\t\t<div class=\"elementor-template\">\n\t\t\t\t\t<div data-elementor-type=\"section\" data-elementor-id=\"32950\" class=\"elementor elementor-32950 elementor-25296 elementor-25296 elementor-25296\" data-elementor-post-type=\"elementor_library\">\n\t\t\t\t\t<section data-particle_enable=\"false\" data-particle-mobile-disabled=\"false\" class=\"elementor-section elementor-top-section elementor-element elementor-element-440200ec elementor-section-full_width elementor-section-stretched elementor-section-height-default elementor-section-height-default\" data-id=\"440200ec\" data-element_type=\"section\" data-e-type=\"section\" id=\"mapa\" data-settings=\"{&quot;stretch_section&quot;:&quot;section-stretched&quot;}\">\n\t\t\t\t\t\t<div class=\"elementor-container elementor-column-gap-default\">\n\t\t\t\t\t<div class=\"elementor-column elementor-col-100 elementor-top-column elementor-element elementor-element-5bc53976\" data-id=\"5bc53976\" data-element_type=\"column\" data-e-type=\"column\">\n\t\t\t<div class=\"elementor-widget-wrap elementor-element-populated\">\n\t\t\t\t\t\t<div class=\"elementor-element elementor-element-4ee6558e elementor-widget elementor-widget-heading\" data-id=\"4ee6558e\" data-element_type=\"widget\" data-e-type=\"widget\" data-widget_type=\"heading.default\">\n\t\t\t\t<div class=\"elementor-widget-container\">\n\t\t\t\t\t<h2 class=\"elementor-heading-title elementor-size-default\">Complex Hospitalari Valencia<\/h2>\t\t\t\t<\/div>\n\t\t\t\t<\/div>\n\t\t\t\t<div class=\"elementor-element elementor-element-236b2b26 elementor-widget elementor-widget-hotspot\" data-id=\"236b2b26\" data-element_type=\"widget\" data-e-type=\"widget\" data-settings=\"{&quot;hotspot&quot;:[{&quot;_id&quot;:&quot;6249f01&quot;,&quot;hotspot_label&quot;:&quot;D&quot;,&quot;hotspot_custom_size&quot;:&quot;&quot;,&quot;hotspot_width&quot;:null,&quot;hotspot_tooltip_content&quot;:&quot;Nou Edifici&quot;,&quot;hotspot_offset_x&quot;:{&quot;unit&quot;:&quot;%&quot;,&quot;size&quot;:13,&quot;sizes&quot;:[]},&quot;hotspot_link&quot;:{&quot;url&quot;:&quot;https:\\\/\\\/www.ivo.es\\\/val\\\/complex-hospitalari-i-unitats\\\/nou-edifici\\\/&quot;,&quot;is_external&quot;:&quot;&quot;,&quot;nofollow&quot;:&quot;&quot;,&quot;custom_attributes&quot;:&quot;&quot;},&quot;index&quot;:0,&quot;__dynamic__&quot;:null,&quot;hotspot_icon&quot;:{&quot;value&quot;:&quot;&quot;,&quot;library&quot;:&quot;&quot;},&quot;hotspot_horizontal&quot;:&quot;left&quot;,&quot;hotspot_vertical&quot;:&quot;top&quot;,&quot;hotspot_tooltip_position&quot;:&quot;no&quot;,&quot;hotspot_position&quot;:null,&quot;hotspot_position_tablet&quot;:null,&quot;hotspot_position_mobile&quot;:null,&quot;hotspot_icon_position&quot;:null,&quot;hotspot_icon_spacing&quot;:null,&quot;hotspot_height&quot;:null,&quot;hotspot_offset_x_tablet&quot;:{&quot;unit&quot;:&quot;px&quot;,&quot;size&quot;:&quot;&quot;,&quot;sizes&quot;:[]},&quot;hotspot_offset_x_mobile&quot;:{&quot;unit&quot;:&quot;px&quot;,&quot;size&quot;:&quot;&quot;,&quot;sizes&quot;:[]},&quot;hotspot_offset_y&quot;:{&quot;unit&quot;:&quot;%&quot;,&quot;size&quot;:50,&quot;sizes&quot;:[]},&quot;hotspot_offset_y_tablet&quot;:{&quot;unit&quot;:&quot;px&quot;,&quot;size&quot;:&quot;&quot;,&quot;sizes&quot;:[]},&quot;hotspot_offset_y_mobile&quot;:{&quot;unit&quot;:&quot;px&quot;,&quot;size&quot;:&quot;&quot;,&quot;sizes&quot;:[]},&quot;hotspot_tooltip_width&quot;:null,&quot;hotspot_tooltip_width_tablet&quot;:null,&quot;hotspot_tooltip_width_mobile&quot;:null,&quot;hotspot_tooltip_text_wrap&quot;:null},{&quot;hotspot_label&quot;:&quot;C&quot;,&quot;hotspot_custom_size&quot;:&quot;&quot;,&quot;hotspot_width&quot;:null,&quot;hotspot_tooltip_content&quot;:&quot;Edifici Consultes Externes&quot;,&quot;hotspot_offset_x&quot;:{&quot;unit&quot;:&quot;%&quot;,&quot;size&quot;:42,&quot;sizes&quot;:[]},&quot;_id&quot;:&quot;d22ee82&quot;,&quot;hotspot_link&quot;:{&quot;url&quot;:&quot;https:\\\/\\\/www.ivo.es\\\/val\\\/complex-hospitalari-i-unitats\\\/edifici-consultes-externes\\\/&quot;,&quot;is_external&quot;:&quot;&quot;,&quot;nofollow&quot;:&quot;&quot;,&quot;custom_attributes&quot;:&quot;&quot;},&quot;index&quot;:1,&quot;__dynamic__&quot;:null,&quot;hotspot_icon&quot;:{&quot;value&quot;:&quot;&quot;,&quot;library&quot;:&quot;&quot;},&quot;hotspot_horizontal&quot;:&quot;left&quot;,&quot;hotspot_vertical&quot;:&quot;top&quot;,&quot;hotspot_tooltip_position&quot;:&quot;no&quot;,&quot;hotspot_position&quot;:null,&quot;hotspot_position_tablet&quot;:null,&quot;hotspot_position_mobile&quot;:null,&quot;hotspot_icon_position&quot;:null,&quot;hotspot_icon_spacing&quot;:null,&quot;hotspot_height&quot;:null,&quot;hotspot_offset_x_tablet&quot;:{&quot;unit&quot;:&quot;px&quot;,&quot;size&quot;:&quot;&quot;,&quot;sizes&quot;:[]},&quot;hotspot_offset_x_mobile&quot;:{&quot;unit&quot;:&quot;px&quot;,&quot;size&quot;:&quot;&quot;,&quot;sizes&quot;:[]},&quot;hotspot_offset_y&quot;:{&quot;unit&quot;:&quot;%&quot;,&quot;size&quot;:50,&quot;sizes&quot;:[]},&quot;hotspot_offset_y_tablet&quot;:{&quot;unit&quot;:&quot;px&quot;,&quot;size&quot;:&quot;&quot;,&quot;sizes&quot;:[]},&quot;hotspot_offset_y_mobile&quot;:{&quot;unit&quot;:&quot;px&quot;,&quot;size&quot;:&quot;&quot;,&quot;sizes&quot;:[]},&quot;hotspot_tooltip_width&quot;:null,&quot;hotspot_tooltip_width_tablet&quot;:null,&quot;hotspot_tooltip_width_mobile&quot;:null,&quot;hotspot_tooltip_text_wrap&quot;:null},{&quot;hotspot_label&quot;:&quot;E&quot;,&quot;hotspot_icon_spacing&quot;:null,&quot;hotspot_custom_size&quot;:&quot;&quot;,&quot;hotspot_width&quot;:null,&quot;hotspot_tooltip_content&quot;:&quot;Edifici Trade Center&quot;,&quot;hotspot_offset_x&quot;:{&quot;unit&quot;:&quot;%&quot;,&quot;size&quot;:52,&quot;sizes&quot;:[]},&quot;hotspot_offset_y&quot;:{&quot;unit&quot;:&quot;%&quot;,&quot;size&quot;:37,&quot;sizes&quot;:[]},&quot;_id&quot;:&quot;a157cd0&quot;,&quot;hotspot_link&quot;:{&quot;url&quot;:&quot;https:\\\/\\\/www.ivo.es\\\/val\\\/complex-hospitalari-i-unitats\\\/edifici-trade-center\\\/&quot;,&quot;is_external&quot;:&quot;&quot;,&quot;nofollow&quot;:&quot;&quot;,&quot;custom_attributes&quot;:&quot;&quot;},&quot;index&quot;:2,&quot;__dynamic__&quot;:null,&quot;hotspot_icon&quot;:{&quot;value&quot;:&quot;&quot;,&quot;library&quot;:&quot;&quot;},&quot;hotspot_horizontal&quot;:&quot;left&quot;,&quot;hotspot_vertical&quot;:&quot;top&quot;,&quot;hotspot_tooltip_position&quot;:&quot;no&quot;,&quot;hotspot_position&quot;:null,&quot;hotspot_position_tablet&quot;:null,&quot;hotspot_position_mobile&quot;:null,&quot;hotspot_icon_position&quot;:null,&quot;hotspot_height&quot;:null,&quot;hotspot_offset_x_tablet&quot;:{&quot;unit&quot;:&quot;px&quot;,&quot;size&quot;:&quot;&quot;,&quot;sizes&quot;:[]},&quot;hotspot_offset_x_mobile&quot;:{&quot;unit&quot;:&quot;px&quot;,&quot;size&quot;:&quot;&quot;,&quot;sizes&quot;:[]},&quot;hotspot_offset_y_tablet&quot;:{&quot;unit&quot;:&quot;px&quot;,&quot;size&quot;:&quot;&quot;,&quot;sizes&quot;:[]},&quot;hotspot_offset_y_mobile&quot;:{&quot;unit&quot;:&quot;px&quot;,&quot;size&quot;:&quot;&quot;,&quot;sizes&quot;:[]},&quot;hotspot_tooltip_width&quot;:null,&quot;hotspot_tooltip_width_tablet&quot;:null,&quot;hotspot_tooltip_width_mobile&quot;:null,&quot;hotspot_tooltip_text_wrap&quot;:null},{&quot;hotspot_label&quot;:&quot;B&quot;,&quot;hotspot_icon_spacing&quot;:null,&quot;hotspot_custom_size&quot;:&quot;&quot;,&quot;hotspot_width&quot;:null,&quot;hotspot_tooltip_content&quot;:&quot;Edifici Jos\\u00e9 Sim\\u00f3&quot;,&quot;hotspot_offset_x&quot;:{&quot;unit&quot;:&quot;%&quot;,&quot;size&quot;:69,&quot;sizes&quot;:[]},&quot;hotspot_offset_y&quot;:{&quot;unit&quot;:&quot;%&quot;,&quot;size&quot;:50,&quot;sizes&quot;:[]},&quot;_id&quot;:&quot;47f8bc2&quot;,&quot;hotspot_link&quot;:{&quot;url&quot;:&quot;https:\\\/\\\/www.ivo.es\\\/val\\\/complex-hospitalari-i-unitats\\\/edifici-jose-simo\\\/&quot;,&quot;is_external&quot;:&quot;&quot;,&quot;nofollow&quot;:&quot;&quot;,&quot;custom_attributes&quot;:&quot;&quot;},&quot;index&quot;:3,&quot;__dynamic__&quot;:null,&quot;hotspot_icon&quot;:{&quot;value&quot;:&quot;&quot;,&quot;library&quot;:&quot;&quot;},&quot;hotspot_horizontal&quot;:&quot;left&quot;,&quot;hotspot_vertical&quot;:&quot;top&quot;,&quot;hotspot_tooltip_position&quot;:&quot;no&quot;,&quot;hotspot_position&quot;:null,&quot;hotspot_position_tablet&quot;:null,&quot;hotspot_position_mobile&quot;:null,&quot;hotspot_icon_position&quot;:null,&quot;hotspot_height&quot;:null,&quot;hotspot_offset_x_tablet&quot;:{&quot;unit&quot;:&quot;px&quot;,&quot;size&quot;:&quot;&quot;,&quot;sizes&quot;:[]},&quot;hotspot_offset_x_mobile&quot;:{&quot;unit&quot;:&quot;px&quot;,&quot;size&quot;:&quot;&quot;,&quot;sizes&quot;:[]},&quot;hotspot_offset_y_tablet&quot;:{&quot;unit&quot;:&quot;px&quot;,&quot;size&quot;:&quot;&quot;,&quot;sizes&quot;:[]},&quot;hotspot_offset_y_mobile&quot;:{&quot;unit&quot;:&quot;px&quot;,&quot;size&quot;:&quot;&quot;,&quot;sizes&quot;:[]},&quot;hotspot_tooltip_width&quot;:null,&quot;hotspot_tooltip_width_tablet&quot;:null,&quot;hotspot_tooltip_width_mobile&quot;:null,&quot;hotspot_tooltip_text_wrap&quot;:null},{&quot;hotspot_label&quot;:&quot;A&quot;,&quot;hotspot_icon_spacing&quot;:null,&quot;hotspot_custom_size&quot;:&quot;&quot;,&quot;hotspot_width&quot;:null,&quot;hotspot_tooltip_content&quot;:&quot;Edifici Antonio Llombart Rodr\\u00edguez&quot;,&quot;hotspot_offset_x&quot;:{&quot;unit&quot;:&quot;%&quot;,&quot;size&quot;:81,&quot;sizes&quot;:[]},&quot;hotspot_offset_y&quot;:{&quot;unit&quot;:&quot;%&quot;,&quot;size&quot;:77,&quot;sizes&quot;:[]},&quot;_id&quot;:&quot;e7b004f&quot;,&quot;hotspot_link&quot;:{&quot;url&quot;:&quot;https:\\\/\\\/www.ivo.es\\\/val\\\/complex-hospitalari-i-unitats\\\/edifici-antonio-llombart-rodriguez\\\/&quot;,&quot;is_external&quot;:&quot;&quot;,&quot;nofollow&quot;:&quot;&quot;,&quot;custom_attributes&quot;:&quot;&quot;},&quot;index&quot;:4,&quot;__dynamic__&quot;:null,&quot;hotspot_icon&quot;:{&quot;value&quot;:&quot;&quot;,&quot;library&quot;:&quot;&quot;},&quot;hotspot_horizontal&quot;:&quot;left&quot;,&quot;hotspot_vertical&quot;:&quot;top&quot;,&quot;hotspot_tooltip_position&quot;:&quot;no&quot;,&quot;hotspot_position&quot;:null,&quot;hotspot_position_tablet&quot;:null,&quot;hotspot_position_mobile&quot;:null,&quot;hotspot_icon_position&quot;:null,&quot;hotspot_height&quot;:null,&quot;hotspot_offset_x_tablet&quot;:{&quot;unit&quot;:&quot;px&quot;,&quot;size&quot;:&quot;&quot;,&quot;sizes&quot;:[]},&quot;hotspot_offset_x_mobile&quot;:{&quot;unit&quot;:&quot;px&quot;,&quot;size&quot;:&quot;&quot;,&quot;sizes&quot;:[]},&quot;hotspot_offset_y_tablet&quot;:{&quot;unit&quot;:&quot;px&quot;,&quot;size&quot;:&quot;&quot;,&quot;sizes&quot;:[]},&quot;hotspot_offset_y_mobile&quot;:{&quot;unit&quot;:&quot;px&quot;,&quot;size&quot;:&quot;&quot;,&quot;sizes&quot;:[]},&quot;hotspot_tooltip_width&quot;:null,&quot;hotspot_tooltip_width_tablet&quot;:null,&quot;hotspot_tooltip_width_mobile&quot;:null,&quot;hotspot_tooltip_text_wrap&quot;:null},{&quot;hotspot_icon_spacing&quot;:null,&quot;hotspot_custom_size&quot;:&quot;&quot;,&quot;hotspot_width&quot;:null,&quot;hotspot_height&quot;:null,&quot;hotspot_tooltip_content&quot;:&quot;Urg\\u00e8ncies&quot;,&quot;hotspot_offset_x&quot;:{&quot;unit&quot;:&quot;%&quot;,&quot;size&quot;:97,&quot;sizes&quot;:[]},&quot;hotspot_offset_y&quot;:{&quot;unit&quot;:&quot;%&quot;,&quot;size&quot;:77,&quot;sizes&quot;:[]},&quot;_id&quot;:&quot;2522710&quot;,&quot;hotspot_link&quot;:{&quot;url&quot;:&quot;https:\\\/\\\/www.ivo.es\\\/val\\\/complex-hospitalari-i-unitats\\\/edifici-antonio-llombart-rodriguez\\\/&quot;,&quot;is_external&quot;:&quot;&quot;,&quot;nofollow&quot;:&quot;&quot;,&quot;custom_attributes&quot;:&quot;&quot;},&quot;hotspot_icon&quot;:{&quot;value&quot;:&quot;fas fa-briefcase-medical&quot;,&quot;library&quot;:&quot;fa-solid&quot;},&quot;index&quot;:5,&quot;__dynamic__&quot;:null,&quot;hotspot_label&quot;:&quot;&quot;,&quot;hotspot_horizontal&quot;:&quot;left&quot;,&quot;hotspot_vertical&quot;:&quot;top&quot;,&quot;hotspot_tooltip_position&quot;:&quot;no&quot;,&quot;hotspot_position&quot;:null,&quot;hotspot_position_tablet&quot;:null,&quot;hotspot_position_mobile&quot;:null,&quot;hotspot_icon_position&quot;:null,&quot;hotspot_offset_x_tablet&quot;:{&quot;unit&quot;:&quot;px&quot;,&quot;size&quot;:&quot;&quot;,&quot;sizes&quot;:[]},&quot;hotspot_offset_x_mobile&quot;:{&quot;unit&quot;:&quot;px&quot;,&quot;size&quot;:&quot;&quot;,&quot;sizes&quot;:[]},&quot;hotspot_offset_y_tablet&quot;:{&quot;unit&quot;:&quot;px&quot;,&quot;size&quot;:&quot;&quot;,&quot;sizes&quot;:[]},&quot;hotspot_offset_y_mobile&quot;:{&quot;unit&quot;:&quot;px&quot;,&quot;size&quot;:&quot;&quot;,&quot;sizes&quot;:[]},&quot;hotspot_tooltip_width&quot;:null,&quot;hotspot_tooltip_width_tablet&quot;:null,&quot;hotspot_tooltip_width_mobile&quot;:null,&quot;hotspot_tooltip_text_wrap&quot;:null}],&quot;tooltip_position&quot;:&quot;bottom&quot;,&quot;tooltip_trigger&quot;:&quot;mouseenter&quot;,&quot;tooltip_animation&quot;:&quot;e-hotspot--fade-direction&quot;}\" data-widget_type=\"hotspot.default\">\n\t\t\t\t<div class=\"elementor-widget-container\">\n\t\t\t\t\t<img fetchpriority=\"high\" decoding=\"async\" width=\"1900\" height=\"580\" src=\"https:\/\/www.ivo.es\/wp-content\/uploads\/2022\/04\/map.jpg\" class=\"attachment-full size-full wp-image-407\" alt=\"Distribuci\u00f3n de los edificios en el completo hospitalario de IVO\" srcset=\"https:\/\/www.ivo.es\/wp-content\/uploads\/2022\/04\/map.jpg 1900w, https:\/\/www.ivo.es\/wp-content\/uploads\/2022\/04\/map-300x92.jpg 300w, https:\/\/www.ivo.es\/wp-content\/uploads\/2022\/04\/map-1024x313.jpg 1024w, https:\/\/www.ivo.es\/wp-content\/uploads\/2022\/04\/map-768x234.jpg 768w, https:\/\/www.ivo.es\/wp-content\/uploads\/2022\/04\/map-1536x469.jpg 1536w, https:\/\/www.ivo.es\/wp-content\/uploads\/2022\/04\/map-1200x366.jpg 1200w\" sizes=\"(max-width: 1900px) 100vw, 1900px\" \/>\n\t\t\t\t\t\t<a class=\"e-hotspot elementor-repeater-item-6249f01  e-hotspot--position-left e-hotspot--position-top e-hotspot--link \" href=\"https:\/\/www.ivo.es\/val\/complex-hospitalari-i-unitats\/nou-edifici\/\">\n\n\t\t\t\t\t\t\t\t<div class=\"e-hotspot__button e-hotspot--expand\">\n\t\t\t\t\t\t\t\t\t\t\t\t\t\t\t\t\t\t\t\t\t\t\t\t<div class=\"e-hotspot__label\">D<\/div>\n\t\t\t\t\t\t\t\t\t\t\t\t\t\t\t<\/div>\n\n\t\t\t\t\t\t\t\t\t\t\t\t\t\t\t\t\t\t\t<div class=\"e-hotspot__direction-mask e-hotspot--tooltip-position\">\n\t\t\t\t\t\t\t\t\t\t<div class=\"e-hotspot__tooltip   e-hotspot--fade-direction \" >\n\t\t\t\t\t\tNou Edifici\t\t\t\t\t<\/div>\n\t\t\t\t\t\t\t\t\t\t\t<\/div>\n\t\t\t\t\t\t\t\t\t\n\t\t\t<\/a>\n\n\t\n\t\t\t\t\t\t<a class=\"e-hotspot elementor-repeater-item-d22ee82  e-hotspot--position-left e-hotspot--position-top e-hotspot--link \" href=\"https:\/\/www.ivo.es\/val\/complex-hospitalari-i-unitats\/edifici-consultes-externes\/\">\n\n\t\t\t\t\t\t\t\t<div class=\"e-hotspot__button e-hotspot--expand\">\n\t\t\t\t\t\t\t\t\t\t\t\t\t\t\t\t\t\t\t\t\t\t\t\t<div class=\"e-hotspot__label\">C<\/div>\n\t\t\t\t\t\t\t\t\t\t\t\t\t\t\t<\/div>\n\n\t\t\t\t\t\t\t\t\t\t\t\t\t\t\t\t\t\t\t<div class=\"e-hotspot__direction-mask e-hotspot--tooltip-position\">\n\t\t\t\t\t\t\t\t\t\t<div class=\"e-hotspot__tooltip   e-hotspot--fade-direction \" >\n\t\t\t\t\t\tEdifici Consultes Externes\t\t\t\t\t<\/div>\n\t\t\t\t\t\t\t\t\t\t\t<\/div>\n\t\t\t\t\t\t\t\t\t\n\t\t\t<\/a>\n\n\t\n\t\t\t\t\t\t<a class=\"e-hotspot elementor-repeater-item-a157cd0  e-hotspot--position-left e-hotspot--position-top e-hotspot--link \" href=\"https:\/\/www.ivo.es\/val\/complex-hospitalari-i-unitats\/edifici-trade-center\/\">\n\n\t\t\t\t\t\t\t\t<div class=\"e-hotspot__button e-hotspot--expand\">\n\t\t\t\t\t\t\t\t\t\t\t\t\t\t\t\t\t\t\t\t\t\t\t\t<div class=\"e-hotspot__label\">E<\/div>\n\t\t\t\t\t\t\t\t\t\t\t\t\t\t\t<\/div>\n\n\t\t\t\t\t\t\t\t\t\t\t\t\t\t\t\t\t\t\t<div class=\"e-hotspot__direction-mask e-hotspot--tooltip-position\">\n\t\t\t\t\t\t\t\t\t\t<div class=\"e-hotspot__tooltip   e-hotspot--fade-direction \" >\n\t\t\t\t\t\tEdifici Trade Center\t\t\t\t\t<\/div>\n\t\t\t\t\t\t\t\t\t\t\t<\/div>\n\t\t\t\t\t\t\t\t\t\n\t\t\t<\/a>\n\n\t\n\t\t\t\t\t\t<a class=\"e-hotspot elementor-repeater-item-47f8bc2  e-hotspot--position-left e-hotspot--position-top e-hotspot--link \" href=\"https:\/\/www.ivo.es\/val\/complex-hospitalari-i-unitats\/edifici-jose-simo\/\">\n\n\t\t\t\t\t\t\t\t<div class=\"e-hotspot__button e-hotspot--expand\">\n\t\t\t\t\t\t\t\t\t\t\t\t\t\t\t\t\t\t\t\t\t\t\t\t<div class=\"e-hotspot__label\">B<\/div>\n\t\t\t\t\t\t\t\t\t\t\t\t\t\t\t<\/div>\n\n\t\t\t\t\t\t\t\t\t\t\t\t\t\t\t\t\t\t\t<div class=\"e-hotspot__direction-mask e-hotspot--tooltip-position\">\n\t\t\t\t\t\t\t\t\t\t<div class=\"e-hotspot__tooltip   e-hotspot--fade-direction \" >\n\t\t\t\t\t\tEdifici Jos\u00e9 Sim\u00f3\t\t\t\t\t<\/div>\n\t\t\t\t\t\t\t\t\t\t\t<\/div>\n\t\t\t\t\t\t\t\t\t\n\t\t\t<\/a>\n\n\t\n\t\t\t\t\t\t<a class=\"e-hotspot elementor-repeater-item-e7b004f  e-hotspot--position-left e-hotspot--position-top e-hotspot--link \" href=\"https:\/\/www.ivo.es\/val\/complex-hospitalari-i-unitats\/edifici-antonio-llombart-rodriguez\/\">\n\n\t\t\t\t\t\t\t\t<div class=\"e-hotspot__button e-hotspot--expand\">\n\t\t\t\t\t\t\t\t\t\t\t\t\t\t\t\t\t\t\t\t\t\t\t\t<div class=\"e-hotspot__label\">A<\/div>\n\t\t\t\t\t\t\t\t\t\t\t\t\t\t\t<\/div>\n\n\t\t\t\t\t\t\t\t\t\t\t\t\t\t\t\t\t\t\t<div class=\"e-hotspot__direction-mask e-hotspot--tooltip-position\">\n\t\t\t\t\t\t\t\t\t\t<div class=\"e-hotspot__tooltip   e-hotspot--fade-direction \" >\n\t\t\t\t\t\tEdifici Antonio Llombart Rodr\u00edguez\t\t\t\t\t<\/div>\n\t\t\t\t\t\t\t\t\t\t\t<\/div>\n\t\t\t\t\t\t\t\t\t\n\t\t\t<\/a>\n\n\t\n\t\t\t\t\t\t<a class=\"e-hotspot elementor-repeater-item-2522710  e-hotspot--position-left e-hotspot--position-top e-hotspot--link  e-hotspot--icon\" href=\"https:\/\/www.ivo.es\/val\/complex-hospitalari-i-unitats\/edifici-antonio-llombart-rodriguez\/\">\n\n\t\t\t\t\t\t\t\t<div class=\"e-hotspot__button e-hotspot--expand\">\n\t\t\t\t\t\t\t\t\t\t\t\t\t\t\t\t\t\t<div class=\"e-hotspot__icon\"><i class=\"fas fa-briefcase-medical\"><\/i><\/div>\n\t\t\t\t\t\t\t\t\t\t\t\t\t\t\t\t\t\t\t\t\t<\/div>\n\n\t\t\t\t\t\t\t\t\t\t\t\t\t\t\t\t\t\t\t<div class=\"e-hotspot__direction-mask e-hotspot--tooltip-position\">\n\t\t\t\t\t\t\t\t\t\t<div class=\"e-hotspot__tooltip   e-hotspot--fade-direction \" >\n\t\t\t\t\t\tUrg\u00e8ncies\t\t\t\t\t<\/div>\n\t\t\t\t\t\t\t\t\t\t\t<\/div>\n\t\t\t\t\t\t\t\t\t\n\t\t\t<\/a>\n\n\t\n\t\t\t\t\t\t<\/div>\n\t\t\t\t<\/div>\n\t\t\t\t\t<\/div>\n\t\t<\/div>\n\t\t\t\t\t<\/div>\n\t\t<\/section>\n\t\t\t\t<\/div>\n\t\t\t\t<\/div>\n\t\t\t\t\t\t<\/div>\n\t\t\t\t<\/div>\n\t\t\t\t<div class=\"elementor-element elementor-element-6d152fc2 elementor-widget elementor-widget-template\" data-id=\"6d152fc2\" data-element_type=\"widget\" data-e-type=\"widget\" data-widget_type=\"template.default\">\n\t\t\t\t<div class=\"elementor-widget-container\">\n\t\t\t\t\t\t\t<div class=\"elementor-template\">\n\t\t\t\t\t<div data-elementor-type=\"section\" data-elementor-id=\"31277\" class=\"elementor elementor-31277 elementor-25302 elementor-25302 elementor-25302\" data-elementor-post-type=\"elementor_library\">\n\t\t\t\t\t<section data-particle_enable=\"false\" data-particle-mobile-disabled=\"false\" class=\"elementor-section elementor-top-section elementor-element elementor-element-267f913f elementor-section-stretched elementor-section-boxed elementor-section-height-default elementor-section-height-default\" data-id=\"267f913f\" data-element_type=\"section\" data-e-type=\"section\" data-settings=\"{&quot;stretch_section&quot;:&quot;section-stretched&quot;,&quot;background_background&quot;:&quot;classic&quot;}\">\n\t\t\t\t\t\t<div class=\"elementor-container elementor-column-gap-default\">\n\t\t\t\t\t<div class=\"elementor-column elementor-col-100 elementor-top-column elementor-element elementor-element-1bac380f\" data-id=\"1bac380f\" data-element_type=\"column\" data-e-type=\"column\">\n\t\t\t<div class=\"elementor-widget-wrap elementor-element-populated\">\n\t\t\t\t\t\t<div class=\"elementor-element elementor-element-5e4c1388 elementor-widget elementor-widget-heading\" data-id=\"5e4c1388\" data-element_type=\"widget\" data-e-type=\"widget\" data-widget_type=\"heading.default\">\n\t\t\t\t<div class=\"elementor-widget-container\">\n\t\t\t\t\t<h2 class=\"elementor-heading-title elementor-size-default\">Altres unitats<\/h2>\t\t\t\t<\/div>\n\t\t\t\t<\/div>\n\t\t\t\t<section data-particle_enable=\"false\" data-particle-mobile-disabled=\"false\" class=\"elementor-section elementor-inner-section elementor-element elementor-element-7545640d elementor-section-boxed elementor-section-height-default elementor-section-height-default\" data-id=\"7545640d\" data-element_type=\"section\" data-e-type=\"section\">\n\t\t\t\t\t\t<div class=\"elementor-container elementor-column-gap-default\">\n\t\t\t\t\t<div class=\"elementor-column elementor-col-33 elementor-inner-column elementor-element elementor-element-4b5d9056\" data-id=\"4b5d9056\" data-element_type=\"column\" data-e-type=\"column\">\n\t\t\t<div class=\"elementor-widget-wrap elementor-element-populated\">\n\t\t\t\t\t\t<div class=\"elementor-element elementor-element-77775718 elementor-widget elementor-widget-image\" data-id=\"77775718\" data-element_type=\"widget\" data-e-type=\"widget\" data-widget_type=\"image.default\">\n\t\t\t\t<div class=\"elementor-widget-container\">\n\t\t\t\t\t\t\t\t\t\t\t\t\t\t\t\t<a href=\"https:\/\/www.ivo.es\/val\/complex-hospitalari-i-unitats\/unitats-de-diagnostic-precoc-ivo-a-valencia\/\">\n\t\t\t\t\t\t\t<img decoding=\"async\" width=\"345\" height=\"166\" src=\"https:\/\/www.ivo.es\/wp-content\/uploads\/2022\/05\/precoz.jpg\" class=\"attachment-full size-full wp-image-24708\" alt=\"\" srcset=\"https:\/\/www.ivo.es\/wp-content\/uploads\/2022\/05\/precoz.jpg 345w, https:\/\/www.ivo.es\/wp-content\/uploads\/2022\/05\/precoz-300x144.jpg 300w\" sizes=\"(max-width: 345px) 100vw, 345px\" \/>\t\t\t\t\t\t\t\t<\/a>\n\t\t\t\t\t\t\t\t\t\t\t\t\t\t\t<\/div>\n\t\t\t\t<\/div>\n\t\t\t\t<section data-particle_enable=\"false\" data-particle-mobile-disabled=\"false\" class=\"elementor-section elementor-inner-section elementor-element elementor-element-52290efa elementor-section-boxed elementor-section-height-default elementor-section-height-default\" data-id=\"52290efa\" data-element_type=\"section\" data-e-type=\"section\" data-settings=\"{&quot;background_background&quot;:&quot;classic&quot;}\">\n\t\t\t\t\t\t<div class=\"elementor-container elementor-column-gap-default\">\n\t\t\t\t\t<div class=\"elementor-column elementor-col-100 elementor-inner-column elementor-element elementor-element-2abbd7\" data-id=\"2abbd7\" data-element_type=\"column\" data-e-type=\"column\">\n\t\t\t<div class=\"elementor-widget-wrap elementor-element-populated\">\n\t\t\t\t\t\t<div class=\"elementor-element elementor-element-453c8b7a elementor-widget elementor-widget-heading\" data-id=\"453c8b7a\" data-element_type=\"widget\" data-e-type=\"widget\" data-widget_type=\"heading.default\">\n\t\t\t\t<div class=\"elementor-widget-container\">\n\t\t\t\t\t<h2 class=\"elementor-heading-title elementor-size-default\"><a href=\"https:\/\/www.ivo.es\/val\/complex-hospitalari-i-unitats\/unitats-de-diagnostic-precoc-ivo-a-valencia\/\">Val\u00e8ncia<\/a><\/h2>\t\t\t\t<\/div>\n\t\t\t\t<\/div>\n\t\t\t\t<div class=\"elementor-element elementor-element-27fb3221 elementor-widget elementor-widget-heading\" data-id=\"27fb3221\" data-element_type=\"widget\" data-e-type=\"widget\" data-widget_type=\"heading.default\">\n\t\t\t\t<div class=\"elementor-widget-container\">\n\t\t\t\t\t<h2 class=\"elementor-heading-title elementor-size-default\"><a href=\"https:\/\/www.ivo.es\/val\/complex-hospitalari-i-unitats\/unitats-de-diagnostic-precoc-ivo-a-valencia\/\">Unitat de Diagn\u00f2stic Preco\u00e7<\/a><\/h2>\t\t\t\t<\/div>\n\t\t\t\t<\/div>\n\t\t\t\t\t<\/div>\n\t\t<\/div>\n\t\t\t\t\t<\/div>\n\t\t<\/section>\n\t\t\t\t\t<\/div>\n\t\t<\/div>\n\t\t\t\t<div class=\"elementor-column elementor-col-33 elementor-inner-column elementor-element elementor-element-54639fc2\" data-id=\"54639fc2\" data-element_type=\"column\" data-e-type=\"column\">\n\t\t\t<div class=\"elementor-widget-wrap elementor-element-populated\">\n\t\t\t\t\t\t<div class=\"elementor-element elementor-element-26fa1f78 elementor-widget elementor-widget-image\" data-id=\"26fa1f78\" data-element_type=\"widget\" data-e-type=\"widget\" data-widget_type=\"image.default\">\n\t\t\t\t<div class=\"elementor-widget-container\">\n\t\t\t\t\t\t\t\t\t\t\t\t\t\t\t\t<a href=\"https:\/\/www.ivo.es\/val\/complex-hospitalari-i-unitats\/unitat-de-radioterapia-dalcoi\/\">\n\t\t\t\t\t\t\t<img decoding=\"async\" width=\"345\" height=\"166\" src=\"https:\/\/www.ivo.es\/wp-content\/uploads\/2022\/05\/alcoi-franja.png\" class=\"attachment-full size-full wp-image-31450\" alt=\"\" srcset=\"https:\/\/www.ivo.es\/wp-content\/uploads\/2022\/05\/alcoi-franja.png 345w, https:\/\/www.ivo.es\/wp-content\/uploads\/2022\/05\/alcoi-franja-300x144.png 300w\" sizes=\"(max-width: 345px) 100vw, 345px\" \/>\t\t\t\t\t\t\t\t<\/a>\n\t\t\t\t\t\t\t\t\t\t\t\t\t\t\t<\/div>\n\t\t\t\t<\/div>\n\t\t\t\t<section data-particle_enable=\"false\" data-particle-mobile-disabled=\"false\" class=\"elementor-section elementor-inner-section elementor-element elementor-element-5a1f62f6 elementor-section-boxed elementor-section-height-default elementor-section-height-default\" data-id=\"5a1f62f6\" data-element_type=\"section\" data-e-type=\"section\" data-settings=\"{&quot;background_background&quot;:&quot;classic&quot;}\">\n\t\t\t\t\t\t<div class=\"elementor-container elementor-column-gap-default\">\n\t\t\t\t\t<div class=\"elementor-column elementor-col-100 elementor-inner-column elementor-element elementor-element-67e63c61\" data-id=\"67e63c61\" data-element_type=\"column\" data-e-type=\"column\">\n\t\t\t<div class=\"elementor-widget-wrap elementor-element-populated\">\n\t\t\t\t\t\t<div class=\"elementor-element elementor-element-5636c92 elementor-widget elementor-widget-heading\" data-id=\"5636c92\" data-element_type=\"widget\" data-e-type=\"widget\" data-widget_type=\"heading.default\">\n\t\t\t\t<div class=\"elementor-widget-container\">\n\t\t\t\t\t<h2 class=\"elementor-heading-title elementor-size-default\"><a href=\"https:\/\/www.ivo.es\/val\/complex-hospitalari-i-unitats\/unitat-de-radioterapia-dalcoi\/\">Alcoi<\/a><\/h2>\t\t\t\t<\/div>\n\t\t\t\t<\/div>\n\t\t\t\t<div class=\"elementor-element elementor-element-7e0421e1 elementor-widget elementor-widget-heading\" data-id=\"7e0421e1\" data-element_type=\"widget\" data-e-type=\"widget\" data-widget_type=\"heading.default\">\n\t\t\t\t<div class=\"elementor-widget-container\">\n\t\t\t\t\t<h2 class=\"elementor-heading-title elementor-size-default\"><a href=\"https:\/\/www.ivo.es\/val\/complex-hospitalari-i-unitats\/unitat-de-radioterapia-dalcoi\/\">Unitat de Radioter\u00e0pia<\/a><\/h2>\t\t\t\t<\/div>\n\t\t\t\t<\/div>\n\t\t\t\t\t<\/div>\n\t\t<\/div>\n\t\t\t\t\t<\/div>\n\t\t<\/section>\n\t\t\t\t\t<\/div>\n\t\t<\/div>\n\t\t\t\t<div class=\"elementor-column elementor-col-33 elementor-inner-column elementor-element elementor-element-20949b95\" data-id=\"20949b95\" data-element_type=\"column\" data-e-type=\"column\">\n\t\t\t<div class=\"elementor-widget-wrap elementor-element-populated\">\n\t\t\t\t\t\t<div class=\"elementor-element elementor-element-776e01db elementor-widget elementor-widget-image\" data-id=\"776e01db\" data-element_type=\"widget\" data-e-type=\"widget\" data-widget_type=\"image.default\">\n\t\t\t\t<div class=\"elementor-widget-container\">\n\t\t\t\t\t\t\t\t\t\t\t\t\t\t\t\t<a href=\"https:\/\/www.ivo.es\/val\/complex-hospitalari-i-unitats\/unitat-de-radioterapia-de-conca\/\">\n\t\t\t\t\t\t\t<img loading=\"lazy\" decoding=\"async\" width=\"345\" height=\"166\" src=\"https:\/\/www.ivo.es\/wp-content\/uploads\/2022\/05\/cuenca-franja.png\" class=\"attachment-full size-full wp-image-31449\" alt=\"\" srcset=\"https:\/\/www.ivo.es\/wp-content\/uploads\/2022\/05\/cuenca-franja.png 345w, https:\/\/www.ivo.es\/wp-content\/uploads\/2022\/05\/cuenca-franja-300x144.png 300w\" sizes=\"(max-width: 345px) 100vw, 345px\" \/>\t\t\t\t\t\t\t\t<\/a>\n\t\t\t\t\t\t\t\t\t\t\t\t\t\t\t<\/div>\n\t\t\t\t<\/div>\n\t\t\t\t<section data-particle_enable=\"false\" data-particle-mobile-disabled=\"false\" class=\"elementor-section elementor-inner-section elementor-element elementor-element-37d45f9e elementor-section-boxed elementor-section-height-default elementor-section-height-default\" data-id=\"37d45f9e\" data-element_type=\"section\" data-e-type=\"section\" data-settings=\"{&quot;background_background&quot;:&quot;classic&quot;}\">\n\t\t\t\t\t\t<div class=\"elementor-container elementor-column-gap-default\">\n\t\t\t\t\t<div class=\"elementor-column elementor-col-100 elementor-inner-column elementor-element elementor-element-cc53f38\" data-id=\"cc53f38\" data-element_type=\"column\" data-e-type=\"column\">\n\t\t\t<div class=\"elementor-widget-wrap elementor-element-populated\">\n\t\t\t\t\t\t<div class=\"elementor-element elementor-element-5c300cd6 elementor-widget elementor-widget-heading\" data-id=\"5c300cd6\" data-element_type=\"widget\" data-e-type=\"widget\" data-widget_type=\"heading.default\">\n\t\t\t\t<div class=\"elementor-widget-container\">\n\t\t\t\t\t<h2 class=\"elementor-heading-title elementor-size-default\"><a href=\"https:\/\/www.ivo.es\/val\/complex-hospitalari-i-unitats\/unitat-de-radioterapia-de-conca\/\">Conca<\/a><\/h2>\t\t\t\t<\/div>\n\t\t\t\t<\/div>\n\t\t\t\t<div class=\"elementor-element elementor-element-7164b94 elementor-widget elementor-widget-heading\" data-id=\"7164b94\" data-element_type=\"widget\" data-e-type=\"widget\" data-widget_type=\"heading.default\">\n\t\t\t\t<div class=\"elementor-widget-container\">\n\t\t\t\t\t<h2 class=\"elementor-heading-title elementor-size-default\"><a href=\"https:\/\/www.ivo.es\/val\/complex-hospitalari-i-unitats\/unitat-de-radioterapia-de-conca\/\">Unitat de Radioter\u00e0pia<\/a><\/h2>\t\t\t\t<\/div>\n\t\t\t\t<\/div>\n\t\t\t\t\t<\/div>\n\t\t<\/div>\n\t\t\t\t\t<\/div>\n\t\t<\/section>\n\t\t\t\t\t<\/div>\n\t\t<\/div>\n\t\t\t\t\t<\/div>\n\t\t<\/section>\n\t\t\t\t\t<\/div>\n\t\t<\/div>\n\t\t\t\t\t<\/div>\n\t\t<\/section>\n\t\t\t\t<\/div>\n\t\t\t\t<\/div>\n\t\t\t\t\t\t<\/div>\n\t\t\t\t<\/div>\n\t\t\t\t\t<\/div>\n\t\t<\/div>\n\t\t\t\t\t<\/div>\n\t\t<\/section>\n\t\t\t\t<\/div>\n\t\t\t\t<\/div>\n\t\t\t\t\t\t<\/div>\n\t\t\t\t<\/div>\n\t\t\t\t\t<\/div>\n\t\t<\/div>\n\t\t\t\t\t<\/div>\n\t\t<\/section>\n\t\t\t\t<\/div>\n\t\t","protected":false},"excerpt":{"rendered":"<p>Vull ser pacient Sol\u00b7liciteu ser tractat en el centre oncol\u00f2gic de refer\u00e8ncia de la Comunitat Valenciana Con\u00e9ixer m\u00e9s Ja soc pacient Informaci\u00f3 \u00fatil i acc\u00e9s al Portal del Pacient per a gestionar cites i informes Con\u00e9ixer m\u00e9s Unitats de Diagn\u00f2stic Preco\u00e7 del IVO Sol\u00b7liciteu ser tractat en el centre oncol\u00f2gic de refer\u00e8ncia de la Comunitat [&hellip;]<\/p>\n","protected":false},"author":1,"featured_media":30013,"parent":0,"menu_order":0,"comment_status":"closed","ping_status":"closed","template":"","meta":{"_acf_changed":false,"om_disable_all_campaigns":false,"footnotes":""},"class_list":["post-31870","page","type-page","status-publish","has-post-thumbnail","hentry"],"acf":[],"aioseo_notices":[],"_links":{"self":[{"href":"https:\/\/www.ivo.es\/val\/wp-json\/wp\/v2\/pages\/31870","targetHints":{"allow":["GET"]}}],"collection":[{"href":"https:\/\/www.ivo.es\/val\/wp-json\/wp\/v2\/pages"}],"about":[{"href":"https:\/\/www.ivo.es\/val\/wp-json\/wp\/v2\/types\/page"}],"author":[{"embeddable":true,"href":"https:\/\/www.ivo.es\/val\/wp-json\/wp\/v2\/users\/1"}],"replies":[{"embeddable":true,"href":"https:\/\/www.ivo.es\/val\/wp-json\/wp\/v2\/comments?post=31870"}],"version-history":[{"count":5,"href":"https:\/\/www.ivo.es\/val\/wp-json\/wp\/v2\/pages\/31870\/revisions"}],"predecessor-version":[{"id":32961,"href":"https:\/\/www.ivo.es\/val\/wp-json\/wp\/v2\/pages\/31870\/revisions\/32961"}],"wp:featuredmedia":[{"embeddable":true,"href":"https:\/\/www.ivo.es\/val\/wp-json\/wp\/v2\/media\/30013"}],"wp:attachment":[{"href":"https:\/\/www.ivo.es\/val\/wp-json\/wp\/v2\/media?parent=31870"}],"curies":[{"name":"wp","href":"https:\/\/api.w.org\/{rel}","templated":true}]}}