{"id":31440,"date":"2022-04-28T08:31:23","date_gmt":"2022-04-28T06:31:23","guid":{"rendered":"https:\/\/www.ivo.es\/complex-hospitalari-i-unitats\/unitats-de-diagnostic-precoc-ivo-a-valencia\/"},"modified":"2024-09-02T12:19:22","modified_gmt":"2024-09-02T10:19:22","slug":"unitats-de-diagnostic-precoc-ivo-a-valencia","status":"publish","type":"page","link":"https:\/\/www.ivo.es\/val\/complex-hospitalari-i-unitats\/unitats-de-diagnostic-precoc-ivo-a-valencia\/","title":{"rendered":"Unitats de Diagn\u00f2stic Preco\u00e7 IVO a Val\u00e8ncia"},"content":{"rendered":"\t\t<div data-elementor-type=\"wp-page\" data-elementor-id=\"31440\" class=\"elementor elementor-31440 elementor-22628\" data-elementor-post-type=\"page\">\n\t\t\t\t\t\t<section data-particle_enable=\"false\" data-particle-mobile-disabled=\"false\" class=\"elementor-section elementor-top-section elementor-element elementor-element-10c9cf9 elementor-section-boxed elementor-section-height-default elementor-section-height-default\" data-id=\"10c9cf9\" data-element_type=\"section\" data-e-type=\"section\">\n\t\t\t\t\t\t<div class=\"elementor-container elementor-column-gap-extended\">\n\t\t\t\t\t<div class=\"elementor-column elementor-col-66 elementor-top-column elementor-element elementor-element-99d4b84\" data-id=\"99d4b84\" data-element_type=\"column\" data-e-type=\"column\">\n\t\t\t<div class=\"elementor-widget-wrap elementor-element-populated\">\n\t\t\t\t\t\t<section data-particle_enable=\"false\" data-particle-mobile-disabled=\"false\" class=\"elementor-section elementor-inner-section elementor-element elementor-element-31c7257 elementor-section-boxed elementor-section-height-default elementor-section-height-default\" data-id=\"31c7257\" data-element_type=\"section\" data-e-type=\"section\">\n\t\t\t\t\t\t<div class=\"elementor-container elementor-column-gap-default\">\n\t\t\t\t\t<div class=\"elementor-column elementor-col-100 elementor-inner-column elementor-element elementor-element-809daac\" data-id=\"809daac\" data-element_type=\"column\" data-e-type=\"column\">\n\t\t\t<div class=\"elementor-widget-wrap elementor-element-populated\">\n\t\t\t\t\t\t<div class=\"elementor-element elementor-element-a8ef867 elementor-widget elementor-widget-heading\" data-id=\"a8ef867\" data-element_type=\"widget\" data-e-type=\"widget\" data-widget_type=\"heading.default\">\n\t\t\t\t<div class=\"elementor-widget-container\">\n\t\t\t\t\t<h4 class=\"elementor-heading-title elementor-size-default\">VAL\u00c8NCIA<br>Unitats de Diagn\u00f2stic Preco\u00e7 IVO<\/h4>\t\t\t\t<\/div>\n\t\t\t\t<\/div>\n\t\t\t\t<div class=\"elementor-element elementor-element-128d0c7 elementor-widget elementor-widget-heading\" data-id=\"128d0c7\" data-element_type=\"widget\" data-e-type=\"widget\" data-widget_type=\"heading.default\">\n\t\t\t\t<div class=\"elementor-widget-container\">\n\t\t\t\t\t<h4 class=\"elementor-heading-title elementor-size-default\">Les Unitats de Detecci\u00f3 Preco\u00e7 tenen per objectiu detectar el c\u00e0ncer en el seu moment inicial, com a estrat\u00e8gia per al control de la seua evoluci\u00f3 i tractament.<br><br>L\u2019Institut Valenci\u00e0 d\u2019Oncologia t\u00e9 dos unitats especialitzades ubicades a Val\u00e8ncia, una en el carrer de l\u2019Estrela i l'altra en el carrer Profesor Beltr\u00e1n B\u00e1guena:<\/h4>\t\t\t\t<\/div>\n\t\t\t\t<\/div>\n\t\t\t\t<div class=\"elementor-element elementor-element-01af973 elementor-widget elementor-widget-heading\" data-id=\"01af973\" data-element_type=\"widget\" data-e-type=\"widget\" data-widget_type=\"heading.default\">\n\t\t\t\t<div class=\"elementor-widget-container\">\n\t\t\t\t\t<h4 class=\"elementor-heading-title elementor-size-default\">Unitat de Detecci\u00f3 Preco\u00e7 IELCAP per al Diagn\u00f2stic Preco\u00e7 de C\u00e0ncer de Pulm\u00f3 Asimptom\u00e0tic<\/h4>\t\t\t\t<\/div>\n\t\t\t\t<\/div>\n\t\t\t\t<div class=\"elementor-element elementor-element-26530f4 elementor-widget elementor-widget-heading\" data-id=\"26530f4\" data-element_type=\"widget\" data-e-type=\"widget\" data-widget_type=\"heading.default\">\n\t\t\t\t<div class=\"elementor-widget-container\">\n\t\t\t\t\t<h4 class=\"elementor-heading-title elementor-size-default\"><b>Direcci\u00f3<\/b><br>C\/ Profesor Beltr\u00e1n B\u00e1guena, 8 | <br>46009 Val\u00e8ncia<\/h4>\t\t\t\t<\/div>\n\t\t\t\t<\/div>\n\t\t\t\t<div class=\"elementor-element elementor-element-2a32f45 elementor-icon-list--layout-inline elementor-list-item-link-full_width elementor-widget elementor-widget-icon-list\" data-id=\"2a32f45\" data-element_type=\"widget\" data-e-type=\"widget\" data-widget_type=\"icon-list.default\">\n\t\t\t\t<div class=\"elementor-widget-container\">\n\t\t\t\t\t\t\t<ul class=\"elementor-icon-list-items elementor-inline-items\">\n\t\t\t\t\t\t\t<li class=\"elementor-icon-list-item elementor-inline-item\">\n\t\t\t\t\t\t\t\t\t\t\t<span class=\"elementor-icon-list-icon\">\n\t\t\t\t\t\t\t<i aria-hidden=\"true\" class=\"fas fa-phone-alt\"><\/i>\t\t\t\t\t\t<\/span>\n\t\t\t\t\t\t\t\t\t\t<span class=\"elementor-icon-list-text\">Diagn\u00f2stic Preco\u00e7 de C\u00e0ncer de Pulm\u00f3: 96 380 93 00 | 96 111 41 34<\/span>\n\t\t\t\t\t\t\t\t\t<\/li>\n\t\t\t\t\t\t<\/ul>\n\t\t\t\t\t\t<\/div>\n\t\t\t\t<\/div>\n\t\t\t\t<div class=\"elementor-element elementor-element-8216a18 elementor-widget elementor-widget-spacer\" data-id=\"8216a18\" data-element_type=\"widget\" data-e-type=\"widget\" data-widget_type=\"spacer.default\">\n\t\t\t\t<div class=\"elementor-widget-container\">\n\t\t\t\t\t\t\t<div class=\"elementor-spacer\">\n\t\t\t<div class=\"elementor-spacer-inner\"><\/div>\n\t\t<\/div>\n\t\t\t\t\t\t<\/div>\n\t\t\t\t<\/div>\n\t\t\t\t<div class=\"elementor-element elementor-element-cb127c9 elementor-widget elementor-widget-heading\" data-id=\"cb127c9\" data-element_type=\"widget\" data-e-type=\"widget\" data-widget_type=\"heading.default\">\n\t\t\t\t<div class=\"elementor-widget-container\">\n\t\t\t\t\t<h4 class=\"elementor-heading-title elementor-size-default\">Unitat de Detecci\u00f3 Preco\u00e7 II Marqu\u00e9s del T\u00faria per al Diagn\u00f2stic de C\u00e0ncer de Mama, C\u00e8rvix i Pr\u00f2stata<\/h4>\t\t\t\t<\/div>\n\t\t\t\t<\/div>\n\t\t\t\t<div class=\"elementor-element elementor-element-8b22732 elementor-widget elementor-widget-heading\" data-id=\"8b22732\" data-element_type=\"widget\" data-e-type=\"widget\" data-widget_type=\"heading.default\">\n\t\t\t\t<div class=\"elementor-widget-container\">\n\t\t\t\t\t<h4 class=\"elementor-heading-title elementor-size-default\"><b>Direcci\u00f3<\/b><br>C\/ Estrella 3, bajo | 46007 Val\u00e8ncia<\/h4>\t\t\t\t<\/div>\n\t\t\t\t<\/div>\n\t\t\t\t<div class=\"elementor-element elementor-element-ffcbc35 elementor-widget elementor-widget-heading\" data-id=\"ffcbc35\" data-element_type=\"widget\" data-e-type=\"widget\" data-widget_type=\"heading.default\">\n\t\t\t\t<div class=\"elementor-widget-container\">\n\t\t\t\t\t<h4 class=\"elementor-heading-title elementor-size-default\">Tel\u00e8fon Mama i C\u00e8rvix<\/h4>\t\t\t\t<\/div>\n\t\t\t\t<\/div>\n\t\t\t\t<div class=\"elementor-element elementor-element-2c8f772 elementor-icon-list--layout-traditional elementor-list-item-link-full_width elementor-widget elementor-widget-icon-list\" data-id=\"2c8f772\" data-element_type=\"widget\" data-e-type=\"widget\" data-widget_type=\"icon-list.default\">\n\t\t\t\t<div class=\"elementor-widget-container\">\n\t\t\t\t\t\t\t<ul class=\"elementor-icon-list-items\">\n\t\t\t\t\t\t\t<li class=\"elementor-icon-list-item\">\n\t\t\t\t\t\t\t\t\t\t\t<span class=\"elementor-icon-list-icon\">\n\t\t\t\t\t\t\t<i aria-hidden=\"true\" class=\"fas fa-phone-alt\"><\/i>\t\t\t\t\t\t<\/span>\n\t\t\t\t\t\t\t\t\t\t<span class=\"elementor-icon-list-text\">96 342 37 36<\/span>\n\t\t\t\t\t\t\t\t\t<\/li>\n\t\t\t\t\t\t\t\t<li class=\"elementor-icon-list-item\">\n\t\t\t\t\t\t\t\t\t\t\t<span class=\"elementor-icon-list-icon\">\n\t\t\t\t\t\t\t<i aria-hidden=\"true\" class=\"fas fa-phone-alt\"><\/i>\t\t\t\t\t\t<\/span>\n\t\t\t\t\t\t\t\t\t\t<span class=\"elementor-icon-list-text\">96 341 08 30<\/span>\n\t\t\t\t\t\t\t\t\t<\/li>\n\t\t\t\t\t\t\t\t<li class=\"elementor-icon-list-item\">\n\t\t\t\t\t\t\t\t\t\t\t<span class=\"elementor-icon-list-icon\">\n\t\t\t\t\t\t\t<i aria-hidden=\"true\" class=\"fas fa-phone-alt\"><\/i>\t\t\t\t\t\t<\/span>\n\t\t\t\t\t\t\t\t\t\t<span class=\"elementor-icon-list-text\">96 380 76 56<\/span>\n\t\t\t\t\t\t\t\t\t<\/li>\n\t\t\t\t\t\t<\/ul>\n\t\t\t\t\t\t<\/div>\n\t\t\t\t<\/div>\n\t\t\t\t<div class=\"elementor-element elementor-element-923a12a elementor-widget elementor-widget-heading\" data-id=\"923a12a\" data-element_type=\"widget\" data-e-type=\"widget\" data-widget_type=\"heading.default\">\n\t\t\t\t<div class=\"elementor-widget-container\">\n\t\t\t\t\t<h4 class=\"elementor-heading-title elementor-size-default\">Tel\u00e8fon Pr\u00f2stata<\/h4>\t\t\t\t<\/div>\n\t\t\t\t<\/div>\n\t\t\t\t<div class=\"elementor-element elementor-element-2859877 elementor-icon-list--layout-traditional elementor-list-item-link-full_width elementor-widget elementor-widget-icon-list\" data-id=\"2859877\" data-element_type=\"widget\" data-e-type=\"widget\" data-widget_type=\"icon-list.default\">\n\t\t\t\t<div class=\"elementor-widget-container\">\n\t\t\t\t\t\t\t<ul class=\"elementor-icon-list-items\">\n\t\t\t\t\t\t\t<li class=\"elementor-icon-list-item\">\n\t\t\t\t\t\t\t\t\t\t\t<span class=\"elementor-icon-list-icon\">\n\t\t\t\t\t\t\t<i aria-hidden=\"true\" class=\"fas fa-phone-alt\"><\/i>\t\t\t\t\t\t<\/span>\n\t\t\t\t\t\t\t\t\t\t<span class=\"elementor-icon-list-text\">96 111 40 90<\/span>\n\t\t\t\t\t\t\t\t\t<\/li>\n\t\t\t\t\t\t\t\t<li class=\"elementor-icon-list-item\">\n\t\t\t\t\t\t\t\t\t\t\t<span class=\"elementor-icon-list-icon\">\n\t\t\t\t\t\t\t<i aria-hidden=\"true\" class=\"fas fa-phone-alt\"><\/i>\t\t\t\t\t\t<\/span>\n\t\t\t\t\t\t\t\t\t\t<span class=\"elementor-icon-list-text\">96 111 41 34<\/span>\n\t\t\t\t\t\t\t\t\t<\/li>\n\t\t\t\t\t\t<\/ul>\n\t\t\t\t\t\t<\/div>\n\t\t\t\t<\/div>\n\t\t\t\t<div class=\"elementor-element elementor-element-468f4af elementor-icon-list--layout-inline elementor-list-item-link-full_width elementor-widget elementor-widget-icon-list\" data-id=\"468f4af\" data-element_type=\"widget\" data-e-type=\"widget\" data-widget_type=\"icon-list.default\">\n\t\t\t\t<div class=\"elementor-widget-container\">\n\t\t\t\t\t\t\t<ul class=\"elementor-icon-list-items elementor-inline-items\">\n\t\t\t\t\t\t\t<li class=\"elementor-icon-list-item elementor-inline-item\">\n\t\t\t\t\t\t\t\t\t\t<span class=\"elementor-icon-list-text\">*Per a demanar cita: de dilluns a dimecres de 15,00 h a 19,00h en el telefono 96 110 46 05<\/span>\n\t\t\t\t\t\t\t\t\t<\/li>\n\t\t\t\t\t\t<\/ul>\n\t\t\t\t\t\t<\/div>\n\t\t\t\t<\/div>\n\t\t\t\t\t<\/div>\n\t\t<\/div>\n\t\t\t\t\t<\/div>\n\t\t<\/section>\n\t\t\t\t\t<\/div>\n\t\t<\/div>\n\t\t\t\t<div class=\"elementor-column elementor-col-33 elementor-top-column elementor-element elementor-element-eb85e9e\" data-id=\"eb85e9e\" data-element_type=\"column\" data-e-type=\"column\" data-settings=\"{&quot;background_background&quot;:&quot;classic&quot;}\">\n\t\t\t<div class=\"elementor-widget-wrap elementor-element-populated\">\n\t\t\t\t\t\t<div class=\"elementor-element elementor-element-900eaa6 elementor-widget elementor-widget-image\" data-id=\"900eaa6\" data-element_type=\"widget\" data-e-type=\"widget\" data-widget_type=\"image.default\">\n\t\t\t\t<div class=\"elementor-widget-container\">\n\t\t\t\t\t\t\t\t\t\t\t\t\t\t\t<img fetchpriority=\"high\" decoding=\"async\" width=\"1000\" height=\"667\" src=\"https:\/\/www.ivo.es\/wp-content\/uploads\/2024\/09\/1000px_Unidad_diagnostico_precoz-008.jpg\" class=\"attachment-fullwidth size-fullwidth wp-image-39085\" alt=\"\" srcset=\"https:\/\/www.ivo.es\/wp-content\/uploads\/2024\/09\/1000px_Unidad_diagnostico_precoz-008.jpg 1000w, https:\/\/www.ivo.es\/wp-content\/uploads\/2024\/09\/1000px_Unidad_diagnostico_precoz-008-300x200.jpg 300w, https:\/\/www.ivo.es\/wp-content\/uploads\/2024\/09\/1000px_Unidad_diagnostico_precoz-008-768x512.jpg 768w\" sizes=\"(max-width: 1000px) 100vw, 1000px\" \/>\t\t\t\t\t\t\t\t\t\t\t\t\t\t\t<\/div>\n\t\t\t\t<\/div>\n\t\t\t\t<div class=\"elementor-element elementor-element-023ed8f elementor-widget elementor-widget-google_maps\" data-id=\"023ed8f\" data-element_type=\"widget\" data-e-type=\"widget\" data-widget_type=\"google_maps.default\">\n\t\t\t\t<div class=\"elementor-widget-container\">\n\t\t\t\t\t\t\t<div class=\"elementor-custom-embed\">\n\t\t\t<iframe loading=\"lazy\"\n\t\t\t\t\tsrc=\"https:\/\/maps.google.com\/maps?q=Unidad%20de%20diagn%C3%B3stico%20precoz%20IVO%20c%C3%A1ncer%20de%20mama%2C%20c%C3%A9rvix%20y%20pr%C3%B3stata&#038;t=m&#038;z=16&#038;output=embed&#038;iwloc=near\"\n\t\t\t\t\ttitle=\"Unidad de diagn\u00f3stico precoz IVO c\u00e1ncer de mama, c\u00e9rvix y pr\u00f3stata\"\n\t\t\t\t\taria-label=\"Unidad de diagn\u00f3stico precoz IVO c\u00e1ncer de mama, c\u00e9rvix y pr\u00f3stata\"\n\t\t\t><\/iframe>\n\t\t<\/div>\n\t\t\t\t\t\t<\/div>\n\t\t\t\t<\/div>\n\t\t\t\t<div class=\"elementor-element elementor-element-d49f45e elementor-widget elementor-widget-google_maps\" data-id=\"d49f45e\" data-element_type=\"widget\" data-e-type=\"widget\" data-widget_type=\"google_maps.default\">\n\t\t\t\t<div class=\"elementor-widget-container\">\n\t\t\t\t\t\t\t<div class=\"elementor-custom-embed\">\n\t\t\t<iframe loading=\"lazy\"\n\t\t\t\t\tsrc=\"https:\/\/maps.google.com\/maps?q=instituto%20valenciano%20de%20oncolog%C3%ADa&#038;t=m&#038;z=16&#038;output=embed&#038;iwloc=near\"\n\t\t\t\t\ttitle=\"instituto valenciano de oncolog\u00eda\"\n\t\t\t\t\taria-label=\"instituto valenciano de oncolog\u00eda\"\n\t\t\t><\/iframe>\n\t\t<\/div>\n\t\t\t\t\t\t<\/div>\n\t\t\t\t<\/div>\n\t\t\t\t\t<\/div>\n\t\t<\/div>\n\t\t\t\t\t<\/div>\n\t\t<\/section>\n\t\t\t\t<section data-particle_enable=\"false\" data-particle-mobile-disabled=\"false\" class=\"elementor-section elementor-top-section elementor-element elementor-element-f6bba10 elementor-section-full_width elementor-section-height-default elementor-section-height-default\" data-id=\"f6bba10\" data-element_type=\"section\" data-e-type=\"section\">\n\t\t\t\t\t\t<div class=\"elementor-container elementor-column-gap-default\">\n\t\t\t\t\t<div class=\"elementor-column elementor-col-100 elementor-top-column elementor-element elementor-element-c0ee71c\" data-id=\"c0ee71c\" data-element_type=\"column\" data-e-type=\"column\">\n\t\t\t<div class=\"elementor-widget-wrap elementor-element-populated\">\n\t\t\t\t\t\t<div class=\"elementor-element elementor-element-23b8a58 elementor-widget elementor-widget-template\" data-id=\"23b8a58\" data-element_type=\"widget\" data-e-type=\"widget\" data-widget_type=\"template.default\">\n\t\t\t\t<div class=\"elementor-widget-container\">\n\t\t\t\t\t\t\t<div class=\"elementor-template\">\n\t\t\t\t\t<div data-elementor-type=\"section\" data-elementor-id=\"31278\" class=\"elementor elementor-31278 elementor-27557 elementor-27557\" data-elementor-post-type=\"elementor_library\">\n\t\t\t\t\t<section data-particle_enable=\"false\" data-particle-mobile-disabled=\"false\" class=\"elementor-section elementor-top-section elementor-element elementor-element-472f04d9 elementor-section-full_width elementor-section-stretched elementor-section-height-default elementor-section-height-default\" data-id=\"472f04d9\" data-element_type=\"section\" data-e-type=\"section\" data-settings=\"{&quot;stretch_section&quot;:&quot;section-stretched&quot;}\">\n\t\t\t\t\t\t<div class=\"elementor-container elementor-column-gap-default\">\n\t\t\t\t\t<div class=\"elementor-column elementor-col-100 elementor-top-column elementor-element elementor-element-6d356896\" data-id=\"6d356896\" data-element_type=\"column\" data-e-type=\"column\">\n\t\t\t<div class=\"elementor-widget-wrap elementor-element-populated\">\n\t\t\t\t\t\t<div class=\"elementor-element elementor-element-4fcaf70c elementor-widget elementor-widget-template\" data-id=\"4fcaf70c\" data-element_type=\"widget\" data-e-type=\"widget\" data-widget_type=\"template.default\">\n\t\t\t\t<div class=\"elementor-widget-container\">\n\t\t\t\t\t\t\t<div class=\"elementor-template\">\n\t\t\t\t\t<div data-elementor-type=\"section\" data-elementor-id=\"32950\" class=\"elementor elementor-32950 elementor-25296 elementor-25296 elementor-25296\" data-elementor-post-type=\"elementor_library\">\n\t\t\t\t\t<section data-particle_enable=\"false\" data-particle-mobile-disabled=\"false\" class=\"elementor-section elementor-top-section elementor-element elementor-element-440200ec elementor-section-full_width elementor-section-stretched elementor-section-height-default elementor-section-height-default\" data-id=\"440200ec\" data-element_type=\"section\" data-e-type=\"section\" id=\"mapa\" data-settings=\"{&quot;stretch_section&quot;:&quot;section-stretched&quot;}\">\n\t\t\t\t\t\t<div class=\"elementor-container elementor-column-gap-default\">\n\t\t\t\t\t<div class=\"elementor-column elementor-col-100 elementor-top-column elementor-element elementor-element-5bc53976\" data-id=\"5bc53976\" data-element_type=\"column\" data-e-type=\"column\">\n\t\t\t<div class=\"elementor-widget-wrap elementor-element-populated\">\n\t\t\t\t\t\t<div class=\"elementor-element elementor-element-4ee6558e elementor-widget elementor-widget-heading\" data-id=\"4ee6558e\" data-element_type=\"widget\" data-e-type=\"widget\" data-widget_type=\"heading.default\">\n\t\t\t\t<div class=\"elementor-widget-container\">\n\t\t\t\t\t<h2 class=\"elementor-heading-title elementor-size-default\">Complex Hospitalari Valencia<\/h2>\t\t\t\t<\/div>\n\t\t\t\t<\/div>\n\t\t\t\t<div class=\"elementor-element elementor-element-236b2b26 elementor-widget elementor-widget-hotspot\" data-id=\"236b2b26\" data-element_type=\"widget\" data-e-type=\"widget\" data-settings=\"{&quot;hotspot&quot;:[{&quot;_id&quot;:&quot;6249f01&quot;,&quot;hotspot_label&quot;:&quot;D&quot;,&quot;hotspot_custom_size&quot;:&quot;&quot;,&quot;hotspot_width&quot;:null,&quot;hotspot_tooltip_content&quot;:&quot;Nou Edifici&quot;,&quot;hotspot_offset_x&quot;:{&quot;unit&quot;:&quot;%&quot;,&quot;size&quot;:13,&quot;sizes&quot;:[]},&quot;hotspot_link&quot;:{&quot;url&quot;:&quot;https:\\\/\\\/www.ivo.es\\\/val\\\/complex-hospitalari-i-unitats\\\/nou-edifici\\\/&quot;,&quot;is_external&quot;:&quot;&quot;,&quot;nofollow&quot;:&quot;&quot;,&quot;custom_attributes&quot;:&quot;&quot;},&quot;index&quot;:0,&quot;__dynamic__&quot;:null,&quot;hotspot_icon&quot;:{&quot;value&quot;:&quot;&quot;,&quot;library&quot;:&quot;&quot;},&quot;hotspot_horizontal&quot;:&quot;left&quot;,&quot;hotspot_vertical&quot;:&quot;top&quot;,&quot;hotspot_tooltip_position&quot;:&quot;no&quot;,&quot;hotspot_position&quot;:null,&quot;hotspot_position_tablet&quot;:null,&quot;hotspot_position_mobile&quot;:null,&quot;hotspot_icon_position&quot;:null,&quot;hotspot_icon_spacing&quot;:null,&quot;hotspot_height&quot;:null,&quot;hotspot_offset_x_tablet&quot;:{&quot;unit&quot;:&quot;px&quot;,&quot;size&quot;:&quot;&quot;,&quot;sizes&quot;:[]},&quot;hotspot_offset_x_mobile&quot;:{&quot;unit&quot;:&quot;px&quot;,&quot;size&quot;:&quot;&quot;,&quot;sizes&quot;:[]},&quot;hotspot_offset_y&quot;:{&quot;unit&quot;:&quot;%&quot;,&quot;size&quot;:50,&quot;sizes&quot;:[]},&quot;hotspot_offset_y_tablet&quot;:{&quot;unit&quot;:&quot;px&quot;,&quot;size&quot;:&quot;&quot;,&quot;sizes&quot;:[]},&quot;hotspot_offset_y_mobile&quot;:{&quot;unit&quot;:&quot;px&quot;,&quot;size&quot;:&quot;&quot;,&quot;sizes&quot;:[]},&quot;hotspot_tooltip_width&quot;:null,&quot;hotspot_tooltip_width_tablet&quot;:null,&quot;hotspot_tooltip_width_mobile&quot;:null,&quot;hotspot_tooltip_text_wrap&quot;:null},{&quot;hotspot_label&quot;:&quot;C&quot;,&quot;hotspot_custom_size&quot;:&quot;&quot;,&quot;hotspot_width&quot;:null,&quot;hotspot_tooltip_content&quot;:&quot;Edifici Consultes Externes&quot;,&quot;hotspot_offset_x&quot;:{&quot;unit&quot;:&quot;%&quot;,&quot;size&quot;:42,&quot;sizes&quot;:[]},&quot;_id&quot;:&quot;d22ee82&quot;,&quot;hotspot_link&quot;:{&quot;url&quot;:&quot;https:\\\/\\\/www.ivo.es\\\/val\\\/complex-hospitalari-i-unitats\\\/edifici-consultes-externes\\\/&quot;,&quot;is_external&quot;:&quot;&quot;,&quot;nofollow&quot;:&quot;&quot;,&quot;custom_attributes&quot;:&quot;&quot;},&quot;index&quot;:1,&quot;__dynamic__&quot;:null,&quot;hotspot_icon&quot;:{&quot;value&quot;:&quot;&quot;,&quot;library&quot;:&quot;&quot;},&quot;hotspot_horizontal&quot;:&quot;left&quot;,&quot;hotspot_vertical&quot;:&quot;top&quot;,&quot;hotspot_tooltip_position&quot;:&quot;no&quot;,&quot;hotspot_position&quot;:null,&quot;hotspot_position_tablet&quot;:null,&quot;hotspot_position_mobile&quot;:null,&quot;hotspot_icon_position&quot;:null,&quot;hotspot_icon_spacing&quot;:null,&quot;hotspot_height&quot;:null,&quot;hotspot_offset_x_tablet&quot;:{&quot;unit&quot;:&quot;px&quot;,&quot;size&quot;:&quot;&quot;,&quot;sizes&quot;:[]},&quot;hotspot_offset_x_mobile&quot;:{&quot;unit&quot;:&quot;px&quot;,&quot;size&quot;:&quot;&quot;,&quot;sizes&quot;:[]},&quot;hotspot_offset_y&quot;:{&quot;unit&quot;:&quot;%&quot;,&quot;size&quot;:50,&quot;sizes&quot;:[]},&quot;hotspot_offset_y_tablet&quot;:{&quot;unit&quot;:&quot;px&quot;,&quot;size&quot;:&quot;&quot;,&quot;sizes&quot;:[]},&quot;hotspot_offset_y_mobile&quot;:{&quot;unit&quot;:&quot;px&quot;,&quot;size&quot;:&quot;&quot;,&quot;sizes&quot;:[]},&quot;hotspot_tooltip_width&quot;:null,&quot;hotspot_tooltip_width_tablet&quot;:null,&quot;hotspot_tooltip_width_mobile&quot;:null,&quot;hotspot_tooltip_text_wrap&quot;:null},{&quot;hotspot_label&quot;:&quot;E&quot;,&quot;hotspot_icon_spacing&quot;:null,&quot;hotspot_custom_size&quot;:&quot;&quot;,&quot;hotspot_width&quot;:null,&quot;hotspot_tooltip_content&quot;:&quot;Edifici Trade Center&quot;,&quot;hotspot_offset_x&quot;:{&quot;unit&quot;:&quot;%&quot;,&quot;size&quot;:52,&quot;sizes&quot;:[]},&quot;hotspot_offset_y&quot;:{&quot;unit&quot;:&quot;%&quot;,&quot;size&quot;:37,&quot;sizes&quot;:[]},&quot;_id&quot;:&quot;a157cd0&quot;,&quot;hotspot_link&quot;:{&quot;url&quot;:&quot;https:\\\/\\\/www.ivo.es\\\/val\\\/complex-hospitalari-i-unitats\\\/edifici-trade-center\\\/&quot;,&quot;is_external&quot;:&quot;&quot;,&quot;nofollow&quot;:&quot;&quot;,&quot;custom_attributes&quot;:&quot;&quot;},&quot;index&quot;:2,&quot;__dynamic__&quot;:null,&quot;hotspot_icon&quot;:{&quot;value&quot;:&quot;&quot;,&quot;library&quot;:&quot;&quot;},&quot;hotspot_horizontal&quot;:&quot;left&quot;,&quot;hotspot_vertical&quot;:&quot;top&quot;,&quot;hotspot_tooltip_position&quot;:&quot;no&quot;,&quot;hotspot_position&quot;:null,&quot;hotspot_position_tablet&quot;:null,&quot;hotspot_position_mobile&quot;:null,&quot;hotspot_icon_position&quot;:null,&quot;hotspot_height&quot;:null,&quot;hotspot_offset_x_tablet&quot;:{&quot;unit&quot;:&quot;px&quot;,&quot;size&quot;:&quot;&quot;,&quot;sizes&quot;:[]},&quot;hotspot_offset_x_mobile&quot;:{&quot;unit&quot;:&quot;px&quot;,&quot;size&quot;:&quot;&quot;,&quot;sizes&quot;:[]},&quot;hotspot_offset_y_tablet&quot;:{&quot;unit&quot;:&quot;px&quot;,&quot;size&quot;:&quot;&quot;,&quot;sizes&quot;:[]},&quot;hotspot_offset_y_mobile&quot;:{&quot;unit&quot;:&quot;px&quot;,&quot;size&quot;:&quot;&quot;,&quot;sizes&quot;:[]},&quot;hotspot_tooltip_width&quot;:null,&quot;hotspot_tooltip_width_tablet&quot;:null,&quot;hotspot_tooltip_width_mobile&quot;:null,&quot;hotspot_tooltip_text_wrap&quot;:null},{&quot;hotspot_label&quot;:&quot;B&quot;,&quot;hotspot_icon_spacing&quot;:null,&quot;hotspot_custom_size&quot;:&quot;&quot;,&quot;hotspot_width&quot;:null,&quot;hotspot_tooltip_content&quot;:&quot;Edifici Jos\\u00e9 Sim\\u00f3&quot;,&quot;hotspot_offset_x&quot;:{&quot;unit&quot;:&quot;%&quot;,&quot;size&quot;:69,&quot;sizes&quot;:[]},&quot;hotspot_offset_y&quot;:{&quot;unit&quot;:&quot;%&quot;,&quot;size&quot;:50,&quot;sizes&quot;:[]},&quot;_id&quot;:&quot;47f8bc2&quot;,&quot;hotspot_link&quot;:{&quot;url&quot;:&quot;https:\\\/\\\/www.ivo.es\\\/val\\\/complex-hospitalari-i-unitats\\\/edifici-jose-simo\\\/&quot;,&quot;is_external&quot;:&quot;&quot;,&quot;nofollow&quot;:&quot;&quot;,&quot;custom_attributes&quot;:&quot;&quot;},&quot;index&quot;:3,&quot;__dynamic__&quot;:null,&quot;hotspot_icon&quot;:{&quot;value&quot;:&quot;&quot;,&quot;library&quot;:&quot;&quot;},&quot;hotspot_horizontal&quot;:&quot;left&quot;,&quot;hotspot_vertical&quot;:&quot;top&quot;,&quot;hotspot_tooltip_position&quot;:&quot;no&quot;,&quot;hotspot_position&quot;:null,&quot;hotspot_position_tablet&quot;:null,&quot;hotspot_position_mobile&quot;:null,&quot;hotspot_icon_position&quot;:null,&quot;hotspot_height&quot;:null,&quot;hotspot_offset_x_tablet&quot;:{&quot;unit&quot;:&quot;px&quot;,&quot;size&quot;:&quot;&quot;,&quot;sizes&quot;:[]},&quot;hotspot_offset_x_mobile&quot;:{&quot;unit&quot;:&quot;px&quot;,&quot;size&quot;:&quot;&quot;,&quot;sizes&quot;:[]},&quot;hotspot_offset_y_tablet&quot;:{&quot;unit&quot;:&quot;px&quot;,&quot;size&quot;:&quot;&quot;,&quot;sizes&quot;:[]},&quot;hotspot_offset_y_mobile&quot;:{&quot;unit&quot;:&quot;px&quot;,&quot;size&quot;:&quot;&quot;,&quot;sizes&quot;:[]},&quot;hotspot_tooltip_width&quot;:null,&quot;hotspot_tooltip_width_tablet&quot;:null,&quot;hotspot_tooltip_width_mobile&quot;:null,&quot;hotspot_tooltip_text_wrap&quot;:null},{&quot;hotspot_label&quot;:&quot;A&quot;,&quot;hotspot_icon_spacing&quot;:null,&quot;hotspot_custom_size&quot;:&quot;&quot;,&quot;hotspot_width&quot;:null,&quot;hotspot_tooltip_content&quot;:&quot;Edifici Antonio Llombart Rodr\\u00edguez&quot;,&quot;hotspot_offset_x&quot;:{&quot;unit&quot;:&quot;%&quot;,&quot;size&quot;:81,&quot;sizes&quot;:[]},&quot;hotspot_offset_y&quot;:{&quot;unit&quot;:&quot;%&quot;,&quot;size&quot;:77,&quot;sizes&quot;:[]},&quot;_id&quot;:&quot;e7b004f&quot;,&quot;hotspot_link&quot;:{&quot;url&quot;:&quot;https:\\\/\\\/www.ivo.es\\\/val\\\/complex-hospitalari-i-unitats\\\/edifici-antonio-llombart-rodriguez\\\/&quot;,&quot;is_external&quot;:&quot;&quot;,&quot;nofollow&quot;:&quot;&quot;,&quot;custom_attributes&quot;:&quot;&quot;},&quot;index&quot;:4,&quot;__dynamic__&quot;:null,&quot;hotspot_icon&quot;:{&quot;value&quot;:&quot;&quot;,&quot;library&quot;:&quot;&quot;},&quot;hotspot_horizontal&quot;:&quot;left&quot;,&quot;hotspot_vertical&quot;:&quot;top&quot;,&quot;hotspot_tooltip_position&quot;:&quot;no&quot;,&quot;hotspot_position&quot;:null,&quot;hotspot_position_tablet&quot;:null,&quot;hotspot_position_mobile&quot;:null,&quot;hotspot_icon_position&quot;:null,&quot;hotspot_height&quot;:null,&quot;hotspot_offset_x_tablet&quot;:{&quot;unit&quot;:&quot;px&quot;,&quot;size&quot;:&quot;&quot;,&quot;sizes&quot;:[]},&quot;hotspot_offset_x_mobile&quot;:{&quot;unit&quot;:&quot;px&quot;,&quot;size&quot;:&quot;&quot;,&quot;sizes&quot;:[]},&quot;hotspot_offset_y_tablet&quot;:{&quot;unit&quot;:&quot;px&quot;,&quot;size&quot;:&quot;&quot;,&quot;sizes&quot;:[]},&quot;hotspot_offset_y_mobile&quot;:{&quot;unit&quot;:&quot;px&quot;,&quot;size&quot;:&quot;&quot;,&quot;sizes&quot;:[]},&quot;hotspot_tooltip_width&quot;:null,&quot;hotspot_tooltip_width_tablet&quot;:null,&quot;hotspot_tooltip_width_mobile&quot;:null,&quot;hotspot_tooltip_text_wrap&quot;:null},{&quot;hotspot_icon_spacing&quot;:null,&quot;hotspot_custom_size&quot;:&quot;&quot;,&quot;hotspot_width&quot;:null,&quot;hotspot_height&quot;:null,&quot;hotspot_tooltip_content&quot;:&quot;Urg\\u00e8ncies&quot;,&quot;hotspot_offset_x&quot;:{&quot;unit&quot;:&quot;%&quot;,&quot;size&quot;:97,&quot;sizes&quot;:[]},&quot;hotspot_offset_y&quot;:{&quot;unit&quot;:&quot;%&quot;,&quot;size&quot;:77,&quot;sizes&quot;:[]},&quot;_id&quot;:&quot;2522710&quot;,&quot;hotspot_link&quot;:{&quot;url&quot;:&quot;https:\\\/\\\/www.ivo.es\\\/val\\\/complex-hospitalari-i-unitats\\\/edifici-antonio-llombart-rodriguez\\\/&quot;,&quot;is_external&quot;:&quot;&quot;,&quot;nofollow&quot;:&quot;&quot;,&quot;custom_attributes&quot;:&quot;&quot;},&quot;hotspot_icon&quot;:{&quot;value&quot;:&quot;fas fa-briefcase-medical&quot;,&quot;library&quot;:&quot;fa-solid&quot;},&quot;index&quot;:5,&quot;__dynamic__&quot;:null,&quot;hotspot_label&quot;:&quot;&quot;,&quot;hotspot_horizontal&quot;:&quot;left&quot;,&quot;hotspot_vertical&quot;:&quot;top&quot;,&quot;hotspot_tooltip_position&quot;:&quot;no&quot;,&quot;hotspot_position&quot;:null,&quot;hotspot_position_tablet&quot;:null,&quot;hotspot_position_mobile&quot;:null,&quot;hotspot_icon_position&quot;:null,&quot;hotspot_offset_x_tablet&quot;:{&quot;unit&quot;:&quot;px&quot;,&quot;size&quot;:&quot;&quot;,&quot;sizes&quot;:[]},&quot;hotspot_offset_x_mobile&quot;:{&quot;unit&quot;:&quot;px&quot;,&quot;size&quot;:&quot;&quot;,&quot;sizes&quot;:[]},&quot;hotspot_offset_y_tablet&quot;:{&quot;unit&quot;:&quot;px&quot;,&quot;size&quot;:&quot;&quot;,&quot;sizes&quot;:[]},&quot;hotspot_offset_y_mobile&quot;:{&quot;unit&quot;:&quot;px&quot;,&quot;size&quot;:&quot;&quot;,&quot;sizes&quot;:[]},&quot;hotspot_tooltip_width&quot;:null,&quot;hotspot_tooltip_width_tablet&quot;:null,&quot;hotspot_tooltip_width_mobile&quot;:null,&quot;hotspot_tooltip_text_wrap&quot;:null}],&quot;tooltip_position&quot;:&quot;bottom&quot;,&quot;tooltip_trigger&quot;:&quot;mouseenter&quot;,&quot;tooltip_animation&quot;:&quot;e-hotspot--fade-direction&quot;}\" data-widget_type=\"hotspot.default\">\n\t\t\t\t<div class=\"elementor-widget-container\">\n\t\t\t\t\t<img decoding=\"async\" width=\"1900\" height=\"580\" src=\"https:\/\/www.ivo.es\/wp-content\/uploads\/2022\/04\/map.jpg\" class=\"attachment-full size-full wp-image-407\" alt=\"Distribuci\u00f3n de los edificios en el completo hospitalario de IVO\" srcset=\"https:\/\/www.ivo.es\/wp-content\/uploads\/2022\/04\/map.jpg 1900w, https:\/\/www.ivo.es\/wp-content\/uploads\/2022\/04\/map-300x92.jpg 300w, https:\/\/www.ivo.es\/wp-content\/uploads\/2022\/04\/map-1024x313.jpg 1024w, https:\/\/www.ivo.es\/wp-content\/uploads\/2022\/04\/map-768x234.jpg 768w, https:\/\/www.ivo.es\/wp-content\/uploads\/2022\/04\/map-1536x469.jpg 1536w, https:\/\/www.ivo.es\/wp-content\/uploads\/2022\/04\/map-1200x366.jpg 1200w\" sizes=\"(max-width: 1900px) 100vw, 1900px\" \/>\n\t\t\t\t\t\t<a class=\"e-hotspot elementor-repeater-item-6249f01  e-hotspot--position-left e-hotspot--position-top e-hotspot--link \" href=\"https:\/\/www.ivo.es\/val\/complex-hospitalari-i-unitats\/nou-edifici\/\">\n\n\t\t\t\t\t\t\t\t<div class=\"e-hotspot__button e-hotspot--expand\">\n\t\t\t\t\t\t\t\t\t\t\t\t\t\t\t\t\t\t\t\t\t\t\t\t<div class=\"e-hotspot__label\">D<\/div>\n\t\t\t\t\t\t\t\t\t\t\t\t\t\t\t<\/div>\n\n\t\t\t\t\t\t\t\t\t\t\t\t\t\t\t\t\t\t\t<div class=\"e-hotspot__direction-mask e-hotspot--tooltip-position\">\n\t\t\t\t\t\t\t\t\t\t<div class=\"e-hotspot__tooltip   e-hotspot--fade-direction \" >\n\t\t\t\t\t\tNou Edifici\t\t\t\t\t<\/div>\n\t\t\t\t\t\t\t\t\t\t\t<\/div>\n\t\t\t\t\t\t\t\t\t\n\t\t\t<\/a>\n\n\t\n\t\t\t\t\t\t<a class=\"e-hotspot elementor-repeater-item-d22ee82  e-hotspot--position-left e-hotspot--position-top e-hotspot--link \" href=\"https:\/\/www.ivo.es\/val\/complex-hospitalari-i-unitats\/edifici-consultes-externes\/\">\n\n\t\t\t\t\t\t\t\t<div class=\"e-hotspot__button e-hotspot--expand\">\n\t\t\t\t\t\t\t\t\t\t\t\t\t\t\t\t\t\t\t\t\t\t\t\t<div class=\"e-hotspot__label\">C<\/div>\n\t\t\t\t\t\t\t\t\t\t\t\t\t\t\t<\/div>\n\n\t\t\t\t\t\t\t\t\t\t\t\t\t\t\t\t\t\t\t<div class=\"e-hotspot__direction-mask e-hotspot--tooltip-position\">\n\t\t\t\t\t\t\t\t\t\t<div class=\"e-hotspot__tooltip   e-hotspot--fade-direction \" >\n\t\t\t\t\t\tEdifici Consultes Externes\t\t\t\t\t<\/div>\n\t\t\t\t\t\t\t\t\t\t\t<\/div>\n\t\t\t\t\t\t\t\t\t\n\t\t\t<\/a>\n\n\t\n\t\t\t\t\t\t<a class=\"e-hotspot elementor-repeater-item-a157cd0  e-hotspot--position-left e-hotspot--position-top e-hotspot--link \" href=\"https:\/\/www.ivo.es\/val\/complex-hospitalari-i-unitats\/edifici-trade-center\/\">\n\n\t\t\t\t\t\t\t\t<div class=\"e-hotspot__button e-hotspot--expand\">\n\t\t\t\t\t\t\t\t\t\t\t\t\t\t\t\t\t\t\t\t\t\t\t\t<div class=\"e-hotspot__label\">E<\/div>\n\t\t\t\t\t\t\t\t\t\t\t\t\t\t\t<\/div>\n\n\t\t\t\t\t\t\t\t\t\t\t\t\t\t\t\t\t\t\t<div class=\"e-hotspot__direction-mask e-hotspot--tooltip-position\">\n\t\t\t\t\t\t\t\t\t\t<div class=\"e-hotspot__tooltip   e-hotspot--fade-direction \" >\n\t\t\t\t\t\tEdifici Trade Center\t\t\t\t\t<\/div>\n\t\t\t\t\t\t\t\t\t\t\t<\/div>\n\t\t\t\t\t\t\t\t\t\n\t\t\t<\/a>\n\n\t\n\t\t\t\t\t\t<a class=\"e-hotspot elementor-repeater-item-47f8bc2  e-hotspot--position-left e-hotspot--position-top e-hotspot--link \" href=\"https:\/\/www.ivo.es\/val\/complex-hospitalari-i-unitats\/edifici-jose-simo\/\">\n\n\t\t\t\t\t\t\t\t<div class=\"e-hotspot__button e-hotspot--expand\">\n\t\t\t\t\t\t\t\t\t\t\t\t\t\t\t\t\t\t\t\t\t\t\t\t<div class=\"e-hotspot__label\">B<\/div>\n\t\t\t\t\t\t\t\t\t\t\t\t\t\t\t<\/div>\n\n\t\t\t\t\t\t\t\t\t\t\t\t\t\t\t\t\t\t\t<div class=\"e-hotspot__direction-mask e-hotspot--tooltip-position\">\n\t\t\t\t\t\t\t\t\t\t<div class=\"e-hotspot__tooltip   e-hotspot--fade-direction \" >\n\t\t\t\t\t\tEdifici Jos\u00e9 Sim\u00f3\t\t\t\t\t<\/div>\n\t\t\t\t\t\t\t\t\t\t\t<\/div>\n\t\t\t\t\t\t\t\t\t\n\t\t\t<\/a>\n\n\t\n\t\t\t\t\t\t<a class=\"e-hotspot elementor-repeater-item-e7b004f  e-hotspot--position-left e-hotspot--position-top e-hotspot--link \" href=\"https:\/\/www.ivo.es\/val\/complex-hospitalari-i-unitats\/edifici-antonio-llombart-rodriguez\/\">\n\n\t\t\t\t\t\t\t\t<div class=\"e-hotspot__button e-hotspot--expand\">\n\t\t\t\t\t\t\t\t\t\t\t\t\t\t\t\t\t\t\t\t\t\t\t\t<div class=\"e-hotspot__label\">A<\/div>\n\t\t\t\t\t\t\t\t\t\t\t\t\t\t\t<\/div>\n\n\t\t\t\t\t\t\t\t\t\t\t\t\t\t\t\t\t\t\t<div class=\"e-hotspot__direction-mask e-hotspot--tooltip-position\">\n\t\t\t\t\t\t\t\t\t\t<div class=\"e-hotspot__tooltip   e-hotspot--fade-direction \" >\n\t\t\t\t\t\tEdifici Antonio Llombart Rodr\u00edguez\t\t\t\t\t<\/div>\n\t\t\t\t\t\t\t\t\t\t\t<\/div>\n\t\t\t\t\t\t\t\t\t\n\t\t\t<\/a>\n\n\t\n\t\t\t\t\t\t<a class=\"e-hotspot elementor-repeater-item-2522710  e-hotspot--position-left e-hotspot--position-top e-hotspot--link  e-hotspot--icon\" href=\"https:\/\/www.ivo.es\/val\/complex-hospitalari-i-unitats\/edifici-antonio-llombart-rodriguez\/\">\n\n\t\t\t\t\t\t\t\t<div class=\"e-hotspot__button e-hotspot--expand\">\n\t\t\t\t\t\t\t\t\t\t\t\t\t\t\t\t\t\t<div class=\"e-hotspot__icon\"><i class=\"fas fa-briefcase-medical\"><\/i><\/div>\n\t\t\t\t\t\t\t\t\t\t\t\t\t\t\t\t\t\t\t\t\t<\/div>\n\n\t\t\t\t\t\t\t\t\t\t\t\t\t\t\t\t\t\t\t<div class=\"e-hotspot__direction-mask e-hotspot--tooltip-position\">\n\t\t\t\t\t\t\t\t\t\t<div class=\"e-hotspot__tooltip   e-hotspot--fade-direction \" >\n\t\t\t\t\t\tUrg\u00e8ncies\t\t\t\t\t<\/div>\n\t\t\t\t\t\t\t\t\t\t\t<\/div>\n\t\t\t\t\t\t\t\t\t\n\t\t\t<\/a>\n\n\t\n\t\t\t\t\t\t<\/div>\n\t\t\t\t<\/div>\n\t\t\t\t\t<\/div>\n\t\t<\/div>\n\t\t\t\t\t<\/div>\n\t\t<\/section>\n\t\t\t\t<\/div>\n\t\t\t\t<\/div>\n\t\t\t\t\t\t<\/div>\n\t\t\t\t<\/div>\n\t\t\t\t<div class=\"elementor-element elementor-element-6d152fc2 elementor-widget elementor-widget-template\" data-id=\"6d152fc2\" data-element_type=\"widget\" data-e-type=\"widget\" data-widget_type=\"template.default\">\n\t\t\t\t<div class=\"elementor-widget-container\">\n\t\t\t\t\t\t\t<div class=\"elementor-template\">\n\t\t\t\t\t<div data-elementor-type=\"section\" data-elementor-id=\"31277\" class=\"elementor elementor-31277 elementor-25302 elementor-25302 elementor-25302\" data-elementor-post-type=\"elementor_library\">\n\t\t\t\t\t<section data-particle_enable=\"false\" data-particle-mobile-disabled=\"false\" class=\"elementor-section elementor-top-section elementor-element elementor-element-267f913f elementor-section-stretched elementor-section-boxed elementor-section-height-default elementor-section-height-default\" data-id=\"267f913f\" data-element_type=\"section\" data-e-type=\"section\" data-settings=\"{&quot;stretch_section&quot;:&quot;section-stretched&quot;,&quot;background_background&quot;:&quot;classic&quot;}\">\n\t\t\t\t\t\t<div class=\"elementor-container elementor-column-gap-default\">\n\t\t\t\t\t<div class=\"elementor-column elementor-col-100 elementor-top-column elementor-element elementor-element-1bac380f\" data-id=\"1bac380f\" data-element_type=\"column\" data-e-type=\"column\">\n\t\t\t<div class=\"elementor-widget-wrap elementor-element-populated\">\n\t\t\t\t\t\t<div class=\"elementor-element elementor-element-5e4c1388 elementor-widget elementor-widget-heading\" data-id=\"5e4c1388\" data-element_type=\"widget\" data-e-type=\"widget\" data-widget_type=\"heading.default\">\n\t\t\t\t<div class=\"elementor-widget-container\">\n\t\t\t\t\t<h2 class=\"elementor-heading-title elementor-size-default\">Altres unitats<\/h2>\t\t\t\t<\/div>\n\t\t\t\t<\/div>\n\t\t\t\t<section data-particle_enable=\"false\" data-particle-mobile-disabled=\"false\" class=\"elementor-section elementor-inner-section elementor-element elementor-element-7545640d elementor-section-boxed elementor-section-height-default elementor-section-height-default\" data-id=\"7545640d\" data-element_type=\"section\" data-e-type=\"section\">\n\t\t\t\t\t\t<div class=\"elementor-container elementor-column-gap-default\">\n\t\t\t\t\t<div class=\"elementor-column elementor-col-33 elementor-inner-column elementor-element elementor-element-4b5d9056\" data-id=\"4b5d9056\" data-element_type=\"column\" data-e-type=\"column\">\n\t\t\t<div class=\"elementor-widget-wrap elementor-element-populated\">\n\t\t\t\t\t\t<div class=\"elementor-element elementor-element-77775718 elementor-widget elementor-widget-image\" data-id=\"77775718\" data-element_type=\"widget\" data-e-type=\"widget\" data-widget_type=\"image.default\">\n\t\t\t\t<div class=\"elementor-widget-container\">\n\t\t\t\t\t\t\t\t\t\t\t\t\t\t\t\t<a href=\"https:\/\/www.ivo.es\/val\/complex-hospitalari-i-unitats\/unitats-de-diagnostic-precoc-ivo-a-valencia\/\">\n\t\t\t\t\t\t\t<img decoding=\"async\" width=\"345\" height=\"166\" src=\"https:\/\/www.ivo.es\/wp-content\/uploads\/2022\/05\/precoz.jpg\" class=\"attachment-full size-full wp-image-24708\" alt=\"\" srcset=\"https:\/\/www.ivo.es\/wp-content\/uploads\/2022\/05\/precoz.jpg 345w, https:\/\/www.ivo.es\/wp-content\/uploads\/2022\/05\/precoz-300x144.jpg 300w\" sizes=\"(max-width: 345px) 100vw, 345px\" \/>\t\t\t\t\t\t\t\t<\/a>\n\t\t\t\t\t\t\t\t\t\t\t\t\t\t\t<\/div>\n\t\t\t\t<\/div>\n\t\t\t\t<section data-particle_enable=\"false\" data-particle-mobile-disabled=\"false\" class=\"elementor-section elementor-inner-section elementor-element elementor-element-52290efa elementor-section-boxed elementor-section-height-default elementor-section-height-default\" data-id=\"52290efa\" data-element_type=\"section\" data-e-type=\"section\" data-settings=\"{&quot;background_background&quot;:&quot;classic&quot;}\">\n\t\t\t\t\t\t<div class=\"elementor-container elementor-column-gap-default\">\n\t\t\t\t\t<div class=\"elementor-column elementor-col-100 elementor-inner-column elementor-element elementor-element-2abbd7\" data-id=\"2abbd7\" data-element_type=\"column\" data-e-type=\"column\">\n\t\t\t<div class=\"elementor-widget-wrap elementor-element-populated\">\n\t\t\t\t\t\t<div class=\"elementor-element elementor-element-453c8b7a elementor-widget elementor-widget-heading\" data-id=\"453c8b7a\" data-element_type=\"widget\" data-e-type=\"widget\" data-widget_type=\"heading.default\">\n\t\t\t\t<div class=\"elementor-widget-container\">\n\t\t\t\t\t<h2 class=\"elementor-heading-title elementor-size-default\"><a href=\"https:\/\/www.ivo.es\/val\/complex-hospitalari-i-unitats\/unitats-de-diagnostic-precoc-ivo-a-valencia\/\">Val\u00e8ncia<\/a><\/h2>\t\t\t\t<\/div>\n\t\t\t\t<\/div>\n\t\t\t\t<div class=\"elementor-element elementor-element-27fb3221 elementor-widget elementor-widget-heading\" data-id=\"27fb3221\" data-element_type=\"widget\" data-e-type=\"widget\" data-widget_type=\"heading.default\">\n\t\t\t\t<div class=\"elementor-widget-container\">\n\t\t\t\t\t<h2 class=\"elementor-heading-title elementor-size-default\"><a href=\"https:\/\/www.ivo.es\/val\/complex-hospitalari-i-unitats\/unitats-de-diagnostic-precoc-ivo-a-valencia\/\">Unitat de Diagn\u00f2stic Preco\u00e7<\/a><\/h2>\t\t\t\t<\/div>\n\t\t\t\t<\/div>\n\t\t\t\t\t<\/div>\n\t\t<\/div>\n\t\t\t\t\t<\/div>\n\t\t<\/section>\n\t\t\t\t\t<\/div>\n\t\t<\/div>\n\t\t\t\t<div class=\"elementor-column elementor-col-33 elementor-inner-column elementor-element elementor-element-54639fc2\" data-id=\"54639fc2\" data-element_type=\"column\" data-e-type=\"column\">\n\t\t\t<div class=\"elementor-widget-wrap elementor-element-populated\">\n\t\t\t\t\t\t<div class=\"elementor-element elementor-element-26fa1f78 elementor-widget elementor-widget-image\" data-id=\"26fa1f78\" data-element_type=\"widget\" data-e-type=\"widget\" data-widget_type=\"image.default\">\n\t\t\t\t<div class=\"elementor-widget-container\">\n\t\t\t\t\t\t\t\t\t\t\t\t\t\t\t\t<a href=\"https:\/\/www.ivo.es\/val\/complex-hospitalari-i-unitats\/unitat-de-radioterapia-dalcoi\/\">\n\t\t\t\t\t\t\t<img loading=\"lazy\" decoding=\"async\" width=\"345\" height=\"166\" src=\"https:\/\/www.ivo.es\/wp-content\/uploads\/2022\/05\/alcoi-franja.png\" class=\"attachment-full size-full wp-image-31450\" alt=\"\" srcset=\"https:\/\/www.ivo.es\/wp-content\/uploads\/2022\/05\/alcoi-franja.png 345w, https:\/\/www.ivo.es\/wp-content\/uploads\/2022\/05\/alcoi-franja-300x144.png 300w\" sizes=\"(max-width: 345px) 100vw, 345px\" \/>\t\t\t\t\t\t\t\t<\/a>\n\t\t\t\t\t\t\t\t\t\t\t\t\t\t\t<\/div>\n\t\t\t\t<\/div>\n\t\t\t\t<section data-particle_enable=\"false\" data-particle-mobile-disabled=\"false\" class=\"elementor-section elementor-inner-section elementor-element elementor-element-5a1f62f6 elementor-section-boxed elementor-section-height-default elementor-section-height-default\" data-id=\"5a1f62f6\" data-element_type=\"section\" data-e-type=\"section\" data-settings=\"{&quot;background_background&quot;:&quot;classic&quot;}\">\n\t\t\t\t\t\t<div class=\"elementor-container elementor-column-gap-default\">\n\t\t\t\t\t<div class=\"elementor-column elementor-col-100 elementor-inner-column elementor-element elementor-element-67e63c61\" data-id=\"67e63c61\" data-element_type=\"column\" data-e-type=\"column\">\n\t\t\t<div class=\"elementor-widget-wrap elementor-element-populated\">\n\t\t\t\t\t\t<div class=\"elementor-element elementor-element-5636c92 elementor-widget elementor-widget-heading\" data-id=\"5636c92\" data-element_type=\"widget\" data-e-type=\"widget\" data-widget_type=\"heading.default\">\n\t\t\t\t<div class=\"elementor-widget-container\">\n\t\t\t\t\t<h2 class=\"elementor-heading-title elementor-size-default\"><a href=\"https:\/\/www.ivo.es\/val\/complex-hospitalari-i-unitats\/unitat-de-radioterapia-dalcoi\/\">Alcoi<\/a><\/h2>\t\t\t\t<\/div>\n\t\t\t\t<\/div>\n\t\t\t\t<div class=\"elementor-element elementor-element-7e0421e1 elementor-widget elementor-widget-heading\" data-id=\"7e0421e1\" data-element_type=\"widget\" data-e-type=\"widget\" data-widget_type=\"heading.default\">\n\t\t\t\t<div class=\"elementor-widget-container\">\n\t\t\t\t\t<h2 class=\"elementor-heading-title elementor-size-default\"><a href=\"https:\/\/www.ivo.es\/val\/complex-hospitalari-i-unitats\/unitat-de-radioterapia-dalcoi\/\">Unitat de Radioter\u00e0pia<\/a><\/h2>\t\t\t\t<\/div>\n\t\t\t\t<\/div>\n\t\t\t\t\t<\/div>\n\t\t<\/div>\n\t\t\t\t\t<\/div>\n\t\t<\/section>\n\t\t\t\t\t<\/div>\n\t\t<\/div>\n\t\t\t\t<div class=\"elementor-column elementor-col-33 elementor-inner-column elementor-element elementor-element-20949b95\" data-id=\"20949b95\" data-element_type=\"column\" data-e-type=\"column\">\n\t\t\t<div class=\"elementor-widget-wrap elementor-element-populated\">\n\t\t\t\t\t\t<div class=\"elementor-element elementor-element-776e01db elementor-widget elementor-widget-image\" data-id=\"776e01db\" data-element_type=\"widget\" data-e-type=\"widget\" data-widget_type=\"image.default\">\n\t\t\t\t<div class=\"elementor-widget-container\">\n\t\t\t\t\t\t\t\t\t\t\t\t\t\t\t\t<a href=\"https:\/\/www.ivo.es\/val\/complex-hospitalari-i-unitats\/unitat-de-radioterapia-de-conca\/\">\n\t\t\t\t\t\t\t<img loading=\"lazy\" decoding=\"async\" width=\"345\" height=\"166\" src=\"https:\/\/www.ivo.es\/wp-content\/uploads\/2022\/05\/cuenca-franja.png\" class=\"attachment-full size-full wp-image-31449\" alt=\"\" srcset=\"https:\/\/www.ivo.es\/wp-content\/uploads\/2022\/05\/cuenca-franja.png 345w, https:\/\/www.ivo.es\/wp-content\/uploads\/2022\/05\/cuenca-franja-300x144.png 300w\" sizes=\"(max-width: 345px) 100vw, 345px\" \/>\t\t\t\t\t\t\t\t<\/a>\n\t\t\t\t\t\t\t\t\t\t\t\t\t\t\t<\/div>\n\t\t\t\t<\/div>\n\t\t\t\t<section data-particle_enable=\"false\" data-particle-mobile-disabled=\"false\" class=\"elementor-section elementor-inner-section elementor-element elementor-element-37d45f9e elementor-section-boxed elementor-section-height-default elementor-section-height-default\" data-id=\"37d45f9e\" data-element_type=\"section\" data-e-type=\"section\" data-settings=\"{&quot;background_background&quot;:&quot;classic&quot;}\">\n\t\t\t\t\t\t<div class=\"elementor-container elementor-column-gap-default\">\n\t\t\t\t\t<div class=\"elementor-column elementor-col-100 elementor-inner-column elementor-element elementor-element-cc53f38\" data-id=\"cc53f38\" data-element_type=\"column\" data-e-type=\"column\">\n\t\t\t<div class=\"elementor-widget-wrap elementor-element-populated\">\n\t\t\t\t\t\t<div class=\"elementor-element elementor-element-5c300cd6 elementor-widget elementor-widget-heading\" data-id=\"5c300cd6\" data-element_type=\"widget\" data-e-type=\"widget\" data-widget_type=\"heading.default\">\n\t\t\t\t<div class=\"elementor-widget-container\">\n\t\t\t\t\t<h2 class=\"elementor-heading-title elementor-size-default\"><a href=\"https:\/\/www.ivo.es\/val\/complex-hospitalari-i-unitats\/unitat-de-radioterapia-de-conca\/\">Conca<\/a><\/h2>\t\t\t\t<\/div>\n\t\t\t\t<\/div>\n\t\t\t\t<div class=\"elementor-element elementor-element-7164b94 elementor-widget elementor-widget-heading\" data-id=\"7164b94\" data-element_type=\"widget\" data-e-type=\"widget\" data-widget_type=\"heading.default\">\n\t\t\t\t<div class=\"elementor-widget-container\">\n\t\t\t\t\t<h2 class=\"elementor-heading-title elementor-size-default\"><a href=\"https:\/\/www.ivo.es\/val\/complex-hospitalari-i-unitats\/unitat-de-radioterapia-de-conca\/\">Unitat de Radioter\u00e0pia<\/a><\/h2>\t\t\t\t<\/div>\n\t\t\t\t<\/div>\n\t\t\t\t\t<\/div>\n\t\t<\/div>\n\t\t\t\t\t<\/div>\n\t\t<\/section>\n\t\t\t\t\t<\/div>\n\t\t<\/div>\n\t\t\t\t\t<\/div>\n\t\t<\/section>\n\t\t\t\t\t<\/div>\n\t\t<\/div>\n\t\t\t\t\t<\/div>\n\t\t<\/section>\n\t\t\t\t<\/div>\n\t\t\t\t<\/div>\n\t\t\t\t\t\t<\/div>\n\t\t\t\t<\/div>\n\t\t\t\t\t<\/div>\n\t\t<\/div>\n\t\t\t\t\t<\/div>\n\t\t<\/section>\n\t\t\t\t<\/div>\n\t\t\t\t<\/div>\n\t\t\t\t\t\t<\/div>\n\t\t\t\t<\/div>\n\t\t\t\t\t<\/div>\n\t\t<\/div>\n\t\t\t\t\t<\/div>\n\t\t<\/section>\n\t\t\t\t<\/div>\n\t\t","protected":false},"excerpt":{"rendered":"<p>VAL\u00c8NCIAUnitats de Diagn\u00f2stic Preco\u00e7 IVO Les Unitats de Detecci\u00f3 Preco\u00e7 tenen per objectiu detectar el c\u00e0ncer en el seu moment inicial, com a estrat\u00e8gia per al control de la seua evoluci\u00f3 i tractament. L\u2019Institut Valenci\u00e0 d\u2019Oncologia t\u00e9 dos unitats especialitzades ubicades a Val\u00e8ncia, una en el carrer de l\u2019Estrela i l&#8217;altra en el carrer Profesor [&hellip;]<\/p>\n","protected":false},"author":1,"featured_media":0,"parent":31347,"menu_order":0,"comment_status":"closed","ping_status":"closed","template":"","meta":{"_acf_changed":false,"om_disable_all_campaigns":false,"footnotes":""},"class_list":["post-31440","page","type-page","status-publish","hentry"],"acf":[],"aioseo_notices":[],"_links":{"self":[{"href":"https:\/\/www.ivo.es\/val\/wp-json\/wp\/v2\/pages\/31440","targetHints":{"allow":["GET"]}}],"collection":[{"href":"https:\/\/www.ivo.es\/val\/wp-json\/wp\/v2\/pages"}],"about":[{"href":"https:\/\/www.ivo.es\/val\/wp-json\/wp\/v2\/types\/page"}],"author":[{"embeddable":true,"href":"https:\/\/www.ivo.es\/val\/wp-json\/wp\/v2\/users\/1"}],"replies":[{"embeddable":true,"href":"https:\/\/www.ivo.es\/val\/wp-json\/wp\/v2\/comments?post=31440"}],"version-history":[{"count":13,"href":"https:\/\/www.ivo.es\/val\/wp-json\/wp\/v2\/pages\/31440\/revisions"}],"predecessor-version":[{"id":39091,"href":"https:\/\/www.ivo.es\/val\/wp-json\/wp\/v2\/pages\/31440\/revisions\/39091"}],"up":[{"embeddable":true,"href":"https:\/\/www.ivo.es\/val\/wp-json\/wp\/v2\/pages\/31347"}],"wp:attachment":[{"href":"https:\/\/www.ivo.es\/val\/wp-json\/wp\/v2\/media?parent=31440"}],"curies":[{"name":"wp","href":"https:\/\/api.w.org\/{rel}","templated":true}]}}