{"id":31337,"date":"2022-04-17T08:00:57","date_gmt":"2022-04-17T06:00:57","guid":{"rendered":"https:\/\/www.ivo.es\/certificats-reconeixements-i-acreditacions\/"},"modified":"2025-10-02T14:33:52","modified_gmt":"2025-10-02T12:33:52","slug":"certificats-reconeixements-i-acreditacions","status":"publish","type":"page","link":"https:\/\/www.ivo.es\/val\/certificats-reconeixements-i-acreditacions\/","title":{"rendered":"Certificats, reconeixements i acreditacions"},"content":{"rendered":"\t\t<div data-elementor-type=\"wp-page\" data-elementor-id=\"31337\" class=\"elementor elementor-31337 elementor-181\" data-elementor-post-type=\"page\">\n\t\t\t\t<div data-particle_enable=\"false\" data-particle-mobile-disabled=\"false\" class=\"elementor-element elementor-element-39488cf e-flex e-con-boxed e-con e-parent\" data-id=\"39488cf\" data-element_type=\"container\" data-e-type=\"container\">\n\t\t\t\t\t<div class=\"e-con-inner\">\n\t\t<div data-particle_enable=\"false\" data-particle-mobile-disabled=\"false\" class=\"elementor-element elementor-element-5999ebd e-con-full e-flex e-con e-child\" data-id=\"5999ebd\" data-element_type=\"container\" data-e-type=\"container\" data-settings=\"{&quot;background_background&quot;:&quot;classic&quot;}\">\n\t\t<div data-particle_enable=\"false\" data-particle-mobile-disabled=\"false\" class=\"elementor-element elementor-element-028334c e-con-full e-flex e-con e-child\" data-id=\"028334c\" data-element_type=\"container\" data-e-type=\"container\">\n\t\t\t\t<div class=\"elementor-element elementor-element-7cdcb64 elementor-widget elementor-widget-heading\" data-id=\"7cdcb64\" data-element_type=\"widget\" data-e-type=\"widget\" data-widget_type=\"heading.default\">\n\t\t\t\t<div class=\"elementor-widget-container\">\n\t\t\t\t\t<h2 class=\"elementor-heading-title elementor-size-default\">ISO 9001:2015 (Sistema de gesti\u00f3 de la qualitat) - BUREAU VERITAS<\/h2>\t\t\t\t<\/div>\n\t\t\t\t<\/div>\n\t\t\t\t<div class=\"elementor-element elementor-element-1f8b62c elementor-widget elementor-widget-text-editor\" data-id=\"1f8b62c\" data-element_type=\"widget\" data-e-type=\"widget\" data-widget_type=\"text-editor.default\">\n\t\t\t\t<div class=\"elementor-widget-container\">\n\t\t\t\t\t\t\t\t\t<p>Els serveis inclosos en l\u2019abast de la certificaci\u00f3 s\u00f3n:<br \/>Laboratori d\u2019An\u00e0lisis Cl\u00edniques i Microbiologia, Servei d\u2019Anatomia Patol\u00f2gica, Servei de Transfusions, Biobanc, Servei de Radiof\u00edsica i Protecci\u00f3 Radiol\u00f2gica, i Atenci\u00f3 sanit\u00e0ria a pacients oncol\u00f2gics en les \u00c0rees de Radioter\u00e0pia, Medicina Nuclear i Urg\u00e8ncies.<\/p>\t\t\t\t\t\t\t\t<\/div>\n\t\t\t\t<\/div>\n\t\t\t\t<\/div>\n\t\t<div data-particle_enable=\"false\" data-particle-mobile-disabled=\"false\" class=\"elementor-element elementor-element-0e299ad e-con-full e-flex e-con e-child\" data-id=\"0e299ad\" data-element_type=\"container\" data-e-type=\"container\">\n\t\t\t\t<div class=\"elementor-element elementor-element-ec6611f animated-slow elementor-invisible elementor-widget elementor-widget-image\" data-id=\"ec6611f\" data-element_type=\"widget\" data-e-type=\"widget\" data-settings=\"{&quot;_animation&quot;:&quot;fadeIn&quot;}\" data-widget_type=\"image.default\">\n\t\t\t\t<div class=\"elementor-widget-container\">\n\t\t\t\t\t\t\t\t\t\t\t\t\t\t\t\t<a href=\"https:\/\/www.ivo.es\/wp-content\/uploads\/2024\/03\/iso9001_es.png\" data-elementor-open-lightbox=\"yes\" data-elementor-lightbox-title=\"iso9001_es\" data-e-action-hash=\"#elementor-action%3Aaction%3Dlightbox%26settings%3DeyJpZCI6Mzc3OTgsInVybCI6Imh0dHBzOlwvXC93d3cuaXZvLmVzXC93cC1jb250ZW50XC91cGxvYWRzXC8yMDI0XC8wM1wvaXNvOTAwMV9lcy5wbmcifQ%3D%3D\">\n\t\t\t\t\t\t\t<img fetchpriority=\"high\" decoding=\"async\" width=\"640\" height=\"909\" src=\"https:\/\/www.ivo.es\/wp-content\/uploads\/2024\/03\/iso9001_es-721x1024.png\" class=\"attachment-large size-large wp-image-37798\" alt=\"\" srcset=\"https:\/\/www.ivo.es\/wp-content\/uploads\/2024\/03\/iso9001_es-721x1024.png 721w, https:\/\/www.ivo.es\/wp-content\/uploads\/2024\/03\/iso9001_es-211x300.png 211w, https:\/\/www.ivo.es\/wp-content\/uploads\/2024\/03\/iso9001_es-768x1091.png 768w, https:\/\/www.ivo.es\/wp-content\/uploads\/2024\/03\/iso9001_es-563x800.png 563w, https:\/\/www.ivo.es\/wp-content\/uploads\/2024\/03\/iso9001_es.png 890w\" sizes=\"(max-width: 640px) 100vw, 640px\" \/>\t\t\t\t\t\t\t\t<\/a>\n\t\t\t\t\t\t\t\t\t\t\t\t\t\t\t<\/div>\n\t\t\t\t<\/div>\n\t\t\t\t<div class=\"elementor-element elementor-element-f0af426 elementor-align-center animated-slow elementor-invisible elementor-widget elementor-widget-button\" data-id=\"f0af426\" data-element_type=\"widget\" data-e-type=\"widget\" data-settings=\"{&quot;_animation&quot;:&quot;fadeIn&quot;}\" data-widget_type=\"button.default\">\n\t\t\t\t<div class=\"elementor-widget-container\">\n\t\t\t\t\t\t\t\t\t<div class=\"elementor-button-wrapper\">\n\t\t\t\t\t<a class=\"elementor-button elementor-button-link elementor-size-sm\" href=\"https:\/\/www.ivo.es\/wp-content\/uploads\/2023\/09\/2023-ISO-9001-VARIOS-SERVICIOS.pdf\" target=\"_blank\">\n\t\t\t\t\t\t<span class=\"elementor-button-content-wrapper\">\n\t\t\t\t\t\t\t\t\t<span class=\"elementor-button-text\">Veure<\/span>\n\t\t\t\t\t<\/span>\n\t\t\t\t\t<\/a>\n\t\t\t\t<\/div>\n\t\t\t\t\t\t\t\t<\/div>\n\t\t\t\t<\/div>\n\t\t\t\t<\/div>\n\t\t\t\t<\/div>\n\t\t<div data-particle_enable=\"false\" data-particle-mobile-disabled=\"false\" class=\"elementor-element elementor-element-8e97aea e-con-full e-flex e-con e-child\" data-id=\"8e97aea\" data-element_type=\"container\" data-e-type=\"container\" data-settings=\"{&quot;background_background&quot;:&quot;classic&quot;}\">\n\t\t<div data-particle_enable=\"false\" data-particle-mobile-disabled=\"false\" class=\"elementor-element elementor-element-64a913b e-con-full e-flex e-con e-child\" data-id=\"64a913b\" data-element_type=\"container\" data-e-type=\"container\">\n\t\t\t\t<div class=\"elementor-element elementor-element-a8a79c8 elementor-widget elementor-widget-heading\" data-id=\"a8a79c8\" data-element_type=\"widget\" data-e-type=\"widget\" data-widget_type=\"heading.default\">\n\t\t\t\t<div class=\"elementor-widget-container\">\n\t\t\t\t\t<h2 class=\"elementor-heading-title elementor-size-default\">ISO 14001:2015 (Sistema de gesti\u00f3 mediambiental) - BUREAU VERITAS<\/h2>\t\t\t\t<\/div>\n\t\t\t\t<\/div>\n\t\t\t\t<div class=\"elementor-element elementor-element-afcbc2c elementor-widget elementor-widget-text-editor\" data-id=\"afcbc2c\" data-element_type=\"widget\" data-e-type=\"widget\" data-widget_type=\"text-editor.default\">\n\t\t\t\t<div class=\"elementor-widget-container\">\n\t\t\t\t\t\t\t\t\t<p>Inclou tant el Complex hospitalari IVO Val\u00e8ncia, com les unitats de radioter\u00e0pia de l&#8217;IVO en Conca i Alcoi.<\/p>\t\t\t\t\t\t\t\t<\/div>\n\t\t\t\t<\/div>\n\t\t\t\t<\/div>\n\t\t<div data-particle_enable=\"false\" data-particle-mobile-disabled=\"false\" class=\"elementor-element elementor-element-88ff2d1 e-con-full e-flex e-con e-child\" data-id=\"88ff2d1\" data-element_type=\"container\" data-e-type=\"container\">\n\t\t\t\t<div class=\"elementor-element elementor-element-528c5ae animated-slow elementor-invisible elementor-widget elementor-widget-image\" data-id=\"528c5ae\" data-element_type=\"widget\" data-e-type=\"widget\" data-settings=\"{&quot;_animation&quot;:&quot;fadeIn&quot;}\" data-widget_type=\"image.default\">\n\t\t\t\t<div class=\"elementor-widget-container\">\n\t\t\t\t\t\t\t\t\t\t\t\t\t\t\t\t<a href=\"https:\/\/www.ivo.es\/wp-content\/uploads\/2024\/03\/iso14001_es.png\" data-elementor-open-lightbox=\"yes\" data-elementor-lightbox-title=\"iso14001_es\" data-e-action-hash=\"#elementor-action%3Aaction%3Dlightbox%26settings%3DeyJpZCI6Mzc4MDEsInVybCI6Imh0dHBzOlwvXC93d3cuaXZvLmVzXC93cC1jb250ZW50XC91cGxvYWRzXC8yMDI0XC8wM1wvaXNvMTQwMDFfZXMucG5nIn0%3D\">\n\t\t\t\t\t\t\t<img decoding=\"async\" width=\"640\" height=\"908\" src=\"https:\/\/www.ivo.es\/wp-content\/uploads\/2024\/03\/iso14001_es-722x1024.png\" class=\"attachment-large size-large wp-image-37801\" alt=\"\" srcset=\"https:\/\/www.ivo.es\/wp-content\/uploads\/2024\/03\/iso14001_es-722x1024.png 722w, https:\/\/www.ivo.es\/wp-content\/uploads\/2024\/03\/iso14001_es-212x300.png 212w, https:\/\/www.ivo.es\/wp-content\/uploads\/2024\/03\/iso14001_es-768x1089.png 768w, https:\/\/www.ivo.es\/wp-content\/uploads\/2024\/03\/iso14001_es-564x800.png 564w, https:\/\/www.ivo.es\/wp-content\/uploads\/2024\/03\/iso14001_es.png 890w\" sizes=\"(max-width: 640px) 100vw, 640px\" \/>\t\t\t\t\t\t\t\t<\/a>\n\t\t\t\t\t\t\t\t\t\t\t\t\t\t\t<\/div>\n\t\t\t\t<\/div>\n\t\t\t\t<div class=\"elementor-element elementor-element-e8c7e46 elementor-align-center animated-slow elementor-invisible elementor-widget elementor-widget-button\" data-id=\"e8c7e46\" data-element_type=\"widget\" data-e-type=\"widget\" data-settings=\"{&quot;_animation&quot;:&quot;fadeIn&quot;}\" data-widget_type=\"button.default\">\n\t\t\t\t<div class=\"elementor-widget-container\">\n\t\t\t\t\t\t\t\t\t<div class=\"elementor-button-wrapper\">\n\t\t\t\t\t<a class=\"elementor-button elementor-button-link elementor-size-sm\" href=\"https:\/\/www.ivo.es\/wp-content\/uploads\/2023\/09\/2023-ISO-14001-ATENCION-SANITARIA-INTEGRAL-PACIENTE-ONCOLOGICO.pdf\" target=\"_blank\">\n\t\t\t\t\t\t<span class=\"elementor-button-content-wrapper\">\n\t\t\t\t\t\t\t\t\t<span class=\"elementor-button-text\">Veure<\/span>\n\t\t\t\t\t<\/span>\n\t\t\t\t\t<\/a>\n\t\t\t\t<\/div>\n\t\t\t\t\t\t\t\t<\/div>\n\t\t\t\t<\/div>\n\t\t\t\t<\/div>\n\t\t\t\t<\/div>\n\t\t\t\t\t<\/div>\n\t\t\t\t<\/div>\n\t\t<div data-particle_enable=\"false\" data-particle-mobile-disabled=\"false\" class=\"elementor-element elementor-element-cb8798d e-flex e-con-boxed e-con e-parent\" data-id=\"cb8798d\" data-element_type=\"container\" data-e-type=\"container\">\n\t\t\t\t\t<div class=\"e-con-inner\">\n\t\t<div data-particle_enable=\"false\" data-particle-mobile-disabled=\"false\" class=\"elementor-element elementor-element-2293395 e-con-full e-flex e-con e-child\" data-id=\"2293395\" data-element_type=\"container\" data-e-type=\"container\" data-settings=\"{&quot;background_background&quot;:&quot;classic&quot;}\">\n\t\t\t\t<div class=\"elementor-element elementor-element-1673d56 elementor-widget elementor-widget-heading\" data-id=\"1673d56\" data-element_type=\"widget\" data-e-type=\"widget\" data-widget_type=\"heading.default\">\n\t\t\t\t<div class=\"elementor-widget-container\">\n\t\t\t\t\t<h2 class=\"elementor-heading-title elementor-size-default\">ISO 15189 (Laboratoris)-ENAC<\/h2>\t\t\t\t<\/div>\n\t\t\t\t<\/div>\n\t\t\t\t<div class=\"elementor-element elementor-element-bb8d911 elementor-widget elementor-widget-text-editor\" data-id=\"bb8d911\" data-element_type=\"widget\" data-e-type=\"widget\" data-widget_type=\"text-editor.default\">\n\t\t\t\t<div class=\"elementor-widget-container\">\n\t\t\t\t\t\t\t\t\t<p>Acredita la compet\u00e8ncia t\u00e8cnica dels laboratoris cl\u00ednics per a assegurar que les decisions cl\u00edniques es prenen en base a resultats fiables, per a minimitzar riscs en la seguretat del pacient, i augmentar la qualitat diagn\u00f2stica.<strong>\u00a0<\/strong>Els serveis inclosos en l\u2019abast s\u00f3n els seg\u00fcents:<\/p>\t\t\t\t\t\t\t\t<\/div>\n\t\t\t\t<\/div>\n\t\t\t\t<\/div>\n\t\t<div data-particle_enable=\"false\" data-particle-mobile-disabled=\"false\" class=\"elementor-element elementor-element-d05deef e-con-full e-flex e-con e-child\" data-id=\"d05deef\" data-element_type=\"container\" data-e-type=\"container\" data-settings=\"{&quot;background_background&quot;:&quot;classic&quot;}\">\n\t\t<div data-particle_enable=\"false\" data-particle-mobile-disabled=\"false\" class=\"elementor-element elementor-element-290be28 e-con-full e-flex e-con e-child\" data-id=\"290be28\" data-element_type=\"container\" data-e-type=\"container\">\n\t\t<div data-particle_enable=\"false\" data-particle-mobile-disabled=\"false\" class=\"elementor-element elementor-element-38edaf8 e-con-full e-flex e-con e-child\" data-id=\"38edaf8\" data-element_type=\"container\" data-e-type=\"container\">\n\t\t\t\t<div class=\"elementor-element elementor-element-9f60791 elementor-widget elementor-widget-heading\" data-id=\"9f60791\" data-element_type=\"widget\" data-e-type=\"widget\" data-widget_type=\"heading.default\">\n\t\t\t\t<div class=\"elementor-widget-container\">\n\t\t\t\t\t<h2 class=\"elementor-heading-title elementor-size-default\">Laboratori de Biologia Molecular<\/h2>\t\t\t\t<\/div>\n\t\t\t\t<\/div>\n\t\t\t\t<div class=\"elementor-element elementor-element-b8d5763 elementor-widget elementor-widget-text-editor\" data-id=\"b8d5763\" data-element_type=\"widget\" data-e-type=\"widget\" data-widget_type=\"text-editor.default\">\n\t\t\t\t<div class=\"elementor-widget-container\">\n\t\t\t\t\t\t\t\t\t<p><strong>Acreditaci\u00f3 n\u00ba: 1234\/LE2361<\/strong><\/p>\t\t\t\t\t\t\t\t<\/div>\n\t\t\t\t<\/div>\n\t\t\t\t<div class=\"elementor-element elementor-element-c28d21e elementor-align-center animated-slow elementor-invisible elementor-widget elementor-widget-button\" data-id=\"c28d21e\" data-element_type=\"widget\" data-e-type=\"widget\" data-settings=\"{&quot;_animation&quot;:&quot;fadeIn&quot;}\" data-widget_type=\"button.default\">\n\t\t\t\t<div class=\"elementor-widget-container\">\n\t\t\t\t\t\t\t\t\t<div class=\"elementor-button-wrapper\">\n\t\t\t\t\t<a class=\"elementor-button elementor-button-link elementor-size-sm\" href=\"https:\/\/www.ivo.es\/wp-content\/uploads\/2022\/05\/2017-ISO-15189-BIOLOGIA.pdf\" target=\"_blank\">\n\t\t\t\t\t\t<span class=\"elementor-button-content-wrapper\">\n\t\t\t\t\t\t\t\t\t<span class=\"elementor-button-text\">Veure<\/span>\n\t\t\t\t\t<\/span>\n\t\t\t\t\t<\/a>\n\t\t\t\t<\/div>\n\t\t\t\t\t\t\t\t<\/div>\n\t\t\t\t<\/div>\n\t\t\t\t<\/div>\n\t\t<div data-particle_enable=\"false\" data-particle-mobile-disabled=\"false\" class=\"elementor-element elementor-element-e43a428 e-con-full e-flex e-con e-child\" data-id=\"e43a428\" data-element_type=\"container\" data-e-type=\"container\">\n\t\t\t\t<div class=\"elementor-element elementor-element-47ad617 elementor-widget elementor-widget-heading\" data-id=\"47ad617\" data-element_type=\"widget\" data-e-type=\"widget\" data-widget_type=\"heading.default\">\n\t\t\t\t<div class=\"elementor-widget-container\">\n\t\t\t\t\t<h2 class=\"elementor-heading-title elementor-size-default\">Servei d'Anatomia Patol\u00f2gica<\/h2>\t\t\t\t<\/div>\n\t\t\t\t<\/div>\n\t\t\t\t<div class=\"elementor-element elementor-element-b6f76e2 elementor-widget elementor-widget-text-editor\" data-id=\"b6f76e2\" data-element_type=\"widget\" data-e-type=\"widget\" data-widget_type=\"text-editor.default\">\n\t\t\t\t<div class=\"elementor-widget-container\">\n\t\t\t\t\t\t\t\t\t<p><strong>Acreditaci\u00f3 n\u00ba 1234\/LE2366<\/strong><\/p>\t\t\t\t\t\t\t\t<\/div>\n\t\t\t\t<\/div>\n\t\t\t\t<div class=\"elementor-element elementor-element-7972825 elementor-align-center animated-slow elementor-invisible elementor-widget elementor-widget-button\" data-id=\"7972825\" data-element_type=\"widget\" data-e-type=\"widget\" data-settings=\"{&quot;_animation&quot;:&quot;fadeIn&quot;}\" data-widget_type=\"button.default\">\n\t\t\t\t<div class=\"elementor-widget-container\">\n\t\t\t\t\t\t\t\t\t<div class=\"elementor-button-wrapper\">\n\t\t\t\t\t<a class=\"elementor-button elementor-button-link elementor-size-sm\" href=\"https:\/\/www.ivo.es\/wp-content\/uploads\/2022\/05\/2017-ISO-15189-ANATOMIA-PAT.pdf\" target=\"_blank\">\n\t\t\t\t\t\t<span class=\"elementor-button-content-wrapper\">\n\t\t\t\t\t\t\t\t\t<span class=\"elementor-button-text\">Veure<\/span>\n\t\t\t\t\t<\/span>\n\t\t\t\t\t<\/a>\n\t\t\t\t<\/div>\n\t\t\t\t\t\t\t\t<\/div>\n\t\t\t\t<\/div>\n\t\t\t\t<\/div>\n\t\t\t\t<\/div>\n\t\t\t\t<div class=\"elementor-element elementor-element-7e614a9 elementor-widget elementor-widget-text-editor\" data-id=\"7e614a9\" data-element_type=\"widget\" data-e-type=\"widget\" data-widget_type=\"text-editor.default\">\n\t\t\t\t<div class=\"elementor-widget-container\">\n\t\t\t\t\t\t\t\t\t<p><a href=\"https:\/\/www.enac.es\/documents\/7020\/3a702be0-2ba6-40e8-943e-53c4f0947e24\">https:\/\/www.enac.es\/documents\/7020\/3a702be0-2ba6-40e8-943e-53c4f0947e24<\/a><\/p>\t\t\t\t\t\t\t\t<\/div>\n\t\t\t\t<\/div>\n\t\t\t\t<div class=\"elementor-element elementor-element-720b531 elementor-widget elementor-widget-text-editor\" data-id=\"720b531\" data-element_type=\"widget\" data-e-type=\"widget\" data-widget_type=\"text-editor.default\">\n\t\t\t\t<div class=\"elementor-widget-container\">\n\t\t\t\t\t\t\t\t\t<p><a href=\"https:\/\/www.enac.es\/documents\/7020\/4f14c496-899c-4910-afc7-fbc2c0ab3868\">https:\/\/www.enac.es\/documents\/7020\/4f14c496-899c-4910-afc7-fbc2c0ab3868<\/a><\/p>\t\t\t\t\t\t\t\t<\/div>\n\t\t\t\t<\/div>\n\t\t\t\t<\/div>\n\t\t\t\t\t<\/div>\n\t\t\t\t<\/div>\n\t\t<div data-particle_enable=\"false\" data-particle-mobile-disabled=\"false\" class=\"elementor-element elementor-element-9ab241b e-flex e-con-boxed e-con e-parent\" data-id=\"9ab241b\" data-element_type=\"container\" data-e-type=\"container\">\n\t\t\t\t\t<div class=\"e-con-inner\">\n\t\t<div data-particle_enable=\"false\" data-particle-mobile-disabled=\"false\" class=\"elementor-element elementor-element-6459f58 e-con-full e-flex e-con e-child\" data-id=\"6459f58\" data-element_type=\"container\" data-e-type=\"container\" data-settings=\"{&quot;background_background&quot;:&quot;classic&quot;}\">\n\t\t\t\t<div class=\"elementor-element elementor-element-d24a665 elementor-widget elementor-widget-heading\" data-id=\"d24a665\" data-element_type=\"widget\" data-e-type=\"widget\" data-widget_type=\"heading.default\">\n\t\t\t\t<div class=\"elementor-widget-container\">\n\t\t\t\t\t<h2 class=\"elementor-heading-title elementor-size-default\">Acreditaci\u00f3 BIOBANC<\/h2>\t\t\t\t<\/div>\n\t\t\t\t<\/div>\n\t\t\t\t<div class=\"elementor-element elementor-element-6e8577b elementor-widget elementor-widget-text-editor\" data-id=\"6e8577b\" data-element_type=\"widget\" data-e-type=\"widget\" data-widget_type=\"text-editor.default\">\n\t\t\t\t<div class=\"elementor-widget-container\">\n\t\t\t\t\t\t\t\t\t<p>El Biobanc \u00e9s gestionat mitjan\u00e7ant un sistema de gesti\u00f3 de qualitat i compta amb l&#8217;acreditaci\u00f3 ISO 20387:2018 que avala, de cara als investigadors, la capacitaci\u00f3 t\u00e8cnica, aix\u00ed com el comprom\u00eds, amb la qualitat.<\/p>\t\t\t\t\t\t\t\t<\/div>\n\t\t\t\t<\/div>\n\t\t\t\t<div class=\"elementor-element elementor-element-a854162 animated-slow elementor-invisible elementor-widget elementor-widget-image\" data-id=\"a854162\" data-element_type=\"widget\" data-e-type=\"widget\" data-settings=\"{&quot;_animation&quot;:&quot;fadeIn&quot;}\" data-widget_type=\"image.default\">\n\t\t\t\t<div class=\"elementor-widget-container\">\n\t\t\t\t\t\t\t\t\t\t\t\t\t\t\t\t<a href=\"https:\/\/www.ivo.es\/wp-content\/uploads\/2025\/09\/acreditacion_biobanco_ivo.webp\" data-elementor-open-lightbox=\"yes\" data-elementor-lightbox-title=\"acreditacion_biobanco_ivo\" data-e-action-hash=\"#elementor-action%3Aaction%3Dlightbox%26settings%3DeyJpZCI6NDE0MzgsInVybCI6Imh0dHBzOlwvXC93d3cuaXZvLmVzXC93cC1jb250ZW50XC91cGxvYWRzXC8yMDI1XC8wOVwvYWNyZWRpdGFjaW9uX2Jpb2JhbmNvX2l2by53ZWJwIn0%3D\">\n\t\t\t\t\t\t\t<img decoding=\"async\" width=\"300\" height=\"187\" src=\"https:\/\/www.ivo.es\/wp-content\/uploads\/2025\/09\/acreditacion_biobanco_ivo-300x187.webp\" class=\"attachment-medium size-medium wp-image-41438\" alt=\"\" srcset=\"https:\/\/www.ivo.es\/wp-content\/uploads\/2025\/09\/acreditacion_biobanco_ivo-300x187.webp 300w, https:\/\/www.ivo.es\/wp-content\/uploads\/2025\/09\/acreditacion_biobanco_ivo-1024x639.webp 1024w, https:\/\/www.ivo.es\/wp-content\/uploads\/2025\/09\/acreditacion_biobanco_ivo-768x479.webp 768w, https:\/\/www.ivo.es\/wp-content\/uploads\/2025\/09\/acreditacion_biobanco_ivo-1200x748.webp 1200w, https:\/\/www.ivo.es\/wp-content\/uploads\/2025\/09\/acreditacion_biobanco_ivo.webp 1241w\" sizes=\"(max-width: 300px) 100vw, 300px\" \/>\t\t\t\t\t\t\t\t<\/a>\n\t\t\t\t\t\t\t\t\t\t\t\t\t\t\t<\/div>\n\t\t\t\t<\/div>\n\t\t<div data-particle_enable=\"false\" data-particle-mobile-disabled=\"false\" class=\"elementor-element elementor-element-e906d05 e-con-full e-flex e-con e-child\" data-id=\"e906d05\" data-element_type=\"container\" data-e-type=\"container\">\n\t\t<div data-particle_enable=\"false\" data-particle-mobile-disabled=\"false\" class=\"elementor-element elementor-element-1f38ceb e-con-full e-flex e-con e-child\" data-id=\"1f38ceb\" data-element_type=\"container\" data-e-type=\"container\">\n\t\t\t\t<div class=\"elementor-element elementor-element-fef8381 elementor-align-center animated-slow elementor-invisible elementor-widget elementor-widget-button\" data-id=\"fef8381\" data-element_type=\"widget\" data-e-type=\"widget\" data-settings=\"{&quot;_animation&quot;:&quot;fadeIn&quot;}\" data-widget_type=\"button.default\">\n\t\t\t\t<div class=\"elementor-widget-container\">\n\t\t\t\t\t\t\t\t\t<div class=\"elementor-button-wrapper\">\n\t\t\t\t\t<a class=\"elementor-button elementor-button-link elementor-size-sm\" href=\"https:\/\/www.ivo.es\/wp-content\/uploads\/2025\/09\/CERT_3011_BB_002_rev0-002-1.pdf\" target=\"_blank\">\n\t\t\t\t\t\t<span class=\"elementor-button-content-wrapper\">\n\t\t\t\t\t\t\t\t\t<span class=\"elementor-button-text\">Acreditaci\u00f3<\/span>\n\t\t\t\t\t<\/span>\n\t\t\t\t\t<\/a>\n\t\t\t\t<\/div>\n\t\t\t\t\t\t\t\t<\/div>\n\t\t\t\t<\/div>\n\t\t\t\t<\/div>\n\t\t<div data-particle_enable=\"false\" data-particle-mobile-disabled=\"false\" class=\"elementor-element elementor-element-d48b286 e-con-full e-flex e-con e-child\" data-id=\"d48b286\" data-element_type=\"container\" data-e-type=\"container\">\n\t\t\t\t<div class=\"elementor-element elementor-element-1969ce6 elementor-align-center animated-slow elementor-invisible elementor-widget elementor-widget-button\" data-id=\"1969ce6\" data-element_type=\"widget\" data-e-type=\"widget\" data-settings=\"{&quot;_animation&quot;:&quot;fadeIn&quot;}\" data-widget_type=\"button.default\">\n\t\t\t\t<div class=\"elementor-widget-container\">\n\t\t\t\t\t\t\t\t\t<div class=\"elementor-button-wrapper\">\n\t\t\t\t\t<a class=\"elementor-button elementor-button-link elementor-size-sm\" href=\"https:\/\/www.ivo.es\/wp-content\/uploads\/2022\/07\/AT_3011_BB_002_rev1.pdf\" target=\"_blank\">\n\t\t\t\t\t\t<span class=\"elementor-button-content-wrapper\">\n\t\t\t\t\t\t\t\t\t<span class=\"elementor-button-text\">Annex T\u00e8cnic<\/span>\n\t\t\t\t\t<\/span>\n\t\t\t\t\t<\/a>\n\t\t\t\t<\/div>\n\t\t\t\t\t\t\t\t<\/div>\n\t\t\t\t<\/div>\n\t\t\t\t<\/div>\n\t\t\t\t<\/div>\n\t\t\t\t<\/div>\n\t\t<div data-particle_enable=\"false\" data-particle-mobile-disabled=\"false\" class=\"elementor-element elementor-element-a59b62d e-con-full e-flex e-con e-child\" data-id=\"a59b62d\" data-element_type=\"container\" data-e-type=\"container\" data-settings=\"{&quot;background_background&quot;:&quot;classic&quot;}\">\n\t\t\t\t<div class=\"elementor-element elementor-element-a4cc8e3 elementor-widget elementor-widget-heading\" data-id=\"a4cc8e3\" data-element_type=\"widget\" data-e-type=\"widget\" data-widget_type=\"heading.default\">\n\t\t\t\t<div class=\"elementor-widget-container\">\n\t\t\t\t\t<h2 class=\"elementor-heading-title elementor-size-default\">Acreditaci\u00f3 Quality Healthcare (QH)<\/h2>\t\t\t\t<\/div>\n\t\t\t\t<\/div>\n\t\t\t\t<div class=\"elementor-element elementor-element-e4c7fbc elementor-widget elementor-widget-text-editor\" data-id=\"e4c7fbc\" data-element_type=\"widget\" data-e-type=\"widget\" data-widget_type=\"text-editor.default\">\n\t\t\t\t<div class=\"elementor-widget-container\">\n\t\t\t\t\t\t\t\t\t<p>Reconeixement de l\u2019Excel\u00b7l\u00e8ncia en Qualitat Assistencial a organitzacions sanit\u00e0ries que entenen la qualitat com una cultura de millora cont\u00ednua.<\/p><p><a href=\"https:\/\/www.reconocimientoqh.com\/entidades-con-sello\/\">Entidades con Sello &#8211; Reconocimiento QH<\/a><\/p>\t\t\t\t\t\t\t\t<\/div>\n\t\t\t\t<\/div>\n\t\t\t\t<div class=\"elementor-element elementor-element-5844703 animated-slow elementor-invisible elementor-widget elementor-widget-image\" data-id=\"5844703\" data-element_type=\"widget\" data-e-type=\"widget\" data-settings=\"{&quot;_animation&quot;:&quot;fadeIn&quot;}\" data-widget_type=\"image.default\">\n\t\t\t\t<div class=\"elementor-widget-container\">\n\t\t\t\t\t\t\t\t\t\t\t\t\t\t\t\t<a href=\"https:\/\/www.ivo.es\/wp-content\/uploads\/2024\/12\/QH-2024.png\" data-elementor-open-lightbox=\"yes\" data-elementor-lightbox-title=\"QH 2024\" data-e-action-hash=\"#elementor-action%3Aaction%3Dlightbox%26settings%3DeyJpZCI6NDAwODAsInVybCI6Imh0dHBzOlwvXC93d3cuaXZvLmVzXC93cC1jb250ZW50XC91cGxvYWRzXC8yMDI0XC8xMlwvUUgtMjAyNC5wbmcifQ%3D%3D\">\n\t\t\t\t\t\t\t<img loading=\"lazy\" decoding=\"async\" width=\"300\" height=\"212\" src=\"https:\/\/www.ivo.es\/wp-content\/uploads\/2024\/12\/QH-2024-300x212.png\" class=\"attachment-medium size-medium wp-image-40080\" alt=\"\" srcset=\"https:\/\/www.ivo.es\/wp-content\/uploads\/2024\/12\/QH-2024-300x212.png 300w, https:\/\/www.ivo.es\/wp-content\/uploads\/2024\/12\/QH-2024-1024x722.png 1024w, https:\/\/www.ivo.es\/wp-content\/uploads\/2024\/12\/QH-2024-768x542.png 768w, https:\/\/www.ivo.es\/wp-content\/uploads\/2024\/12\/QH-2024.png 1099w\" sizes=\"(max-width: 300px) 100vw, 300px\" \/>\t\t\t\t\t\t\t\t<\/a>\n\t\t\t\t\t\t\t\t\t\t\t\t\t\t\t<\/div>\n\t\t\t\t<\/div>\n\t\t\t\t<div class=\"elementor-element elementor-element-2279624 elementor-align-center animated-slow elementor-invisible elementor-widget elementor-widget-button\" data-id=\"2279624\" data-element_type=\"widget\" data-e-type=\"widget\" data-settings=\"{&quot;_animation&quot;:&quot;fadeIn&quot;}\" data-widget_type=\"button.default\">\n\t\t\t\t<div class=\"elementor-widget-container\">\n\t\t\t\t\t\t\t\t\t<div class=\"elementor-button-wrapper\">\n\t\t\t\t\t<a class=\"elementor-button elementor-button-link elementor-size-sm\" href=\"https:\/\/www.ivo.es\/wp-content\/uploads\/2024\/12\/INFORMACION-6-3.pdf\" target=\"_blank\">\n\t\t\t\t\t\t<span class=\"elementor-button-content-wrapper\">\n\t\t\t\t\t\t\t\t\t<span class=\"elementor-button-text\">Veure<\/span>\n\t\t\t\t\t<\/span>\n\t\t\t\t\t<\/a>\n\t\t\t\t<\/div>\n\t\t\t\t\t\t\t\t<\/div>\n\t\t\t\t<\/div>\n\t\t\t\t<\/div>\n\t\t\t\t\t<\/div>\n\t\t\t\t<\/div>\n\t\t<div data-particle_enable=\"false\" data-particle-mobile-disabled=\"false\" class=\"elementor-element elementor-element-99a3704 e-flex e-con-boxed e-con e-parent\" data-id=\"99a3704\" data-element_type=\"container\" data-e-type=\"container\">\n\t\t\t\t\t<div class=\"e-con-inner\">\n\t\t<div data-particle_enable=\"false\" data-particle-mobile-disabled=\"false\" class=\"elementor-element elementor-element-d3a36fa e-con-full e-flex e-con e-child\" data-id=\"d3a36fa\" data-element_type=\"container\" data-e-type=\"container\" data-settings=\"{&quot;background_background&quot;:&quot;classic&quot;}\">\n\t\t\t\t<div class=\"elementor-element elementor-element-3671f2f elementor-widget elementor-widget-heading\" data-id=\"3671f2f\" data-element_type=\"widget\" data-e-type=\"widget\" data-widget_type=\"heading.default\">\n\t\t\t\t<div class=\"elementor-widget-container\">\n\t\t\t\t\t<h2 class=\"elementor-heading-title elementor-size-default\">Certificaci\u00f3 Programa Quality Oncology Practice Iniciative (QOPI)\n<\/h2>\t\t\t\t<\/div>\n\t\t\t\t<\/div>\n\t\t\t\t<div class=\"elementor-element elementor-element-f95ae83 elementor-widget elementor-widget-text-editor\" data-id=\"f95ae83\" data-element_type=\"widget\" data-e-type=\"widget\" data-widget_type=\"text-editor.default\">\n\t\t\t\t<div class=\"elementor-widget-container\">\n\t\t\t\t\t\t\t\t\t<p>Est\u00e0ndards de qualitat i seguretat de les organitzacions americanes ASCO i Oncology Nursing Society que suposen un reconeixement en l\u2019assist\u00e8ncia a pacients amb c\u00e0ncer.<\/p>\t\t\t\t\t\t\t\t<\/div>\n\t\t\t\t<\/div>\n\t\t\t\t<\/div>\n\t\t\t\t\t<\/div>\n\t\t\t\t<\/div>\n\t\t<div data-particle_enable=\"false\" data-particle-mobile-disabled=\"false\" class=\"elementor-element elementor-element-704a91c e-flex e-con-boxed e-con e-parent\" data-id=\"704a91c\" data-element_type=\"container\" data-e-type=\"container\">\n\t\t\t\t\t<div class=\"e-con-inner\">\n\t\t<div data-particle_enable=\"false\" data-particle-mobile-disabled=\"false\" class=\"elementor-element elementor-element-63c7b6f e-con-full e-flex e-con e-child\" data-id=\"63c7b6f\" data-element_type=\"container\" data-e-type=\"container\" data-settings=\"{&quot;background_background&quot;:&quot;classic&quot;}\">\n\t\t<div data-particle_enable=\"false\" data-particle-mobile-disabled=\"false\" class=\"elementor-element elementor-element-43acf8a e-con-full e-flex e-con e-child\" data-id=\"43acf8a\" data-element_type=\"container\" data-e-type=\"container\">\n\t\t\t\t<div class=\"elementor-element elementor-element-d449d5e elementor-widget elementor-widget-heading\" data-id=\"d449d5e\" data-element_type=\"widget\" data-e-type=\"widget\" data-widget_type=\"heading.default\">\n\t\t\t\t<div class=\"elementor-widget-container\">\n\t\t\t\t\t<h2 class=\"elementor-heading-title elementor-size-default\"><a href=\"https:\/\/www.oeci.eu\/\" target=\"_blank\">Acreditaci\u00f3 OECI (Organisation of European Cancer Institutes) com a Centre Oncol\u00f2gic.<\/a><\/h2>\t\t\t\t<\/div>\n\t\t\t\t<\/div>\n\t\t\t\t<div class=\"elementor-element elementor-element-9388a20 elementor-widget elementor-widget-text-editor\" data-id=\"9388a20\" data-element_type=\"widget\" data-e-type=\"widget\" data-widget_type=\"text-editor.default\">\n\t\t\t\t<div class=\"elementor-widget-container\">\n\t\t\t\t\t\t\t\t\t<p>Atorga el reconeixement a la nostra activitat amb una \u00e0mplia gamma de diagn\u00f2stics i cures de c\u00e0ncer d\u2019alta qualitat adaptats a les necessitats individuals del pacient i la cultura d\u2019aprenentatge i millora de la qualitat professional i organitzativa de l\u2019atenci\u00f3.<\/p><p><a href=\"https:\/\/oeci.eu\/Istitute.aspx?id=28\">Fundaci\u00f3n Instituto Valenciano de Oncolog\u00eda IVO<\/a><\/p>\t\t\t\t\t\t\t\t<\/div>\n\t\t\t\t<\/div>\n\t\t\t\t<\/div>\n\t\t<div data-particle_enable=\"false\" data-particle-mobile-disabled=\"false\" class=\"elementor-element elementor-element-6009c64 e-con-full e-flex e-con e-child\" data-id=\"6009c64\" data-element_type=\"container\" data-e-type=\"container\">\n\t\t<div data-particle_enable=\"false\" data-particle-mobile-disabled=\"false\" class=\"elementor-element elementor-element-d644944 e-con-full e-flex e-con e-child\" data-id=\"d644944\" data-element_type=\"container\" data-e-type=\"container\" data-settings=\"{&quot;background_background&quot;:&quot;classic&quot;}\">\n\t\t<div data-particle_enable=\"false\" data-particle-mobile-disabled=\"false\" class=\"elementor-element elementor-element-470405e e-con-full e-flex e-con e-child\" data-id=\"470405e\" data-element_type=\"container\" data-e-type=\"container\">\n\t\t\t\t<div class=\"elementor-element elementor-element-c54b1aa elementor-widget elementor-widget-image\" data-id=\"c54b1aa\" data-element_type=\"widget\" data-e-type=\"widget\" data-widget_type=\"image.default\">\n\t\t\t\t<div class=\"elementor-widget-container\">\n\t\t\t\t\t\t\t\t\t\t\t\t\t\t\t<img loading=\"lazy\" decoding=\"async\" width=\"472\" height=\"166\" src=\"https:\/\/www.ivo.es\/wp-content\/uploads\/2023\/02\/Fachadablue01-calidad.jpg\" class=\"attachment-large size-large wp-image-35195\" alt=\"\" srcset=\"https:\/\/www.ivo.es\/wp-content\/uploads\/2023\/02\/Fachadablue01-calidad.jpg 472w, https:\/\/www.ivo.es\/wp-content\/uploads\/2023\/02\/Fachadablue01-calidad-300x106.jpg 300w\" sizes=\"(max-width: 472px) 100vw, 472px\" \/>\t\t\t\t\t\t\t\t\t\t\t\t\t\t\t<\/div>\n\t\t\t\t<\/div>\n\t\t\t\t<\/div>\n\t\t<div data-particle_enable=\"false\" data-particle-mobile-disabled=\"false\" class=\"elementor-element elementor-element-2b63a55 e-con-full e-flex e-con e-child\" data-id=\"2b63a55\" data-element_type=\"container\" data-e-type=\"container\">\n\t\t\t\t<div class=\"elementor-element elementor-element-08683dc elementor-widget elementor-widget-image\" data-id=\"08683dc\" data-element_type=\"widget\" data-e-type=\"widget\" data-widget_type=\"image.default\">\n\t\t\t\t<div class=\"elementor-widget-container\">\n\t\t\t\t\t\t\t\t\t\t\t\t\t\t\t<img loading=\"lazy\" decoding=\"async\" width=\"640\" height=\"372\" src=\"https:\/\/www.ivo.es\/wp-content\/uploads\/2022\/03\/OECI_LogoEEIG-complete--1024x595.jpg\" class=\"attachment-large size-large wp-image-35179\" alt=\"\" srcset=\"https:\/\/www.ivo.es\/wp-content\/uploads\/2022\/03\/OECI_LogoEEIG-complete--1024x595.jpg 1024w, https:\/\/www.ivo.es\/wp-content\/uploads\/2022\/03\/OECI_LogoEEIG-complete--300x174.jpg 300w, https:\/\/www.ivo.es\/wp-content\/uploads\/2022\/03\/OECI_LogoEEIG-complete--768x446.jpg 768w, https:\/\/www.ivo.es\/wp-content\/uploads\/2022\/03\/OECI_LogoEEIG-complete-.jpg 1187w\" sizes=\"(max-width: 640px) 100vw, 640px\" \/>\t\t\t\t\t\t\t\t\t\t\t\t\t\t\t<\/div>\n\t\t\t\t<\/div>\n\t\t\t\t<\/div>\n\t\t\t\t<\/div>\n\t\t\t\t<div class=\"elementor-element elementor-element-40ba46c animated-slow elementor-invisible elementor-widget elementor-widget-image\" data-id=\"40ba46c\" data-element_type=\"widget\" data-e-type=\"widget\" data-settings=\"{&quot;_animation&quot;:&quot;fadeIn&quot;}\" data-widget_type=\"image.default\">\n\t\t\t\t<div class=\"elementor-widget-container\">\n\t\t\t\t\t\t\t\t\t\t\t\t\t\t\t\t<a href=\"https:\/\/www.ivo.es\/wp-content\/uploads\/2024\/12\/OECI-IVO-2029-1.png\" data-elementor-open-lightbox=\"yes\" data-elementor-lightbox-title=\"OECI- IVO 2029\" data-e-action-hash=\"#elementor-action%3Aaction%3Dlightbox%26settings%3DeyJpZCI6NDAwNzYsInVybCI6Imh0dHBzOlwvXC93d3cuaXZvLmVzXC93cC1jb250ZW50XC91cGxvYWRzXC8yMDI0XC8xMlwvT0VDSS1JVk8tMjAyOS0xLnBuZyJ9\">\n\t\t\t\t\t\t\t<img loading=\"lazy\" decoding=\"async\" width=\"640\" height=\"781\" src=\"https:\/\/www.ivo.es\/wp-content\/uploads\/2024\/12\/OECI-IVO-2029-1.png\" class=\"attachment-large size-large wp-image-40076\" alt=\"\" srcset=\"https:\/\/www.ivo.es\/wp-content\/uploads\/2024\/12\/OECI-IVO-2029-1.png 754w, https:\/\/www.ivo.es\/wp-content\/uploads\/2024\/12\/OECI-IVO-2029-1-246x300.png 246w, https:\/\/www.ivo.es\/wp-content\/uploads\/2024\/12\/OECI-IVO-2029-1-656x800.png 656w\" sizes=\"(max-width: 640px) 100vw, 640px\" \/>\t\t\t\t\t\t\t\t<\/a>\n\t\t\t\t\t\t\t\t\t\t\t\t\t\t\t<\/div>\n\t\t\t\t<\/div>\n\t\t\t\t<div class=\"elementor-element elementor-element-0527537 elementor-align-center animated-slow elementor-invisible elementor-widget elementor-widget-button\" data-id=\"0527537\" data-element_type=\"widget\" data-e-type=\"widget\" data-settings=\"{&quot;_animation&quot;:&quot;fadeIn&quot;}\" data-widget_type=\"button.default\">\n\t\t\t\t<div class=\"elementor-widget-container\">\n\t\t\t\t\t\t\t\t\t<div class=\"elementor-button-wrapper\">\n\t\t\t\t\t<a class=\"elementor-button elementor-button-link elementor-size-sm\" href=\"https:\/\/www.ivo.es\/wp-content\/uploads\/2024\/12\/OECI_CLC_IVO-Spain_2029-1.pdf\" target=\"_blank\">\n\t\t\t\t\t\t<span class=\"elementor-button-content-wrapper\">\n\t\t\t\t\t\t\t\t\t<span class=\"elementor-button-text\">Veure<\/span>\n\t\t\t\t\t<\/span>\n\t\t\t\t\t<\/a>\n\t\t\t\t<\/div>\n\t\t\t\t\t\t\t\t<\/div>\n\t\t\t\t<\/div>\n\t\t\t\t<\/div>\n\t\t\t\t<\/div>\n\t\t<div data-particle_enable=\"false\" data-particle-mobile-disabled=\"false\" class=\"elementor-element elementor-element-118607d e-con-full e-flex e-con e-child\" data-id=\"118607d\" data-element_type=\"container\" data-e-type=\"container\" data-settings=\"{&quot;background_background&quot;:&quot;classic&quot;}\">\n\t\t<div data-particle_enable=\"false\" data-particle-mobile-disabled=\"false\" class=\"elementor-element elementor-element-610b6b9 e-con-full e-flex e-con e-child\" data-id=\"610b6b9\" data-element_type=\"container\" data-e-type=\"container\">\n\t\t\t\t<div class=\"elementor-element elementor-element-85a17be elementor-widget elementor-widget-heading\" data-id=\"85a17be\" data-element_type=\"widget\" data-e-type=\"widget\" data-widget_type=\"heading.default\">\n\t\t\t\t<div class=\"elementor-widget-container\">\n\t\t\t\t\t<h2 class=\"elementor-heading-title elementor-size-default\">World's Best Hospitals 2025 (revista <i>Newsweek<\/i>)<\/h2>\t\t\t\t<\/div>\n\t\t\t\t<\/div>\n\t\t\t\t<div class=\"elementor-element elementor-element-f7c2e82 elementor-widget elementor-widget-text-editor\" data-id=\"f7c2e82\" data-element_type=\"widget\" data-e-type=\"widget\" data-widget_type=\"text-editor.default\">\n\t\t\t\t<div class=\"elementor-widget-container\">\n\t\t\t\t\t\t\t\t\t<p>Una classificaci\u00f3 dels 300 millors centres oncol\u00f2gics del m\u00f3n, tant p\u00fablics com privats, segons el r\u00e0nquing World&#8217;s Best Specialized Hospitals 2026, que edita la revista <i>Newswee<\/i><\/p>\t\t\t\t\t\t\t\t<\/div>\n\t\t\t\t<\/div>\n\t\t\t\t<div class=\"elementor-element elementor-element-4be210a elementor-align-center animated-slow elementor-invisible elementor-widget elementor-widget-button\" data-id=\"4be210a\" data-element_type=\"widget\" data-e-type=\"widget\" data-settings=\"{&quot;_animation&quot;:&quot;fadeIn&quot;}\" data-widget_type=\"button.default\">\n\t\t\t\t<div class=\"elementor-widget-container\">\n\t\t\t\t\t\t\t\t\t<div class=\"elementor-button-wrapper\">\n\t\t\t\t\t<a class=\"elementor-button elementor-button-link elementor-size-sm\" href=\"https:\/\/www.ivo.es\/actualidad\/fivo\/la-revista-newsweek-mantiene-al-ivo-entre-los-100-mejores-hospitales-oncologicos-del-mundo\/\" target=\"_blank\">\n\t\t\t\t\t\t<span class=\"elementor-button-content-wrapper\">\n\t\t\t\t\t\t\t\t\t<span class=\"elementor-button-text\">Veure<\/span>\n\t\t\t\t\t<\/span>\n\t\t\t\t\t<\/a>\n\t\t\t\t<\/div>\n\t\t\t\t\t\t\t\t<\/div>\n\t\t\t\t<\/div>\n\t\t\t\t<\/div>\n\t\t<div data-particle_enable=\"false\" data-particle-mobile-disabled=\"false\" class=\"elementor-element elementor-element-6873e23 e-con-full e-flex e-con e-child\" data-id=\"6873e23\" data-element_type=\"container\" data-e-type=\"container\">\n\t\t\t\t<div class=\"elementor-element elementor-element-31304f5 animated-slow elementor-invisible elementor-widget elementor-widget-image\" data-id=\"31304f5\" data-element_type=\"widget\" data-e-type=\"widget\" data-settings=\"{&quot;_animation&quot;:&quot;fadeIn&quot;}\" data-widget_type=\"image.default\">\n\t\t\t\t<div class=\"elementor-widget-container\">\n\t\t\t\t\t\t\t\t\t\t\t\t\t\t\t<img loading=\"lazy\" decoding=\"async\" width=\"499\" height=\"1024\" src=\"https:\/\/www.ivo.es\/wp-content\/uploads\/2025\/10\/Newsweek_WBSpecH26_FIVO_basic_26_onco-499x1024.png\" class=\"attachment-large size-large wp-image-41517\" alt=\"\" srcset=\"https:\/\/www.ivo.es\/wp-content\/uploads\/2025\/10\/Newsweek_WBSpecH26_FIVO_basic_26_onco-499x1024.png 499w, https:\/\/www.ivo.es\/wp-content\/uploads\/2025\/10\/Newsweek_WBSpecH26_FIVO_basic_26_onco-146x300.png 146w, https:\/\/www.ivo.es\/wp-content\/uploads\/2025\/10\/Newsweek_WBSpecH26_FIVO_basic_26_onco-768x1575.png 768w, https:\/\/www.ivo.es\/wp-content\/uploads\/2025\/10\/Newsweek_WBSpecH26_FIVO_basic_26_onco-749x1536.png 749w, https:\/\/www.ivo.es\/wp-content\/uploads\/2025\/10\/Newsweek_WBSpecH26_FIVO_basic_26_onco-999x2048.png 999w, https:\/\/www.ivo.es\/wp-content\/uploads\/2025\/10\/Newsweek_WBSpecH26_FIVO_basic_26_onco-390x800.png 390w, https:\/\/www.ivo.es\/wp-content\/uploads\/2025\/10\/Newsweek_WBSpecH26_FIVO_basic_26_onco-scaled.png 1249w\" sizes=\"(max-width: 499px) 100vw, 499px\" \/>\t\t\t\t\t\t\t\t\t\t\t\t\t\t\t<\/div>\n\t\t\t\t<\/div>\n\t\t\t\t<\/div>\n\t\t\t\t<\/div>\n\t\t\t\t\t<\/div>\n\t\t\t\t<\/div>\n\t\t<div data-particle_enable=\"false\" data-particle-mobile-disabled=\"false\" class=\"elementor-element elementor-element-71608ca e-flex e-con-boxed e-con e-parent\" data-id=\"71608ca\" data-element_type=\"container\" data-e-type=\"container\">\n\t\t\t\t\t<div class=\"e-con-inner\">\n\t\t<div data-particle_enable=\"false\" data-particle-mobile-disabled=\"false\" class=\"elementor-element elementor-element-43614eb e-con-full e-flex e-con e-child\" data-id=\"43614eb\" data-element_type=\"container\" data-e-type=\"container\" data-settings=\"{&quot;background_background&quot;:&quot;classic&quot;}\">\n\t\t\t\t<div class=\"elementor-element elementor-element-d65eb1c elementor-widget elementor-widget-heading\" data-id=\"d65eb1c\" data-element_type=\"widget\" data-e-type=\"widget\" data-widget_type=\"heading.default\">\n\t\t\t\t<div class=\"elementor-widget-container\">\n\t\t\t\t\t<h2 class=\"elementor-heading-title elementor-size-default\">Acreditaci\u00f3 ESMO (Societat Europea d'Oncologia M\u00e8dica)<\/h2>\t\t\t\t<\/div>\n\t\t\t\t<\/div>\n\t\t\t\t<div class=\"elementor-element elementor-element-bc0a145 elementor-widget elementor-widget-text-editor\" data-id=\"bc0a145\" data-element_type=\"widget\" data-e-type=\"widget\" data-widget_type=\"text-editor.default\">\n\t\t\t\t<div class=\"elementor-widget-container\">\n\t\t\t\t\t\t\t\t\t<p>L&#8217;IVO ha sigut acreditat per la Societat Europea d&#8217;Oncologia M\u00e8dica (ESMO) com a centre d&#8217;excel\u00b7l\u00e8ncia en la cura integral del pacient oncol\u00f2gic i l&#8217;atenci\u00f3 en les cures pal\u00b7liatives.<\/p><p><a href=\"https:\/\/www.esmo.org\/designated-centres\/fundacion-instituto-valenciano-de-oncologia-ivo\">Fundaci\u00f3n Instituto Valenciano de Oncolog\u00eda (IVO) | ESMO<\/a><\/p>\t\t\t\t\t\t\t\t<\/div>\n\t\t\t\t<\/div>\n\t\t\t\t<\/div>\n\t\t<div data-particle_enable=\"false\" data-particle-mobile-disabled=\"false\" class=\"elementor-element elementor-element-32153eb e-con-full e-flex e-con e-child\" data-id=\"32153eb\" data-element_type=\"container\" data-e-type=\"container\" data-settings=\"{&quot;background_background&quot;:&quot;classic&quot;}\">\n\t\t\t\t<div class=\"elementor-element elementor-element-7c857de animated-slow elementor-invisible elementor-widget elementor-widget-image\" data-id=\"7c857de\" data-element_type=\"widget\" data-e-type=\"widget\" data-settings=\"{&quot;_animation&quot;:&quot;fadeIn&quot;}\" data-widget_type=\"image.default\">\n\t\t\t\t<div class=\"elementor-widget-container\">\n\t\t\t\t\t\t\t\t\t\t\t\t\t\t\t\t<a href=\"https:\/\/www.ivo.es\/wp-content\/uploads\/2024\/10\/acreditacion-centro-de-excelencia-en-el-cuidado-integral-del-paciente-oncologico-IVO-1.png\" data-elementor-open-lightbox=\"yes\" data-elementor-lightbox-title=\"acreditacion centro de excelencia en el cuidado integral del paciente oncolo\u0301gico - IVO\" data-e-action-hash=\"#elementor-action%3Aaction%3Dlightbox%26settings%3DeyJpZCI6Mzk1OTQsInVybCI6Imh0dHBzOlwvXC93d3cuaXZvLmVzXC93cC1jb250ZW50XC91cGxvYWRzXC8yMDI0XC8xMFwvYWNyZWRpdGFjaW9uLWNlbnRyby1kZS1leGNlbGVuY2lhLWVuLWVsLWN1aWRhZG8taW50ZWdyYWwtZGVsLXBhY2llbnRlLW9uY29sb2dpY28tSVZPLTEucG5nIn0%3D\">\n\t\t\t\t\t\t\t<img loading=\"lazy\" decoding=\"async\" width=\"640\" height=\"425\" src=\"https:\/\/www.ivo.es\/wp-content\/uploads\/2024\/10\/acreditacion-centro-de-excelencia-en-el-cuidado-integral-del-paciente-oncologico-IVO-1.png\" class=\"attachment-large size-large wp-image-39594\" alt=\"\" srcset=\"https:\/\/www.ivo.es\/wp-content\/uploads\/2024\/10\/acreditacion-centro-de-excelencia-en-el-cuidado-integral-del-paciente-oncologico-IVO-1.png 900w, https:\/\/www.ivo.es\/wp-content\/uploads\/2024\/10\/acreditacion-centro-de-excelencia-en-el-cuidado-integral-del-paciente-oncologico-IVO-1-300x199.png 300w, https:\/\/www.ivo.es\/wp-content\/uploads\/2024\/10\/acreditacion-centro-de-excelencia-en-el-cuidado-integral-del-paciente-oncologico-IVO-1-768x510.png 768w\" sizes=\"(max-width: 640px) 100vw, 640px\" \/>\t\t\t\t\t\t\t\t<\/a>\n\t\t\t\t\t\t\t\t\t\t\t\t\t\t\t<\/div>\n\t\t\t\t<\/div>\n\t\t\t\t<div class=\"elementor-element elementor-element-e226883 elementor-align-center animated-slow elementor-invisible elementor-widget elementor-widget-button\" data-id=\"e226883\" data-element_type=\"widget\" data-e-type=\"widget\" data-settings=\"{&quot;_animation&quot;:&quot;fadeIn&quot;}\" data-widget_type=\"button.default\">\n\t\t\t\t<div class=\"elementor-widget-container\">\n\t\t\t\t\t\t\t\t\t<div class=\"elementor-button-wrapper\">\n\t\t\t\t\t<a class=\"elementor-button elementor-button-link elementor-size-sm\" href=\"https:\/\/www.ivo.es\/wp-content\/uploads\/2024\/10\/acreditacion-centro-de-excelencia-en-el-cuidado-integral-del-paciente-oncologico-IVO-1.png\" target=\"_blank\">\n\t\t\t\t\t\t<span class=\"elementor-button-content-wrapper\">\n\t\t\t\t\t\t\t\t\t<span class=\"elementor-button-text\">Veure<\/span>\n\t\t\t\t\t<\/span>\n\t\t\t\t\t<\/a>\n\t\t\t\t<\/div>\n\t\t\t\t\t\t\t\t<\/div>\n\t\t\t\t<\/div>\n\t\t\t\t<\/div>\n\t\t\t\t\t<\/div>\n\t\t\t\t<\/div>\n\t\t<div data-particle_enable=\"false\" data-particle-mobile-disabled=\"false\" class=\"elementor-element elementor-element-6ad81bc e-flex e-con-boxed e-con e-parent\" data-id=\"6ad81bc\" data-element_type=\"container\" data-e-type=\"container\">\n\t\t\t\t\t<div class=\"e-con-inner\">\n\t\t<div data-particle_enable=\"false\" data-particle-mobile-disabled=\"false\" class=\"elementor-element elementor-element-810a974 e-con-full e-flex e-con e-child\" data-id=\"810a974\" data-element_type=\"container\" data-e-type=\"container\" data-settings=\"{&quot;background_background&quot;:&quot;classic&quot;}\">\n\t\t\t\t<div class=\"elementor-element elementor-element-f37a6e3 elementor-widget elementor-widget-heading\" data-id=\"f37a6e3\" data-element_type=\"widget\" data-e-type=\"widget\" data-widget_type=\"heading.default\">\n\t\t\t\t<div class=\"elementor-widget-container\">\n\t\t\t\t\t<h2 class=\"elementor-heading-title elementor-size-default\">Certificaci\u00f3 EBU (European Board of Urology)<\/h2>\t\t\t\t<\/div>\n\t\t\t\t<\/div>\n\t\t\t\t<div class=\"elementor-element elementor-element-b53e7d8 elementor-widget elementor-widget-text-editor\" data-id=\"b53e7d8\" data-element_type=\"widget\" data-e-type=\"widget\" data-widget_type=\"text-editor.default\">\n\t\t\t\t<div class=\"elementor-widget-container\">\n\t\t\t\t\t\t\t\t\t<p>El Servici d&#8217;Urologia de l&#8217;Institut Valenci\u00e0 d&#8217;Oncologia (IVO) ha sigut acreditat pel European Board of Urology (*EBU) com a centre de refer\u00e8ncia internacional en la formaci\u00f3 especialitzada en tumors de bufeta i pr\u00f2stata. Este segell de qualitat, recolzat tamb\u00e9 per l&#8217;Associaci\u00f3 Europea d&#8217;Urologia (EAU), distingix a aquells centres que complixen els m\u00e9s alts est\u00e0ndards en doc\u00e8ncia, assist\u00e8ncia cl\u00ednica i resultats quir\u00fargics.<\/p><p>Amb esta acreditaci\u00f3, l&#8217;IVO es convertix en l&#8217;\u00fanic centre hospitalari de la Comunitat Valenciana reconegut pel EBU, i un dels dos \u00fanics a Espanya juntament amb la Fundaci\u00f3 Puigvert de Barcelona. La certificaci\u00f3 t\u00e9 una validesa de cinc anys i avala l&#8217;excel\u00b7l\u00e8ncia del programa formatiu impartit a metges residents europeus en les subespecialidades d&#8217;urologia oncol\u00f2gica.<\/p><p><a href=\"https:\/\/www.ebu.com\/certification\/ebu-certified-centres\/\">Certified Training Programmes | EBU<\/a><\/p>\t\t\t\t\t\t\t\t<\/div>\n\t\t\t\t<\/div>\n\t\t\t\t<div class=\"elementor-element elementor-element-af48b34 elementor-align-center animated-slow elementor-invisible elementor-widget elementor-widget-button\" data-id=\"af48b34\" data-element_type=\"widget\" data-e-type=\"widget\" data-settings=\"{&quot;_animation&quot;:&quot;fadeIn&quot;}\" data-widget_type=\"button.default\">\n\t\t\t\t<div class=\"elementor-widget-container\">\n\t\t\t\t\t\t\t\t\t<div class=\"elementor-button-wrapper\">\n\t\t\t\t\t<a class=\"elementor-button elementor-button-link elementor-size-sm\" href=\"https:\/\/www.ebu.com\/certification\/ebu-certified-centres\/\" target=\"_blank\">\n\t\t\t\t\t\t<span class=\"elementor-button-content-wrapper\">\n\t\t\t\t\t\t\t\t\t<span class=\"elementor-button-text\">Veure<\/span>\n\t\t\t\t\t<\/span>\n\t\t\t\t\t<\/a>\n\t\t\t\t<\/div>\n\t\t\t\t\t\t\t\t<\/div>\n\t\t\t\t<\/div>\n\t\t\t\t<div class=\"elementor-element elementor-element-417270c animated-slow elementor-invisible elementor-widget elementor-widget-image\" data-id=\"417270c\" data-element_type=\"widget\" data-e-type=\"widget\" data-settings=\"{&quot;_animation&quot;:&quot;fadeIn&quot;}\" data-widget_type=\"image.default\">\n\t\t\t\t<div class=\"elementor-widget-container\">\n\t\t\t\t\t\t\t\t\t\t\t\t\t\t\t<img loading=\"lazy\" decoding=\"async\" width=\"640\" height=\"138\" src=\"https:\/\/www.ivo.es\/wp-content\/uploads\/2025\/07\/thumbnail_EBU-logo-2025-Certified-European-Urology-Scholarship-Programme-1024x220.png\" class=\"attachment-large size-large wp-image-41310\" alt=\"\" srcset=\"https:\/\/www.ivo.es\/wp-content\/uploads\/2025\/07\/thumbnail_EBU-logo-2025-Certified-European-Urology-Scholarship-Programme-1024x220.png 1024w, https:\/\/www.ivo.es\/wp-content\/uploads\/2025\/07\/thumbnail_EBU-logo-2025-Certified-European-Urology-Scholarship-Programme-300x65.png 300w, https:\/\/www.ivo.es\/wp-content\/uploads\/2025\/07\/thumbnail_EBU-logo-2025-Certified-European-Urology-Scholarship-Programme-768x165.png 768w, https:\/\/www.ivo.es\/wp-content\/uploads\/2025\/07\/thumbnail_EBU-logo-2025-Certified-European-Urology-Scholarship-Programme-1536x330.png 1536w, https:\/\/www.ivo.es\/wp-content\/uploads\/2025\/07\/thumbnail_EBU-logo-2025-Certified-European-Urology-Scholarship-Programme-1200x258.png 1200w, https:\/\/www.ivo.es\/wp-content\/uploads\/2025\/07\/thumbnail_EBU-logo-2025-Certified-European-Urology-Scholarship-Programme.png 1920w\" sizes=\"(max-width: 640px) 100vw, 640px\" \/>\t\t\t\t\t\t\t\t\t\t\t\t\t\t\t<\/div>\n\t\t\t\t<\/div>\n\t\t\t\t<\/div>\n\t\t<div data-particle_enable=\"false\" data-particle-mobile-disabled=\"false\" class=\"elementor-element elementor-element-e63fe06 e-con-full e-flex e-con e-child\" data-id=\"e63fe06\" data-element_type=\"container\" data-e-type=\"container\" data-settings=\"{&quot;background_background&quot;:&quot;classic&quot;}\">\n\t\t\t\t<\/div>\n\t\t\t\t\t<\/div>\n\t\t\t\t<\/div>\n\t\t\t\t<section data-particle_enable=\"false\" data-particle-mobile-disabled=\"false\" class=\"elementor-section elementor-top-section elementor-element elementor-element-0a51156 elementor-section-boxed elementor-section-height-default elementor-section-height-default\" data-id=\"0a51156\" data-element_type=\"section\" data-e-type=\"section\">\n\t\t\t\t\t\t<div class=\"elementor-container elementor-column-gap-default\">\n\t\t\t\t\t<div class=\"elementor-column elementor-col-100 elementor-top-column elementor-element elementor-element-b29c7e1\" data-id=\"b29c7e1\" data-element_type=\"column\" data-e-type=\"column\" data-settings=\"{&quot;background_background&quot;:&quot;classic&quot;}\">\n\t\t\t<div class=\"elementor-widget-wrap elementor-element-populated\">\n\t\t\t\t\t\t<div class=\"elementor-element elementor-element-b88eec0 elementor-position-left elementor-vertical-align-middle elementor-widget elementor-widget-image-box\" data-id=\"b88eec0\" data-element_type=\"widget\" data-e-type=\"widget\" data-widget_type=\"image-box.default\">\n\t\t\t\t<div class=\"elementor-widget-container\">\n\t\t\t\t\t<div class=\"elementor-image-box-wrapper\"><figure class=\"elementor-image-box-img\"><img loading=\"lazy\" decoding=\"async\" width=\"1772\" height=\"1752\" src=\"https:\/\/www.ivo.es\/wp-content\/uploads\/2025\/09\/2025-premio-las-provincias.jpg\" class=\"attachment-full size-full wp-image-41446\" alt=\"\" srcset=\"https:\/\/www.ivo.es\/wp-content\/uploads\/2025\/09\/2025-premio-las-provincias.jpg 1772w, https:\/\/www.ivo.es\/wp-content\/uploads\/2025\/09\/2025-premio-las-provincias-300x297.jpg 300w, https:\/\/www.ivo.es\/wp-content\/uploads\/2025\/09\/2025-premio-las-provincias-1024x1012.jpg 1024w, https:\/\/www.ivo.es\/wp-content\/uploads\/2025\/09\/2025-premio-las-provincias-768x759.jpg 768w, https:\/\/www.ivo.es\/wp-content\/uploads\/2025\/09\/2025-premio-las-provincias-1536x1519.jpg 1536w, https:\/\/www.ivo.es\/wp-content\/uploads\/2025\/09\/2025-premio-las-provincias-809x800.jpg 809w\" sizes=\"(max-width: 1772px) 100vw, 1772px\" \/><\/figure><div class=\"elementor-image-box-content\"><h3 class=\"elementor-image-box-title\">2025 - El diari las Provincias va celebrar 25 anys de la primera edici\u00f3 dels Premis Valencians per al Segle XXI i distingix de nou a tots els guardonats. L&#039;IVO va ser guardonat l&#039;any 2004.<\/h3><\/div><\/div>\t\t\t\t<\/div>\n\t\t\t\t<\/div>\n\t\t\t\t\t<\/div>\n\t\t<\/div>\n\t\t\t\t\t<\/div>\n\t\t<\/section>\n\t\t\t\t<section data-particle_enable=\"false\" data-particle-mobile-disabled=\"false\" class=\"elementor-section elementor-top-section elementor-element elementor-element-a11de0e elementor-section-boxed elementor-section-height-default elementor-section-height-default\" data-id=\"a11de0e\" data-element_type=\"section\" data-e-type=\"section\">\n\t\t\t\t\t\t<div class=\"elementor-container elementor-column-gap-default\">\n\t\t\t\t\t<div class=\"elementor-column elementor-col-100 elementor-top-column elementor-element elementor-element-86f087d\" data-id=\"86f087d\" data-element_type=\"column\" data-e-type=\"column\" data-settings=\"{&quot;background_background&quot;:&quot;classic&quot;}\">\n\t\t\t<div class=\"elementor-widget-wrap elementor-element-populated\">\n\t\t\t\t\t\t<div class=\"elementor-element elementor-element-dc7d1df elementor-position-left elementor-vertical-align-middle elementor-widget elementor-widget-image-box\" data-id=\"dc7d1df\" data-element_type=\"widget\" data-e-type=\"widget\" data-widget_type=\"image-box.default\">\n\t\t\t\t<div class=\"elementor-widget-container\">\n\t\t\t\t\t<div class=\"elementor-image-box-wrapper\"><figure class=\"elementor-image-box-img\"><a href=\"https:\/\/www.ivo.es\/actualidad\/fivo\/el-ivo-recibe-el-premio-levante-emv2023-en-la-categoria-salud\/\" tabindex=\"-1\"><img loading=\"lazy\" decoding=\"async\" width=\"1125\" height=\"746\" src=\"https:\/\/www.ivo.es\/wp-content\/uploads\/2023\/10\/IMG_2948.jpg\" class=\"attachment-full size-full wp-image-36778\" alt=\"\" srcset=\"https:\/\/www.ivo.es\/wp-content\/uploads\/2023\/10\/IMG_2948.jpg 1125w, https:\/\/www.ivo.es\/wp-content\/uploads\/2023\/10\/IMG_2948-300x199.jpg 300w, https:\/\/www.ivo.es\/wp-content\/uploads\/2023\/10\/IMG_2948-1024x679.jpg 1024w, https:\/\/www.ivo.es\/wp-content\/uploads\/2023\/10\/IMG_2948-768x509.jpg 768w\" sizes=\"(max-width: 1125px) 100vw, 1125px\" \/><\/a><\/figure><div class=\"elementor-image-box-content\"><h3 class=\"elementor-image-box-title\"><a href=\"https:\/\/www.ivo.es\/actualidad\/fivo\/el-ivo-recibe-el-premio-levante-emv2023-en-la-categoria-salud\/\">2023 - L'IVO rep el premi Llevant-EMV2023 en la categoria Salut<\/a><\/h3><\/div><\/div>\t\t\t\t<\/div>\n\t\t\t\t<\/div>\n\t\t\t\t\t<\/div>\n\t\t<\/div>\n\t\t\t\t\t<\/div>\n\t\t<\/section>\n\t\t\t\t<section data-particle_enable=\"false\" data-particle-mobile-disabled=\"false\" class=\"elementor-section elementor-top-section elementor-element elementor-element-d662b2c elementor-section-boxed elementor-section-height-default elementor-section-height-default\" data-id=\"d662b2c\" data-element_type=\"section\" data-e-type=\"section\">\n\t\t\t\t\t\t<div class=\"elementor-container elementor-column-gap-default\">\n\t\t\t\t\t<div class=\"elementor-column elementor-col-100 elementor-top-column elementor-element elementor-element-3199d163\" data-id=\"3199d163\" data-element_type=\"column\" data-e-type=\"column\" data-settings=\"{&quot;background_background&quot;:&quot;classic&quot;}\">\n\t\t\t<div class=\"elementor-widget-wrap elementor-element-populated\">\n\t\t\t\t\t\t<div class=\"elementor-element elementor-element-63cc89ad elementor-position-left elementor-vertical-align-middle elementor-widget elementor-widget-image-box\" data-id=\"63cc89ad\" data-element_type=\"widget\" data-e-type=\"widget\" data-widget_type=\"image-box.default\">\n\t\t\t\t<div class=\"elementor-widget-container\">\n\t\t\t\t\t<div class=\"elementor-image-box-wrapper\"><figure class=\"elementor-image-box-img\"><a href=\"https:\/\/www.ivo.es\/actualidad\/fivo\/la-fundacion-ivo-premio-derecho-sanitario-2022\/\" tabindex=\"-1\"><img loading=\"lazy\" decoding=\"async\" width=\"1024\" height=\"683\" src=\"https:\/\/www.ivo.es\/wp-content\/uploads\/2022\/06\/ivo-premio-derecho-sanitario-1.jpeg\" class=\"attachment-full size-full wp-image-33052\" alt=\"\" srcset=\"https:\/\/www.ivo.es\/wp-content\/uploads\/2022\/06\/ivo-premio-derecho-sanitario-1.jpeg 1024w, https:\/\/www.ivo.es\/wp-content\/uploads\/2022\/06\/ivo-premio-derecho-sanitario-1-300x200.jpeg 300w, https:\/\/www.ivo.es\/wp-content\/uploads\/2022\/06\/ivo-premio-derecho-sanitario-1-768x512.jpeg 768w\" sizes=\"(max-width: 1024px) 100vw, 1024px\" \/><\/a><\/figure><div class=\"elementor-image-box-content\"><h3 class=\"elementor-image-box-title\"><a href=\"https:\/\/www.ivo.es\/actualidad\/fivo\/la-fundacion-ivo-premio-derecho-sanitario-2022\/\">2022 - La Fundaci\u00f3 IVO, Premi Dret Sanitari 2022<\/a><\/h3><\/div><\/div>\t\t\t\t<\/div>\n\t\t\t\t<\/div>\n\t\t\t\t\t<\/div>\n\t\t<\/div>\n\t\t\t\t\t<\/div>\n\t\t<\/section>\n\t\t\t\t<section data-particle_enable=\"false\" data-particle-mobile-disabled=\"false\" class=\"elementor-section elementor-top-section elementor-element elementor-element-3ccf7270 elementor-section-boxed elementor-section-height-default elementor-section-height-default\" data-id=\"3ccf7270\" data-element_type=\"section\" data-e-type=\"section\" id=\"reconocimientos\">\n\t\t\t\t\t\t<div class=\"elementor-container elementor-column-gap-default\">\n\t\t\t\t\t<div class=\"elementor-column elementor-col-100 elementor-top-column elementor-element elementor-element-35f65d7\" data-id=\"35f65d7\" data-element_type=\"column\" data-e-type=\"column\" data-settings=\"{&quot;background_background&quot;:&quot;classic&quot;}\">\n\t\t\t<div class=\"elementor-widget-wrap elementor-element-populated\">\n\t\t\t\t\t\t<div class=\"elementor-element elementor-element-4f9401f elementor-position-left elementor-vertical-align-middle elementor-widget elementor-widget-image-box\" data-id=\"4f9401f\" data-element_type=\"widget\" data-e-type=\"widget\" data-widget_type=\"image-box.default\">\n\t\t\t\t<div class=\"elementor-widget-container\">\n\t\t\t\t\t<div class=\"elementor-image-box-wrapper\"><figure class=\"elementor-image-box-img\"><a href=\"https:\/\/www.ivo.es\/actualidad\/fivo\/el-ivo-recibe-la-medalla-de-honor-de-la-real-academia-de-medicina-de-la-comunitat-valenciana\/\" tabindex=\"-1\"><img loading=\"lazy\" decoding=\"async\" width=\"132\" height=\"120\" src=\"https:\/\/www.ivo.es\/wp-content\/uploads\/2022\/04\/medalla.jpg\" class=\"attachment-full size-full wp-image-418\" alt=\"\" \/><\/a><\/figure><div class=\"elementor-image-box-content\"><h3 class=\"elementor-image-box-title\"><a href=\"https:\/\/www.ivo.es\/actualidad\/fivo\/el-ivo-recibe-la-medalla-de-honor-de-la-real-academia-de-medicina-de-la-comunitat-valenciana\/\">2021 - Medalla d'honor de la Reial Acad\u00e8mia de Medicina de la Comunitat Valenciana<\/a><\/h3><\/div><\/div>\t\t\t\t<\/div>\n\t\t\t\t<\/div>\n\t\t\t\t\t<\/div>\n\t\t<\/div>\n\t\t\t\t\t<\/div>\n\t\t<\/section>\n\t\t\t\t<section data-particle_enable=\"false\" data-particle-mobile-disabled=\"false\" class=\"elementor-section elementor-top-section elementor-element elementor-element-39dd033 elementor-section-boxed elementor-section-height-default elementor-section-height-default\" data-id=\"39dd033\" data-element_type=\"section\" data-e-type=\"section\">\n\t\t\t\t\t\t<div class=\"elementor-container elementor-column-gap-default\">\n\t\t\t\t\t<div class=\"elementor-column elementor-col-100 elementor-top-column elementor-element elementor-element-d4b39e0\" data-id=\"d4b39e0\" data-element_type=\"column\" data-e-type=\"column\" data-settings=\"{&quot;background_background&quot;:&quot;classic&quot;}\">\n\t\t\t<div class=\"elementor-widget-wrap elementor-element-populated\">\n\t\t\t\t\t\t<div class=\"elementor-element elementor-element-9c4fcae elementor-position-left elementor-vertical-align-middle elementor-widget elementor-widget-image-box\" data-id=\"9c4fcae\" data-element_type=\"widget\" data-e-type=\"widget\" data-widget_type=\"image-box.default\">\n\t\t\t\t<div class=\"elementor-widget-container\">\n\t\t\t\t\t<div class=\"elementor-image-box-wrapper\"><figure class=\"elementor-image-box-img\"><img loading=\"lazy\" decoding=\"async\" width=\"1203\" height=\"1573\" src=\"https:\/\/www.ivo.es\/wp-content\/uploads\/2025\/09\/2018-premios-cope.jpg\" class=\"attachment-full size-full wp-image-41449\" alt=\"\" srcset=\"https:\/\/www.ivo.es\/wp-content\/uploads\/2025\/09\/2018-premios-cope.jpg 1203w, https:\/\/www.ivo.es\/wp-content\/uploads\/2025\/09\/2018-premios-cope-229x300.jpg 229w, https:\/\/www.ivo.es\/wp-content\/uploads\/2025\/09\/2018-premios-cope-783x1024.jpg 783w, https:\/\/www.ivo.es\/wp-content\/uploads\/2025\/09\/2018-premios-cope-768x1004.jpg 768w, https:\/\/www.ivo.es\/wp-content\/uploads\/2025\/09\/2018-premios-cope-1175x1536.jpg 1175w, https:\/\/www.ivo.es\/wp-content\/uploads\/2025\/09\/2018-premios-cope-612x800.jpg 612w\" sizes=\"(max-width: 1203px) 100vw, 1203px\" \/><\/figure><div class=\"elementor-image-box-content\"><h3 class=\"elementor-image-box-title\">2018 - L&#039;Institut Valenci\u00e0 d&#039;Oncologia (IVO) va rebre el Premi COPE Val\u00e8ncia en la categoria de Sanitat durant la VII edici\u00f3 dels Premis COPE Val\u00e8ncia<\/h3><\/div><\/div>\t\t\t\t<\/div>\n\t\t\t\t<\/div>\n\t\t\t\t\t<\/div>\n\t\t<\/div>\n\t\t\t\t\t<\/div>\n\t\t<\/section>\n\t\t\t\t<section data-particle_enable=\"false\" data-particle-mobile-disabled=\"false\" class=\"elementor-section elementor-top-section elementor-element elementor-element-5fc2386 elementor-section-boxed elementor-section-height-default elementor-section-height-default\" data-id=\"5fc2386\" data-element_type=\"section\" data-e-type=\"section\">\n\t\t\t\t\t\t<div class=\"elementor-container elementor-column-gap-default\">\n\t\t\t\t\t<div class=\"elementor-column elementor-col-100 elementor-top-column elementor-element elementor-element-d9c7cee\" data-id=\"d9c7cee\" data-element_type=\"column\" data-e-type=\"column\" data-settings=\"{&quot;background_background&quot;:&quot;classic&quot;}\">\n\t\t\t<div class=\"elementor-widget-wrap elementor-element-populated\">\n\t\t\t\t\t\t<div class=\"elementor-element elementor-element-b315466 elementor-position-left elementor-vertical-align-middle elementor-widget elementor-widget-image-box\" data-id=\"b315466\" data-element_type=\"widget\" data-e-type=\"widget\" data-widget_type=\"image-box.default\">\n\t\t\t\t<div class=\"elementor-widget-container\">\n\t\t\t\t\t<div class=\"elementor-image-box-wrapper\"><figure class=\"elementor-image-box-img\"><img loading=\"lazy\" decoding=\"async\" width=\"1025\" height=\"1451\" src=\"https:\/\/www.ivo.es\/wp-content\/uploads\/2025\/09\/2018-premio-la-razon.jpg\" class=\"attachment-full size-full wp-image-41452\" alt=\"\" srcset=\"https:\/\/www.ivo.es\/wp-content\/uploads\/2025\/09\/2018-premio-la-razon.jpg 1025w, https:\/\/www.ivo.es\/wp-content\/uploads\/2025\/09\/2018-premio-la-razon-212x300.jpg 212w, https:\/\/www.ivo.es\/wp-content\/uploads\/2025\/09\/2018-premio-la-razon-723x1024.jpg 723w, https:\/\/www.ivo.es\/wp-content\/uploads\/2025\/09\/2018-premio-la-razon-768x1087.jpg 768w, https:\/\/www.ivo.es\/wp-content\/uploads\/2025\/09\/2018-premio-la-razon-565x800.jpg 565w\" sizes=\"(max-width: 1025px) 100vw, 1025px\" \/><\/figure><div class=\"elementor-image-box-content\"><h3 class=\"elementor-image-box-title\">2018 - L&#039;Institut Valenci\u00e0 d&#039;Oncologia (IVO) va ser guardonat pel diari La Raz\u00f3n amb el Premi A LA TEUA SALUT en la categoria de &quot;Millor Centre Oncol\u00f2gic&quot;.<\/h3><\/div><\/div>\t\t\t\t<\/div>\n\t\t\t\t<\/div>\n\t\t\t\t\t<\/div>\n\t\t<\/div>\n\t\t\t\t\t<\/div>\n\t\t<\/section>\n\t\t\t\t<section data-particle_enable=\"false\" data-particle-mobile-disabled=\"false\" class=\"elementor-section elementor-top-section elementor-element elementor-element-6c8d795 elementor-section-boxed elementor-section-height-default elementor-section-height-default\" data-id=\"6c8d795\" data-element_type=\"section\" data-e-type=\"section\">\n\t\t\t\t\t\t<div class=\"elementor-container elementor-column-gap-default\">\n\t\t\t\t\t<div class=\"elementor-column elementor-col-100 elementor-top-column elementor-element elementor-element-45f258b\" data-id=\"45f258b\" data-element_type=\"column\" data-e-type=\"column\" data-settings=\"{&quot;background_background&quot;:&quot;classic&quot;}\">\n\t\t\t<div class=\"elementor-widget-wrap elementor-element-populated\">\n\t\t\t\t\t\t<div class=\"elementor-element elementor-element-e8641f8 elementor-position-left elementor-vertical-align-middle elementor-widget elementor-widget-image-box\" data-id=\"e8641f8\" data-element_type=\"widget\" data-e-type=\"widget\" data-widget_type=\"image-box.default\">\n\t\t\t\t<div class=\"elementor-widget-container\">\n\t\t\t\t\t<div class=\"elementor-image-box-wrapper\"><figure class=\"elementor-image-box-img\"><img loading=\"lazy\" decoding=\"async\" width=\"1040\" height=\"2560\" src=\"https:\/\/www.ivo.es\/wp-content\/uploads\/2025\/09\/2004-premio-las-provincias-scaled.jpg\" class=\"attachment-full size-full wp-image-41455\" alt=\"\" srcset=\"https:\/\/www.ivo.es\/wp-content\/uploads\/2025\/09\/2004-premio-las-provincias-scaled.jpg 1040w, https:\/\/www.ivo.es\/wp-content\/uploads\/2025\/09\/2004-premio-las-provincias-122x300.jpg 122w, https:\/\/www.ivo.es\/wp-content\/uploads\/2025\/09\/2004-premio-las-provincias-416x1024.jpg 416w, https:\/\/www.ivo.es\/wp-content\/uploads\/2025\/09\/2004-premio-las-provincias-768x1890.jpg 768w, https:\/\/www.ivo.es\/wp-content\/uploads\/2025\/09\/2004-premio-las-provincias-624x1536.jpg 624w, https:\/\/www.ivo.es\/wp-content\/uploads\/2025\/09\/2004-premio-las-provincias-832x2048.jpg 832w, https:\/\/www.ivo.es\/wp-content\/uploads\/2025\/09\/2004-premio-las-provincias-325x800.jpg 325w\" sizes=\"(max-width: 1040px) 100vw, 1040px\" \/><\/figure><div class=\"elementor-image-box-content\"><h3 class=\"elementor-image-box-title\">2004 - Premi de Las Provincias en la IV edici\u00f3 dels premis Valencians segle XXI<\/h3><\/div><\/div>\t\t\t\t<\/div>\n\t\t\t\t<\/div>\n\t\t\t\t\t<\/div>\n\t\t<\/div>\n\t\t\t\t\t<\/div>\n\t\t<\/section>\n\t\t\t\t<section data-particle_enable=\"false\" data-particle-mobile-disabled=\"false\" class=\"elementor-section elementor-top-section elementor-element elementor-element-88c7ee9 elementor-section-boxed elementor-section-height-default elementor-section-height-default\" data-id=\"88c7ee9\" data-element_type=\"section\" data-e-type=\"section\">\n\t\t\t\t\t\t<div class=\"elementor-container elementor-column-gap-default\">\n\t\t\t\t\t<div class=\"elementor-column elementor-col-100 elementor-top-column elementor-element elementor-element-84a8144\" data-id=\"84a8144\" data-element_type=\"column\" data-e-type=\"column\" data-settings=\"{&quot;background_background&quot;:&quot;classic&quot;}\">\n\t\t\t<div class=\"elementor-widget-wrap elementor-element-populated\">\n\t\t\t\t\t\t<div class=\"elementor-element elementor-element-1b48b62 elementor-position-left elementor-vertical-align-middle elementor-widget elementor-widget-image-box\" data-id=\"1b48b62\" data-element_type=\"widget\" data-e-type=\"widget\" data-widget_type=\"image-box.default\">\n\t\t\t\t<div class=\"elementor-widget-container\">\n\t\t\t\t\t<div class=\"elementor-image-box-wrapper\"><figure class=\"elementor-image-box-img\"><img loading=\"lazy\" decoding=\"async\" width=\"246\" height=\"376\" src=\"https:\/\/www.ivo.es\/wp-content\/uploads\/2025\/09\/2001-premio-economia-3-1.jpg\" class=\"attachment-full size-full wp-image-41486\" alt=\"\" srcset=\"https:\/\/www.ivo.es\/wp-content\/uploads\/2025\/09\/2001-premio-economia-3-1.jpg 246w, https:\/\/www.ivo.es\/wp-content\/uploads\/2025\/09\/2001-premio-economia-3-1-196x300.jpg 196w\" sizes=\"(max-width: 246px) 100vw, 246px\" \/><\/figure><div class=\"elementor-image-box-content\"><h3 class=\"elementor-image-box-title\">2001 - Premi de la revista Economia 3<\/h3><\/div><\/div>\t\t\t\t<\/div>\n\t\t\t\t<\/div>\n\t\t\t\t\t<\/div>\n\t\t<\/div>\n\t\t\t\t\t<\/div>\n\t\t<\/section>\n\t\t\t\t<section data-particle_enable=\"false\" data-particle-mobile-disabled=\"false\" class=\"elementor-section elementor-top-section elementor-element elementor-element-5b884c44 elementor-section-boxed elementor-section-height-default elementor-section-height-default\" data-id=\"5b884c44\" data-element_type=\"section\" data-e-type=\"section\">\n\t\t\t\t\t\t<div class=\"elementor-container elementor-column-gap-default\">\n\t\t\t\t\t<div class=\"elementor-column elementor-col-100 elementor-top-column elementor-element elementor-element-2170a7a\" data-id=\"2170a7a\" data-element_type=\"column\" data-e-type=\"column\">\n\t\t\t<div class=\"elementor-widget-wrap elementor-element-populated\">\n\t\t\t\t\t\t<div class=\"elementor-element elementor-element-4ca2612 elementor-widget elementor-widget-video\" data-id=\"4ca2612\" data-element_type=\"widget\" data-e-type=\"widget\" data-settings=\"{&quot;youtube_url&quot;:&quot;https:\\\/\\\/www.youtube.com\\\/watch?v=MinMDRR5Ets&amp;feature=emb_title&quot;,&quot;video_type&quot;:&quot;youtube&quot;,&quot;controls&quot;:&quot;yes&quot;}\" data-widget_type=\"video.default\">\n\t\t\t\t<div class=\"elementor-widget-container\">\n\t\t\t\t\t\t\t<div class=\"elementor-wrapper elementor-open-inline\">\n\t\t\t<div class=\"elementor-video\"><\/div>\t\t<\/div>\n\t\t\t\t\t\t<\/div>\n\t\t\t\t<\/div>\n\t\t\t\t\t<\/div>\n\t\t<\/div>\n\t\t\t\t\t<\/div>\n\t\t<\/section>\n\t\t\t\t<section data-particle_enable=\"false\" data-particle-mobile-disabled=\"false\" class=\"elementor-section elementor-top-section elementor-element elementor-element-cfb251f elementor-section-boxed elementor-section-height-default elementor-section-height-default\" data-id=\"cfb251f\" data-element_type=\"section\" data-e-type=\"section\">\n\t\t\t\t\t\t<div class=\"elementor-container elementor-column-gap-default\">\n\t\t\t\t\t<div class=\"elementor-column elementor-col-100 elementor-top-column elementor-element elementor-element-fad5b72\" data-id=\"fad5b72\" data-element_type=\"column\" data-e-type=\"column\">\n\t\t\t<div class=\"elementor-widget-wrap elementor-element-populated\">\n\t\t\t\t\t\t<div class=\"elementor-element elementor-element-ac223d3 elementor-widget elementor-widget-video\" data-id=\"ac223d3\" data-element_type=\"widget\" data-e-type=\"widget\" data-settings=\"{&quot;youtube_url&quot;:&quot;https:\\\/\\\/www.youtube.com\\\/watch?v=T7TCByxObTA&quot;,&quot;video_type&quot;:&quot;youtube&quot;,&quot;controls&quot;:&quot;yes&quot;}\" data-widget_type=\"video.default\">\n\t\t\t\t<div class=\"elementor-widget-container\">\n\t\t\t\t\t\t\t<div class=\"elementor-wrapper elementor-open-inline\">\n\t\t\t<div class=\"elementor-video\"><\/div>\t\t<\/div>\n\t\t\t\t\t\t<\/div>\n\t\t\t\t<\/div>\n\t\t\t\t\t<\/div>\n\t\t<\/div>\n\t\t\t\t\t<\/div>\n\t\t<\/section>\n\t\t\t\t<\/div>\n\t\t","protected":false},"excerpt":{"rendered":"<p>L\u2019IVO ha apostat per desenvolupar una estrat\u00e8gia basada en l\u2019excel\u00b7l\u00e8ncia en la prestaci\u00f3 de serveis sanitaris<\/p>\n","protected":false},"author":1,"featured_media":31338,"parent":0,"menu_order":0,"comment_status":"closed","ping_status":"closed","template":"","meta":{"_acf_changed":false,"om_disable_all_campaigns":false,"footnotes":""},"class_list":["post-31337","page","type-page","status-publish","has-post-thumbnail","hentry"],"acf":[],"aioseo_notices":[],"_links":{"self":[{"href":"https:\/\/www.ivo.es\/val\/wp-json\/wp\/v2\/pages\/31337","targetHints":{"allow":["GET"]}}],"collection":[{"href":"https:\/\/www.ivo.es\/val\/wp-json\/wp\/v2\/pages"}],"about":[{"href":"https:\/\/www.ivo.es\/val\/wp-json\/wp\/v2\/types\/page"}],"author":[{"embeddable":true,"href":"https:\/\/www.ivo.es\/val\/wp-json\/wp\/v2\/users\/1"}],"replies":[{"embeddable":true,"href":"https:\/\/www.ivo.es\/val\/wp-json\/wp\/v2\/comments?post=31337"}],"version-history":[{"count":82,"href":"https:\/\/www.ivo.es\/val\/wp-json\/wp\/v2\/pages\/31337\/revisions"}],"predecessor-version":[{"id":41523,"href":"https:\/\/www.ivo.es\/val\/wp-json\/wp\/v2\/pages\/31337\/revisions\/41523"}],"wp:featuredmedia":[{"embeddable":true,"href":"https:\/\/www.ivo.es\/val\/wp-json\/wp\/v2\/media\/31338"}],"wp:attachment":[{"href":"https:\/\/www.ivo.es\/val\/wp-json\/wp\/v2\/media?parent=31337"}],"curies":[{"name":"wp","href":"https:\/\/api.w.org\/{rel}","templated":true}]}}