{"id":31312,"date":"2022-05-01T09:41:27","date_gmt":"2022-05-01T07:41:27","guid":{"rendered":"https:\/\/www.ivo.es\/cuadro-medico\/servicios\/infermeria\/"},"modified":"2025-01-23T12:41:23","modified_gmt":"2025-01-23T11:41:23","slug":"infermeria","status":"publish","type":"gs_service","link":"https:\/\/www.ivo.es\/val\/quadre-medic\/servicis\/infermeria\/","title":{"rendered":"Infermeria"},"content":{"rendered":"\t\t<div data-elementor-type=\"wp-post\" data-elementor-id=\"31312\" class=\"elementor elementor-31312 elementor-23324\" data-elementor-post-type=\"gs_service\">\n\t\t\t\t\t\t<section data-particle_enable=\"false\" data-particle-mobile-disabled=\"false\" class=\"elementor-section elementor-top-section elementor-element elementor-element-b93ba4d elementor-section-boxed elementor-section-height-default elementor-section-height-default\" data-id=\"b93ba4d\" data-element_type=\"section\" data-e-type=\"section\">\n\t\t\t\t\t\t<div class=\"elementor-container elementor-column-gap-default\">\n\t\t\t\t\t<div class=\"elementor-column elementor-col-50 elementor-top-column elementor-element elementor-element-3a2dd53\" data-id=\"3a2dd53\" data-element_type=\"column\" data-e-type=\"column\">\n\t\t\t<div class=\"elementor-widget-wrap elementor-element-populated\">\n\t\t\t\t\t\t<div class=\"elementor-element elementor-element-00babd3 elementor-widget elementor-widget-text-editor\" data-id=\"00babd3\" data-element_type=\"widget\" data-e-type=\"widget\" data-widget_type=\"text-editor.default\">\n\t\t\t\t<div class=\"elementor-widget-container\">\n\t\t\t\t\t\t\t\t\t<p>La unitat d&#8217;infermeria de l&#8217;IVO est\u00e0 especialitzada en la cura del pacient oncol\u00f2gic. T\u00e9 un alt nivell de compet\u00e8ncia en els coneixements i les habilitats necess\u00e0ries per a dur a terme una labor assistencial completa de cada pacient,<strong> i est\u00e0 al seu costat les vint-i-quatre hores del dia durant la seua estada.<\/strong><\/p><p>L&#8217;equip d&#8217;infermeria valora la situaci\u00f3 del pacient. Observa la seua evoluci\u00f3 constantment, detecta les complicacions, signes i s\u00edmptomes que poden apar\u00e9ixer durant els processos oncol\u00f2gics i proporciona una atenci\u00f3 integral i especialitzada, que millora aix\u00ed la qualitat de vida del pacient.<\/p>\t\t\t\t\t\t\t\t<\/div>\n\t\t\t\t<\/div>\n\t\t\t\t\t<\/div>\n\t\t<\/div>\n\t\t\t\t<div class=\"elementor-column elementor-col-50 elementor-top-column elementor-element elementor-element-ff54a94\" data-id=\"ff54a94\" data-element_type=\"column\" data-e-type=\"column\">\n\t\t\t<div class=\"elementor-widget-wrap elementor-element-populated\">\n\t\t\t\t\t\t<div class=\"elementor-element elementor-element-fd53620 elementor-widget elementor-widget-image\" data-id=\"fd53620\" data-element_type=\"widget\" data-e-type=\"widget\" data-widget_type=\"image.default\">\n\t\t\t\t<div class=\"elementor-widget-container\">\n\t\t\t\t\t\t\t\t\t\t\t\t\t\t\t<img fetchpriority=\"high\" decoding=\"async\" width=\"640\" height=\"427\" src=\"https:\/\/www.ivo.es\/wp-content\/uploads\/2022\/04\/anestesiologia1.jpg\" class=\"attachment-large size-large wp-image-22656\" alt=\"\" srcset=\"https:\/\/www.ivo.es\/wp-content\/uploads\/2022\/04\/anestesiologia1.jpg 1000w, https:\/\/www.ivo.es\/wp-content\/uploads\/2022\/04\/anestesiologia1-300x200.jpg 300w, https:\/\/www.ivo.es\/wp-content\/uploads\/2022\/04\/anestesiologia1-768x512.jpg 768w\" sizes=\"(max-width: 640px) 100vw, 640px\" \/>\t\t\t\t\t\t\t\t\t\t\t\t\t\t\t<\/div>\n\t\t\t\t<\/div>\n\t\t\t\t\t<\/div>\n\t\t<\/div>\n\t\t\t\t\t<\/div>\n\t\t<\/section>\n\t\t\t\t<section data-particle_enable=\"false\" data-particle-mobile-disabled=\"false\" class=\"elementor-section elementor-top-section elementor-element elementor-element-c958f7e elementor-section-boxed elementor-section-height-default elementor-section-height-default\" data-id=\"c958f7e\" data-element_type=\"section\" data-e-type=\"section\">\n\t\t\t\t\t\t<div class=\"elementor-container elementor-column-gap-default\">\n\t\t\t\t\t<div class=\"elementor-column elementor-col-100 elementor-top-column elementor-element elementor-element-7df41a9\" data-id=\"7df41a9\" data-element_type=\"column\" data-e-type=\"column\">\n\t\t\t<div class=\"elementor-widget-wrap elementor-element-populated\">\n\t\t\t\t\t\t<div class=\"elementor-element elementor-element-fb6497b elementor-widget elementor-widget-text-editor\" data-id=\"fb6497b\" data-element_type=\"widget\" data-e-type=\"widget\" data-widget_type=\"text-editor.default\">\n\t\t\t\t<div class=\"elementor-widget-container\">\n\t\t\t\t\t\t\t\t\t<h3>L&#8217;equip d&#8217;infermeria de l&#8217;IVO es caracteritza per una gran capacitat de sensibilitat i dedicaci\u00f3 cap al malalt oncol\u00f2gic i els seus familiars<\/h3>\t\t\t\t\t\t\t\t<\/div>\n\t\t\t\t<\/div>\n\t\t\t\t\t<\/div>\n\t\t<\/div>\n\t\t\t\t\t<\/div>\n\t\t<\/section>\n\t\t\t\t<section data-particle_enable=\"false\" data-particle-mobile-disabled=\"false\" class=\"elementor-section elementor-top-section elementor-element elementor-element-66e7f2d elementor-section-boxed elementor-section-height-default elementor-section-height-default\" data-id=\"66e7f2d\" data-element_type=\"section\" data-e-type=\"section\">\n\t\t\t\t\t\t<div class=\"elementor-container elementor-column-gap-default\">\n\t\t\t\t\t<div class=\"elementor-column elementor-col-100 elementor-top-column elementor-element elementor-element-49d4bc0\" data-id=\"49d4bc0\" data-element_type=\"column\" data-e-type=\"column\">\n\t\t\t<div class=\"elementor-widget-wrap elementor-element-populated\">\n\t\t\t\t\t\t<section data-particle_enable=\"false\" data-particle-mobile-disabled=\"false\" class=\"elementor-section elementor-inner-section elementor-element elementor-element-21ec012 elementor-section-boxed elementor-section-height-default elementor-section-height-default\" data-id=\"21ec012\" data-element_type=\"section\" data-e-type=\"section\">\n\t\t\t\t\t\t<div class=\"elementor-container elementor-column-gap-default\">\n\t\t\t\t\t<div class=\"elementor-column elementor-col-50 elementor-inner-column elementor-element elementor-element-578d511\" data-id=\"578d511\" data-element_type=\"column\" data-e-type=\"column\">\n\t\t\t<div class=\"elementor-widget-wrap elementor-element-populated\">\n\t\t\t\t\t\t<div class=\"elementor-element elementor-element-16fecb3 elementor-widget elementor-widget-image\" data-id=\"16fecb3\" data-element_type=\"widget\" data-e-type=\"widget\" data-widget_type=\"image.default\">\n\t\t\t\t<div class=\"elementor-widget-container\">\n\t\t\t\t\t\t\t\t\t\t\t\t\t\t\t<img decoding=\"async\" width=\"640\" height=\"461\" src=\"https:\/\/www.ivo.es\/wp-content\/uploads\/2022\/05\/Supervisoras-y-supervisoes-de-enfermeria-del-IVO-WEB-1024x737.jpg\" class=\"attachment-large size-large wp-image-40320\" alt=\"\" srcset=\"https:\/\/www.ivo.es\/wp-content\/uploads\/2022\/05\/Supervisoras-y-supervisoes-de-enfermeria-del-IVO-WEB-1024x737.jpg 1024w, https:\/\/www.ivo.es\/wp-content\/uploads\/2022\/05\/Supervisoras-y-supervisoes-de-enfermeria-del-IVO-WEB-300x216.jpg 300w, https:\/\/www.ivo.es\/wp-content\/uploads\/2022\/05\/Supervisoras-y-supervisoes-de-enfermeria-del-IVO-WEB-768x553.jpg 768w, https:\/\/www.ivo.es\/wp-content\/uploads\/2022\/05\/Supervisoras-y-supervisoes-de-enfermeria-del-IVO-WEB-1536x1106.jpg 1536w, https:\/\/www.ivo.es\/wp-content\/uploads\/2022\/05\/Supervisoras-y-supervisoes-de-enfermeria-del-IVO-WEB-2048x1474.jpg 2048w, https:\/\/www.ivo.es\/wp-content\/uploads\/2022\/05\/Supervisoras-y-supervisoes-de-enfermeria-del-IVO-WEB-1112x800.jpg 1112w\" sizes=\"(max-width: 640px) 100vw, 640px\" \/>\t\t\t\t\t\t\t\t\t\t\t\t\t\t\t<\/div>\n\t\t\t\t<\/div>\n\t\t\t\t<div class=\"elementor-element elementor-element-4851527 elementor-cta--skin-classic elementor-animated-content elementor-widget elementor-widget-call-to-action\" data-id=\"4851527\" data-element_type=\"widget\" data-e-type=\"widget\" data-widget_type=\"call-to-action.default\">\n\t\t\t\t<div class=\"elementor-widget-container\">\n\t\t\t\t\t\t\t<div class=\"elementor-cta\">\n\t\t\t\t\t\t\t<div class=\"elementor-cta__content\">\n\t\t\t\t\n\t\t\t\t\t\t\t\t\t<h3 class=\"elementor-cta__title elementor-cta__content-item elementor-content-item\">\n\t\t\t\t\t\tEmpatia, escolta i respecte\t\t\t\t\t<\/h3>\n\t\t\t\t\n\t\t\t\t\t\t\t\t\t<div class=\"elementor-cta__description elementor-cta__content-item elementor-content-item\">\n\t\t\t\t\t\tTractant de millorar al m\u00e0xim el benestar f\u00edsic i an\u00edmic del pacient.\n\t\t\t\t\t<\/div>\n\t\t\t\t\n\t\t\t\t\t\t\t<\/div>\n\t\t\t\t\t\t<\/div>\n\t\t\t\t\t\t<\/div>\n\t\t\t\t<\/div>\n\t\t\t\t\t<\/div>\n\t\t<\/div>\n\t\t\t\t<div class=\"elementor-column elementor-col-50 elementor-inner-column elementor-element elementor-element-a2a7397\" data-id=\"a2a7397\" data-element_type=\"column\" data-e-type=\"column\">\n\t\t\t<div class=\"elementor-widget-wrap elementor-element-populated\">\n\t\t\t\t\t\t<div class=\"elementor-element elementor-element-763536d elementor-widget elementor-widget-heading\" data-id=\"763536d\" data-element_type=\"widget\" data-e-type=\"widget\" data-widget_type=\"heading.default\">\n\t\t\t\t<div class=\"elementor-widget-container\">\n\t\t\t\t\t<h3 class=\"elementor-heading-title elementor-size-default\">Principis \u00e8tics<\/h3>\t\t\t\t<\/div>\n\t\t\t\t<\/div>\n\t\t\t\t<div class=\"elementor-element elementor-element-a812f08 elementor-widget elementor-widget-text-editor\" data-id=\"a812f08\" data-element_type=\"widget\" data-e-type=\"widget\" data-widget_type=\"text-editor.default\">\n\t\t\t\t<div class=\"elementor-widget-container\">\n\t\t\t\t\t\t\t\t\t<p>Acompanya el pacient en les consultes, durant la seua hospitalitzaci\u00f3 o en la unitat domicili\u00e0ria, seguint els principis \u00e8tics que es troben impl\u00edcits en el codi de la seua professi\u00f3 i mantenint-se al costat del pacient durant la seua atenci\u00f3. Aquestes atencions inclouen cures exhaustives i cont\u00ednues: en les consultes, en l\u2019ingr\u00e9s en l\u2019hospital, durant el proc\u00e9s del tractament, aix\u00ed com en la planificaci\u00f3 de l\u2019alta i les seues posteriors revisions.<\/p><p>L\u2019equip d\u2019Infermeria de l\u2019IVO es caracteritza per una gran capacitat de sensibilitat i dedicaci\u00f3 cap al malalt oncol\u00f2gic i els seus familiars. Estableix amb el pacient una relaci\u00f3 d\u2019empatia, d\u2019escolta i de respecte, i tracta de millorar al m\u00e0xim el seu benestar f\u00edsic i an\u00edmic. Tamb\u00e9 garanteixen el respecte a la confidencialitat, als valors i les creences de l&#8217;individu.<\/p>\t\t\t\t\t\t\t\t<\/div>\n\t\t\t\t<\/div>\n\t\t\t\t\t<\/div>\n\t\t<\/div>\n\t\t\t\t\t<\/div>\n\t\t<\/section>\n\t\t\t\t<section data-particle_enable=\"false\" data-particle-mobile-disabled=\"false\" class=\"elementor-section elementor-inner-section elementor-element elementor-element-c9f1801 elementor-section-boxed elementor-section-height-default elementor-section-height-default\" data-id=\"c9f1801\" data-element_type=\"section\" data-e-type=\"section\">\n\t\t\t\t\t\t<div class=\"elementor-container elementor-column-gap-default\">\n\t\t\t\t\t<div class=\"elementor-column elementor-col-50 elementor-inner-column elementor-element elementor-element-63fbd1e\" data-id=\"63fbd1e\" data-element_type=\"column\" data-e-type=\"column\">\n\t\t\t<div class=\"elementor-widget-wrap elementor-element-populated\">\n\t\t\t\t\t\t<div class=\"elementor-element elementor-element-8854391 elementor-widget elementor-widget-heading\" data-id=\"8854391\" data-element_type=\"widget\" data-e-type=\"widget\" data-widget_type=\"heading.default\">\n\t\t\t\t<div class=\"elementor-widget-container\">\n\t\t\t\t\t<h3 class=\"elementor-heading-title elementor-size-default\">Atenci\u00f3 integral<\/h3>\t\t\t\t<\/div>\n\t\t\t\t<\/div>\n\t\t\t\t<div class=\"elementor-element elementor-element-daae7ab elementor-widget elementor-widget-text-editor\" data-id=\"daae7ab\" data-element_type=\"widget\" data-e-type=\"widget\" data-widget_type=\"text-editor.default\">\n\t\t\t\t<div class=\"elementor-widget-container\">\n\t\t\t\t\t\t\t\t\t<p>La infermeria de l&#8217;IVO\u00a0juntament amb l&#8217;equip de t\u00e8cnics auxiliars, es basa en una atenci\u00f3 integral amb la finalitat de promocionar la salut, promoure l&#8217;autonomia, gestionar les cures a trav\u00e9s de la planificaci\u00f3 dels mateixos segons el m\u00e8tode cient\u00edfic, i assegurar la continu\u00eftat de les cures. Destaca per ser un equip que treballa amb entusiasme i entrega, aix\u00ed com per la seua formaci\u00f3, ja que at\u00e9n els pacients amb les t\u00e8cniques m\u00e9s innovadores, sense oblidar-se d&#8217;atendre les necessitats b\u00e0siques amb humanitat i respecte.<\/p><p>A causa de l&#8217;evoluci\u00f3 de l&#8217;oncologia, la infermeria oncol\u00f2gica de l&#8217;IVO est\u00e0 en continu aprenentatge de t\u00e8cniques actuals per a l&#8217;administraci\u00f3 dels nous tractaments.<\/p>\t\t\t\t\t\t\t\t<\/div>\n\t\t\t\t<\/div>\n\t\t\t\t\t<\/div>\n\t\t<\/div>\n\t\t\t\t<div class=\"elementor-column elementor-col-50 elementor-inner-column elementor-element elementor-element-0feb7e7\" data-id=\"0feb7e7\" data-element_type=\"column\" data-e-type=\"column\">\n\t\t\t<div class=\"elementor-widget-wrap elementor-element-populated\">\n\t\t\t\t\t\t<div class=\"elementor-element elementor-element-03cc738 elementor-widget elementor-widget-image\" data-id=\"03cc738\" data-element_type=\"widget\" data-e-type=\"widget\" data-widget_type=\"image.default\">\n\t\t\t\t<div class=\"elementor-widget-container\">\n\t\t\t\t\t\t\t\t\t\t\t\t\t\t\t<img decoding=\"async\" width=\"640\" height=\"427\" src=\"https:\/\/www.ivo.es\/wp-content\/uploads\/2022\/04\/URGENCIAS-ZOAN-DE-TRABAJO0405.jpg\" class=\"attachment-large size-large wp-image-23138\" alt=\"\" srcset=\"https:\/\/www.ivo.es\/wp-content\/uploads\/2022\/04\/URGENCIAS-ZOAN-DE-TRABAJO0405.jpg 1000w, https:\/\/www.ivo.es\/wp-content\/uploads\/2022\/04\/URGENCIAS-ZOAN-DE-TRABAJO0405-300x200.jpg 300w, https:\/\/www.ivo.es\/wp-content\/uploads\/2022\/04\/URGENCIAS-ZOAN-DE-TRABAJO0405-768x512.jpg 768w\" sizes=\"(max-width: 640px) 100vw, 640px\" \/>\t\t\t\t\t\t\t\t\t\t\t\t\t\t\t<\/div>\n\t\t\t\t<\/div>\n\t\t\t\t\t<\/div>\n\t\t<\/div>\n\t\t\t\t\t<\/div>\n\t\t<\/section>\n\t\t\t\t\t<\/div>\n\t\t<\/div>\n\t\t\t\t\t<\/div>\n\t\t<\/section>\n\t\t\t\t<section data-particle_enable=\"false\" data-particle-mobile-disabled=\"false\" class=\"elementor-section elementor-top-section elementor-element elementor-element-eb14a5e elementor-section-boxed elementor-section-height-default elementor-section-height-default\" data-id=\"eb14a5e\" data-element_type=\"section\" data-e-type=\"section\">\n\t\t\t\t\t\t<div class=\"elementor-container elementor-column-gap-default\">\n\t\t\t\t\t<div class=\"elementor-column elementor-col-100 elementor-top-column elementor-element elementor-element-21b6ec9\" data-id=\"21b6ec9\" data-element_type=\"column\" data-e-type=\"column\">\n\t\t\t<div class=\"elementor-widget-wrap elementor-element-populated\">\n\t\t\t\t\t\t<div class=\"elementor-element elementor-element-b0edd34 elementor-widget elementor-widget-heading\" data-id=\"b0edd34\" data-element_type=\"widget\" data-e-type=\"widget\" data-widget_type=\"heading.default\">\n\t\t\t\t<div class=\"elementor-widget-container\">\n\t\t\t\t\t<h2 class=\"elementor-heading-title elementor-size-default\">Equip m\u00e8dic del Servici d'Infermeria<\/h2>\t\t\t\t<\/div>\n\t\t\t\t<\/div>\n\t\t\t\t<section data-particle_enable=\"false\" data-particle-mobile-disabled=\"false\" class=\"elementor-section elementor-inner-section elementor-element elementor-element-293a8f8 elementor-section-boxed elementor-section-height-default elementor-section-height-default\" data-id=\"293a8f8\" data-element_type=\"section\" data-e-type=\"section\">\n\t\t\t\t\t\t<div class=\"elementor-container elementor-column-gap-default\">\n\t\t\t\t\t<div class=\"elementor-column elementor-col-50 elementor-inner-column elementor-element elementor-element-9079c5f\" data-id=\"9079c5f\" data-element_type=\"column\" data-e-type=\"column\">\n\t\t\t<div class=\"elementor-widget-wrap elementor-element-populated\">\n\t\t\t\t\t\t<div class=\"elementor-element elementor-element-a3a98cb elementor-widget elementor-widget-text-editor\" data-id=\"a3a98cb\" data-element_type=\"widget\" data-e-type=\"widget\" data-widget_type=\"text-editor.default\">\n\t\t\t\t<div class=\"elementor-widget-container\">\n\t\t\t\t\t\t\t\t\t<h3>Cap de la unitat<\/h3><div>Nuria Casani Tur\u00e9gano<\/div>\t\t\t\t\t\t\t\t<\/div>\n\t\t\t\t<\/div>\n\t\t\t\t\t<\/div>\n\t\t<\/div>\n\t\t\t\t<div class=\"elementor-column elementor-col-50 elementor-inner-column elementor-element elementor-element-82768e1\" data-id=\"82768e1\" data-element_type=\"column\" data-e-type=\"column\">\n\t\t\t<div class=\"elementor-widget-wrap elementor-element-populated\">\n\t\t\t\t\t\t<div class=\"elementor-element elementor-element-a425917 elementor-widget elementor-widget-text-editor\" data-id=\"a425917\" data-element_type=\"widget\" data-e-type=\"widget\" data-widget_type=\"text-editor.default\">\n\t\t\t\t<div class=\"elementor-widget-container\">\n\t\t\t\t\t\t\t\t\t<h3>Supervisors\/es<\/h3><div>Sotscap Infermeria: Paula Sol\u00e1<br \/>Laboratori: Gema Maestre Garc\u00eda<br \/>Quir\u00f2fans: Gema Garc\u00eda Rodrigo<br \/>S. quir\u00fargics: Julia Coll Rodr\u00edguez<br \/>S. quir\u00fargics: Anna Mart\u00ed Llorca<br \/>U.M.I.:\u00a0Carmen Hern\u00e1ndez Ferrando<br \/>Oncologia m\u00e8dica: Ricardo Roca Almela<br \/>Hospital de Dia: M\u00aa Teresa Navarro Pradas<br \/>Radioter\u00e0pia: Sonia Gimeno<br \/>Radiolog\u00eda: Esteban Mesas Plaza<\/div>\t\t\t\t\t\t\t\t<\/div>\n\t\t\t\t<\/div>\n\t\t\t\t\t<\/div>\n\t\t<\/div>\n\t\t\t\t\t<\/div>\n\t\t<\/section>\n\t\t\t\t\t<\/div>\n\t\t<\/div>\n\t\t\t\t\t<\/div>\n\t\t<\/section>\n\t\t\t\t<\/div>\n\t\t","protected":false},"excerpt":{"rendered":"<p>La unitat d&#8217;infermeria de l&#8217;IVO est\u00e0 especialitzada en la cura del pacient oncol\u00f2gic. T\u00e9 un alt nivell de compet\u00e8ncia en els coneixements i les habilitats necess\u00e0ries per a dur a terme una labor assistencial completa de cada pacient, i est\u00e0 al seu costat les vint-i-quatre hores del dia durant la seua estada. L&#8217;equip d&#8217;infermeria valora [&hellip;]<\/p>\n","protected":false},"author":1,"featured_media":30013,"menu_order":0,"template":"","class_list":["post-31312","gs_service","type-gs_service","status-publish","has-post-thumbnail","hentry"],"acf":[],"aioseo_notices":[],"_links":{"self":[{"href":"https:\/\/www.ivo.es\/val\/wp-json\/wp\/v2\/gs_service\/31312","targetHints":{"allow":["GET"]}}],"collection":[{"href":"https:\/\/www.ivo.es\/val\/wp-json\/wp\/v2\/gs_service"}],"about":[{"href":"https:\/\/www.ivo.es\/val\/wp-json\/wp\/v2\/types\/gs_service"}],"author":[{"embeddable":true,"href":"https:\/\/www.ivo.es\/val\/wp-json\/wp\/v2\/users\/1"}],"version-history":[{"count":28,"href":"https:\/\/www.ivo.es\/val\/wp-json\/wp\/v2\/gs_service\/31312\/revisions"}],"predecessor-version":[{"id":40412,"href":"https:\/\/www.ivo.es\/val\/wp-json\/wp\/v2\/gs_service\/31312\/revisions\/40412"}],"wp:featuredmedia":[{"embeddable":true,"href":"https:\/\/www.ivo.es\/val\/wp-json\/wp\/v2\/media\/30013"}],"wp:attachment":[{"href":"https:\/\/www.ivo.es\/val\/wp-json\/wp\/v2\/media?parent=31312"}],"curies":[{"name":"wp","href":"https:\/\/api.w.org\/{rel}","templated":true}]}}