{"id":31309,"date":"2022-04-30T10:47:00","date_gmt":"2022-04-30T08:47:00","guid":{"rendered":"https:\/\/www.ivo.es\/cuadro-medico\/servicios\/urgencies\/"},"modified":"2026-03-31T10:57:14","modified_gmt":"2026-03-31T08:57:14","slug":"urgencies","status":"publish","type":"gs_service","link":"https:\/\/www.ivo.es\/val\/quadre-medic\/servicis\/urgencies\/","title":{"rendered":"Urg\u00e8ncies"},"content":{"rendered":"\t\t<div data-elementor-type=\"wp-post\" data-elementor-id=\"31309\" class=\"elementor elementor-31309 elementor-23136\" data-elementor-post-type=\"gs_service\">\n\t\t\t\t\t\t<section data-particle_enable=\"false\" data-particle-mobile-disabled=\"false\" class=\"elementor-section elementor-top-section elementor-element elementor-element-b93ba4d elementor-section-boxed elementor-section-height-default elementor-section-height-default\" data-id=\"b93ba4d\" data-element_type=\"section\" data-e-type=\"section\">\n\t\t\t\t\t\t<div class=\"elementor-container elementor-column-gap-default\">\n\t\t\t\t\t<div class=\"elementor-column elementor-col-50 elementor-top-column elementor-element elementor-element-3a2dd53\" data-id=\"3a2dd53\" data-element_type=\"column\" data-e-type=\"column\">\n\t\t\t<div class=\"elementor-widget-wrap elementor-element-populated\">\n\t\t\t\t\t\t<div class=\"elementor-element elementor-element-00babd3 elementor-widget elementor-widget-text-editor\" data-id=\"00babd3\" data-element_type=\"widget\" data-e-type=\"widget\" data-widget_type=\"text-editor.default\">\n\t\t\t\t<div class=\"elementor-widget-container\">\n\t\t\t\t\t\t\t\t\t<p>Les urg\u00e8ncies oncol\u00f2giques poden definir-se com aquelles situacions que impliquen un risc per a la vida del pacient o que causen un deteriorament agut del seu estat de salut, i estan directament o indirectament relacionades amb la malaltia neopl\u00e0stica o el seu tractament.<\/p><p>En el maneig d\u2019una situaci\u00f3 urgent en el cas d&#8217;un pacient oncol\u00f2gic cal tindre en compte la reversibilitat del proc\u00e9s i la possibilitat de curaci\u00f3, l\u2019expectativa de vida i la disponibilitat d\u2019un tractament pal\u00b7liatiu.<\/p>\t\t\t\t\t\t\t\t<\/div>\n\t\t\t\t<\/div>\n\t\t\t\t\t<\/div>\n\t\t<\/div>\n\t\t\t\t<div class=\"elementor-column elementor-col-50 elementor-top-column elementor-element elementor-element-ff54a94\" data-id=\"ff54a94\" data-element_type=\"column\" data-e-type=\"column\">\n\t\t\t<div class=\"elementor-widget-wrap elementor-element-populated\">\n\t\t\t\t\t\t<div class=\"elementor-element elementor-element-f111db1 elementor-widget elementor-widget-image\" data-id=\"f111db1\" data-element_type=\"widget\" data-e-type=\"widget\" data-widget_type=\"image.default\">\n\t\t\t\t<div class=\"elementor-widget-container\">\n\t\t\t\t\t\t\t\t\t\t\t\t\t\t\t<img fetchpriority=\"high\" decoding=\"async\" width=\"640\" height=\"427\" src=\"https:\/\/www.ivo.es\/wp-content\/uploads\/2022\/04\/Urgenciaspersonas01-1024x683.jpg\" class=\"attachment-large size-large wp-image-23139\" alt=\"\" srcset=\"https:\/\/www.ivo.es\/wp-content\/uploads\/2022\/04\/Urgenciaspersonas01-1024x683.jpg 1024w, https:\/\/www.ivo.es\/wp-content\/uploads\/2022\/04\/Urgenciaspersonas01-300x200.jpg 300w, https:\/\/www.ivo.es\/wp-content\/uploads\/2022\/04\/Urgenciaspersonas01-768x512.jpg 768w, https:\/\/www.ivo.es\/wp-content\/uploads\/2022\/04\/Urgenciaspersonas01-1536x1024.jpg 1536w, https:\/\/www.ivo.es\/wp-content\/uploads\/2022\/04\/Urgenciaspersonas01-2048x1366.jpg 2048w, https:\/\/www.ivo.es\/wp-content\/uploads\/2022\/04\/Urgenciaspersonas01-1200x800.jpg 1200w\" sizes=\"(max-width: 640px) 100vw, 640px\" \/>\t\t\t\t\t\t\t\t\t\t\t\t\t\t\t<\/div>\n\t\t\t\t<\/div>\n\t\t\t\t\t<\/div>\n\t\t<\/div>\n\t\t\t\t\t<\/div>\n\t\t<\/section>\n\t\t\t\t<section data-particle_enable=\"false\" data-particle-mobile-disabled=\"false\" class=\"elementor-section elementor-top-section elementor-element elementor-element-c958f7e elementor-section-boxed elementor-section-height-default elementor-section-height-default\" data-id=\"c958f7e\" data-element_type=\"section\" data-e-type=\"section\">\n\t\t\t\t\t\t<div class=\"elementor-container elementor-column-gap-default\">\n\t\t\t\t\t<div class=\"elementor-column elementor-col-100 elementor-top-column elementor-element elementor-element-7df41a9\" data-id=\"7df41a9\" data-element_type=\"column\" data-e-type=\"column\">\n\t\t\t<div class=\"elementor-widget-wrap elementor-element-populated\">\n\t\t\t\t\t\t<div class=\"elementor-element elementor-element-fb6497b elementor-widget elementor-widget-text-editor\" data-id=\"fb6497b\" data-element_type=\"widget\" data-e-type=\"widget\" data-widget_type=\"text-editor.default\">\n\t\t\t\t<div class=\"elementor-widget-container\">\n\t\t\t\t\t\t\t\t\t<h3>El Servici d&#8217;Urg\u00e8ncies de l\u2019IVO disposa d\u2019un sistema de gesti\u00f3 de la qualitat en tots els seus processos, amb la certificaci\u00f3 ISO 9001:2015<\/h3>\t\t\t\t\t\t\t\t<\/div>\n\t\t\t\t<\/div>\n\t\t\t\t\t<\/div>\n\t\t<\/div>\n\t\t\t\t\t<\/div>\n\t\t<\/section>\n\t\t\t\t<section data-particle_enable=\"false\" data-particle-mobile-disabled=\"false\" class=\"elementor-section elementor-top-section elementor-element elementor-element-9a94156 elementor-section-boxed elementor-section-height-default elementor-section-height-default\" data-id=\"9a94156\" data-element_type=\"section\" data-e-type=\"section\">\n\t\t\t\t\t\t<div class=\"elementor-container elementor-column-gap-default\">\n\t\t\t\t\t<div class=\"elementor-column elementor-col-100 elementor-top-column elementor-element elementor-element-fde1924\" data-id=\"fde1924\" data-element_type=\"column\" data-e-type=\"column\">\n\t\t\t<div class=\"elementor-widget-wrap elementor-element-populated\">\n\t\t\t\t\t\t<div class=\"elementor-element elementor-element-f443d7e elementor-skin-slideshow elementor-arrows-yes elementor-widget elementor-widget-media-carousel\" data-id=\"f443d7e\" data-element_type=\"widget\" data-e-type=\"widget\" data-settings=\"{&quot;skin&quot;:&quot;slideshow&quot;,&quot;effect&quot;:&quot;slide&quot;,&quot;show_arrows&quot;:&quot;yes&quot;,&quot;speed&quot;:500,&quot;autoplay&quot;:&quot;yes&quot;,&quot;autoplay_speed&quot;:5000,&quot;loop&quot;:&quot;yes&quot;,&quot;pause_on_interaction&quot;:&quot;yes&quot;,&quot;space_between&quot;:{&quot;unit&quot;:&quot;px&quot;,&quot;size&quot;:10,&quot;sizes&quot;:[]},&quot;space_between_tablet&quot;:{&quot;unit&quot;:&quot;px&quot;,&quot;size&quot;:10,&quot;sizes&quot;:[]},&quot;space_between_mobile&quot;:{&quot;unit&quot;:&quot;px&quot;,&quot;size&quot;:10,&quot;sizes&quot;:[]}}\" data-widget_type=\"media-carousel.default\">\n\t\t\t\t<div class=\"elementor-widget-container\">\n\t\t\t\t\t\t\t\t\t<div class=\"elementor-swiper\">\n\t\t\t\t\t<div class=\"elementor-main-swiper swiper\" role=\"region\" aria-roledescription=\"carousel\" aria-label=\"Slides\">\n\t\t\t\t<div class=\"swiper-wrapper\">\n\t\t\t\t\t\t\t\t\t\t\t<div class=\"swiper-slide\" role=\"group\" aria-roledescription=\"slide\">\n\t\t\t\t\t\t\t<a href=\"https:\/\/www.ivo.es\/wp-content\/uploads\/2022\/04\/URGENCIAS-ZOAN-DE-TRABAJO0405.jpg\" data-elementor-open-lightbox=\"yes\" data-elementor-lightbox-slideshow=\"f443d7e\" data-elementor-lightbox-title=\"URGENCIAS-ZOAN DE TRABAJO0405\" data-e-action-hash=\"#elementor-action%3Aaction%3Dlightbox%26settings%3DeyJpZCI6MjMxMzgsInVybCI6Imh0dHBzOlwvXC93d3cuaXZvLmVzXC93cC1jb250ZW50XC91cGxvYWRzXC8yMDIyXC8wNFwvVVJHRU5DSUFTLVpPQU4tREUtVFJBQkFKTzA0MDUuanBnIiwic2xpZGVzaG93IjoiZjQ0M2Q3ZSJ9\">\t\t<div class=\"elementor-carousel-image\" role=\"img\" aria-label=\"URGENCIAS-ZOAN DE TRABAJO0405\" style=\"background-image: url(&#039;https:\/\/www.ivo.es\/wp-content\/uploads\/2022\/04\/URGENCIAS-ZOAN-DE-TRABAJO0405.jpg&#039;)\">\n\n\t\t\t\n\t\t\t\t\t<\/div>\n\t\t<\/a>\t\t\t\t\t\t<\/div>\n\t\t\t\t\t\t\t\t\t\t\t<div class=\"swiper-slide\" role=\"group\" aria-roledescription=\"slide\">\n\t\t\t\t\t\t\t\t\t<div class=\"elementor-carousel-image\" role=\"img\" aria-label=\"URGENCIAS- VISTA GEENRAL0424\" style=\"background-image: url(&#039;https:\/\/www.ivo.es\/wp-content\/uploads\/2022\/04\/URGENCIAS-VISTA-GEENRAL0424.jpg&#039;)\">\n\n\t\t\t\n\t\t\t\t\t<\/div>\n\t\t\t\t\t\t\t\t<\/div>\n\t\t\t\t\t\t\t\t\t\t\t<div class=\"swiper-slide\" role=\"group\" aria-roledescription=\"slide\">\n\t\t\t\t\t\t\t\t\t<div class=\"elementor-carousel-image\" role=\"img\" aria-label=\"URGENCIAS-BOXER0380\" style=\"background-image: url(&#039;https:\/\/www.ivo.es\/wp-content\/uploads\/2022\/04\/URGENCIAS-BOXER0380.jpg&#039;)\">\n\n\t\t\t\n\t\t\t\t\t<\/div>\n\t\t\t\t\t\t\t\t<\/div>\n\t\t\t\t\t\t\t\t\t\t\t<div class=\"swiper-slide\" role=\"group\" aria-roledescription=\"slide\">\n\t\t\t\t\t\t\t\t\t<div class=\"elementor-carousel-image\" role=\"img\" aria-label=\"URGENCIAS-BOXER0393\" style=\"background-image: url(&#039;https:\/\/www.ivo.es\/wp-content\/uploads\/2022\/04\/URGENCIAS-BOXER0393.jpg&#039;)\">\n\n\t\t\t\n\t\t\t\t\t<\/div>\n\t\t\t\t\t\t\t\t<\/div>\n\t\t\t\t\t\t\t\t\t<\/div>\n\t\t\t\t\t\t\t\t\t\t\t\t\t\t\t<div class=\"elementor-swiper-button elementor-swiper-button-prev\" role=\"button\" tabindex=\"0\" aria-label=\"Previous\">\n\t\t\t\t\t\t\t<i aria-hidden=\"true\" class=\"eicon-chevron-left\"><\/i>\t\t\t\t\t\t<\/div>\n\t\t\t\t\t\t<div class=\"elementor-swiper-button elementor-swiper-button-next\" role=\"button\" tabindex=\"0\" aria-label=\"Next\">\n\t\t\t\t\t\t\t<i aria-hidden=\"true\" class=\"eicon-chevron-right\"><\/i>\t\t\t\t\t\t<\/div>\n\t\t\t\t\t\t\t\t\t\t\t\t\t\t\t\t\t<\/div>\n\t\t\t\t<\/div>\n\t\t\t\t\t\t\t\t<div class=\"elementor-swiper\">\n\t\t\t\t\t<div class=\"elementor-main-swiper swiper elementor-thumbnails-swiper swiper\" role=\"region region\" aria-roledescription=\"carousel carousel\" aria-label=\"Slides Slides\">\n\t\t\t\t<div class=\"swiper-wrapper\">\n\t\t\t\t\t\t\t\t\t\t\t<div class=\"swiper-slide\" role=\"group\" aria-roledescription=\"slide\">\n\t\t\t\t\t\t\t\t\t<div class=\"elementor-carousel-image\" role=\"img\" aria-label=\"URGENCIAS-ZOAN DE TRABAJO0405\" style=\"background-image: url(&#039;https:\/\/www.ivo.es\/wp-content\/uploads\/2022\/04\/URGENCIAS-ZOAN-DE-TRABAJO0405.jpg&#039;)\">\n\n\t\t\t\n\t\t\t\t\t<\/div>\n\t\t<\/a>\t\t\t\t\t\t<\/div>\n\t\t\t\t\t\t\t\t\t\t\t<div class=\"swiper-slide\" role=\"group\" aria-roledescription=\"slide\">\n\t\t\t\t\t\t\t\t\t<div class=\"elementor-carousel-image\" role=\"img\" aria-label=\"URGENCIAS- VISTA GEENRAL0424\" style=\"background-image: url(&#039;https:\/\/www.ivo.es\/wp-content\/uploads\/2022\/04\/URGENCIAS-VISTA-GEENRAL0424.jpg&#039;)\">\n\n\t\t\t\n\t\t\t\t\t<\/div>\n\t\t\t\t\t\t\t\t<\/div>\n\t\t\t\t\t\t\t\t\t\t\t<div class=\"swiper-slide\" role=\"group\" aria-roledescription=\"slide\">\n\t\t\t\t\t\t\t\t\t<div class=\"elementor-carousel-image\" role=\"img\" aria-label=\"URGENCIAS-BOXER0380\" style=\"background-image: url(&#039;https:\/\/www.ivo.es\/wp-content\/uploads\/2022\/04\/URGENCIAS-BOXER0380.jpg&#039;)\">\n\n\t\t\t\n\t\t\t\t\t<\/div>\n\t\t\t\t\t\t\t\t<\/div>\n\t\t\t\t\t\t\t\t\t\t\t<div class=\"swiper-slide\" role=\"group\" aria-roledescription=\"slide\">\n\t\t\t\t\t\t\t\t\t<div class=\"elementor-carousel-image\" role=\"img\" aria-label=\"URGENCIAS-BOXER0393\" style=\"background-image: url(&#039;https:\/\/www.ivo.es\/wp-content\/uploads\/2022\/04\/URGENCIAS-BOXER0393.jpg&#039;)\">\n\n\t\t\t\n\t\t\t\t\t<\/div>\n\t\t\t\t\t\t\t\t<\/div>\n\t\t\t\t\t\t\t\t\t<\/div>\n\t\t\t\t\t\t\t\t\t\t\t\t\t\t\t\t\t\t\t\t\t<\/div>\n\t\t\t\t<\/div>\n\t\t\t\t\t\t\t\t<\/div>\n\t\t\t\t<\/div>\n\t\t\t\t\t<\/div>\n\t\t<\/div>\n\t\t\t\t\t<\/div>\n\t\t<\/section>\n\t\t\t\t<section data-particle_enable=\"false\" data-particle-mobile-disabled=\"false\" class=\"elementor-section elementor-top-section elementor-element elementor-element-66e7f2d elementor-section-boxed elementor-section-height-default elementor-section-height-default\" data-id=\"66e7f2d\" data-element_type=\"section\" data-e-type=\"section\">\n\t\t\t\t\t\t<div class=\"elementor-container elementor-column-gap-default\">\n\t\t\t\t\t<div class=\"elementor-column elementor-col-100 elementor-top-column elementor-element elementor-element-49d4bc0\" data-id=\"49d4bc0\" data-element_type=\"column\" data-e-type=\"column\">\n\t\t\t<div class=\"elementor-widget-wrap elementor-element-populated\">\n\t\t\t\t\t\t<div class=\"elementor-element elementor-element-ccb43da elementor-widget elementor-widget-heading\" data-id=\"ccb43da\" data-element_type=\"widget\" data-e-type=\"widget\" data-widget_type=\"heading.default\">\n\t\t\t\t<div class=\"elementor-widget-container\">\n\t\t\t\t\t<h2 class=\"elementor-heading-title elementor-size-default\">En Urg\u00e8ncies<\/h2>\t\t\t\t<\/div>\n\t\t\t\t<\/div>\n\t\t\t\t<div class=\"elementor-element elementor-element-4d0a047 elementor-widget elementor-widget-text-editor\" data-id=\"4d0a047\" data-element_type=\"widget\" data-e-type=\"widget\" data-widget_type=\"text-editor.default\">\n\t\t\t\t<div class=\"elementor-widget-container\">\n\t\t\t\t\t\t\t\t\t<p>Els professionals de la Unitat d\u2019Urg\u00e8ncies (metges, infermeria i auxiliars) s\u00f3n\u00a0<strong>experts en la valoraci\u00f3 del risc\/benefici que comporta un tractament d\u2019urg\u00e8ncia a un pacient oncol\u00f2gic<\/strong>.<\/p><p>La Unitat d\u2019Urg\u00e8ncies, amb una cobertura completa de <strong>24 hores al dia<\/strong>, assumeix totes les urg\u00e8ncies de l\u2019hospital i compta amb el suport del personal de la <strong>Unitat de Reanimaci\u00f3 i Cures Cr\u00edtiques<\/strong>, aix\u00ed com de la resta de professionals localitzats de les distintes especialitats<\/strong>.<\/p>\t\t\t\t\t\t\t\t<\/div>\n\t\t\t\t<\/div>\n\t\t\t\t\t<\/div>\n\t\t<\/div>\n\t\t\t\t\t<\/div>\n\t\t<\/section>\n\t\t\t\t<section data-particle_enable=\"false\" data-particle-mobile-disabled=\"false\" class=\"elementor-section elementor-top-section elementor-element elementor-element-eb14a5e elementor-section-boxed elementor-section-height-default elementor-section-height-default\" data-id=\"eb14a5e\" data-element_type=\"section\" data-e-type=\"section\">\n\t\t\t\t\t\t<div class=\"elementor-container elementor-column-gap-default\">\n\t\t\t\t\t<div class=\"elementor-column elementor-col-100 elementor-top-column elementor-element elementor-element-21b6ec9\" data-id=\"21b6ec9\" data-element_type=\"column\" data-e-type=\"column\">\n\t\t\t<div class=\"elementor-widget-wrap elementor-element-populated\">\n\t\t\t\t\t\t<div class=\"elementor-element elementor-element-b0edd34 elementor-widget elementor-widget-heading\" data-id=\"b0edd34\" data-element_type=\"widget\" data-e-type=\"widget\" data-widget_type=\"heading.default\">\n\t\t\t\t<div class=\"elementor-widget-container\">\n\t\t\t\t\t<h2 class=\"elementor-heading-title elementor-size-default\">Equip m\u00e8dic del Servici d'Urg\u00e8ncies<\/h2>\t\t\t\t<\/div>\n\t\t\t\t<\/div>\n\t\t\t\t<section data-particle_enable=\"false\" data-particle-mobile-disabled=\"false\" class=\"elementor-section elementor-inner-section elementor-element elementor-element-293a8f8 elementor-section-boxed elementor-section-height-default elementor-section-height-default\" data-id=\"293a8f8\" data-element_type=\"section\" data-e-type=\"section\">\n\t\t\t\t\t\t<div class=\"elementor-container elementor-column-gap-default\">\n\t\t\t\t\t<div class=\"elementor-column elementor-col-50 elementor-inner-column elementor-element elementor-element-9079c5f\" data-id=\"9079c5f\" data-element_type=\"column\" data-e-type=\"column\">\n\t\t\t<div class=\"elementor-widget-wrap elementor-element-populated\">\n\t\t\t\t\t\t<div class=\"elementor-element elementor-element-a3a98cb elementor-widget elementor-widget-text-editor\" data-id=\"a3a98cb\" data-element_type=\"widget\" data-e-type=\"widget\" data-widget_type=\"text-editor.default\">\n\t\t\t\t<div class=\"elementor-widget-container\">\n\t\t\t\t\t\t\t\t\t<h3>Cap del Servici<\/h3><div>Dr. P\u00e9rez Garc\u00eda, Carles<\/div><div><h3>Coordinador<\/h3><p>Dr. Pascual Pl\u00e1, Francisco<\/p><\/div><div>\u00a0<\/div>\t\t\t\t\t\t\t\t<\/div>\n\t\t\t\t<\/div>\n\t\t\t\t\t<\/div>\n\t\t<\/div>\n\t\t\t\t<div class=\"elementor-column elementor-col-50 elementor-inner-column elementor-element elementor-element-53fd568\" data-id=\"53fd568\" data-element_type=\"column\" data-e-type=\"column\">\n\t\t\t<div class=\"elementor-widget-wrap elementor-element-populated\">\n\t\t\t\t\t\t<div class=\"elementor-element elementor-element-b957ab2 elementor-widget elementor-widget-text-editor\" data-id=\"b957ab2\" data-element_type=\"widget\" data-e-type=\"widget\" data-widget_type=\"text-editor.default\">\n\t\t\t\t<div class=\"elementor-widget-container\">\n\t\t\t\t\t\t\t\t\t<h3>Metges adjunts<\/h3><p>Dr. Cabrera Hern\u00e1ndez, Jos\u00e9 Juan<br \/>Dra. Celis G\u00f3mez, Natalia<br \/>Dra. Contreras Samam\u00e9, Janet Angelina<br \/>Dra. Donoso Mar\u00eda Josefina<br \/>Dr. Ferrando Pastor, Jos\u00e9 Julio<br \/>Dra. Anaximenes Alexis Lugo Dorante<br \/>Dra. Samper Hiraldo, Josefa Margarita<br \/>Dra. Analia Ninacuri Sevilla<br \/>Dr. P\u00e9rez Lafargue, Israel<\/p>\t\t\t\t\t\t\t\t<\/div>\n\t\t\t\t<\/div>\n\t\t\t\t\t<\/div>\n\t\t<\/div>\n\t\t\t\t\t<\/div>\n\t\t<\/section>\n\t\t\t\t\t<\/div>\n\t\t<\/div>\n\t\t\t\t\t<\/div>\n\t\t<\/section>\n\t\t\t\t<\/div>\n\t\t","protected":false},"excerpt":{"rendered":"<p>Les urg\u00e8ncies oncol\u00f2giques poden definir-se com aquelles situacions que impliquen un risc per a la vida del pacient o que causen un deteriorament agut del seu estat de salut, i estan directament o indirectament relacionades amb la malaltia neopl\u00e0stica o el seu tractament. En el maneig d\u2019una situaci\u00f3 urgent en el cas d&#8217;un pacient oncol\u00f2gic [&hellip;]<\/p>\n","protected":false},"author":1,"featured_media":30013,"menu_order":0,"template":"","class_list":["post-31309","gs_service","type-gs_service","status-publish","has-post-thumbnail","hentry"],"acf":[],"aioseo_notices":[],"_links":{"self":[{"href":"https:\/\/www.ivo.es\/val\/wp-json\/wp\/v2\/gs_service\/31309","targetHints":{"allow":["GET"]}}],"collection":[{"href":"https:\/\/www.ivo.es\/val\/wp-json\/wp\/v2\/gs_service"}],"about":[{"href":"https:\/\/www.ivo.es\/val\/wp-json\/wp\/v2\/types\/gs_service"}],"author":[{"embeddable":true,"href":"https:\/\/www.ivo.es\/val\/wp-json\/wp\/v2\/users\/1"}],"version-history":[{"count":34,"href":"https:\/\/www.ivo.es\/val\/wp-json\/wp\/v2\/gs_service\/31309\/revisions"}],"predecessor-version":[{"id":42676,"href":"https:\/\/www.ivo.es\/val\/wp-json\/wp\/v2\/gs_service\/31309\/revisions\/42676"}],"wp:featuredmedia":[{"embeddable":true,"href":"https:\/\/www.ivo.es\/val\/wp-json\/wp\/v2\/media\/30013"}],"wp:attachment":[{"href":"https:\/\/www.ivo.es\/val\/wp-json\/wp\/v2\/media?parent=31309"}],"curies":[{"name":"wp","href":"https:\/\/api.w.org\/{rel}","templated":true}]}}