{"id":31294,"date":"2022-04-28T12:51:07","date_gmt":"2022-04-28T10:51:07","guid":{"rendered":"https:\/\/www.ivo.es\/cuadro-medico\/servicios\/dermatologia\/"},"modified":"2025-07-15T12:13:17","modified_gmt":"2025-07-15T10:13:17","slug":"dermatologia","status":"publish","type":"gs_service","link":"https:\/\/www.ivo.es\/val\/quadre-medic\/servicis\/dermatologia\/","title":{"rendered":"Dermatologia"},"content":{"rendered":"\t\t<div data-elementor-type=\"wp-post\" data-elementor-id=\"31294\" class=\"elementor elementor-31294 elementor-22780\" data-elementor-post-type=\"gs_service\">\n\t\t\t\t\t\t<section data-particle_enable=\"false\" data-particle-mobile-disabled=\"false\" class=\"elementor-section elementor-top-section elementor-element elementor-element-b93ba4d elementor-section-boxed elementor-section-height-default elementor-section-height-default\" data-id=\"b93ba4d\" data-element_type=\"section\" data-e-type=\"section\">\n\t\t\t\t\t\t<div class=\"elementor-container elementor-column-gap-default\">\n\t\t\t\t\t<div class=\"elementor-column elementor-col-50 elementor-top-column elementor-element elementor-element-3a2dd53\" data-id=\"3a2dd53\" data-element_type=\"column\" data-e-type=\"column\">\n\t\t\t<div class=\"elementor-widget-wrap elementor-element-populated\">\n\t\t\t\t\t\t<div class=\"elementor-element elementor-element-00babd3 elementor-widget elementor-widget-text-editor\" data-id=\"00babd3\" data-element_type=\"widget\" data-e-type=\"widget\" data-widget_type=\"text-editor.default\">\n\t\t\t\t<div class=\"elementor-widget-container\">\n\t\t\t\t\t\t\t\t\t<p>El Servici de Dermatologia de l\u2019IVO proporciona una atenci\u00f3 integral en el camp de la <strong>dermatologia oncol\u00f2gica<\/strong>, amb innovadores t\u00e8cniques de diagn\u00f2stic i tractament del\u00a0<a href=\"https:\/\/www.ivo.es\/el-cancer\/tipos-de-cancer\/cancer-de-piel-melanoma\/\"><strong>c\u00e0ncer de pell<\/strong><\/a>. A m\u00e9s, \u00e9s pioner en l&#8217;utilitzaci\u00f3 de t\u00e8cniques com la <strong>cirurgia de Mohs, el gangli sentinella en el melanoma, i la ter\u00e0pia fotodin\u00e0mica.<\/strong><\/p><p>El servici est\u00e0 organitzat en tres unitats: <strong>La Unitat de Cirurgia de Mohs<\/strong>,<strong>La Unitat de Ter\u00e0pia Fotodin\u00e0mica<\/strong> i <strong>La Unitat de Melanoma i Lesions Pigmentades<\/strong>\u00a0<\/p>\t\t\t\t\t\t\t\t<\/div>\n\t\t\t\t<\/div>\n\t\t\t\t\t<\/div>\n\t\t<\/div>\n\t\t\t\t<div class=\"elementor-column elementor-col-50 elementor-top-column elementor-element elementor-element-ff54a94\" data-id=\"ff54a94\" data-element_type=\"column\" data-e-type=\"column\">\n\t\t\t<div class=\"elementor-widget-wrap elementor-element-populated\">\n\t\t\t\t\t\t<div class=\"elementor-element elementor-element-207f6b1 elementor-widget elementor-widget-video\" data-id=\"207f6b1\" data-element_type=\"widget\" data-e-type=\"widget\" data-settings=\"{&quot;youtube_url&quot;:&quot;https:\\\/\\\/www.youtube.com\\\/watch?v=nVa4BQIo75o&quot;,&quot;video_type&quot;:&quot;youtube&quot;}\" data-widget_type=\"video.default\">\n\t\t\t\t<div class=\"elementor-widget-container\">\n\t\t\t\t\t\t\t<div class=\"elementor-wrapper elementor-open-inline\">\n\t\t\t<div class=\"elementor-video\"><\/div>\t\t<\/div>\n\t\t\t\t\t\t<\/div>\n\t\t\t\t<\/div>\n\t\t\t\t\t<\/div>\n\t\t<\/div>\n\t\t\t\t\t<\/div>\n\t\t<\/section>\n\t\t\t\t<section data-particle_enable=\"false\" data-particle-mobile-disabled=\"false\" class=\"elementor-section elementor-top-section elementor-element elementor-element-c958f7e elementor-section-boxed elementor-section-height-default elementor-section-height-default\" data-id=\"c958f7e\" data-element_type=\"section\" data-e-type=\"section\">\n\t\t\t\t\t\t<div class=\"elementor-container elementor-column-gap-default\">\n\t\t\t\t\t<div class=\"elementor-column elementor-col-100 elementor-top-column elementor-element elementor-element-7df41a9\" data-id=\"7df41a9\" data-element_type=\"column\" data-e-type=\"column\">\n\t\t\t<div class=\"elementor-widget-wrap elementor-element-populated\">\n\t\t\t\t\t\t<div class=\"elementor-element elementor-element-fb6497b elementor-widget elementor-widget-text-editor\" data-id=\"fb6497b\" data-element_type=\"widget\" data-e-type=\"widget\" data-widget_type=\"text-editor.default\">\n\t\t\t\t<div class=\"elementor-widget-container\">\n\t\t\t\t\t\t\t\t\t<h3>En el Servici de Dermatologia participa i coordina el <a href=\"https:\/\/www.ivo.es\/comite\/tumores-melanoma\/\">Comit\u00e9 de Melanoma<\/a>, en el qual un equip multidisciplinari de professionals defineix cada setmana la millor estrat\u00e8gia terap\u00e8utica personalitzada a cada pacient.<\/h3>\t\t\t\t\t\t\t\t<\/div>\n\t\t\t\t<\/div>\n\t\t\t\t\t<\/div>\n\t\t<\/div>\n\t\t\t\t\t<\/div>\n\t\t<\/section>\n\t\t\t\t<section data-particle_enable=\"false\" data-particle-mobile-disabled=\"false\" class=\"elementor-section elementor-top-section elementor-element elementor-element-9a94156 elementor-section-boxed elementor-section-height-default elementor-section-height-default\" data-id=\"9a94156\" data-element_type=\"section\" data-e-type=\"section\">\n\t\t\t\t\t\t<div class=\"elementor-container elementor-column-gap-default\">\n\t\t\t\t\t<div class=\"elementor-column elementor-col-100 elementor-top-column elementor-element elementor-element-fde1924\" data-id=\"fde1924\" data-element_type=\"column\" data-e-type=\"column\">\n\t\t\t<div class=\"elementor-widget-wrap elementor-element-populated\">\n\t\t\t\t\t\t<div class=\"elementor-element elementor-element-f443d7e elementor-skin-slideshow elementor-arrows-yes elementor-widget elementor-widget-media-carousel\" data-id=\"f443d7e\" data-element_type=\"widget\" data-e-type=\"widget\" data-settings=\"{&quot;skin&quot;:&quot;slideshow&quot;,&quot;effect&quot;:&quot;slide&quot;,&quot;show_arrows&quot;:&quot;yes&quot;,&quot;speed&quot;:500,&quot;autoplay&quot;:&quot;yes&quot;,&quot;autoplay_speed&quot;:5000,&quot;loop&quot;:&quot;yes&quot;,&quot;pause_on_interaction&quot;:&quot;yes&quot;,&quot;space_between&quot;:{&quot;unit&quot;:&quot;px&quot;,&quot;size&quot;:10,&quot;sizes&quot;:[]},&quot;space_between_tablet&quot;:{&quot;unit&quot;:&quot;px&quot;,&quot;size&quot;:10,&quot;sizes&quot;:[]},&quot;space_between_mobile&quot;:{&quot;unit&quot;:&quot;px&quot;,&quot;size&quot;:10,&quot;sizes&quot;:[]}}\" data-widget_type=\"media-carousel.default\">\n\t\t\t\t<div class=\"elementor-widget-container\">\n\t\t\t\t\t\t\t\t\t<div class=\"elementor-swiper\">\n\t\t\t\t\t<div class=\"elementor-main-swiper swiper\" role=\"region\" aria-roledescription=\"carousel\" aria-label=\"Slides\">\n\t\t\t\t<div class=\"swiper-wrapper\">\n\t\t\t\t\t\t\t\t\t\t\t<div class=\"swiper-slide\" role=\"group\" aria-roledescription=\"slide\">\n\t\t\t\t\t\t\t\t\t<div class=\"elementor-carousel-image\" role=\"img\" aria-label=\"consulta-dermatologia-ivo\" style=\"background-image: url(&#039;https:\/\/www.ivo.es\/wp-content\/uploads\/2022\/04\/consulta-dermatologia-ivo.jpg&#039;)\">\n\n\t\t\t\n\t\t\t\t\t<\/div>\n\t\t\t\t\t\t\t\t<\/div>\n\t\t\t\t\t\t\t\t\t\t\t<div class=\"swiper-slide\" role=\"group\" aria-roledescription=\"slide\">\n\t\t\t\t\t\t\t<a href=\"https:\/\/www.ivo.es\/wp-content\/uploads\/2022\/04\/sala-juntas-dermatlogia-ivo.jpg\" data-elementor-open-lightbox=\"yes\" data-elementor-lightbox-slideshow=\"f443d7e\" data-elementor-lightbox-title=\"sala-juntas-dermatlogia-ivo\" data-e-action-hash=\"#elementor-action%3Aaction%3Dlightbox%26settings%3DeyJpZCI6MjI3ODUsInVybCI6Imh0dHBzOlwvXC93d3cuaXZvLmVzXC93cC1jb250ZW50XC91cGxvYWRzXC8yMDIyXC8wNFwvc2FsYS1qdW50YXMtZGVybWF0bG9naWEtaXZvLmpwZyIsInNsaWRlc2hvdyI6ImY0NDNkN2UifQ%3D%3D\">\t\t<div class=\"elementor-carousel-image\" role=\"img\" aria-label=\"sala-juntas-dermatlogia-ivo\" style=\"background-image: url(&#039;https:\/\/www.ivo.es\/wp-content\/uploads\/2022\/04\/sala-juntas-dermatlogia-ivo.jpg&#039;)\">\n\n\t\t\t\n\t\t\t\t\t<\/div>\n\t\t<\/a>\t\t\t\t\t\t<\/div>\n\t\t\t\t\t\t\t\t\t\t\t<div class=\"swiper-slide\" role=\"group\" aria-roledescription=\"slide\">\n\t\t\t\t\t\t\t\t\t<div class=\"elementor-carousel-image\" role=\"img\" aria-label=\"edificio-dermatologia-ivo\" style=\"background-image: url(&#039;https:\/\/www.ivo.es\/wp-content\/uploads\/2022\/04\/edificio-dermatologia-ivo.jpg&#039;)\">\n\n\t\t\t\n\t\t\t\t\t<\/div>\n\t\t\t\t\t\t\t\t<\/div>\n\t\t\t\t\t\t\t\t\t\t\t<div class=\"swiper-slide\" role=\"group\" aria-roledescription=\"slide\">\n\t\t\t\t\t\t\t\t\t<div class=\"elementor-carousel-image\" role=\"img\" aria-label=\"dermatologia-ivo-consulta\" style=\"background-image: url(&#039;https:\/\/www.ivo.es\/wp-content\/uploads\/2022\/04\/dermatologia-ivo-consulta.jpg&#039;)\">\n\n\t\t\t\n\t\t\t\t\t<\/div>\n\t\t\t\t\t\t\t\t<\/div>\n\t\t\t\t\t\t\t\t\t<\/div>\n\t\t\t\t\t\t\t\t\t\t\t\t\t\t\t<div class=\"elementor-swiper-button elementor-swiper-button-prev\" role=\"button\" tabindex=\"0\" aria-label=\"Previous\">\n\t\t\t\t\t\t\t<i aria-hidden=\"true\" class=\"eicon-chevron-left\"><\/i>\t\t\t\t\t\t<\/div>\n\t\t\t\t\t\t<div class=\"elementor-swiper-button elementor-swiper-button-next\" role=\"button\" tabindex=\"0\" aria-label=\"Next\">\n\t\t\t\t\t\t\t<i aria-hidden=\"true\" class=\"eicon-chevron-right\"><\/i>\t\t\t\t\t\t<\/div>\n\t\t\t\t\t\t\t\t\t\t\t\t\t\t\t\t\t<\/div>\n\t\t\t\t<\/div>\n\t\t\t\t\t\t\t\t<div class=\"elementor-swiper\">\n\t\t\t\t\t<div class=\"elementor-main-swiper swiper elementor-thumbnails-swiper swiper\" role=\"region region\" aria-roledescription=\"carousel carousel\" aria-label=\"Slides Slides\">\n\t\t\t\t<div class=\"swiper-wrapper\">\n\t\t\t\t\t\t\t\t\t\t\t<div class=\"swiper-slide\" role=\"group\" aria-roledescription=\"slide\">\n\t\t\t\t\t\t\t\t\t<div class=\"elementor-carousel-image\" role=\"img\" aria-label=\"consulta-dermatologia-ivo\" style=\"background-image: url(&#039;https:\/\/www.ivo.es\/wp-content\/uploads\/2022\/04\/consulta-dermatologia-ivo.jpg&#039;)\">\n\n\t\t\t\n\t\t\t\t\t<\/div>\n\t\t\t\t\t\t\t\t<\/div>\n\t\t\t\t\t\t\t\t\t\t\t<div class=\"swiper-slide\" role=\"group\" aria-roledescription=\"slide\">\n\t\t\t\t\t\t\t\t\t<div class=\"elementor-carousel-image\" role=\"img\" aria-label=\"sala-juntas-dermatlogia-ivo\" style=\"background-image: url(&#039;https:\/\/www.ivo.es\/wp-content\/uploads\/2022\/04\/sala-juntas-dermatlogia-ivo.jpg&#039;)\">\n\n\t\t\t\n\t\t\t\t\t<\/div>\n\t\t<\/a>\t\t\t\t\t\t<\/div>\n\t\t\t\t\t\t\t\t\t\t\t<div class=\"swiper-slide\" role=\"group\" aria-roledescription=\"slide\">\n\t\t\t\t\t\t\t\t\t<div class=\"elementor-carousel-image\" role=\"img\" aria-label=\"edificio-dermatologia-ivo\" style=\"background-image: url(&#039;https:\/\/www.ivo.es\/wp-content\/uploads\/2022\/04\/edificio-dermatologia-ivo.jpg&#039;)\">\n\n\t\t\t\n\t\t\t\t\t<\/div>\n\t\t\t\t\t\t\t\t<\/div>\n\t\t\t\t\t\t\t\t\t\t\t<div class=\"swiper-slide\" role=\"group\" aria-roledescription=\"slide\">\n\t\t\t\t\t\t\t\t\t<div class=\"elementor-carousel-image\" role=\"img\" aria-label=\"dermatologia-ivo-consulta\" style=\"background-image: url(&#039;https:\/\/www.ivo.es\/wp-content\/uploads\/2022\/04\/dermatologia-ivo-consulta.jpg&#039;)\">\n\n\t\t\t\n\t\t\t\t\t<\/div>\n\t\t\t\t\t\t\t\t<\/div>\n\t\t\t\t\t\t\t\t\t<\/div>\n\t\t\t\t\t\t\t\t\t\t\t\t\t\t\t\t\t\t\t\t\t<\/div>\n\t\t\t\t<\/div>\n\t\t\t\t\t\t\t\t<\/div>\n\t\t\t\t<\/div>\n\t\t\t\t\t<\/div>\n\t\t<\/div>\n\t\t\t\t\t<\/div>\n\t\t<\/section>\n\t\t\t\t<section data-particle_enable=\"false\" data-particle-mobile-disabled=\"false\" class=\"elementor-section elementor-top-section elementor-element elementor-element-66e7f2d elementor-section-boxed elementor-section-height-default elementor-section-height-default\" data-id=\"66e7f2d\" data-element_type=\"section\" data-e-type=\"section\">\n\t\t\t\t\t\t<div class=\"elementor-container elementor-column-gap-default\">\n\t\t\t\t\t<div class=\"elementor-column elementor-col-100 elementor-top-column elementor-element elementor-element-49d4bc0\" data-id=\"49d4bc0\" data-element_type=\"column\" data-e-type=\"column\">\n\t\t\t<div class=\"elementor-widget-wrap elementor-element-populated\">\n\t\t\t\t\t\t<div class=\"elementor-element elementor-element-ccb43da elementor-widget elementor-widget-heading\" data-id=\"ccb43da\" data-element_type=\"widget\" data-e-type=\"widget\" data-widget_type=\"heading.default\">\n\t\t\t\t<div class=\"elementor-widget-container\">\n\t\t\t\t\t<h2 class=\"elementor-heading-title elementor-size-default\">El servici est\u00e0 organitzat en tres unitats:<\/h2>\t\t\t\t<\/div>\n\t\t\t\t<\/div>\n\t\t\t\t<div class=\"elementor-element elementor-element-9721d40 elementor-widget elementor-widget-eael-adv-accordion\" data-id=\"9721d40\" data-element_type=\"widget\" data-e-type=\"widget\" data-widget_type=\"eael-adv-accordion.default\">\n\t\t\t\t<div class=\"elementor-widget-container\">\n\t\t\t\t\t            <div class=\"eael-adv-accordion\" id=\"eael-adv-accordion-9721d40\" data-scroll-on-click=\"no\" data-scroll-speed=\"300\" data-accordion-id=\"9721d40\" data-accordion-type=\"accordion\" data-toogle-speed=\"300\">\n            <div class=\"eael-accordion-list\">\n\t\t\t\t\t<div id=\"unitat-de-cirurgia-de-mohs\" class=\"elementor-tab-title eael-accordion-header\" tabindex=\"0\" data-tab=\"1\" aria-controls=\"elementor-tab-content-1581\"><i aria-hidden=\"true\" class=\"fa-toggle fas fa-angle-right\"><\/i><span class=\"eael-accordion-tab-title\">Unitat de Cirurgia de Mohs<\/span><\/div><div id=\"elementor-tab-content-1581\" class=\"eael-accordion-content clearfix\" data-tab=\"1\" aria-labelledby=\"unitat-de-cirurgia-de-mohs\"><p>La Unitat de Cirurgia de Mohs ha posicionat l\u2019IVO com a centre de refer\u00e8ncia nacional per al tractament de carcinomes cutanis; l&#8217;IVO va ser el primer centre a Espanya en introduir aquesta t\u00e8cnica en l\u2019\u00e0mbit hospitalari en 1993.\u00a0 L\u2019\u00fas d\u2019aquesta t\u00e8cnica especialitzada de cirurgia microgr\u00e0fica de Mohs aconsegueix altes taxes de curaci\u00f3 en processos complexos en qu\u00e8 la cirurgia convencional no ha obtingut resultats satisfactoris. \u00c9s la t\u00e8cnica m\u00e9s efica\u00e7 per tractar c\u00e0ncers cutanis no melanomes; consisteix en l\u2019extirpaci\u00f3 dels tumors cutanis, alhora que s\u2019efectua una an\u00e0lisi intraoperat\u00f2ria de la totalitat dels marges quir\u00fargics per a assegurar-se de l\u2019extirpaci\u00f3 completa del tumor.<\/p><\/div>\n\t\t\t\t\t<\/div><div class=\"eael-accordion-list\">\n\t\t\t\t\t<div id=\"unitat-de-terpia-fotodinmica\" class=\"elementor-tab-title eael-accordion-header\" tabindex=\"0\" data-tab=\"2\" aria-controls=\"elementor-tab-content-1582\"><i aria-hidden=\"true\" class=\"fa-toggle fas fa-angle-right\"><\/i><span class=\"eael-accordion-tab-title\">Unitat de Ter\u00e0pia Fotodin\u00e0mica<\/span><\/div><div id=\"elementor-tab-content-1582\" class=\"eael-accordion-content clearfix\" data-tab=\"2\" aria-labelledby=\"unitat-de-terpia-fotodinmica\"><p>Pionera a Espanya, permet el tractament sense cirurgia del c\u00e0ncer cutani i de les lesions precanceroses cut\u00e0nies.<\/p><\/div>\n\t\t\t\t\t<\/div><div class=\"eael-accordion-list\">\n\t\t\t\t\t<div id=\"unitat-de-melanoma-i-lesions-pigmentades\" class=\"elementor-tab-title eael-accordion-header\" tabindex=\"0\" data-tab=\"3\" aria-controls=\"elementor-tab-content-1583\"><i aria-hidden=\"true\" class=\"fa-toggle fas fa-angle-right\"><\/i><span class=\"eael-accordion-tab-title\">Unitat de Melanoma i Lesions Pigmentades<\/span><\/div><div id=\"elementor-tab-content-1583\" class=\"eael-accordion-content clearfix\" data-tab=\"3\" aria-labelledby=\"unitat-de-melanoma-i-lesions-pigmentades\"><p>La Unitat de Melanoma i Lesions Pigmentades contribueix al tractament i seguiment de pacients que pateixen aquestes afeccions. La unitat va ser pionera en l\u2019\u00fas de les t\u00e8cniques m\u00e9s avan\u00e7ades per al diagn\u00f2stic preco\u00e7 en pacients d\u2019alt risc gr\u00e0cies a la dermatosc\u00f2pia digital. Est\u00e0 composta per especialistes exclusivament dedicats a aquest tipus de pacients, el que permet un seguiment superespecialitzat.<\/p><p>La unitat se centra en l\u2019estudi del diagn\u00f2stic histol\u00f2gic, l\u2019epidemiologia, la biologia molecular del melanoma, la predisposici\u00f3 gen\u00e8tica i la resposta immune en el melanoma, temes en qu\u00e8 ha desenvolupat una \u00e0mplia varietat de\u00a0projectes d\u2019investigaci\u00f3\u00a0tant propis com en col\u00b7laboraci\u00f3 amb grups de treball internacionals (National Cancer Institute, German Cancer Research Center, DeCODE Genetics, Queensland Melanoma Project, GenoMEL, BioGenoMEL) i nacionals (Registro Nacional de Melanoma de la Academia Espa\u00f1ola de Dermatolog\u00eda y Venereolog\u00eda), tots ells en l\u2019avantguarda de la investigaci\u00f3 del melanoma.<\/p><\/div>\n\t\t\t\t\t<\/div><\/div>\t\t\t\t<\/div>\n\t\t\t\t<\/div>\n\t\t\t\t\t<\/div>\n\t\t<\/div>\n\t\t\t\t\t<\/div>\n\t\t<\/section>\n\t\t\t\t<section data-particle_enable=\"false\" data-particle-mobile-disabled=\"false\" class=\"elementor-section elementor-top-section elementor-element elementor-element-a54a232 elementor-section-boxed elementor-section-height-default elementor-section-height-default\" data-id=\"a54a232\" data-element_type=\"section\" data-e-type=\"section\">\n\t\t\t\t\t\t<div class=\"elementor-container elementor-column-gap-default\">\n\t\t\t\t\t<div class=\"elementor-column elementor-col-100 elementor-top-column elementor-element elementor-element-9437d4d\" data-id=\"9437d4d\" data-element_type=\"column\" data-e-type=\"column\">\n\t\t\t<div class=\"elementor-widget-wrap elementor-element-populated\">\n\t\t\t\t\t\t<div class=\"elementor-element elementor-element-8170d76 elementor-widget elementor-widget-heading\" data-id=\"8170d76\" data-element_type=\"widget\" data-e-type=\"widget\" data-widget_type=\"heading.default\">\n\t\t\t\t<div class=\"elementor-widget-container\">\n\t\t\t\t\t<h2 class=\"elementor-heading-title elementor-size-default\">C\u00e0ncer de pell<\/h2>\t\t\t\t<\/div>\n\t\t\t\t<\/div>\n\t\t\t\t<section data-particle_enable=\"false\" data-particle-mobile-disabled=\"false\" class=\"elementor-section elementor-inner-section elementor-element elementor-element-20297cf elementor-section-boxed elementor-section-height-default elementor-section-height-default\" data-id=\"20297cf\" data-element_type=\"section\" data-e-type=\"section\">\n\t\t\t\t\t\t<div class=\"elementor-container elementor-column-gap-default\">\n\t\t\t\t\t<div class=\"elementor-column elementor-col-50 elementor-inner-column elementor-element elementor-element-3b5ae68\" data-id=\"3b5ae68\" data-element_type=\"column\" data-e-type=\"column\" data-settings=\"{&quot;background_background&quot;:&quot;classic&quot;}\">\n\t\t\t<div class=\"elementor-widget-wrap elementor-element-populated\">\n\t\t\t\t\t\t<div class=\"elementor-element elementor-element-f54a077 elementor-widget elementor-widget-heading\" data-id=\"f54a077\" data-element_type=\"widget\" data-e-type=\"widget\" data-widget_type=\"heading.default\">\n\t\t\t\t<div class=\"elementor-widget-container\">\n\t\t\t\t\t<h2 class=\"elementor-heading-title elementor-size-default\">Melanoma<\/h2>\t\t\t\t<\/div>\n\t\t\t\t<\/div>\n\t\t\t\t<div class=\"elementor-element elementor-element-96b9deb elementor-align-center animated-slow elementor-invisible elementor-widget elementor-widget-button\" data-id=\"96b9deb\" data-element_type=\"widget\" data-e-type=\"widget\" data-settings=\"{&quot;_animation&quot;:&quot;fadeIn&quot;}\" data-widget_type=\"button.default\">\n\t\t\t\t<div class=\"elementor-widget-container\">\n\t\t\t\t\t\t\t\t\t<div class=\"elementor-button-wrapper\">\n\t\t\t\t\t<a class=\"elementor-button elementor-button-link elementor-size-sm\" href=\"https:\/\/www.ivo.es\/el-cancer\/tipos-de-cancer\/cancer-de-piel-melanoma\/\">\n\t\t\t\t\t\t<span class=\"elementor-button-content-wrapper\">\n\t\t\t\t\t\t\t\t\t<span class=\"elementor-button-text\">Veure<\/span>\n\t\t\t\t\t<\/span>\n\t\t\t\t\t<\/a>\n\t\t\t\t<\/div>\n\t\t\t\t\t\t\t\t<\/div>\n\t\t\t\t<\/div>\n\t\t\t\t\t<\/div>\n\t\t<\/div>\n\t\t\t\t<div class=\"elementor-column elementor-col-50 elementor-inner-column elementor-element elementor-element-b80f900\" data-id=\"b80f900\" data-element_type=\"column\" data-e-type=\"column\" data-settings=\"{&quot;background_background&quot;:&quot;classic&quot;}\">\n\t\t\t<div class=\"elementor-widget-wrap elementor-element-populated\">\n\t\t\t\t\t\t<div class=\"elementor-element elementor-element-d00e6a8 elementor-widget elementor-widget-heading\" data-id=\"d00e6a8\" data-element_type=\"widget\" data-e-type=\"widget\" data-widget_type=\"heading.default\">\n\t\t\t\t<div class=\"elementor-widget-container\">\n\t\t\t\t\t<h2 class=\"elementor-heading-title elementor-size-default\">No melanoma<\/h2>\t\t\t\t<\/div>\n\t\t\t\t<\/div>\n\t\t\t\t<div class=\"elementor-element elementor-element-0f938ec elementor-align-center animated-slow elementor-invisible elementor-widget elementor-widget-button\" data-id=\"0f938ec\" data-element_type=\"widget\" data-e-type=\"widget\" data-settings=\"{&quot;_animation&quot;:&quot;fadeIn&quot;}\" data-widget_type=\"button.default\">\n\t\t\t\t<div class=\"elementor-widget-container\">\n\t\t\t\t\t\t\t\t\t<div class=\"elementor-button-wrapper\">\n\t\t\t\t\t<a class=\"elementor-button elementor-button-link elementor-size-sm\" href=\"https:\/\/www.ivo.es\/el-cancer\/tipos-de-cancer\/cancer-de-piel-no-melanoma\/\">\n\t\t\t\t\t\t<span class=\"elementor-button-content-wrapper\">\n\t\t\t\t\t\t\t\t\t<span class=\"elementor-button-text\">Veure<\/span>\n\t\t\t\t\t<\/span>\n\t\t\t\t\t<\/a>\n\t\t\t\t<\/div>\n\t\t\t\t\t\t\t\t<\/div>\n\t\t\t\t<\/div>\n\t\t\t\t\t<\/div>\n\t\t<\/div>\n\t\t\t\t\t<\/div>\n\t\t<\/section>\n\t\t\t\t<section data-particle_enable=\"false\" data-particle-mobile-disabled=\"false\" class=\"elementor-section elementor-inner-section elementor-element elementor-element-a893f46 elementor-section-boxed elementor-section-height-default elementor-section-height-default\" data-id=\"a893f46\" data-element_type=\"section\" data-e-type=\"section\">\n\t\t\t\t\t\t<div class=\"elementor-container elementor-column-gap-default\">\n\t\t\t\t\t<div class=\"elementor-column elementor-col-100 elementor-inner-column elementor-element elementor-element-05e4187\" data-id=\"05e4187\" data-element_type=\"column\" data-e-type=\"column\" data-settings=\"{&quot;background_background&quot;:&quot;classic&quot;}\">\n\t\t\t<div class=\"elementor-widget-wrap elementor-element-populated\">\n\t\t\t\t\t\t<div class=\"elementor-element elementor-element-292a970 elementor-widget elementor-widget-heading\" data-id=\"292a970\" data-element_type=\"widget\" data-e-type=\"widget\" data-widget_type=\"heading.default\">\n\t\t\t\t<div class=\"elementor-widget-container\">\n\t\t\t\t\t<h2 class=\"elementor-heading-title elementor-size-default\">Dermatofibrosarcoma <i>protuberans<\/i><\/h2>\t\t\t\t<\/div>\n\t\t\t\t<\/div>\n\t\t\t\t<div class=\"elementor-element elementor-element-e7483dc elementor-widget elementor-widget-text-editor\" data-id=\"e7483dc\" data-element_type=\"widget\" data-e-type=\"widget\" data-widget_type=\"text-editor.default\">\n\t\t\t\t<div class=\"elementor-widget-container\">\n\t\t\t\t\t\t\t\t\t<p>El Servici de Dermatologia de l\u2019IVO t\u00e9 una \u00e0mplia experi\u00e8ncia en el <strong>tractament del\u00a0<em>dermatofibrosarcoma <i>protuberans<\/i><\/em><\/strong>\u00a0per mitj\u00e0 de la cirurgia de Mohs diferida, i \u00e9s centre de refer\u00e8ncia mundial en el diagn\u00f2stic i maneig d\u2019aquest tumor cutani, amb una experi\u00e8ncia acumulada a partir del tractament de m\u00e9s de 200 casos, una de les s\u00e8ries m\u00e9s grans del m\u00f3n.<\/p>\t\t\t\t\t\t\t\t<\/div>\n\t\t\t\t<\/div>\n\t\t\t\t\t<\/div>\n\t\t<\/div>\n\t\t\t\t\t<\/div>\n\t\t<\/section>\n\t\t\t\t\t<\/div>\n\t\t<\/div>\n\t\t\t\t\t<\/div>\n\t\t<\/section>\n\t\t\t\t<section data-particle_enable=\"false\" data-particle-mobile-disabled=\"false\" class=\"elementor-section elementor-top-section elementor-element elementor-element-935de00 elementor-section-boxed elementor-section-height-default elementor-section-height-default\" data-id=\"935de00\" data-element_type=\"section\" data-e-type=\"section\">\n\t\t\t\t\t\t<div class=\"elementor-container elementor-column-gap-default\">\n\t\t\t\t\t<div class=\"elementor-column elementor-col-100 elementor-top-column elementor-element elementor-element-b62d42a\" data-id=\"b62d42a\" data-element_type=\"column\" data-e-type=\"column\">\n\t\t\t<div class=\"elementor-widget-wrap elementor-element-populated\">\n\t\t\t\t\t\t<div class=\"elementor-element elementor-element-0429ba4 elementor-widget elementor-widget-heading\" data-id=\"0429ba4\" data-element_type=\"widget\" data-e-type=\"widget\" data-widget_type=\"heading.default\">\n\t\t\t\t<div class=\"elementor-widget-container\">\n\t\t\t\t\t<h2 class=\"elementor-heading-title elementor-size-default\">Projectes d'investigaci\u00f3 finan\u00e7ats amb fons europeus<\/h2>\t\t\t\t<\/div>\n\t\t\t\t<\/div>\n\t\t\t\t<section data-particle_enable=\"false\" data-particle-mobile-disabled=\"false\" class=\"elementor-section elementor-inner-section elementor-element elementor-element-c658ac2 elementor-section-boxed elementor-section-height-default elementor-section-height-default\" data-id=\"c658ac2\" data-element_type=\"section\" data-e-type=\"section\">\n\t\t\t\t\t\t<div class=\"elementor-container elementor-column-gap-default\">\n\t\t\t\t\t<div class=\"elementor-column elementor-col-50 elementor-inner-column elementor-element elementor-element-7551ec7\" data-id=\"7551ec7\" data-element_type=\"column\" data-e-type=\"column\" data-settings=\"{&quot;background_background&quot;:&quot;classic&quot;}\">\n\t\t\t<div class=\"elementor-widget-wrap elementor-element-populated\">\n\t\t\t\t\t\t<div class=\"elementor-element elementor-element-62d5500 elementor-widget elementor-widget-heading\" data-id=\"62d5500\" data-element_type=\"widget\" data-e-type=\"widget\" data-widget_type=\"heading.default\">\n\t\t\t\t<div class=\"elementor-widget-container\">\n\t\t\t\t\t<h2 class=\"elementor-heading-title elementor-size-default\">Seq\u00fcenciaci\u00f3 de nova generaci\u00f3 per a la identificaci\u00f3 de caracter\u00edstiques moleculars del melanoma cutani segons la via etiopatog\u00e8nica de desenvolupament i la seua rellev\u00e0ncia cl\u00ednica potencial<\/h2>\t\t\t\t<\/div>\n\t\t\t\t<\/div>\n\t\t\t\t<div class=\"elementor-element elementor-element-535abcc elementor-align-center animated-slow elementor-invisible elementor-widget elementor-widget-button\" data-id=\"535abcc\" data-element_type=\"widget\" data-e-type=\"widget\" data-settings=\"{&quot;_animation&quot;:&quot;fadeIn&quot;}\" data-widget_type=\"button.default\">\n\t\t\t\t<div class=\"elementor-widget-container\">\n\t\t\t\t\t\t\t\t\t<div class=\"elementor-button-wrapper\">\n\t\t\t\t\t<a class=\"elementor-button elementor-button-link elementor-size-sm\" href=\"https:\/\/www.ivo.es\/wp-content\/uploads\/2022\/04\/Proyecto-secuenciacio\u0301n-de-nueva-generacio\u0301n-para-la-identificacio\u0301n-de-caracteristicas-moleculares-del-melanoma-cuta\u0301neo-1.pdf\" target=\"_blank\">\n\t\t\t\t\t\t<span class=\"elementor-button-content-wrapper\">\n\t\t\t\t\t\t\t\t\t<span class=\"elementor-button-text\">Veure<\/span>\n\t\t\t\t\t<\/span>\n\t\t\t\t\t<\/a>\n\t\t\t\t<\/div>\n\t\t\t\t\t\t\t\t<\/div>\n\t\t\t\t<\/div>\n\t\t\t\t\t<\/div>\n\t\t<\/div>\n\t\t\t\t<div class=\"elementor-column elementor-col-50 elementor-inner-column elementor-element elementor-element-f5aad59\" data-id=\"f5aad59\" data-element_type=\"column\" data-e-type=\"column\" data-settings=\"{&quot;background_background&quot;:&quot;classic&quot;}\">\n\t\t\t<div class=\"elementor-widget-wrap elementor-element-populated\">\n\t\t\t\t\t\t<div class=\"elementor-element elementor-element-36718ba elementor-widget elementor-widget-heading\" data-id=\"36718ba\" data-element_type=\"widget\" data-e-type=\"widget\" data-widget_type=\"heading.default\">\n\t\t\t\t<div class=\"elementor-widget-container\">\n\t\t\t\t\t<h2 class=\"elementor-heading-title elementor-size-default\">Seq\u00fcenciaci\u00f3 massiva en melanoma cutani espor\u00e0dic no acral sense factors de risc coneguts. Caracteritzaci\u00f3 molecular i c\u00e0rrega mutacional<br><\/h2>\t\t\t\t<\/div>\n\t\t\t\t<\/div>\n\t\t\t\t<div class=\"elementor-element elementor-element-2566095 elementor-align-center animated-slow elementor-invisible elementor-widget elementor-widget-button\" data-id=\"2566095\" data-element_type=\"widget\" data-e-type=\"widget\" data-settings=\"{&quot;_animation&quot;:&quot;fadeIn&quot;}\" data-widget_type=\"button.default\">\n\t\t\t\t<div class=\"elementor-widget-container\">\n\t\t\t\t\t\t\t\t\t<div class=\"elementor-button-wrapper\">\n\t\t\t\t\t<a class=\"elementor-button elementor-button-link elementor-size-sm\" href=\"https:\/\/www.ivo.es\/wp-content\/uploads\/2022\/04\/Proyecto-secuanciacio\u0301n-masiva-en-melanoma-cuta\u0301neo.pdf\" target=\"_blank\">\n\t\t\t\t\t\t<span class=\"elementor-button-content-wrapper\">\n\t\t\t\t\t\t\t\t\t<span class=\"elementor-button-text\">Veure<\/span>\n\t\t\t\t\t<\/span>\n\t\t\t\t\t<\/a>\n\t\t\t\t<\/div>\n\t\t\t\t\t\t\t\t<\/div>\n\t\t\t\t<\/div>\n\t\t\t\t\t<\/div>\n\t\t<\/div>\n\t\t\t\t\t<\/div>\n\t\t<\/section>\n\t\t\t\t\t<\/div>\n\t\t<\/div>\n\t\t\t\t\t<\/div>\n\t\t<\/section>\n\t\t\t\t<section data-particle_enable=\"false\" data-particle-mobile-disabled=\"false\" class=\"elementor-section elementor-top-section elementor-element elementor-element-d5d9350 elementor-section-boxed elementor-section-height-default elementor-section-height-default\" data-id=\"d5d9350\" data-element_type=\"section\" data-e-type=\"section\">\n\t\t\t\t\t\t<div class=\"elementor-container elementor-column-gap-default\">\n\t\t\t\t\t<div class=\"elementor-column elementor-col-100 elementor-top-column elementor-element elementor-element-bc94142\" data-id=\"bc94142\" data-element_type=\"column\" data-e-type=\"column\">\n\t\t\t<div class=\"elementor-widget-wrap elementor-element-populated\">\n\t\t\t\t\t\t<div class=\"elementor-element elementor-element-e1a4491 elementor-widget elementor-widget-heading\" data-id=\"e1a4491\" data-element_type=\"widget\" data-e-type=\"widget\" data-widget_type=\"heading.default\">\n\t\t\t\t<div class=\"elementor-widget-container\">\n\t\t\t\t\t<h2 class=\"elementor-heading-title elementor-size-default\">Formaci\u00f3 Sanit\u00e0ria Especialitzada<\/h2>\t\t\t\t<\/div>\n\t\t\t\t<\/div>\n\t\t\t\t<div class=\"elementor-element elementor-element-c830972 elementor-widget elementor-widget-text-editor\" data-id=\"c830972\" data-element_type=\"widget\" data-e-type=\"widget\" data-widget_type=\"text-editor.default\">\n\t\t\t\t<div class=\"elementor-widget-container\">\n\t\t\t\t\t\t\t\t\t<p>La Fundaci\u00f3 Institut Valenci\u00e0 d\u2019Oncologia disposa d\u2019una pla\u00e7a acreditada per a la <a href=\"https:\/\/www.ivo.es\/val\/docencia\/formacio-sanitaria-especialitzada-mir\/\">formaci\u00f3 sanit\u00e0ria especialitzada de metges<\/a>\u00a0en Dermatologia Medicoquir\u00fargica i Venereologia.<\/p>\t\t\t\t\t\t\t\t<\/div>\n\t\t\t\t<\/div>\n\t\t\t\t\t<\/div>\n\t\t<\/div>\n\t\t\t\t\t<\/div>\n\t\t<\/section>\n\t\t\t\t<section data-particle_enable=\"false\" data-particle-mobile-disabled=\"false\" class=\"elementor-section elementor-top-section elementor-element elementor-element-eb14a5e elementor-section-boxed elementor-section-height-default elementor-section-height-default\" data-id=\"eb14a5e\" data-element_type=\"section\" data-e-type=\"section\">\n\t\t\t\t\t\t<div class=\"elementor-container elementor-column-gap-default\">\n\t\t\t\t\t<div class=\"elementor-column elementor-col-100 elementor-top-column elementor-element elementor-element-21b6ec9\" data-id=\"21b6ec9\" data-element_type=\"column\" data-e-type=\"column\">\n\t\t\t<div class=\"elementor-widget-wrap elementor-element-populated\">\n\t\t\t\t\t\t<div class=\"elementor-element elementor-element-b0edd34 elementor-widget elementor-widget-heading\" data-id=\"b0edd34\" data-element_type=\"widget\" data-e-type=\"widget\" data-widget_type=\"heading.default\">\n\t\t\t\t<div class=\"elementor-widget-container\">\n\t\t\t\t\t<h2 class=\"elementor-heading-title elementor-size-default\">Equip m\u00e8dic del Servici de Dermatologia<\/h2>\t\t\t\t<\/div>\n\t\t\t\t<\/div>\n\t\t\t\t<section data-particle_enable=\"false\" data-particle-mobile-disabled=\"false\" class=\"elementor-section elementor-inner-section elementor-element elementor-element-293a8f8 elementor-section-boxed elementor-section-height-default elementor-section-height-default\" data-id=\"293a8f8\" data-element_type=\"section\" data-e-type=\"section\">\n\t\t\t\t\t\t<div class=\"elementor-container elementor-column-gap-default\">\n\t\t\t\t\t<div class=\"elementor-column elementor-col-50 elementor-inner-column elementor-element elementor-element-9079c5f\" data-id=\"9079c5f\" data-element_type=\"column\" data-e-type=\"column\">\n\t\t\t<div class=\"elementor-widget-wrap elementor-element-populated\">\n\t\t\t\t\t\t<div class=\"elementor-element elementor-element-a3a98cb elementor-widget elementor-widget-text-editor\" data-id=\"a3a98cb\" data-element_type=\"widget\" data-e-type=\"widget\" data-widget_type=\"text-editor.default\">\n\t\t\t\t<div class=\"elementor-widget-container\">\n\t\t\t\t\t\t\t\t\t<h3>Cap del servici<\/h3><div>Dr. Onofre Sanmart\u00edn Jim\u00e9nez<\/div>\t\t\t\t\t\t\t\t<\/div>\n\t\t\t\t<\/div>\n\t\t\t\t<div class=\"elementor-element elementor-element-135ff7f elementor-widget elementor-widget-text-editor\" data-id=\"135ff7f\" data-element_type=\"widget\" data-e-type=\"widget\" data-widget_type=\"text-editor.default\">\n\t\t\t\t<div class=\"elementor-widget-container\">\n\t\t\t\t\t\t\t\t\t<h3>Caps cl\u00ednics<\/h3><p>Dr. Eduardo Nagore Engu\u00eddanos<br \/>Dra. Beatriz Llombart Cussac<br \/>Dra. Celia Requena Caballero<\/p>\t\t\t\t\t\t\t\t<\/div>\n\t\t\t\t<\/div>\n\t\t\t\t\t<\/div>\n\t\t<\/div>\n\t\t\t\t<div class=\"elementor-column elementor-col-50 elementor-inner-column elementor-element elementor-element-53fd568\" data-id=\"53fd568\" data-element_type=\"column\" data-e-type=\"column\">\n\t\t\t<div class=\"elementor-widget-wrap elementor-element-populated\">\n\t\t\t\t\t\t<div class=\"elementor-element elementor-element-b957ab2 elementor-widget elementor-widget-text-editor\" data-id=\"b957ab2\" data-element_type=\"widget\" data-e-type=\"widget\" data-widget_type=\"text-editor.default\">\n\t\t\t\t<div class=\"elementor-widget-container\">\n\t\t\t\t\t\t\t\t\t<h3>Metges adjunts<\/h3><p>Dra. Esperanza Manrique Silva<br \/>Dra. F\u00e1tima Mar\u00eda Mayo Mart\u00ednez<br \/>Dr. Carlos Serra Guill\u00e9n<br \/>Dr. Moro Ruggero<br \/>Dra. Mar\u00eda Pilar P\u00e9rez Garc\u00eda<\/p>\t\t\t\t\t\t\t\t<\/div>\n\t\t\t\t<\/div>\n\t\t\t\t\t<\/div>\n\t\t<\/div>\n\t\t\t\t\t<\/div>\n\t\t<\/section>\n\t\t\t\t\t<\/div>\n\t\t<\/div>\n\t\t\t\t\t<\/div>\n\t\t<\/section>\n\t\t\t\t<\/div>\n\t\t","protected":false},"excerpt":{"rendered":"<p>El Servici de Dermatologia de l\u2019IVO proporciona una atenci\u00f3 integral en el camp de la dermatologia oncol\u00f2gica, amb innovadores t\u00e8cniques de diagn\u00f2stic i tractament del\u00a0c\u00e0ncer de pell. A m\u00e9s, \u00e9s pioner en l&#8217;utilitzaci\u00f3 de t\u00e8cniques com la cirurgia de Mohs, el gangli sentinella en el melanoma, i la ter\u00e0pia fotodin\u00e0mica. El servici est\u00e0 organitzat en [&hellip;]<\/p>\n","protected":false},"author":1,"featured_media":30013,"menu_order":0,"template":"","class_list":["post-31294","gs_service","type-gs_service","status-publish","has-post-thumbnail","hentry"],"acf":[],"aioseo_notices":[],"_links":{"self":[{"href":"https:\/\/www.ivo.es\/val\/wp-json\/wp\/v2\/gs_service\/31294","targetHints":{"allow":["GET"]}}],"collection":[{"href":"https:\/\/www.ivo.es\/val\/wp-json\/wp\/v2\/gs_service"}],"about":[{"href":"https:\/\/www.ivo.es\/val\/wp-json\/wp\/v2\/types\/gs_service"}],"author":[{"embeddable":true,"href":"https:\/\/www.ivo.es\/val\/wp-json\/wp\/v2\/users\/1"}],"version-history":[{"count":25,"href":"https:\/\/www.ivo.es\/val\/wp-json\/wp\/v2\/gs_service\/31294\/revisions"}],"predecessor-version":[{"id":41214,"href":"https:\/\/www.ivo.es\/val\/wp-json\/wp\/v2\/gs_service\/31294\/revisions\/41214"}],"wp:featuredmedia":[{"embeddable":true,"href":"https:\/\/www.ivo.es\/val\/wp-json\/wp\/v2\/media\/30013"}],"wp:attachment":[{"href":"https:\/\/www.ivo.es\/val\/wp-json\/wp\/v2\/media?parent=31294"}],"curies":[{"name":"wp","href":"https:\/\/api.w.org\/{rel}","templated":true}]}}