{"id":31292,"date":"2022-04-28T12:21:05","date_gmt":"2022-04-28T10:21:05","guid":{"rendered":"https:\/\/www.ivo.es\/cuadro-medico\/servicios\/cirurgia-plastica-reconstructiva\/"},"modified":"2024-02-07T15:59:28","modified_gmt":"2024-02-07T14:59:28","slug":"cirurgia-plastica-reconstructiva","status":"publish","type":"gs_service","link":"https:\/\/www.ivo.es\/val\/quadre-medic\/servicis\/cirurgia-plastica-reconstructiva\/","title":{"rendered":"Cirurgia Pl\u00e0stica Reconstructiva"},"content":{"rendered":"\t\t<div data-elementor-type=\"wp-post\" data-elementor-id=\"31292\" class=\"elementor elementor-31292 elementor-22769\" data-elementor-post-type=\"gs_service\">\n\t\t\t\t\t\t<section data-particle_enable=\"false\" data-particle-mobile-disabled=\"false\" class=\"elementor-section elementor-top-section elementor-element elementor-element-b93ba4d elementor-section-boxed elementor-section-height-default elementor-section-height-default\" data-id=\"b93ba4d\" data-element_type=\"section\" data-e-type=\"section\">\n\t\t\t\t\t\t<div class=\"elementor-container elementor-column-gap-default\">\n\t\t\t\t\t<div class=\"elementor-column elementor-col-50 elementor-top-column elementor-element elementor-element-3a2dd53\" data-id=\"3a2dd53\" data-element_type=\"column\" data-e-type=\"column\">\n\t\t\t<div class=\"elementor-widget-wrap elementor-element-populated\">\n\t\t\t\t\t\t<div class=\"elementor-element elementor-element-00babd3 elementor-widget elementor-widget-text-editor\" data-id=\"00babd3\" data-element_type=\"widget\" data-e-type=\"widget\" data-widget_type=\"text-editor.default\">\n\t\t\t\t<div class=\"elementor-widget-container\">\n\t\t\t\t\t\t\t\t\t<p>Aquesta especialitat quir\u00fargica abasta el\u00a0<strong>tractament tant exer\u00e8tic oncol\u00f2gic<\/strong>\u00a0(excloent-ne \u00f2rgans viscerals i sistema nervi\u00f3s central), com\u00a0<strong>reparador<\/strong>\u00a0de qualsevol localitzaci\u00f3 corporal.<\/p><p>En la Unitat de Cirurgia Pl\u00e0stica Reconstructiva de l&#8217;IVO es duen a terme <strong>cirurgies de reconstrucci\u00f3 funcional i anat\u00f2mica<\/strong>, <strong>de reconstrucci\u00f3 oncol\u00f2gica secund\u00e0ria o diferida<\/strong> de teguments i encreuaments cervicofacials, <strong>de reconstrucci\u00f3 immediata i\/o diferida de la mama<\/strong>, i reparador\u00a0<\/strong>tant conservador<strong>\u00a0de radiodermitis,\u00a0<\/strong>com intervencionista de<strong>\u00a0radionecrosi.<\/strong><\/p>\t\t\t\t\t\t\t\t<\/div>\n\t\t\t\t<\/div>\n\t\t\t\t\t<\/div>\n\t\t<\/div>\n\t\t\t\t<div class=\"elementor-column elementor-col-50 elementor-top-column elementor-element elementor-element-ff54a94\" data-id=\"ff54a94\" data-element_type=\"column\" data-e-type=\"column\">\n\t\t\t<div class=\"elementor-widget-wrap elementor-element-populated\">\n\t\t\t\t\t\t<div class=\"elementor-element elementor-element-d3d100d elementor-widget elementor-widget-image\" data-id=\"d3d100d\" data-element_type=\"widget\" data-e-type=\"widget\" data-widget_type=\"image.default\">\n\t\t\t\t<div class=\"elementor-widget-container\">\n\t\t\t\t\t\t\t\t\t\t\t\t\t\t\t<img fetchpriority=\"high\" decoding=\"async\" width=\"639\" height=\"817\" src=\"https:\/\/www.ivo.es\/wp-content\/uploads\/2023\/10\/Dr.-Fuster-.jpg\" class=\"attachment-medium_large size-medium_large wp-image-36668\" alt=\"\" srcset=\"https:\/\/www.ivo.es\/wp-content\/uploads\/2023\/10\/Dr.-Fuster-.jpg 639w, https:\/\/www.ivo.es\/wp-content\/uploads\/2023\/10\/Dr.-Fuster--235x300.jpg 235w, https:\/\/www.ivo.es\/wp-content\/uploads\/2023\/10\/Dr.-Fuster--626x800.jpg 626w\" sizes=\"(max-width: 639px) 100vw, 639px\" \/>\t\t\t\t\t\t\t\t\t\t\t\t\t\t\t<\/div>\n\t\t\t\t<\/div>\n\t\t\t\t\t<\/div>\n\t\t<\/div>\n\t\t\t\t\t<\/div>\n\t\t<\/section>\n\t\t\t\t<section data-particle_enable=\"false\" data-particle-mobile-disabled=\"false\" class=\"elementor-section elementor-top-section elementor-element elementor-element-66e7f2d elementor-section-boxed elementor-section-height-default elementor-section-height-default\" data-id=\"66e7f2d\" data-element_type=\"section\" data-e-type=\"section\">\n\t\t\t\t\t\t<div class=\"elementor-container elementor-column-gap-default\">\n\t\t\t\t\t<div class=\"elementor-column elementor-col-100 elementor-top-column elementor-element elementor-element-49d4bc0\" data-id=\"49d4bc0\" data-element_type=\"column\" data-e-type=\"column\">\n\t\t\t<div class=\"elementor-widget-wrap elementor-element-populated\">\n\t\t\t\t\t\t<div class=\"elementor-element elementor-element-1d2f18d elementor-widget elementor-widget-heading\" data-id=\"1d2f18d\" data-element_type=\"widget\" data-e-type=\"widget\" data-widget_type=\"heading.default\">\n\t\t\t\t<div class=\"elementor-widget-container\">\n\t\t\t\t\t<h2 class=\"elementor-heading-title elementor-size-default\">Cirurgies que es realitzen en el Servcici<\/h2>\t\t\t\t<\/div>\n\t\t\t\t<\/div>\n\t\t\t\t<div class=\"elementor-element elementor-element-177883f elementor-widget elementor-widget-eael-feature-list\" data-id=\"177883f\" data-element_type=\"widget\" data-e-type=\"widget\" data-widget_type=\"eael-feature-list.default\">\n\t\t\t\t<div class=\"elementor-widget-container\">\n\t\t\t\t\t\t\t<div class=\"-icon-position-left -tablet-icon-position-left -mobile-icon-position-left\">\n\t\t\t<ul id=\"eael-feature-list-177883f\" class=\"eael-feature-list-items circle stacked  eael-feature-list-vertical\" data-layout-tablet=\"vertical\" data-layout-mobile=\"vertical\">\n\t\t\t                <li class=\"eael-feature-list-item elementor-repeater-item-c33f9a9\">\n                    \n\t\t\t\t\t\t<div class=\"eael-feature-list-icon-box\">\n\t\t\t\t\t\t\t<div class=\"eael-feature-list-icon-inner\">\n\n\t\t\t\t\t\t\t\t<span class=\"eael-feature-list-icon fl-icon-0\">\n\n\t\t<i aria-hidden=\"true\" class=\"fas fa-check\"><\/i>\t\t\t\t\t\t\t\t<\/span>\n\t\t\t\t\t\t\t<\/div>\n\t\t\t\t\t\t<\/div>\n\t\t\t\t\t\t<div class=\"eael-feature-list-content-box\">\n                            <h2 class=\"eael-feature-list-title\">Reconstrucci\u00f3 funcional i anat\u00f2mica<\/h2>\t\t\t\t\t\t<p class=\"eael-feature-list-content\">Reconstrucci\u00f3 funcional i anat\u00f2mica\u00a0immediata de defectes de cobertura i\/o exposici\u00f3 d'estructures nobles (neurovasculars, miotendinoses, osteoarticulars), en qualsevol localitzaci\u00f3 anat\u00f2mica (cap-coll, tronc, extremitats i perineu), per mitj\u00e0 de penjalls d'\u00faltima generaci\u00f3, ja siguen pedicles locoregionals de vasos perforants, o pl\u00e0sties de perforants amb anastomosi microvascular<\/p>\n\t\t\t\t\t\t<\/div>\n\n\t\t\t\t\t<\/li>\n\t\t\t\t                <li class=\"eael-feature-list-item elementor-repeater-item-ab27f8c\">\n                    \n\t\t\t\t\t\t<div class=\"eael-feature-list-icon-box\">\n\t\t\t\t\t\t\t<div class=\"eael-feature-list-icon-inner\">\n\n\t\t\t\t\t\t\t\t<span class=\"eael-feature-list-icon fl-icon-1\">\n\n\t\t<i aria-hidden=\"true\" class=\"fas fa-check\"><\/i>\t\t\t\t\t\t\t\t<\/span>\n\t\t\t\t\t\t\t<\/div>\n\t\t\t\t\t\t<\/div>\n\t\t\t\t\t\t<div class=\"eael-feature-list-content-box\">\n                            <h2 class=\"eael-feature-list-title\">Reconstrucci\u00f3 oncol\u00f2gica secund\u00e0ria o diferida<\/h2>\t\t\t\t\t\t<p class=\"eael-feature-list-content\">Reconstrucci\u00f3 oncol\u00f2gica secund\u00e0ria o diferida\u00a0de teguments i encreuaments cervicofacials, especialment periorificials (\u00f2rbites oculars, nasal i oral), utilitzant, sempre que siga factible, teixits propis, a m\u00e9s de reposici\u00f3 esquel\u00e8tica per mitj\u00e0 d\u2019osteos\u00edntesi.<\/p>\n\t\t\t\t\t\t<\/div>\n\n\t\t\t\t\t<\/li>\n\t\t\t\t                <li class=\"eael-feature-list-item elementor-repeater-item-e1e0569\">\n                    \n\t\t\t\t\t\t<div class=\"eael-feature-list-icon-box\">\n\t\t\t\t\t\t\t<div class=\"eael-feature-list-icon-inner\">\n\n\t\t\t\t\t\t\t\t<span class=\"eael-feature-list-icon fl-icon-2\">\n\n\t\t<i aria-hidden=\"true\" class=\"fas fa-check\"><\/i>\t\t\t\t\t\t\t\t<\/span>\n\t\t\t\t\t\t\t<\/div>\n\t\t\t\t\t\t<\/div>\n\t\t\t\t\t\t<div class=\"eael-feature-list-content-box\">\n                            <h2 class=\"eael-feature-list-title\">Reconstrucci\u00f3 immediata i\/o diferida de la mama<\/h2>\t\t\t\t\t\t<p class=\"eael-feature-list-content\">(completa o parcialment extirpada). Ja siga aut\u00f2loga (amb teixits propis), heter\u00f2loga (amb implantaci\u00f3 de material prot\u00e8tic), o fins i tot mixta, la indicaci\u00f3 del tipus de reconstrucci\u00f3 queda necess\u00e0riament supeditada al criteri del cirurgi\u00e0 pl\u00e0stic reparador, amb els m\u00ednims procediments quir\u00fargics possibles.<\/p>\n\t\t\t\t\t\t<\/div>\n\n\t\t\t\t\t<\/li>\n\t\t\t\t                <li class=\"eael-feature-list-item elementor-repeater-item-cd912d0\">\n                    \n\t\t\t\t\t\t<div class=\"eael-feature-list-icon-box\">\n\t\t\t\t\t\t\t<div class=\"eael-feature-list-icon-inner\">\n\n\t\t\t\t\t\t\t\t<span class=\"eael-feature-list-icon fl-icon-3\">\n\n\t\t<i aria-hidden=\"true\" class=\"fas fa-check\"><\/i>\t\t\t\t\t\t\t\t<\/span>\n\t\t\t\t\t\t\t<\/div>\n\t\t\t\t\t\t<\/div>\n\t\t\t\t\t\t<div class=\"eael-feature-list-content-box\">\n                            <h2 class=\"eael-feature-list-title\">Miscel\u00b7l\u00e0nia<\/h2>\t\t\t\t\t\t<p class=\"eael-feature-list-content\">Patologia degenerativa de la m\u00e0. Rescat d\u2019extremitat inferior per patologia ulcerosa, osteomielitis. Restituci\u00f3 microquir\u00fargica de lesions nervioses, com par\u00e0lisi facial perif\u00e8rica. Tractament, en general, de ferides amb evoluci\u00f3 complexa i seq\u00fceles de patologia infecciosa.<\/p>\n\t\t\t\t\t\t<\/div>\n\n\t\t\t\t\t<\/li>\n\t\t\t\t                <li class=\"eael-feature-list-item elementor-repeater-item-9b157d6\">\n                    \n\t\t\t\t\t\t<div class=\"eael-feature-list-icon-box\">\n\t\t\t\t\t\t\t<div class=\"eael-feature-list-icon-inner\">\n\n\t\t\t\t\t\t\t\t<span class=\"eael-feature-list-icon fl-icon-4\">\n\n\t\t<i aria-hidden=\"true\" class=\"fas fa-check\"><\/i>\t\t\t\t\t\t\t\t<\/span>\n\t\t\t\t\t\t\t<\/div>\n\t\t\t\t\t\t<\/div>\n\t\t\t\t\t\t<div class=\"eael-feature-list-content-box\">\n                            <h2 class=\"eael-feature-list-title\">Tractament reparador<\/h2>\t\t\t\t\t\t<p class=\"eael-feature-list-content\">Tant conservador de radiodermitis, com intervencionista de radionecrosi.<\/p>\n\t\t\t\t\t\t<\/div>\n\n\t\t\t\t\t<\/li>\n\t\t\t\t\t\t\t<\/ul>\n\t\t<\/div>\n\t\t\t\t\t\t<\/div>\n\t\t\t\t<\/div>\n\t\t\t\t\t<\/div>\n\t\t<\/div>\n\t\t\t\t\t<\/div>\n\t\t<\/section>\n\t\t\t\t<section data-particle_enable=\"false\" data-particle-mobile-disabled=\"false\" class=\"elementor-section elementor-top-section elementor-element elementor-element-7a80992 elementor-section-boxed elementor-section-height-default elementor-section-height-default\" data-id=\"7a80992\" data-element_type=\"section\" data-e-type=\"section\">\n\t\t\t\t\t\t<div class=\"elementor-container elementor-column-gap-default\">\n\t\t\t\t\t<div class=\"elementor-column elementor-col-100 elementor-top-column elementor-element elementor-element-0263ca2\" data-id=\"0263ca2\" data-element_type=\"column\" data-e-type=\"column\">\n\t\t\t<div class=\"elementor-widget-wrap elementor-element-populated\">\n\t\t\t\t\t\t<div class=\"elementor-element elementor-element-dcee9f4 elementor-widget elementor-widget-heading\" data-id=\"dcee9f4\" data-element_type=\"widget\" data-e-type=\"widget\" data-widget_type=\"heading.default\">\n\t\t\t\t<div class=\"elementor-widget-container\">\n\t\t\t\t\t<h2 class=\"elementor-heading-title elementor-size-default\">Equip m\u00e8dic del Servici de Cirurgia pl\u00e0stica i reconstructiva<\/h2>\t\t\t\t<\/div>\n\t\t\t\t<\/div>\n\t\t\t\t<section data-particle_enable=\"false\" data-particle-mobile-disabled=\"false\" class=\"elementor-section elementor-inner-section elementor-element elementor-element-1891138 elementor-section-boxed elementor-section-height-default elementor-section-height-default\" data-id=\"1891138\" data-element_type=\"section\" data-e-type=\"section\">\n\t\t\t\t\t\t<div class=\"elementor-container elementor-column-gap-default\">\n\t\t\t\t\t<div class=\"elementor-column elementor-col-100 elementor-inner-column elementor-element elementor-element-ead5ea5\" data-id=\"ead5ea5\" data-element_type=\"column\" data-e-type=\"column\">\n\t\t\t<div class=\"elementor-widget-wrap elementor-element-populated\">\n\t\t\t\t\t\t<div class=\"elementor-element elementor-element-9a10a2d elementor-widget elementor-widget-text-editor\" data-id=\"9a10a2d\" data-element_type=\"widget\" data-e-type=\"widget\" data-widget_type=\"text-editor.default\">\n\t\t\t\t<div class=\"elementor-widget-container\">\n\t\t\t\t\t\t\t\t\t<h3>Metge adjunt<\/h3><p>Dr. Ernesto Eliseo Sanz Navarro<\/p>\t\t\t\t\t\t\t\t<\/div>\n\t\t\t\t<\/div>\n\t\t\t\t\t<\/div>\n\t\t<\/div>\n\t\t\t\t\t<\/div>\n\t\t<\/section>\n\t\t\t\t\t<\/div>\n\t\t<\/div>\n\t\t\t\t\t<\/div>\n\t\t<\/section>\n\t\t\t\t<\/div>\n\t\t","protected":false},"excerpt":{"rendered":"<p>Aquesta especialitat quir\u00fargica abasta el\u00a0tractament tant exer\u00e8tic oncol\u00f2gic\u00a0(excloent-ne \u00f2rgans viscerals i sistema nervi\u00f3s central), com\u00a0reparador\u00a0de qualsevol localitzaci\u00f3 corporal. En la Unitat de Cirurgia Pl\u00e0stica Reconstructiva de l&#8217;IVO es duen a terme cirurgies de reconstrucci\u00f3 funcional i anat\u00f2mica, de reconstrucci\u00f3 oncol\u00f2gica secund\u00e0ria o diferida de teguments i encreuaments cervicofacials, de reconstrucci\u00f3 immediata i\/o diferida de la [&hellip;]<\/p>\n","protected":false},"author":1,"featured_media":30013,"menu_order":0,"template":"","class_list":["post-31292","gs_service","type-gs_service","status-publish","has-post-thumbnail","hentry"],"acf":[],"aioseo_notices":[],"_links":{"self":[{"href":"https:\/\/www.ivo.es\/val\/wp-json\/wp\/v2\/gs_service\/31292","targetHints":{"allow":["GET"]}}],"collection":[{"href":"https:\/\/www.ivo.es\/val\/wp-json\/wp\/v2\/gs_service"}],"about":[{"href":"https:\/\/www.ivo.es\/val\/wp-json\/wp\/v2\/types\/gs_service"}],"author":[{"embeddable":true,"href":"https:\/\/www.ivo.es\/val\/wp-json\/wp\/v2\/users\/1"}],"version-history":[{"count":10,"href":"https:\/\/www.ivo.es\/val\/wp-json\/wp\/v2\/gs_service\/31292\/revisions"}],"predecessor-version":[{"id":37434,"href":"https:\/\/www.ivo.es\/val\/wp-json\/wp\/v2\/gs_service\/31292\/revisions\/37434"}],"wp:featuredmedia":[{"embeddable":true,"href":"https:\/\/www.ivo.es\/val\/wp-json\/wp\/v2\/media\/30013"}],"wp:attachment":[{"href":"https:\/\/www.ivo.es\/val\/wp-json\/wp\/v2\/media?parent=31292"}],"curies":[{"name":"wp","href":"https:\/\/api.w.org\/{rel}","templated":true}]}}