{"id":31291,"date":"2022-04-28T11:26:17","date_gmt":"2022-04-28T09:26:17","guid":{"rendered":"https:\/\/www.ivo.es\/cuadro-medico\/servicios\/cirurgia-general-i-digestiva\/"},"modified":"2025-07-15T12:05:20","modified_gmt":"2025-07-15T10:05:20","slug":"cirurgia-general-i-digestiva","status":"publish","type":"gs_service","link":"https:\/\/www.ivo.es\/val\/quadre-medic\/servicis\/cirurgia-general-i-digestiva\/","title":{"rendered":"Cirurgia General i Digestiva"},"content":{"rendered":"\t\t<div data-elementor-type=\"wp-post\" data-elementor-id=\"31291\" class=\"elementor elementor-31291 elementor-22751\" data-elementor-post-type=\"gs_service\">\n\t\t\t\t\t\t<section data-particle_enable=\"false\" data-particle-mobile-disabled=\"false\" class=\"elementor-section elementor-top-section elementor-element elementor-element-b93ba4d elementor-section-boxed elementor-section-height-default elementor-section-height-default\" data-id=\"b93ba4d\" data-element_type=\"section\" data-e-type=\"section\">\n\t\t\t\t\t\t<div class=\"elementor-container elementor-column-gap-default\">\n\t\t\t\t\t<div class=\"elementor-column elementor-col-50 elementor-top-column elementor-element elementor-element-3a2dd53\" data-id=\"3a2dd53\" data-element_type=\"column\" data-e-type=\"column\">\n\t\t\t<div class=\"elementor-widget-wrap elementor-element-populated\">\n\t\t\t\t\t\t<div class=\"elementor-element elementor-element-00babd3 elementor-widget elementor-widget-text-editor\" data-id=\"00babd3\" data-element_type=\"widget\" data-e-type=\"widget\" data-widget_type=\"text-editor.default\">\n\t\t\t\t<div class=\"elementor-widget-container\">\n\t\t\t\t\t\t\t\t\t<p>Hui en dia, la resecci\u00f3 quir\u00fargica dels tumors suposa, en gran part dels casos, la pedra angular del tractament multidisciplinari del c\u00e0ncer.<\/p><p>El\u00a0<strong>Servici de Cirurgia General de l\u2019IVO<\/strong>\u00a0ofereix una garantia quan es tracta del tractament quir\u00fargic dels\u00a0<strong>tumors de mama, de l&#8217;aparell digestiu i de parts blanes.<\/strong><\/p><p>El Servici de Cirurgia General de l\u2019IVO est\u00e0 estructurat en tres \u00e0rees ben definides: <strong>Secci\u00f3 de Cirurgia Oncol\u00f2gica de Mama<\/strong>, <strong>Secci\u00f3 de Cirurgia Oncol\u00f2gica de l\u2019Aparell Digestiu<\/strong> i <strong>Secci\u00f3 de Cirurgia Oncol\u00f2gica de Sarcomes i Altres Tumors de Parts Blanes<\/strong>. Aquesta estructura es complementa amb la\u00a0<strong>col\u00b7laboraci\u00f3 de cirurgians vasculars i pl\u00e0stics.<\/strong><\/p>\t\t\t\t\t\t\t\t<\/div>\n\t\t\t\t<\/div>\n\t\t\t\t\t<\/div>\n\t\t<\/div>\n\t\t\t\t<div class=\"elementor-column elementor-col-50 elementor-top-column elementor-element elementor-element-ff54a94\" data-id=\"ff54a94\" data-element_type=\"column\" data-e-type=\"column\">\n\t\t\t<div class=\"elementor-widget-wrap elementor-element-populated\">\n\t\t\t\t\t\t<div class=\"elementor-element elementor-element-9fb3e62 elementor-widget elementor-widget-video\" data-id=\"9fb3e62\" data-element_type=\"widget\" data-e-type=\"widget\" data-settings=\"{&quot;youtube_url&quot;:&quot;https:\\\/\\\/www.youtube.com\\\/watch?v=yqXE20iv47U&quot;,&quot;video_type&quot;:&quot;youtube&quot;,&quot;controls&quot;:&quot;yes&quot;}\" data-widget_type=\"video.default\">\n\t\t\t\t<div class=\"elementor-widget-container\">\n\t\t\t\t\t\t\t<div class=\"elementor-wrapper elementor-open-inline\">\n\t\t\t<div class=\"elementor-video\"><\/div>\t\t<\/div>\n\t\t\t\t\t\t<\/div>\n\t\t\t\t<\/div>\n\t\t\t\t\t<\/div>\n\t\t<\/div>\n\t\t\t\t\t<\/div>\n\t\t<\/section>\n\t\t\t\t<section data-particle_enable=\"false\" data-particle-mobile-disabled=\"false\" class=\"elementor-section elementor-top-section elementor-element elementor-element-c958f7e elementor-section-boxed elementor-section-height-default elementor-section-height-default\" data-id=\"c958f7e\" data-element_type=\"section\" data-e-type=\"section\">\n\t\t\t\t\t\t<div class=\"elementor-container elementor-column-gap-default\">\n\t\t\t\t\t<div class=\"elementor-column elementor-col-100 elementor-top-column elementor-element elementor-element-7df41a9\" data-id=\"7df41a9\" data-element_type=\"column\" data-e-type=\"column\">\n\t\t\t<div class=\"elementor-widget-wrap elementor-element-populated\">\n\t\t\t\t\t\t<div class=\"elementor-element elementor-element-fb6497b elementor-widget elementor-widget-text-editor\" data-id=\"fb6497b\" data-element_type=\"widget\" data-e-type=\"widget\" data-widget_type=\"text-editor.default\">\n\t\t\t\t<div class=\"elementor-widget-container\">\n\t\t\t\t\t\t\t\t\t<h3>El Servici de Cirurgia forma part dels Comit\u00e9s de Tumors de mama, digestius i sarcomes de l\u2019hospital<\/h3>\t\t\t\t\t\t\t\t<\/div>\n\t\t\t\t<\/div>\n\t\t\t\t\t<\/div>\n\t\t<\/div>\n\t\t\t\t\t<\/div>\n\t\t<\/section>\n\t\t\t\t<section data-particle_enable=\"false\" data-particle-mobile-disabled=\"false\" class=\"elementor-section elementor-top-section elementor-element elementor-element-9a94156 elementor-section-boxed elementor-section-height-default elementor-section-height-default\" data-id=\"9a94156\" data-element_type=\"section\" data-e-type=\"section\">\n\t\t\t\t\t\t<div class=\"elementor-container elementor-column-gap-default\">\n\t\t\t\t\t<div class=\"elementor-column elementor-col-100 elementor-top-column elementor-element elementor-element-fde1924\" data-id=\"fde1924\" data-element_type=\"column\" data-e-type=\"column\">\n\t\t\t<div class=\"elementor-widget-wrap elementor-element-populated\">\n\t\t\t\t\t\t<div class=\"elementor-element elementor-element-f443d7e elementor-skin-slideshow elementor-arrows-yes elementor-widget elementor-widget-media-carousel\" data-id=\"f443d7e\" data-element_type=\"widget\" data-e-type=\"widget\" data-settings=\"{&quot;skin&quot;:&quot;slideshow&quot;,&quot;effect&quot;:&quot;slide&quot;,&quot;show_arrows&quot;:&quot;yes&quot;,&quot;speed&quot;:500,&quot;autoplay&quot;:&quot;yes&quot;,&quot;autoplay_speed&quot;:5000,&quot;loop&quot;:&quot;yes&quot;,&quot;pause_on_interaction&quot;:&quot;yes&quot;,&quot;space_between&quot;:{&quot;unit&quot;:&quot;px&quot;,&quot;size&quot;:10,&quot;sizes&quot;:[]},&quot;space_between_tablet&quot;:{&quot;unit&quot;:&quot;px&quot;,&quot;size&quot;:10,&quot;sizes&quot;:[]},&quot;space_between_mobile&quot;:{&quot;unit&quot;:&quot;px&quot;,&quot;size&quot;:10,&quot;sizes&quot;:[]}}\" data-widget_type=\"media-carousel.default\">\n\t\t\t\t<div class=\"elementor-widget-container\">\n\t\t\t\t\t\t\t\t\t<div class=\"elementor-swiper\">\n\t\t\t\t\t<div class=\"elementor-main-swiper swiper\" role=\"region\" aria-roledescription=\"carousel\" aria-label=\"Diapositivas\">\n\t\t\t\t<div class=\"swiper-wrapper\">\n\t\t\t\t\t\t\t\t\t\t\t<div class=\"swiper-slide\" role=\"group\" aria-roledescription=\"slide\">\n\t\t\t\t\t\t\t\t\t<div class=\"elementor-carousel-image\" role=\"img\" aria-label=\"INSTITUTO VALENCIANO DE ONCOLOG\u00cdA, QUIROFANOS.\nEL SEGUNDO DAVINCI EN SU QUIROFANO.\" style=\"background-image: url(&#039;https:\/\/www.ivo.es\/wp-content\/uploads\/2024\/06\/IVO_DAVINCI_2_039.jpg&#039;)\">\n\n\t\t\t\n\t\t\t\t\t<\/div>\n\t\t\t\t\t\t\t\t<\/div>\n\t\t\t\t\t\t\t\t\t\t\t<div class=\"swiper-slide\" role=\"group\" aria-roledescription=\"slide\">\n\t\t\t\t\t\t\t\t\t<div class=\"elementor-carousel-image\" role=\"img\" aria-label=\"INSTITUTO VALENCIANO DE ONCOLOG\u00cdA, QUIROFANOS.\nEL SEGUNDO DAVINCI EN SU QUIROFANO.\" style=\"background-image: url(&#039;https:\/\/www.ivo.es\/wp-content\/uploads\/2022\/04\/QUIROFANO2-04.jpg&#039;)\">\n\n\t\t\t\n\t\t\t\t\t<\/div>\n\t\t\t\t\t\t\t\t<\/div>\n\t\t\t\t\t\t\t\t\t\t\t<div class=\"swiper-slide\" role=\"group\" aria-roledescription=\"slide\">\n\t\t\t\t\t\t\t\t\t<div class=\"elementor-carousel-image\" role=\"img\" aria-label=\"QUIROFANOS_006\" style=\"background-image: url(&#039;https:\/\/www.ivo.es\/wp-content\/uploads\/2022\/04\/QUIROFANOS_006-scaled.jpg&#039;)\">\n\n\t\t\t\n\t\t\t\t\t<\/div>\n\t\t\t\t\t\t\t\t<\/div>\n\t\t\t\t\t\t\t\t\t\t\t<div class=\"swiper-slide\" role=\"group\" aria-roledescription=\"slide\">\n\t\t\t\t\t\t\t\t\t<div class=\"elementor-carousel-image\" role=\"img\" aria-label=\"QUIROFANO_DAVINCI_005\" style=\"background-image: url(&#039;https:\/\/www.ivo.es\/wp-content\/uploads\/2022\/04\/QUIROFANO_DAVINCI_005-scaled.jpg&#039;)\">\n\n\t\t\t\n\t\t\t\t\t<\/div>\n\t\t\t\t\t\t\t\t<\/div>\n\t\t\t\t\t\t\t\t\t\t\t<div class=\"swiper-slide\" role=\"group\" aria-roledescription=\"slide\">\n\t\t\t\t\t\t\t<a href=\"https:\/\/www.ivo.es\/wp-content\/uploads\/2022\/04\/ecoendoscopia2.jpg\" data-elementor-open-lightbox=\"yes\" data-elementor-lightbox-slideshow=\"f443d7e\" data-elementor-lightbox-title=\"ecoendoscopia2\" data-e-action-hash=\"#elementor-action%3Aaction%3Dlightbox%26settings%3DeyJpZCI6MjI3NTUsInVybCI6Imh0dHBzOlwvXC93d3cuaXZvLmVzXC93cC1jb250ZW50XC91cGxvYWRzXC8yMDIyXC8wNFwvZWNvZW5kb3Njb3BpYTIuanBnIiwic2xpZGVzaG93IjoiZjQ0M2Q3ZSJ9\">\t\t<div class=\"elementor-carousel-image\" role=\"img\" aria-label=\"ecoendoscopia2\" style=\"background-image: url(&#039;https:\/\/www.ivo.es\/wp-content\/uploads\/2022\/04\/ecoendoscopia2.jpg&#039;)\">\n\n\t\t\t\n\t\t\t\t\t<\/div>\n\t\t<\/a>\t\t\t\t\t\t<\/div>\n\t\t\t\t\t\t\t\t\t\t\t<div class=\"swiper-slide\" role=\"group\" aria-roledescription=\"slide\">\n\t\t\t\t\t\t\t<a href=\"https:\/\/www.ivo.es\/wp-content\/uploads\/2022\/04\/cirugia-toracica.jpg\" data-elementor-open-lightbox=\"yes\" data-elementor-lightbox-slideshow=\"f443d7e\" data-elementor-lightbox-title=\"cirugia-toracica\" data-e-action-hash=\"#elementor-action%3Aaction%3Dlightbox%26settings%3DeyJpZCI6MjI3NjIsInVybCI6Imh0dHBzOlwvXC93d3cuaXZvLmVzXC93cC1jb250ZW50XC91cGxvYWRzXC8yMDIyXC8wNFwvY2lydWdpYS10b3JhY2ljYS5qcGciLCJzbGlkZXNob3ciOiJmNDQzZDdlIn0%3D\">\t\t<div class=\"elementor-carousel-image\" role=\"img\" aria-label=\"cirugia-toracica\" style=\"background-image: url(&#039;https:\/\/www.ivo.es\/wp-content\/uploads\/2022\/04\/cirugia-toracica.jpg&#039;)\">\n\n\t\t\t\n\t\t\t\t\t<\/div>\n\t\t<\/a>\t\t\t\t\t\t<\/div>\n\t\t\t\t\t\t\t\t\t\t\t<div class=\"swiper-slide\" role=\"group\" aria-roledescription=\"slide\">\n\t\t\t\t\t\t\t\t\t<div class=\"elementor-carousel-image\" role=\"img\" aria-label=\"QUIROFANOS_012\" style=\"background-image: url(&#039;https:\/\/www.ivo.es\/wp-content\/uploads\/2022\/04\/QUIROFANOS_012-scaled.jpg&#039;)\">\n\n\t\t\t\n\t\t\t\t\t<\/div>\n\t\t\t\t\t\t\t\t<\/div>\n\t\t\t\t\t\t\t\t\t\t\t<div class=\"swiper-slide\" role=\"group\" aria-roledescription=\"slide\">\n\t\t\t\t\t\t\t\t\t<div class=\"elementor-carousel-image\" role=\"img\" aria-label=\"central de esterilizacion del ivo. zona donde se  esterilizan todos los articulos que se utilizan en las operaciones.\" style=\"background-image: url(&#039;https:\/\/www.ivo.es\/wp-content\/uploads\/2022\/04\/CENTRAL_ESTERILIZACION_002.jpg&#039;)\">\n\n\t\t\t\n\t\t\t\t\t<\/div>\n\t\t\t\t\t\t\t\t<\/div>\n\t\t\t\t\t\t\t\t\t\t\t<div class=\"swiper-slide\" role=\"group\" aria-roledescription=\"slide\">\n\t\t\t\t\t\t\t\t\t<div class=\"elementor-carousel-image\" role=\"img\" aria-label=\"ZONA DE QUIROFANOS DEL IVO\" style=\"background-image: url(&#039;https:\/\/www.ivo.es\/wp-content\/uploads\/2022\/04\/QUIROFANO_007.jpg&#039;)\">\n\n\t\t\t\n\t\t\t\t\t<\/div>\n\t\t\t\t\t\t\t\t<\/div>\n\t\t\t\t\t\t\t\t\t\t\t<div class=\"swiper-slide\" role=\"group\" aria-roledescription=\"slide\">\n\t\t\t\t\t\t\t\t\t<div class=\"elementor-carousel-image\" role=\"img\" aria-label=\"INSTITUTO VALENCIANO DE ONCOLOG\u00cdA, QUIROFANOS.\nEL SEGUNDO DAVINCI EN SU QUIROFANO.\" style=\"background-image: url(&#039;https:\/\/www.ivo.es\/wp-content\/uploads\/2022\/04\/IVO_DAVINCI_2_070.jpg&#039;)\">\n\n\t\t\t\n\t\t\t\t\t<\/div>\n\t\t\t\t\t\t\t\t<\/div>\n\t\t\t\t\t\t\t\t\t<\/div>\n\t\t\t\t\t\t\t\t\t\t\t\t\t\t\t<div class=\"elementor-swiper-button elementor-swiper-button-prev\" role=\"button\" tabindex=\"0\" aria-label=\"Previous\">\n\t\t\t\t\t\t\t<i aria-hidden=\"true\" class=\"eicon-chevron-left\"><\/i>\t\t\t\t\t\t<\/div>\n\t\t\t\t\t\t<div class=\"elementor-swiper-button elementor-swiper-button-next\" role=\"button\" tabindex=\"0\" aria-label=\"Next\">\n\t\t\t\t\t\t\t<i aria-hidden=\"true\" class=\"eicon-chevron-right\"><\/i>\t\t\t\t\t\t<\/div>\n\t\t\t\t\t\t\t\t\t\t\t\t\t\t\t\t\t<\/div>\n\t\t\t\t<\/div>\n\t\t\t\t\t\t\t\t<div class=\"elementor-swiper\">\n\t\t\t\t\t<div class=\"elementor-main-swiper swiper elementor-thumbnails-swiper swiper\" role=\"region region\" aria-roledescription=\"carousel carousel\" aria-label=\"Diapositivas Diapositivas\">\n\t\t\t\t<div class=\"swiper-wrapper\">\n\t\t\t\t\t\t\t\t\t\t\t<div class=\"swiper-slide\" role=\"group\" aria-roledescription=\"slide\">\n\t\t\t\t\t\t\t\t\t<div class=\"elementor-carousel-image\" role=\"img\" aria-label=\"INSTITUTO VALENCIANO DE ONCOLOG\u00cdA, QUIROFANOS.\nEL SEGUNDO DAVINCI EN SU QUIROFANO.\" style=\"background-image: url(&#039;https:\/\/www.ivo.es\/wp-content\/uploads\/2024\/06\/IVO_DAVINCI_2_039.jpg&#039;)\">\n\n\t\t\t\n\t\t\t\t\t<\/div>\n\t\t\t\t\t\t\t\t<\/div>\n\t\t\t\t\t\t\t\t\t\t\t<div class=\"swiper-slide\" role=\"group\" aria-roledescription=\"slide\">\n\t\t\t\t\t\t\t\t\t<div class=\"elementor-carousel-image\" role=\"img\" aria-label=\"INSTITUTO VALENCIANO DE ONCOLOG\u00cdA, QUIROFANOS.\nEL SEGUNDO DAVINCI EN SU QUIROFANO.\" style=\"background-image: url(&#039;https:\/\/www.ivo.es\/wp-content\/uploads\/2022\/04\/QUIROFANO2-04.jpg&#039;)\">\n\n\t\t\t\n\t\t\t\t\t<\/div>\n\t\t\t\t\t\t\t\t<\/div>\n\t\t\t\t\t\t\t\t\t\t\t<div class=\"swiper-slide\" role=\"group\" aria-roledescription=\"slide\">\n\t\t\t\t\t\t\t\t\t<div class=\"elementor-carousel-image\" role=\"img\" aria-label=\"QUIROFANOS_006\" style=\"background-image: url(&#039;https:\/\/www.ivo.es\/wp-content\/uploads\/2022\/04\/QUIROFANOS_006-scaled.jpg&#039;)\">\n\n\t\t\t\n\t\t\t\t\t<\/div>\n\t\t\t\t\t\t\t\t<\/div>\n\t\t\t\t\t\t\t\t\t\t\t<div class=\"swiper-slide\" role=\"group\" aria-roledescription=\"slide\">\n\t\t\t\t\t\t\t\t\t<div class=\"elementor-carousel-image\" role=\"img\" aria-label=\"QUIROFANO_DAVINCI_005\" style=\"background-image: url(&#039;https:\/\/www.ivo.es\/wp-content\/uploads\/2022\/04\/QUIROFANO_DAVINCI_005-scaled.jpg&#039;)\">\n\n\t\t\t\n\t\t\t\t\t<\/div>\n\t\t\t\t\t\t\t\t<\/div>\n\t\t\t\t\t\t\t\t\t\t\t<div class=\"swiper-slide\" role=\"group\" aria-roledescription=\"slide\">\n\t\t\t\t\t\t\t\t\t<div class=\"elementor-carousel-image\" role=\"img\" aria-label=\"ecoendoscopia2\" style=\"background-image: url(&#039;https:\/\/www.ivo.es\/wp-content\/uploads\/2022\/04\/ecoendoscopia2.jpg&#039;)\">\n\n\t\t\t\n\t\t\t\t\t<\/div>\n\t\t<\/a>\t\t\t\t\t\t<\/div>\n\t\t\t\t\t\t\t\t\t\t\t<div class=\"swiper-slide\" role=\"group\" aria-roledescription=\"slide\">\n\t\t\t\t\t\t\t\t\t<div class=\"elementor-carousel-image\" role=\"img\" aria-label=\"cirugia-toracica\" style=\"background-image: url(&#039;https:\/\/www.ivo.es\/wp-content\/uploads\/2022\/04\/cirugia-toracica.jpg&#039;)\">\n\n\t\t\t\n\t\t\t\t\t<\/div>\n\t\t<\/a>\t\t\t\t\t\t<\/div>\n\t\t\t\t\t\t\t\t\t\t\t<div class=\"swiper-slide\" role=\"group\" aria-roledescription=\"slide\">\n\t\t\t\t\t\t\t\t\t<div class=\"elementor-carousel-image\" role=\"img\" aria-label=\"QUIROFANOS_012\" style=\"background-image: url(&#039;https:\/\/www.ivo.es\/wp-content\/uploads\/2022\/04\/QUIROFANOS_012-scaled.jpg&#039;)\">\n\n\t\t\t\n\t\t\t\t\t<\/div>\n\t\t\t\t\t\t\t\t<\/div>\n\t\t\t\t\t\t\t\t\t\t\t<div class=\"swiper-slide\" role=\"group\" aria-roledescription=\"slide\">\n\t\t\t\t\t\t\t\t\t<div class=\"elementor-carousel-image\" role=\"img\" aria-label=\"central de esterilizacion del ivo. zona donde se  esterilizan todos los articulos que se utilizan en las operaciones.\" style=\"background-image: url(&#039;https:\/\/www.ivo.es\/wp-content\/uploads\/2022\/04\/CENTRAL_ESTERILIZACION_002.jpg&#039;)\">\n\n\t\t\t\n\t\t\t\t\t<\/div>\n\t\t\t\t\t\t\t\t<\/div>\n\t\t\t\t\t\t\t\t\t\t\t<div class=\"swiper-slide\" role=\"group\" aria-roledescription=\"slide\">\n\t\t\t\t\t\t\t\t\t<div class=\"elementor-carousel-image\" role=\"img\" aria-label=\"ZONA DE QUIROFANOS DEL IVO\" style=\"background-image: url(&#039;https:\/\/www.ivo.es\/wp-content\/uploads\/2022\/04\/QUIROFANO_007.jpg&#039;)\">\n\n\t\t\t\n\t\t\t\t\t<\/div>\n\t\t\t\t\t\t\t\t<\/div>\n\t\t\t\t\t\t\t\t\t\t\t<div class=\"swiper-slide\" role=\"group\" aria-roledescription=\"slide\">\n\t\t\t\t\t\t\t\t\t<div class=\"elementor-carousel-image\" role=\"img\" aria-label=\"INSTITUTO VALENCIANO DE ONCOLOG\u00cdA, QUIROFANOS.\nEL SEGUNDO DAVINCI EN SU QUIROFANO.\" style=\"background-image: url(&#039;https:\/\/www.ivo.es\/wp-content\/uploads\/2022\/04\/IVO_DAVINCI_2_070.jpg&#039;)\">\n\n\t\t\t\n\t\t\t\t\t<\/div>\n\t\t\t\t\t\t\t\t<\/div>\n\t\t\t\t\t\t\t\t\t<\/div>\n\t\t\t\t\t\t\t\t\t\t\t\t\t\t\t\t\t\t\t\t\t<\/div>\n\t\t\t\t<\/div>\n\t\t\t\t\t\t\t\t<\/div>\n\t\t\t\t<\/div>\n\t\t\t\t\t<\/div>\n\t\t<\/div>\n\t\t\t\t\t<\/div>\n\t\t<\/section>\n\t\t\t\t<section data-particle_enable=\"false\" data-particle-mobile-disabled=\"false\" class=\"elementor-section elementor-top-section elementor-element elementor-element-66e7f2d elementor-section-boxed elementor-section-height-default elementor-section-height-default\" data-id=\"66e7f2d\" data-element_type=\"section\" data-e-type=\"section\">\n\t\t\t\t\t\t<div class=\"elementor-container elementor-column-gap-default\">\n\t\t\t\t\t<div class=\"elementor-column elementor-col-100 elementor-top-column elementor-element elementor-element-49d4bc0\" data-id=\"49d4bc0\" data-element_type=\"column\" data-e-type=\"column\">\n\t\t\t<div class=\"elementor-widget-wrap elementor-element-populated\">\n\t\t\t\t\t\t<div class=\"elementor-element elementor-element-ccb43da elementor-widget elementor-widget-heading\" data-id=\"ccb43da\" data-element_type=\"widget\" data-e-type=\"widget\" data-widget_type=\"heading.default\">\n\t\t\t\t<div class=\"elementor-widget-container\">\n\t\t\t\t\t<h2 class=\"elementor-heading-title elementor-size-default\">El servici de Cirurgia General de l\u2019IVO est\u00e0 estructurat en tres \u00e0rees ben definides:<\/h2>\t\t\t\t<\/div>\n\t\t\t\t<\/div>\n\t\t\t\t<div class=\"elementor-element elementor-element-b6a3ce5 elementor-widget elementor-widget-eael-adv-tabs\" data-id=\"b6a3ce5\" data-element_type=\"widget\" data-e-type=\"widget\" data-widget_type=\"eael-adv-tabs.default\">\n\t\t\t\t<div class=\"elementor-widget-container\">\n\t\t\t\t\t        <div data-scroll-on-click=\"no\" data-scroll-speed=\"300\" id=\"eael-advance-tabs-b6a3ce5\" class=\"eael-advance-tabs eael-tabs-vertical eael-tab-auto-active  active-caret-on\" data-tabid=\"b6a3ce5\">\n            <div class=\"eael-tabs-nav \">\n                <ul class=\"eael-tab-inline-icon\" role=\"tablist\">\n                                            <li id=\"secci-de-mama\" class=\"inactive eael-tab-item-trigger eael-tab-nav-item\" aria-selected=\"true\" data-tab=\"1\" role=\"tab\" tabindex=\"0\" aria-controls=\"secci-de-mama-tab\" aria-expanded=\"false\">\n                            \n                                                                <i class=\"fas fa-home\"><\/i>                                                            \n                                                            <span class=\"eael-tab-title title-after-icon\" >Secci\u00f3 de Mama<\/span>                            \n                                                    <\/li>\n                                            <li id=\"secci-de-laparell-digestiu\" class=\"inactive eael-tab-item-trigger eael-tab-nav-item\" aria-selected=\"false\" data-tab=\"2\" role=\"tab\" tabindex=\"-1\" aria-controls=\"secci-de-laparell-digestiu-tab\" aria-expanded=\"false\">\n                            \n                                                                <i class=\"fas fa-home\"><\/i>                                                            \n                                                            <span class=\"eael-tab-title title-after-icon\" >Secci\u00f3 de l'Aparell Digestiu<\/span>                            \n                                                    <\/li>\n                                            <li id=\"sarcomes-i-tumors-de-parts-blanes\" class=\"inactive eael-tab-item-trigger eael-tab-nav-item\" aria-selected=\"false\" data-tab=\"3\" role=\"tab\" tabindex=\"-1\" aria-controls=\"sarcomes-i-tumors-de-parts-blanes-tab\" aria-expanded=\"false\">\n                            \n                                                                <i class=\"fas fa-home\"><\/i>                                                            \n                                                            <span class=\"eael-tab-title title-after-icon\" >Sarcomes i Tumors de Parts Blanes<\/span>                            \n                                                    <\/li>\n                    \n                                  <\/ul>\n            <\/div>\n            \n            <div class=\"eael-tabs-content\">\n\t\t        \n                    <div id=\"secci-de-mama-tab\" class=\"clearfix eael-tab-content-item inactive\" data-title-link=\"secci-de-mama-tab\">\n\t\t\t\t        <p>Es realitzen majorit\u00e0riament <strong>procediments de cirurgia conservadora<\/strong>\u00a0de la mama, per\u00f2 sense perdre la radicalitat en l\u2019escissi\u00f3 del tumor.<\/p><p>Amb la injecci\u00f3 d&#8217;is\u00f2tops en el tumor en coordinaci\u00f3 amb\u00a0el <a href=\"https:\/\/www.ivo.es\/val\/quadre-medic\/servicis\/medicina-nuclear\/\">Servici de Medicina Nuclear<\/a>, es realitza la\u00a0<strong>t\u00e8cnica de gangli sentinella<\/strong> per a diagnosticar i tractar en el mateix acte quir\u00fargic la possible disseminaci\u00f3 ganglionar; l\u2019IVO \u00e9s un referent a nivell internacional en aquesta t\u00e8cnica. Durant el mateix acte operatori, mitjan\u00e7ant la\u00a0<strong>t\u00e8cnica OSNA d\u2019an\u00e0lisi del gangli sentinella<\/strong>, els cirurgians coneixeran en pocs minuts l\u2019estat dels ganglis axil\u00b7lars per a decidir quina pauta cal seguir.<\/p><p>L\u2019equip t\u00e9 \u00e0mplia experi\u00e8ncia en\u00a0<strong>cirurgia oncopl\u00e0stica de mama<\/strong>, aconseguint, en els casos indicats, l\u2019extirpaci\u00f3 del tumor i alhora la reconstrucci\u00f3 mam\u00e0ria immediata.<\/p><p>La Secci\u00f3 de Mama, junt amb el <a href=\"https:\/\/www.ivo.es\/val\/quadre-medic\/servicis\/dermatologia\/\">Servici de Dermatologia<\/a>, compta amb una \u00e0mplia experi\u00e8ncia en el tractament quir\u00fargic del melanoma, juntament amb la detecci\u00f3 de gangli sentinella i la realitzaci\u00f3 de linfadenectomia en els casos necessaris.<\/p>                    <\/div>\n\t\t        \n                    <div id=\"secci-de-laparell-digestiu-tab\" class=\"clearfix eael-tab-content-item inactive\" data-title-link=\"secci-de-laparell-digestiu-tab\">\n\t\t\t\t        <p>Aquesta secci\u00f3 aborda tota la patologia dels tumors del tub digestiu (<a href=\"https:\/\/www.ivo.es\/el-cancer\/tipos-de-cancer\/cancer-de-esofago\/\">c\u00e0ncer d&#8217;es\u00f2fag<\/a>, <a href=\"https:\/\/www.ivo.es\/el-cancer\/tipos-de-cancer\/cancer-de-estomago\/\">c\u00e0ncer d&#8217;est\u00f3mac<\/a>, <a href=\"https:\/\/www.ivo.es\/el-cancer\/tipos-de-cancer\/cancer-de-colon\/\">c\u00e0ncer de c\u00f2lon i recte<\/a>), aix\u00ed com el tractament quir\u00fargic dels tumors de fetge (ja siguen tumors primaris o metast\u00e0tics), de p\u00e0ncrees i de vies biliars.<\/p><p>Aix\u00ed mateix, compta amb una \u00e0mplia experi\u00e8ncia en el tractament d&#8217;eventracions de paret abdominal, paraestomals i complexes, seq\u00fceles de tractaments quir\u00fargics previs.<\/p><p>Per a desenvolupar la seua activitat, la Secci\u00f3 de Cirurgia Digestiva disposa dels \u00faltims avan\u00e7os t\u00e8cnics en l&#8217;\u00e0mbit de la cirurgia m\u00ednimament invasiva (<strong>cirurgia laparosc\u00f2pica i rob\u00f2tica<\/strong>) en la qual t\u00e9 \u00e0mplia experi\u00e8ncia.<\/p><p>Part de l&#8217;especialitzaci\u00f3 i formaci\u00f3 dels membres de la secci\u00f3 radica en el <strong>tractament quir\u00fargic de la malaltia metast\u00e0sica<\/strong> (hep\u00e0tica, peritoneal o en paret abdominal). La cirurgia hep\u00e0tica de les met\u00e0stasis aix\u00ed com la cirurgia oncol\u00f2gica peritoneal mitjan\u00e7ant citorreducci\u00f3 i quimioter\u00e0pia intraperitoneal o <strong>HIPEC<\/strong> (CitoReductive Surgery + HIpertermic IntraPEritoneal Chemotherapy) ofereixen un tractament integral dels pacients amb tumors\u00a0en estadis m\u00e9s avan\u00e7ats.<\/p>                    <\/div>\n\t\t        \n                    <div id=\"sarcomes-i-tumors-de-parts-blanes-tab\" class=\"clearfix eael-tab-content-item inactive\" data-title-link=\"sarcomes-i-tumors-de-parts-blanes-tab\">\n\t\t\t\t        <p>Aquesta secci\u00f3 <strong>realitza<\/strong> la resecci\u00f3 de tumors menys freq\u00fcents, per\u00f2 que requereixen un tractament especialitzat per a la seua eradicaci\u00f3 completa i per a evitar les recidives.<\/p>                    <\/div>\n\t\t                    <\/div>\n        <\/div>\n\t\t\t\t<\/div>\n\t\t\t\t<\/div>\n\t\t\t\t\t<\/div>\n\t\t<\/div>\n\t\t\t\t\t<\/div>\n\t\t<\/section>\n\t\t\t\t<section data-particle_enable=\"false\" data-particle-mobile-disabled=\"false\" class=\"elementor-section elementor-top-section elementor-element elementor-element-5163d11 elementor-section-boxed elementor-section-height-default elementor-section-height-default\" data-id=\"5163d11\" data-element_type=\"section\" data-e-type=\"section\">\n\t\t\t\t\t\t<div class=\"elementor-container elementor-column-gap-default\">\n\t\t\t\t\t<div class=\"elementor-column elementor-col-100 elementor-top-column elementor-element elementor-element-64ee856\" data-id=\"64ee856\" data-element_type=\"column\" data-e-type=\"column\">\n\t\t\t<div class=\"elementor-widget-wrap elementor-element-populated\">\n\t\t\t\t\t\t<div class=\"elementor-element elementor-element-0b57d07 elementor-widget elementor-widget-heading\" data-id=\"0b57d07\" data-element_type=\"widget\" data-e-type=\"widget\" data-widget_type=\"heading.default\">\n\t\t\t\t<div class=\"elementor-widget-container\">\n\t\t\t\t\t<h2 class=\"elementor-heading-title elementor-size-default\">Cirurgia rob\u00f2tica Da Vinci Xi<\/h2>\t\t\t\t<\/div>\n\t\t\t\t<\/div>\n\t\t\t\t<section data-particle_enable=\"false\" data-particle-mobile-disabled=\"false\" class=\"elementor-section elementor-inner-section elementor-element elementor-element-9d327d9 elementor-section-boxed elementor-section-height-default elementor-section-height-default\" data-id=\"9d327d9\" data-element_type=\"section\" data-e-type=\"section\">\n\t\t\t\t\t\t<div class=\"elementor-container elementor-column-gap-default\">\n\t\t\t\t\t<div class=\"elementor-column elementor-col-50 elementor-inner-column elementor-element elementor-element-41036e2\" data-id=\"41036e2\" data-element_type=\"column\" data-e-type=\"column\">\n\t\t\t<div class=\"elementor-widget-wrap elementor-element-populated\">\n\t\t\t\t\t\t<div class=\"elementor-element elementor-element-68802da elementor-widget elementor-widget-text-editor\" data-id=\"68802da\" data-element_type=\"widget\" data-e-type=\"widget\" data-widget_type=\"text-editor.default\">\n\t\t\t\t<div class=\"elementor-widget-container\">\n\t\t\t\t\t\t\t\t\t<p>Per a desenvolupar la seua activitat, la Secci\u00f3 de Cirurgia Digestiva disposa dels \u00faltims avan\u00e7os t\u00e8cnics en l&#8217;\u00e0mbit de la cirurgia m\u00ednimament invasiva (<strong>cirurgia laparosc\u00f2pica i rob\u00f2tica<\/strong>) en la qual t\u00e9 \u00e0mplia experi\u00e8ncia.<\/p><p>L&#8217;IVO compta amb l&#8217;\u00faltim model de la plataforma Da Vinci Xi, i es converteix aix\u00ed en un dels pocs centres hospitalaris espanyols que disposa de l&#8217;equipament complet.<\/p><p>Les intervencions relacionades amb el c\u00e0ncer s\u00f3n els procediments quir\u00fargics m\u00e9s complexos i la tecnologia rob\u00f2tica aporta grans avantatges tant per al pacient com per al cirurgi\u00e0.<\/p>\t\t\t\t\t\t\t\t<\/div>\n\t\t\t\t<\/div>\n\t\t\t\t<div class=\"elementor-element elementor-element-7b862ff elementor-align-center animated-slow elementor-invisible elementor-widget elementor-widget-button\" data-id=\"7b862ff\" data-element_type=\"widget\" data-e-type=\"widget\" data-settings=\"{&quot;_animation&quot;:&quot;fadeIn&quot;}\" data-widget_type=\"button.default\">\n\t\t\t\t<div class=\"elementor-widget-container\">\n\t\t\t\t\t\t\t\t\t<div class=\"elementor-button-wrapper\">\n\t\t\t\t\t<a class=\"elementor-button elementor-button-link elementor-size-sm\" href=\"https:\/\/www.ivo.es\/val\/el-cancer\/tractament\/cirurgia\/cirurgia-robotica\/\">\n\t\t\t\t\t\t<span class=\"elementor-button-content-wrapper\">\n\t\t\t\t\t\t\t\t\t<span class=\"elementor-button-text\">Veure m\u00e9s<\/span>\n\t\t\t\t\t<\/span>\n\t\t\t\t\t<\/a>\n\t\t\t\t<\/div>\n\t\t\t\t\t\t\t\t<\/div>\n\t\t\t\t<\/div>\n\t\t\t\t\t<\/div>\n\t\t<\/div>\n\t\t\t\t<div class=\"elementor-column elementor-col-50 elementor-inner-column elementor-element elementor-element-0764243\" data-id=\"0764243\" data-element_type=\"column\" data-e-type=\"column\">\n\t\t\t<div class=\"elementor-widget-wrap elementor-element-populated\">\n\t\t\t\t\t\t<div class=\"elementor-element elementor-element-b449de3 elementor-widget elementor-widget-image\" data-id=\"b449de3\" data-element_type=\"widget\" data-e-type=\"widget\" data-widget_type=\"image.default\">\n\t\t\t\t<div class=\"elementor-widget-container\">\n\t\t\t\t\t\t\t\t\t\t\t\t\t\t\t\t<a href=\"https:\/\/www.ivo.es\/wp-content\/uploads\/2022\/05\/da-vinci-infografia-2.jpg\" data-elementor-open-lightbox=\"yes\" data-elementor-lightbox-title=\"Carro del paciente\" data-e-action-hash=\"#elementor-action%3Aaction%3Dlightbox%26settings%3DeyJpZCI6MzE1MDAsInVybCI6Imh0dHBzOlwvXC93d3cuaXZvLmVzXC93cC1jb250ZW50XC91cGxvYWRzXC8yMDIyXC8wNVwvZGEtdmluY2ktaW5mb2dyYWZpYS0yLmpwZyJ9\">\n\t\t\t\t\t\t\t<img fetchpriority=\"high\" decoding=\"async\" width=\"640\" height=\"434\" src=\"https:\/\/www.ivo.es\/wp-content\/uploads\/2022\/05\/da-vinci-infografia-2-1024x694.jpg\" class=\"attachment-large size-large wp-image-31500\" alt=\"\" srcset=\"https:\/\/www.ivo.es\/wp-content\/uploads\/2022\/05\/da-vinci-infografia-2-1024x694.jpg 1024w, https:\/\/www.ivo.es\/wp-content\/uploads\/2022\/05\/da-vinci-infografia-2-300x203.jpg 300w, https:\/\/www.ivo.es\/wp-content\/uploads\/2022\/05\/da-vinci-infografia-2-768x521.jpg 768w, https:\/\/www.ivo.es\/wp-content\/uploads\/2022\/05\/da-vinci-infografia-2-1180x800.jpg 1180w, https:\/\/www.ivo.es\/wp-content\/uploads\/2022\/05\/da-vinci-infografia-2.jpg 1248w\" sizes=\"(max-width: 640px) 100vw, 640px\" \/>\t\t\t\t\t\t\t\t<\/a>\n\t\t\t\t\t\t\t\t\t\t\t\t\t\t\t<\/div>\n\t\t\t\t<\/div>\n\t\t\t\t\t<\/div>\n\t\t<\/div>\n\t\t\t\t\t<\/div>\n\t\t<\/section>\n\t\t\t\t\t<\/div>\n\t\t<\/div>\n\t\t\t\t\t<\/div>\n\t\t<\/section>\n\t\t\t\t<section data-particle_enable=\"false\" data-particle-mobile-disabled=\"false\" class=\"elementor-section elementor-top-section elementor-element elementor-element-eb14a5e elementor-section-boxed elementor-section-height-default elementor-section-height-default\" data-id=\"eb14a5e\" data-element_type=\"section\" data-e-type=\"section\">\n\t\t\t\t\t\t<div class=\"elementor-container elementor-column-gap-default\">\n\t\t\t\t\t<div class=\"elementor-column elementor-col-100 elementor-top-column elementor-element elementor-element-21b6ec9\" data-id=\"21b6ec9\" data-element_type=\"column\" data-e-type=\"column\">\n\t\t\t<div class=\"elementor-widget-wrap elementor-element-populated\">\n\t\t\t\t\t\t<div class=\"elementor-element elementor-element-b0edd34 elementor-widget elementor-widget-heading\" data-id=\"b0edd34\" data-element_type=\"widget\" data-e-type=\"widget\" data-widget_type=\"heading.default\">\n\t\t\t\t<div class=\"elementor-widget-container\">\n\t\t\t\t\t<h2 class=\"elementor-heading-title elementor-size-default\">Equip m\u00e8dic del Servici de Cirurgia General i Digestiva<\/h2>\t\t\t\t<\/div>\n\t\t\t\t<\/div>\n\t\t\t\t<section data-particle_enable=\"false\" data-particle-mobile-disabled=\"false\" class=\"elementor-section elementor-inner-section elementor-element elementor-element-293a8f8 elementor-section-boxed elementor-section-height-default elementor-section-height-default\" data-id=\"293a8f8\" data-element_type=\"section\" data-e-type=\"section\">\n\t\t\t\t\t\t<div class=\"elementor-container elementor-column-gap-default\">\n\t\t\t\t\t<div class=\"elementor-column elementor-col-50 elementor-inner-column elementor-element elementor-element-9079c5f\" data-id=\"9079c5f\" data-element_type=\"column\" data-e-type=\"column\">\n\t\t\t<div class=\"elementor-widget-wrap elementor-element-populated\">\n\t\t\t\t\t\t<div class=\"elementor-element elementor-element-a3a98cb elementor-widget elementor-widget-text-editor\" data-id=\"a3a98cb\" data-element_type=\"widget\" data-e-type=\"widget\" data-widget_type=\"text-editor.default\">\n\t\t\t\t<div class=\"elementor-widget-container\">\n\t\t\t\t\t\t\t\t\t<h3>Cap del Servici<\/h3><div>Dr. Carlos Alberto Fuster Diana<\/div>\t\t\t\t\t\t\t\t<\/div>\n\t\t\t\t<\/div>\n\t\t\t\t<div class=\"elementor-element elementor-element-135ff7f elementor-widget elementor-widget-text-editor\" data-id=\"135ff7f\" data-element_type=\"widget\" data-e-type=\"widget\" data-widget_type=\"text-editor.default\">\n\t\t\t\t<div class=\"elementor-widget-container\">\n\t\t\t\t\t\t\t\t\t<h3>Caps cl\u00ednics<\/h3><p>Dr. Jorge Campos M\u00e1\u00f1ez<br \/>Dr. Fernando Carbonell Castello<br \/>Dr. Giovanni Vento Maggio<\/p>\t\t\t\t\t\t\t\t<\/div>\n\t\t\t\t<\/div>\n\t\t\t\t\t<\/div>\n\t\t<\/div>\n\t\t\t\t<div class=\"elementor-column elementor-col-50 elementor-inner-column elementor-element elementor-element-53fd568\" data-id=\"53fd568\" data-element_type=\"column\" data-e-type=\"column\">\n\t\t\t<div class=\"elementor-widget-wrap elementor-element-populated\">\n\t\t\t\t\t\t<div class=\"elementor-element elementor-element-b957ab2 elementor-widget elementor-widget-text-editor\" data-id=\"b957ab2\" data-element_type=\"widget\" data-e-type=\"widget\" data-widget_type=\"text-editor.default\">\n\t\t\t\t<div class=\"elementor-widget-container\">\n\t\t\t\t\t\t\t\t\t<h3>Metges adjunts<\/h3><p>\u00a0Dra. Mar\u00eda Caballero Soto<br \/>Dra. Marta Gisela Trallero<br \/>Dra. Ana izquierdo Moreno<br \/>Dr. Vincenzo Maisto<br \/>Dra. Teresa Perez Perez<br \/>Dr. Alberto Rios Agudo<\/p>\t\t\t\t\t\t\t\t<\/div>\n\t\t\t\t<\/div>\n\t\t\t\t\t<\/div>\n\t\t<\/div>\n\t\t\t\t\t<\/div>\n\t\t<\/section>\n\t\t\t\t\t<\/div>\n\t\t<\/div>\n\t\t\t\t\t<\/div>\n\t\t<\/section>\n\t\t\t\t<\/div>\n\t\t","protected":false},"excerpt":{"rendered":"<p>Hui en dia, la resecci\u00f3 quir\u00fargica dels tumors suposa, en gran part dels casos, la pedra angular del tractament multidisciplinari del c\u00e0ncer. El\u00a0Servici de Cirurgia General de l\u2019IVO\u00a0ofereix una garantia quan es tracta del tractament quir\u00fargic dels\u00a0tumors de mama, de l&#8217;aparell digestiu i de parts blanes. El Servici de Cirurgia General de l\u2019IVO est\u00e0 estructurat [&hellip;]<\/p>\n","protected":false},"author":1,"featured_media":30013,"menu_order":0,"template":"","class_list":["post-31291","gs_service","type-gs_service","status-publish","has-post-thumbnail","hentry"],"acf":[],"aioseo_notices":[],"_links":{"self":[{"href":"https:\/\/www.ivo.es\/val\/wp-json\/wp\/v2\/gs_service\/31291","targetHints":{"allow":["GET"]}}],"collection":[{"href":"https:\/\/www.ivo.es\/val\/wp-json\/wp\/v2\/gs_service"}],"about":[{"href":"https:\/\/www.ivo.es\/val\/wp-json\/wp\/v2\/types\/gs_service"}],"author":[{"embeddable":true,"href":"https:\/\/www.ivo.es\/val\/wp-json\/wp\/v2\/users\/1"}],"version-history":[{"count":62,"href":"https:\/\/www.ivo.es\/val\/wp-json\/wp\/v2\/gs_service\/31291\/revisions"}],"predecessor-version":[{"id":41196,"href":"https:\/\/www.ivo.es\/val\/wp-json\/wp\/v2\/gs_service\/31291\/revisions\/41196"}],"wp:featuredmedia":[{"embeddable":true,"href":"https:\/\/www.ivo.es\/val\/wp-json\/wp\/v2\/media\/30013"}],"wp:attachment":[{"href":"https:\/\/www.ivo.es\/val\/wp-json\/wp\/v2\/media?parent=31291"}],"curies":[{"name":"wp","href":"https:\/\/api.w.org\/{rel}","templated":true}]}}