{"id":32655,"date":"2022-04-22T11:43:08","date_gmt":"2022-04-22T09:43:08","guid":{"rendered":"https:\/\/www.ivo.es\/preguntas-frecuentes\/preguntes-frequents-vull-ser-pacient\/"},"modified":"2022-06-09T18:36:51","modified_gmt":"2022-06-09T18:36:51","slug":"preguntes-frequents-vull-ser-pacient","status":"publish","type":"gs_faq","link":"https:\/\/www.ivo.es\/val\/preguntes-frequents-vull-ser-pacient\/","title":{"rendered":"Preguntes freq\u00fcents: Vull ser pacient"},"content":{"rendered":"\t\t<div data-elementor-type=\"wp-post\" data-elementor-id=\"32655\" class=\"elementor elementor-32655 elementor-22461\" data-elementor-post-type=\"gs_faq\">\n\t\t\t\t\t\t<section data-particle_enable=\"false\" data-particle-mobile-disabled=\"false\" class=\"elementor-section elementor-top-section elementor-element elementor-element-297e82d elementor-section-height-default elementor-section-boxed elementor-section-height-default\" data-id=\"297e82d\" data-element_type=\"section\" data-e-type=\"section\">\n\t\t\t\t\t\t<div class=\"elementor-container elementor-column-gap-default\">\n\t\t\t\t\t<div class=\"elementor-column elementor-col-100 elementor-inner-column elementor-element elementor-element-f197287\" data-id=\"f197287\" data-element_type=\"column\" data-e-type=\"column\">\n\t\t\t<div class=\"elementor-widget-wrap elementor-element-populated\">\n\t\t\t\t\t\t<div class=\"elementor-element elementor-element-10e6f3c elementor-widget elementor-widget-template\" data-id=\"10e6f3c\" data-element_type=\"widget\" data-e-type=\"widget\" data-widget_type=\"template.default\">\n\t\t\t\t<div class=\"elementor-widget-container\">\n\t\t\t\t\t\t\t<div class=\"elementor-template\">\n\t\t\t\t\t<div data-elementor-type=\"section\" data-elementor-id=\"32661\" class=\"elementor elementor-32661 elementor-30256 elementor-30256\" data-elementor-post-type=\"elementor_library\">\n\t\t\t\t\t<section data-particle_enable=\"false\" data-particle-mobile-disabled=\"false\" class=\"elementor-section elementor-top-section elementor-element elementor-element-12d91cb5 elementor-section-boxed elementor-section-height-default elementor-section-height-default\" data-id=\"12d91cb5\" data-element_type=\"section\" data-e-type=\"section\">\n\t\t\t\t\t\t<div class=\"elementor-container elementor-column-gap-default\">\n\t\t\t\t\t<div class=\"elementor-column elementor-col-100 elementor-top-column elementor-element elementor-element-398d4fbd\" data-id=\"398d4fbd\" data-element_type=\"column\" data-e-type=\"column\">\n\t\t\t<div class=\"elementor-widget-wrap elementor-element-populated\">\n\t\t\t\t\t\t<div class=\"elementor-element elementor-element-1ed6d757 elementor-widget elementor-widget-eael-adv-accordion\" data-id=\"1ed6d757\" data-element_type=\"widget\" data-e-type=\"widget\" data-widget_type=\"eael-adv-accordion.default\">\n\t\t\t\t<div class=\"elementor-widget-container\">\n\t\t\t\t\t            <div class=\"eael-adv-accordion\" id=\"eael-adv-accordion-1ed6d757\" data-scroll-on-click=\"no\" data-scroll-speed=\"300\" data-accordion-id=\"1ed6d757\" data-accordion-type=\"accordion\" data-toogle-speed=\"300\">\n            <div class=\"eael-accordion-list\">\n\t\t\t\t\t<div id=\"qui-pot-ser-pacient-de-livo\" class=\"elementor-tab-title eael-accordion-header\" tabindex=\"0\" data-tab=\"1\" aria-controls=\"elementor-tab-content-5171\"><i aria-hidden=\"true\" class=\"fa-toggle fas fa-angle-right\"><\/i><span class=\"eael-accordion-tab-title\">Qui pot ser pacient de l'IVO?<\/span><\/div><div id=\"elementor-tab-content-5171\" class=\"eael-accordion-content clearfix\" data-tab=\"1\" aria-labelledby=\"qui-pot-ser-pacient-de-livo\">L&#8217;Institut Valenci\u00e0 d&#8217;Oncologia \u00e9s un centre concertat que col\u00b7labora amb la sanitat p\u00fablica a trav\u00e9s d&#8217;un acord d&#8217;acci\u00f3 concertada. Qualsevol persona que requerisca atenci\u00f3 m\u00e8dica oncol\u00f2gica pot ser tractada en l&#8217;IVO. No obstant aix\u00f2, i en virtut d&#8217;aquest acord d&#8217;acci\u00f3 concertada, el procediment per a ser pacient al nostre hospital varia segons les circumst\u00e0ncies de cada pacient.\r\n\r\nSi la persona \u00e9s resident a la Comunitat Valenciana, est\u00e0 en possessi\u00f3 de la targeta sanit\u00e0ria *SIP que acredita el nivell de prestacions p\u00fabliques i t\u00e9 documentaci\u00f3 m\u00e8dica que confirme la sospita oncol\u00f2gica, podr\u00e0 sol\u00b7licitar ser tractada en l&#8217;IVO i no haur\u00e0 d&#8217;assumir cap cost pels seus tractaments. Segons l&#8217;acord d&#8217;acci\u00f3 concertada que l&#8217;IVO mant\u00e9 amb la Conselleria de *Sanitat Universal i *Salut P\u00fablica de la Comunitat Valenciana, han de ser persones amb problemes oncol\u00f2gics que residisquen i formen part de la poblaci\u00f3 protegida dels departaments de salut de la Comunitat Valenciana amb cobertura sanit\u00e0ria p\u00fablica de conformitat amb el que s&#8217;estableix en la llei 3\/2003, de 28 de maig, de Cohesi\u00f3 i Qualitat del Sistema Nacional de Salut i normes de desenvolupament, i el Decret 3\/2015 de 24 de juliol, del Consell, pel qual es regula l&#8217;acc\u00e9s universal a l&#8217;atenci\u00f3 sanit\u00e0ria a la Comunitat Valenciana. \r\n\r\nQualsevol altra persona que no estiga recollida en el punt anterior, tamb\u00e9 podr\u00e0 sol\u00b7licitar ser tractat en l&#8217;IVO, per\u00f2 el procediment \u00e9s diferent. Pot acudir al departament d&#8217;Admissi\u00f3 de l&#8217;IVO, telefonar al 96 111 4000 o contactar telem\u00e0ticament. \r\n\r\nQuant a l&#8217;atenci\u00f3 a les persones despla\u00e7ades, s&#8217;actuar\u00e0 de conformitat amb el que s&#8217;estableix en la normativa estatal vigent, en els reglaments comunitaris de coordinaci\u00f3 de Sistemes de Seguretat Social i en els convenis bilaterals subscrits per l&#8217;Estat Espanyol en mat\u00e8ria d&#8217;assist\u00e8ncia sanit\u00e0ria<\/div>\n\t\t\t\t\t<\/div><div class=\"eael-accordion-list\">\n\t\t\t\t\t<div id=\"com-puc-ser-pacient-ivo\" class=\"elementor-tab-title eael-accordion-header\" tabindex=\"0\" data-tab=\"2\" aria-controls=\"elementor-tab-content-5172\"><i aria-hidden=\"true\" class=\"fa-toggle fas fa-angle-right\"><\/i><span class=\"eael-accordion-tab-title\">Com puc ser pacient IVO?<\/span><\/div><div id=\"elementor-tab-content-5172\" class=\"eael-accordion-content clearfix\" data-tab=\"2\" aria-labelledby=\"com-puc-ser-pacient-ivo\">Les persones que formen part de la poblaci\u00f3 protegida dels departaments de salut de la Comunitat Valenciana amb cobertura sanit\u00e0ria p\u00fablica, disposen de dues vies per a sol\u00b7licitar l&#8217;assist\u00e8ncia en l&#8217;IVO:\r\n\r\n&#8211; Directament en l&#8217;IVO, presentant una sol\u00b7licitud en el servei *UDCA (Admissi\u00f3 Nous Pacients) situat en la planta baixa de l&#8217;Edifici D del complex hospitalari de l&#8217;IVO a Val\u00e8ncia. Tamb\u00e9 \u00e9s possible enviar la sol\u00b7licitud per internet a trav\u00e9s d&#8217;aquest formulari o cridar en telefonar al 96 111 4000.\r\n\r\n&#8211; A trav\u00e9s de la derivaci\u00f3 del seu metge. Pot ser derivat a trav\u00e9s de qualsevol facultatiu implicat en el proc\u00e9s oncol\u00f2gic, o especialista en medicina familiar i comunit\u00e0ria\r\n\r\nLes persones que no formen part de la poblaci\u00f3 protegida dels departaments de salut de la Comunitat Valenciana amb cobertura sanit\u00e0ria p\u00fablica tamb\u00e9 poden sol\u00b7licitar ser pacients de l&#8217;IVO, per\u00f2 el procediment \u00e9s diferent. Per a aix\u00f2, pot acudir al departament d&#8217;Admissi\u00f3 de l&#8217;IVO, telefonar al 96 111 4000 o contactar telem\u00e0ticament. <\/div>\n\t\t\t\t\t<\/div><div class=\"eael-accordion-list\">\n\t\t\t\t\t<div id=\"puc-tractar-me-en-livo-amb-la-meua-assegurana-privada\" class=\"elementor-tab-title eael-accordion-header\" tabindex=\"0\" data-tab=\"3\" aria-controls=\"elementor-tab-content-5173\"><i aria-hidden=\"true\" class=\"fa-toggle fas fa-angle-right\"><\/i><span class=\"eael-accordion-tab-title\">Puc tractar-me en l'IVO amb la meua asseguran\u00e7a privada?<\/span><\/div><div id=\"elementor-tab-content-5173\" class=\"eael-accordion-content clearfix\" data-tab=\"3\" aria-labelledby=\"puc-tractar-me-en-livo-amb-la-meua-assegurana-privada\">S\u00ed, pr\u00e8via autoritzaci\u00f3 per part de la vostra asseguran\u00e7a m\u00e8dica<\/div>\n\t\t\t\t\t<\/div><div class=\"eael-accordion-list\">\n\t\t\t\t\t<div id=\"el-meu-hospital-mha-derivat-a-livo-quan-em-cridaran\" class=\"elementor-tab-title eael-accordion-header\" tabindex=\"0\" data-tab=\"4\" aria-controls=\"elementor-tab-content-5174\"><i aria-hidden=\"true\" class=\"fa-toggle fas fa-angle-right\"><\/i><span class=\"eael-accordion-tab-title\">El meu hospital m'ha derivat a l'IVO, quan em cridaran?<\/span><\/div><div id=\"elementor-tab-content-5174\" class=\"eael-accordion-content clearfix\" data-tab=\"4\" aria-labelledby=\"el-meu-hospital-mha-derivat-a-livo-quan-em-cridaran\">En el moment en qu\u00e8 s&#8217;autoritze la vostra derivaci\u00f3. Per a qualsevol dubte o consulta, podeu posar-se en contacte en els tel\u00e8fons 96 111 4090 \/ 96 111 4091<\/p><p>La sol\u00b7licitud de remissi\u00f3 haur\u00e0 de ser contestada en un termini m\u00e0xim de 2 dies h\u00e0bils. En cas de no rebre resposta, la vostra sol\u00b7licitud ser\u00e0 autoritzada per silenci administratiu<\/div>\n\t\t\t\t\t<\/div><div class=\"eael-accordion-list\">\n\t\t\t\t\t<div id=\"he-fet-una-sollicitud-per-a-ser-pacient-en-livo-quan-sabr-si-el-meu-departament-sanitari-mha-autoritzat\" class=\"elementor-tab-title eael-accordion-header\" tabindex=\"0\" data-tab=\"5\" aria-controls=\"elementor-tab-content-5175\"><i aria-hidden=\"true\" class=\"fa-toggle fas fa-angle-right\"><\/i><span class=\"eael-accordion-tab-title\">He fet una sol\u00b7licitud per a ser pacient en l'IVO. Quan sabr\u00e9 si el meu departament sanitari m'ha autoritzat?<\/span><\/div><div id=\"elementor-tab-content-5175\" class=\"eael-accordion-content clearfix\" data-tab=\"5\" aria-labelledby=\"he-fet-una-sollicitud-per-a-ser-pacient-en-livo-quan-sabr-si-el-meu-departament-sanitari-mha-autoritzat\">Us cridarem per a informar-vos i donar-vos la cita quan es tramite l&#8217;autoritzaci\u00f3. El termini de Conselleria \u00e9s de 3 dies h\u00e0bils des que passa pel registre. En cas de no rebre resposta, la vostra sol\u00b7licitud ser\u00e0 autoritzada per silenci administratiu<\/div>\n\t\t\t\t\t<\/div><div class=\"eael-accordion-list\">\n\t\t\t\t\t<div id=\"he-fet-una-sollicitud-per-a-ser-pacient-en-livo-mhan-cridat-del-meu-hospital-de-referncia-i-mhan-donat-cita-he-dacudir-qu-passa-si-no-vaig-a-eixa-cita\" class=\"elementor-tab-title eael-accordion-header\" tabindex=\"0\" data-tab=\"6\" aria-controls=\"elementor-tab-content-5176\"><i aria-hidden=\"true\" class=\"fa-toggle fas fa-angle-right\"><\/i><span class=\"eael-accordion-tab-title\">He fet una sol\u00b7licitud per a ser pacient en l'IVO, m'han cridat del meu hospital de refer\u00e8ncia i m'han donat cita. He d'acudir? Qu\u00e8 passa si no vaig a eixa cita?<\/span><\/div><div id=\"elementor-tab-content-5176\" class=\"eael-accordion-content clearfix\" data-tab=\"6\" aria-labelledby=\"he-fet-una-sollicitud-per-a-ser-pacient-en-livo-mhan-cridat-del-meu-hospital-de-referncia-i-mhan-donat-cita-he-dacudir-qu-passa-si-no-vaig-a-eixa-cita\">El departament sanitari al qual pertanyeu haur\u00e0 de fer una valoraci\u00f3 per a prendre una decisi\u00f3 sobre el vostre cas; si us han citat, us recomanem que acudiu a eixa cita. <\/div>\n\t\t\t\t\t<\/div><div class=\"eael-accordion-list\">\n\t\t\t\t\t<div id=\"vull-demanar-informes-mdics-o-cpia-de-proves-de-radiodiagnstic-realitzades-en-livo-com-puc-demanar-la-documentaci\" class=\"elementor-tab-title eael-accordion-header\" tabindex=\"0\" data-tab=\"7\" aria-controls=\"elementor-tab-content-5177\"><i aria-hidden=\"true\" class=\"fa-toggle fas fa-angle-right\"><\/i><span class=\"eael-accordion-tab-title\">Vull demanar informes m\u00e8dics o c\u00f2pia de proves de radiodiagn\u00f2stic realitzades en l'IVO. Com puc demanar la documentaci\u00f3?<\/span><\/div><div id=\"elementor-tab-content-5177\" class=\"eael-accordion-content clearfix\" data-tab=\"7\" aria-labelledby=\"vull-demanar-informes-mdics-o-cpia-de-proves-de-radiodiagnstic-realitzades-en-livo-com-puc-demanar-la-documentaci\">Les persones que siguen o hagen sigut pacients de l&#8217;IVO, poden sol\u00b7licitar la documentaci\u00f3 cl\u00ednica que necessiten. A m\u00e9s, tamb\u00e9 podran sol\u00b7licitar-ho familiars de primer grau (pr\u00e8via autoritzaci\u00f3), mitjan\u00e7ant el llibre de fam\u00edlia. Les sol\u00b7licituds poden realitzar-se de manera presencial o per Internet a trav\u00e9s del Portal del Pacient IVO. Consulteu m\u00e9s informaci\u00f3 sobre <a href=\"https:\/\/www.ivo.es\/val\/atencio-al-pacient\/ja-soc-pacient\/sollicitar-documentacio-clinica\/\">com sol\u00b7licitar documentaci\u00f3 a l&#8217;IVO per Internet<\/a>.<\/div>\n\t\t\t\t\t<\/div><div class=\"eael-accordion-list\">\n\t\t\t\t\t<div id=\"soc-estrangera-com-puc-ser-pacient-de-livo\" class=\"elementor-tab-title eael-accordion-header\" tabindex=\"0\" data-tab=\"8\" aria-controls=\"elementor-tab-content-5178\"><i aria-hidden=\"true\" class=\"fa-toggle fas fa-angle-right\"><\/i><span class=\"eael-accordion-tab-title\">Soc estranger\/a, com puc ser pacient de l'IVO?<\/span><\/div><div id=\"elementor-tab-content-5178\" class=\"eael-accordion-content clearfix\" data-tab=\"8\" aria-labelledby=\"soc-estrangera-com-puc-ser-pacient-de-livo\"><p>Les persones no residents a la Comunitat Valenciana (Espanya) que no estiguen cobertes pel servei de salut p\u00fablica espanyol, podran sol\u00b7licitar ser tractats en l&#8217;IVO a trav\u00e9s de la seua companyia o asseguran\u00e7a m\u00e8dica privada i de manera privada. Per favor, contacteu amb la vostra asseguradora per a con\u00e9ixer la vostra cobertura m\u00e8dica. Si necessiteu alguna altra informaci\u00f3, el nostre tel\u00e8fon d&#8217;atenci\u00f3 \u00e9s el 96 111 4000.<\/p><\/div>\n\t\t\t\t\t<\/div><\/div>\t\t\t\t<\/div>\n\t\t\t\t<\/div>\n\t\t\t\t\t<\/div>\n\t\t<\/div>\n\t\t\t\t\t<\/div>\n\t\t<\/section>\n\t\t\t\t<\/div>\n\t\t\t\t<\/div>\n\t\t\t\t\t\t<\/div>\n\t\t\t\t<\/div>\n\t\t\t\t\t<\/div>\n\t\t<\/div>\n\t\t\t\t\t<\/div>\n\t\t<\/section>\n\t\t\t\t<\/div>\n\t\t","protected":false},"excerpt":{"rendered":"","protected":false},"author":1,"featured_media":0,"menu_order":0,"template":"","gs_faq_type":[],"class_list":["post-32655","gs_faq","type-gs_faq","status-publish","hentry"],"acf":[],"aioseo_notices":[],"_links":{"self":[{"href":"https:\/\/www.ivo.es\/val\/wp-json\/wp\/v2\/gs_faq\/32655","targetHints":{"allow":["GET"]}}],"collection":[{"href":"https:\/\/www.ivo.es\/val\/wp-json\/wp\/v2\/gs_faq"}],"about":[{"href":"https:\/\/www.ivo.es\/val\/wp-json\/wp\/v2\/types\/gs_faq"}],"author":[{"embeddable":true,"href":"https:\/\/www.ivo.es\/val\/wp-json\/wp\/v2\/users\/1"}],"version-history":[{"count":1,"href":"https:\/\/www.ivo.es\/val\/wp-json\/wp\/v2\/gs_faq\/32655\/revisions"}],"predecessor-version":[{"id":32656,"href":"https:\/\/www.ivo.es\/val\/wp-json\/wp\/v2\/gs_faq\/32655\/revisions\/32656"}],"wp:attachment":[{"href":"https:\/\/www.ivo.es\/val\/wp-json\/wp\/v2\/media?parent=32655"}],"wp:term":[{"taxonomy":"gs_faq_type","embeddable":true,"href":"https:\/\/www.ivo.es\/val\/wp-json\/wp\/v2\/gs_faq_type?post=32655"}],"curies":[{"name":"wp","href":"https:\/\/api.w.org\/{rel}","templated":true}]}}